{"id":23946139,"date":"2024-04-08T09:07:35","date_gmt":"2024-04-08T07:07:35","guid":{"rendered":"https:\/\/celliers.ch\/tavolata\/"},"modified":"2026-08-25T10:33:13","modified_gmt":"2026-08-25T08:33:13","slug":"tavolata","status":"publish","type":"page","link":"https:\/\/celliers.ch\/de\/veranstaltungen\/tavolata\/","title":{"rendered":"Tavolata"},"content":{"rendered":"<div class=\"et_pb_section_0 et_pb_section et_section_regular et_block_section\">\n<div class=\"et_pb_row_0 et_pb_row et_block_row\">\n<div class=\"et_pb_column_0 et_pb_column et_pb_column_4_4 et-last-child et_block_column et_pb_css_mix_blend_mode_passthrough\">\n<div class=\"dipi_gravity_forms_styler_0 dipi_gravity_forms_styler et_pb_bg_layout_light et_pb_module preset--module--dipi-gravity-forms-styler--6ce8dba2-74b1-40bf-b4a9-6ec9197a0861\"><div class=\"dipi_gf_styler_container\" data-config=\"{&quot;order_class&quot;:&quot;dipi_gravity_forms_styler_0&quot;,&quot;use_custom_select_arrow&quot;:&quot;off&quot;,&quot;select_arrow_use_icon&quot;:&quot;off&quot;,&quot;select_arrow_icon_last_edited&quot;:&quot;&quot;,&quot;select_arrow_icon&quot;:&quot;\\uf078&quot;,&quot;select_arrow_icon_tablet&quot;:&quot;\\uf078&quot;,&quot;select_arrow_icon_phone&quot;:&quot;\\uf078&quot;,&quot;form_title_level&quot;:&quot;h2&quot;}\">\n                <div class=\"dipi_gf_styler_wrapper clearfix\"><script>\nvar gform;gform||(document.addEventListener(\"gform_main_scripts_loaded\",function(){gform.scriptsLoaded=!0}),document.addEventListener(\"gform\/theme\/scripts_loaded\",function(){gform.themeScriptsLoaded=!0}),window.addEventListener(\"DOMContentLoaded\",function(){gform.domLoaded=!0}),gform={domLoaded:!1,scriptsLoaded:!1,themeScriptsLoaded:!1,isFormEditor:()=>\"function\"==typeof InitializeEditor,callIfLoaded:function(o){return!(!gform.domLoaded||!gform.scriptsLoaded||!gform.themeScriptsLoaded&&!gform.isFormEditor()||(gform.isFormEditor()&&console.warn(\"The use of gform.initializeOnLoaded() is deprecated in the form editor context and will be removed in Gravity Forms 3.1.\"),o(),0))},initializeOnLoaded:function(o){gform.callIfLoaded(o)||(document.addEventListener(\"gform_main_scripts_loaded\",()=>{gform.scriptsLoaded=!0,gform.callIfLoaded(o)}),document.addEventListener(\"gform\/theme\/scripts_loaded\",()=>{gform.themeScriptsLoaded=!0,gform.callIfLoaded(o)}),window.addEventListener(\"DOMContentLoaded\",()=>{gform.domLoaded=!0,gform.callIfLoaded(o)}))},hooks:{action:{},filter:{}},addAction:function(o,r,e,t){gform.addHook(\"action\",o,r,e,t)},addFilter:function(o,r,e,t){gform.addHook(\"filter\",o,r,e,t)},doAction:function(o){gform.doHook(\"action\",o,arguments)},applyFilters:function(o){return gform.doHook(\"filter\",o,arguments)},removeAction:function(o,r){gform.removeHook(\"action\",o,r)},removeFilter:function(o,r,e){gform.removeHook(\"filter\",o,r,e)},addHook:function(o,r,e,t,n){null==gform.hooks[o][r]&&(gform.hooks[o][r]=[]);var d=gform.hooks[o][r];null==n&&(n=r+\"_\"+d.length),gform.hooks[o][r].push({tag:n,callable:e,priority:t=null==t?10:t})},doHook:function(r,o,e){var t;if(e=Array.prototype.slice.call(e,1),null!=gform.hooks[r][o]&&((o=gform.hooks[r][o]).sort(function(o,r){return o.priority-r.priority}),o.forEach(function(o){\"function\"!=typeof(t=o.callable)&&(t=window[t]),\"action\"==r?t.apply(null,e):e[0]=t.apply(null,e)})),\"filter\"==r)return e[0]},removeHook:function(o,r,t,n){var e;null!=gform.hooks[o][r]&&(e=(e=gform.hooks[o][r]).filter(function(o,r,e){return!!(null!=n&&n!=o.tag||null!=t&&t!=o.priority)}),gform.hooks[o][r]=e)}});\n<\/script>\n\n                <div class='gf_browser_gecko gform_wrapper gravity-theme gform-theme--no-framework' data-form-theme='gravity-theme' data-form-index='0' id='gform_wrapper_6' ><div id='gf_6' class='gform_anchor' tabindex='-1'><\/div>\n                        <div class='gform_heading'>\n                            <h2 class=\"gform_title\">Tavolata \u2013 Voranmeldung<\/h2>\n                            <p class='gform_description'><\/p>\n\t\t\t\t\t\t\t<p class='gform_required_legend'>\u201e<span class=\"gfield_required gfield_required_asterisk\">*<\/span>\u201c zeigt erforderliche Felder an<\/p>\n                        <\/div><form method='post' enctype='multipart\/form-data' target='gform_ajax_frame_6' id='gform_6'  action='\/de\/wp-json\/wp\/v2\/pages\/23946139#gf_6' data-formid='6' novalidate>\n                        <div class='gform-body gform_body'><div id='gform_fields_6' class='gform_fields top_label form_sublabel_below description_above validation_below'><div id=\"field_6_1\" class=\"gfield gfield--type-email gfield--input-type-email field_sublabel_below gfield--has-description field_description_above hidden_label field_validation_below gfield_visibility_visible\"  ><label class='gfield_label gform-field-label' for='input_6_1'><span class='gform-field-label__text'>Ihre E-Mail-Adresse<\/span><\/label><div class='gfield_description' id='gfield_description_6_1'>Melden Sie sich f\u00fcr unseren Newsletter an, um als Erster den Anmeldelink f\u00fcr unsere Tavolata 2027 zu erhalten.<\/div><div class='ginput_container ginput_container_email'>\n                            <input name='input_1' id='input_6_1' type='email' value='' class='large'   placeholder='E-Mail'  aria-invalid=\"false\" aria-describedby=\"gfield_description_6_1\" \/>\n                        <\/div><\/div><fieldset id=\"field_6_4\" class=\"gfield gfield--type-consent gfield--type-choice gfield--input-type-consent gfield--width-full gfield_contains_required field_sublabel_below gfield--no-description field_description_above hidden_label field_validation_below gfield_visibility_visible gfield--choice-align-vertical\"  ><legend class='gfield_label gform-field-label gfield_label_before_complex' ><span class='gform-field-label__text'>DSGVO<\/span><span class=\"gfield_required\"><span class=\"gfield_required gfield_required_asterisk\">*<\/span><\/span><\/legend><div class='ginput_container ginput_container_consent'><input name='input_4.1' id='input_6_4_1' type='checkbox' value='1'   aria-required=\"true\" aria-invalid=\"false\"   \/> <label class=\"gform-field-label gform-field-label--type-inline gfield_consent_label\" for='input_6_4_1' ><span class='gform-field-label__text'>Ich akzeptiere die <a href=\"https:\/\/celliers.ch\/de\/datenschutzerklarung\/\" target=\"_blank\">Datenschutzbestimmungen<\/a><\/span><span class=\"gfield_required gfield_required_asterisk\">*<\/span><\/label><input type='hidden' name='input_4.2' value='Ich akzeptiere die &lt;a href=&quot;https:\/\/celliers.ch\/de\/datenschutzerklarung\/&quot; target=&quot;_blank&quot;&gt;Datenschutzbestimmungen&lt;\/a&gt;' class='gform_hidden' \/><input type='hidden' name='input_4.3' value='3' class='gform_hidden' \/><\/div><\/fieldset><\/div><\/div>\n        <div class='gform-footer gform_footer top_label'> <!DOCTYPE html PUBLIC \"-\/\/W3C\/\/DTD HTML 4.0 Transitional\/\/EN\" \"http:\/\/www.w3.org\/TR\/REC-html40\/loose.dtd\">\n<?xml encoding=\"UTF-8\"><html><body><button type=\"submit\" id=\"gform_submit_button_6\" class=\"gform_button button\" onclick=\"gform.submission.handleButtonClick(this);\" data-submission-type=\"submit\" data-replace-button-html=\"&amp;lt;button type=&amp;quot;submit&amp;quot; id=&amp;quot;gform_submit_button_6&amp;quot; class=&amp;quot;dipi_gf_submit_button gform_button  et_pb_button et_pb_custom_button_icon gform_button button&amp;quot; onclick=&amp;quot;gform.submission.handleButtonClick(this);&amp;quot; data-submission-type=&amp;quot;submit&amp;quot;&amp;gt;Senden Sie&amp;lt;\/button&amp;gt;\">Senden Sie<\/button><\/body><\/html>\n <input type='hidden' name='gform_ajax' value='form_id=6&amp;title=1&amp;description=1&amp;tabindex=0&amp;theme=gravity-theme&amp;styles=[]&amp;hash=c55667f8bbc5da7c72d08d8a0f514f32' \/>\n            <input type='hidden' class='gform_hidden' name='gform_submission_method' data-js='gform_submission_method_6' value='iframe' \/>\n            <input type='hidden' class='gform_hidden' name='gform_theme' data-js='gform_theme_6' id='gform_theme_6' value='gravity-theme' \/>\n            <input type='hidden' class='gform_hidden' name='gform_style_settings' data-js='gform_style_settings_6' id='gform_style_settings_6' value='[]' \/>\n            <input type='hidden' class='gform_hidden' name='is_submit_6' value='1' \/>\n            <input type='hidden' class='gform_hidden' name='gform_submit' value='6' \/>\n            \n            <input type='hidden' class='gform_hidden' name='gform_currency' data-currency='CHF' value='o3uNO7yAFvvDr+iHegqwcRV2xax\/rLsyR0LKuwUTuS1nXSHQl+rAJC+n9FMp\/kV2apfqSHw98uTF41PDZyTsoAHapXxIs9Pb9vfd6i25y7OBUmA=' \/>\n            <input type='hidden' class='gform_hidden' name='gform_unique_id' value='' \/>\n            <input type='hidden' class='gform_hidden' name='state_6' value='WyJ7XCI0LjFcIjpcImViODg2NzA5YjJjNGFlMjA5ZjNiMjNiMDg3MDViYzkxXCIsXCI0LjJcIjpcImNiNTc1N2M5M2FkNDkwZDljN2E3MDAzMGZkZjdjZmM5XCIsXCI0LjNcIjpcImI4NjkwOWU3MmQ3N2JiODQzMjlkMjAzNWVmNTc4YTYzXCIsXCJnZm9ybV9zdWJtaXNzaW9uX21ldGhvZFwiOltcImUwNTQ5OTE2MDFlMzhlNWJjNDA2ZDM1Y2Q1N2NlYTMzXCIsXCI4ZjZmYWQzYzNmMzY1ODBmOWVlYjk0MTI2NjNhYmNmZVwiLFwiZDNlZjZmNmZjMWU3OGViMmIwMWJiODkyZDMzYmYzNGFcIl0sXCJnZm9ybV90aGVtZVwiOlwiODE1MWZkN2RjZjYwMGJmOWNjZGEyMmMwOTUwOGUzNzJcIixcImdmb3JtX3N0eWxlX3NldHRpbmdzXCI6XCI1NjAxMGJiODBmNDk3NjZmNWMxMWI1YmQ5ODY0OGVlZFwiLFwiZm9ybV9pZFwiOlwiYzFhMjhjMGY3ZDA2NTAxYzZkZDQ4YzVjYjc0NGE2OTZcIixcInVybFwiOlwiMWM4MzJmNTY5YTQwNDZmZDJkOGFhZTYxNWFkMTJiNTZcIixcInN0YXRlX3RpbWVzdGFtcFwiOlwiMTllNDdiYmI4YWVkMzMxYzdhNDE3Y2E1ZjQxZjRlZTlcIn0iLCJjMWVkMDE5MjM5ZjkwZTI5NGY4ZTM0ZTU0M2Y1NTRlNiIsMTc4ODUwOTMxMl0=' \/>\n            <input type='hidden' autocomplete='off' class='gform_hidden' name='gform_target_page_number_6' id='gform_target_page_number_6' value='0' \/>\n            <input type='hidden' autocomplete='off' class='gform_hidden' name='gform_source_page_number_6' id='gform_source_page_number_6' value='1' \/>\n            <input type='hidden' name='gform_field_values' value='' \/>\n            \n        <\/div>\n                        <\/form>\n                        <\/div>\n\t\t                <iframe style='display:none;width:0px;height:0px;' src='about:blank' name='gform_ajax_frame_6' id='gform_ajax_frame_6' title='Dieser iframe enth\u00e4lt die erforderliche Logik um Gravity Forms Formulare mit AJAX zu handhaben.'><\/iframe>\n\t\t                <script>\ngform.initializeOnLoaded( function() {jQuery('#gform_ajax_frame_6').on('load',function(){var contents = jQuery(this).contents().find('*').html();var is_postback = contents.indexOf('GF_AJAX_POSTBACK') >= 0;if(!is_postback){return;}var form_content = jQuery(this).contents().find('#gform_wrapper_6');var is_confirmation = jQuery(this).contents().find('#gform_confirmation_wrapper_6').length > 0;var is_redirect = contents.indexOf('gformRedirect(){') >= 0;var is_form = form_content.length > 0 && ! is_redirect && ! is_confirmation;var mt = parseInt(jQuery('html').css('margin-top'), 10) + parseInt(jQuery('body').css('margin-top'), 10) + 100;if(is_form){jQuery('#gform_wrapper_6').html(form_content.html());if(form_content.hasClass('gform_validation_error')){jQuery('#gform_wrapper_6').addClass('gform_validation_error');} else {jQuery('#gform_wrapper_6').removeClass('gform_validation_error');}setTimeout( function() { \/* delay the scroll by 50 milliseconds to fix a bug in chrome *\/ jQuery(document).scrollTop(jQuery('#gform_wrapper_6').offset().top - mt); }, 50 );var current_page = jQuery('#gform_source_page_number_6').val();jQuery(document).trigger('gform_page_loaded', [6, current_page]);window['gf_submitting_6'] = false;}else if(!is_redirect){var confirmation_content = jQuery(this).contents().find('.GF_AJAX_POSTBACK').html();if(!confirmation_content){confirmation_content = contents;}jQuery('#gform_wrapper_6').replaceWith(confirmation_content);jQuery(document).scrollTop(jQuery('#gf_6').offset().top - mt);jQuery(document).trigger('gform_confirmation_loaded', [6]);window['gf_submitting_6'] = false;wp.a11y.speak(jQuery('#gform_confirmation_message_6').text());}else{jQuery('#gform_6').append(contents);if(window['gformRedirect']) {gformRedirect();}}jQuery(document).trigger(\"gform_pre_post_render\", [{ formId: \"6\", currentPage: \"current_page\", abort: function() { this.preventDefault(); } }]);        if (event && event.defaultPrevented) {                return;        }        const gformWrapperDiv = document.getElementById( \"gform_wrapper_6\" );        if ( gformWrapperDiv ) {            const visibilitySpan = document.createElement( \"span\" );            visibilitySpan.id = \"gform_visibility_test_6\";            gformWrapperDiv.insertAdjacentElement( \"afterend\", visibilitySpan );        }        const visibilityTestDiv = document.getElementById( \"gform_visibility_test_6\" );        let postRenderFired = false;        function triggerPostRender() {            if ( postRenderFired ) {                return;            }            postRenderFired = true;            gform.core.triggerPostRenderEvents( 6, current_page );            if ( visibilityTestDiv ) {                visibilityTestDiv.parentNode.removeChild( visibilityTestDiv );            }        }        function debounce( func, wait, immediate ) {            var timeout;            return function() {                var context = this, args = arguments;                var later = function() {                    timeout = null;                    if ( !immediate ) func.apply( context, args );                };                var callNow = immediate && !timeout;                clearTimeout( timeout );                timeout = setTimeout( later, wait );                if ( callNow ) func.apply( context, args );            };        }        const debouncedTriggerPostRender = debounce( function() {            triggerPostRender();        }, 200 );        if ( visibilityTestDiv && visibilityTestDiv.offsetParent === null ) {            const observer = new MutationObserver( ( mutations ) => {                mutations.forEach( ( mutation ) => {                    if ( mutation.type === 'attributes' && visibilityTestDiv.offsetParent !== null ) {                        debouncedTriggerPostRender();                        observer.disconnect();                    }                });            });            observer.observe( document.body, {                attributes: true,                childList: false,                subtree: true,                attributeFilter: [ 'style', 'class' ],            });        } else {            triggerPostRender();        }    } );} );\n<\/script>\n<\/div>\n            <\/div><\/div>\n<\/div>\n<\/div>\n\n<div class=\"et_pb_row_1 et_pb_row et_block_row\">\n<div class=\"et_pb_column_1 et_pb_column et_pb_column_2_3 et_block_column et_pb_css_mix_blend_mode_passthrough\">\n<div class=\"et_pb_text_0 et_pb_text et_pb_bg_layout_light et_pb_module et_block_module preset--module--divi-text--bf60d947-3f90-4402-8aff-3b2baae28d03\"><div class=\"et_pb_text_inner\"><p>Das Wallis auf italienische Art<\/p>\n<\/div><\/div>\n\n<div class=\"et_pb_text_1 et_pb_text et_pb_bg_layout_light et_pb_module et_block_module grappe\"><div class=\"et_pb_text_inner\"><h2>Tavolata der Celliers de Sion<\/h2>\n<\/div><\/div>\n\n<div class=\"et_pb_text_2 et_pb_text et_pb_bg_layout_light et_pb_module et_block_module\"><div class=\"et_pb_text_inner\"><h3>Termin f\u00fcr 2027 wird noch bekannt gegeben<\/h3>\n<\/div><\/div>\n\n<div class=\"et_pb_text_3 et_pb_text et_pb_bg_layout_light et_pb_module et_block_module\"><div class=\"et_pb_text_inner\"><p>Unsere \u201eTavolata\u201c am Fu\u00dfe unseres spektakul\u00e4ren Weinbergs!<\/p>\n<p>Genie\u00dfen Sie einen <strong>Aperitif vor <\/strong>den Celliers de Sion, <strong>bevor Sie zu Ihrem Tisch zur\u00fcckkehren<\/strong>, der f\u00fcr diesen Anlass <strong>besonders sch\u00f6n beleuchtet ist<\/strong>.<\/p>\n<p><span>Genie\u00dfen Sie anschlie\u00dfend ein regionales Men\u00fc mit<\/span><span><strong>drei Hauptgerichten zur Auswahl<\/strong>. Genie\u00dfen Sie <\/span>dieses Abendessen in der N\u00e4he der Weinberge und lassen Sie die Farben der D\u00e4mmerung sowie den Einbruch der Nacht auf sich wirken.<\/p>\n<\/div><\/div>\n\n\n\n\n\n\n\n\n<\/div>\n\n<div class=\"et_pb_column_2 et_pb_column et_pb_column_1_3 et-last-child et_block_column et_pb_css_mix_blend_mode_passthrough\">\n<div class=\"et_pb_image_0 et_pb_image et_pb_module et_block_module\"><span class=\"et_pb_image_wrap\"><img decoding=\"async\" src=\"https:\/\/celliers.ch\/wp-content\/uploads\/2024\/04\/tavolata-valais-photo-08.jpg\" width=\"1080\" height=\"1080\" class=\"wp-image-23945231\" alt=\"Tavolata am Fu\u00dfe des Weinbergs in Sion\" title=\"Tavolata am Fu\u00dfe des Weinbergs in Sion\" \/><\/span><\/div>\n<\/div>\n<\/div>\n\n\n\n\n\n\n<\/div>\n\n\n\n\n\n<div class=\"et_pb_section_3 et_pb_section et_section_regular et_block_section\" id=\"galerietavolata25\">\n<div class=\"et_pb_row_7 et_pb_row et_block_row\">\n<div class=\"et_pb_column_12 et_pb_column et_pb_column_4_4 et-last-child et_block_column et_pb_css_mix_blend_mode_passthrough\">\n<div class=\"et_pb_text_15 et_pb_text et_pb_bg_layout_light et_pb_module et_block_module\"><div class=\"et_pb_text_inner\"><h2>Erleben Sie die Tavolata 2025 noch einmal!<\/h2>\n<\/div><\/div>\n<\/div>\n<\/div>\n\n<div class=\"et_pb_row_8 et_pb_row et_block_row\">\n<div class=\"et_pb_column_13 et_pb_column et_pb_column_4_4 et-last-child et_block_column et_pb_css_mix_blend_mode_passthrough\">\n<div class=\"et_pb_text_16 et_pb_text et_pb_bg_layout_light et_pb_module et_block_module\"><div class=\"et_pb_text_inner\"><p><strong>Tavolata im Cube Varone - Freitag, 8. August<\/strong><\/p>\n<\/div><\/div>\n<\/div>\n<\/div>\n\n<div class=\"et_pb_row_9 et_pb_row et_block_row\">\n<div class=\"et_pb_column_14 et_pb_column et_pb_column_4_4 et-last-child et_block_column et_pb_css_mix_blend_mode_passthrough\">\n<div class=\"et_pb_gallery_0 et_pb_gallery et_pb_bg_layout_light et_pb_gallery_grid et_pb_module\" data-auto-rotate=\"off\" data-auto-rotate-speed=\"\"><div class=\"et_pb_gallery_items et_post_gallery clearfix et_grid_module\" data-per_page=\"99\"><div class=\"et_pb_gallery_item et_pb_grid_item et_pb_gallery_item_0_0\"><div class=\"et_pb_gallery_image landscape\" data-per_page=\"99\"><a href=\"https:\/\/celliers.ch\/wp-content\/uploads\/2025\/09\/tavolata-2025-1.jpg\" title=\"Tavolata-2025\"><img decoding=\"async\" width=\"400\" height=\"284\" src=\"https:\/\/celliers.ch\/wp-content\/uploads\/2025\/09\/tavolata-2025-1-400x284.jpg\" alt=\"\" class=\"wp-image-23952001\" \/><span class=\"et_overlay\" data-icon=\"\" data-icon-tablet=\"\" data-icon-phone=\"\"><\/span><\/a><\/div><\/div><div class=\"et_pb_gallery_item et_pb_grid_item et_pb_gallery_item_0_1\"><div class=\"et_pb_gallery_image landscape\" data-per_page=\"99\"><a href=\"https:\/\/celliers.ch\/wp-content\/uploads\/2025\/09\/celliers-de-sion-tavolata-1.jpg\" title=\"celliers-de-sion-tavolata\"><img decoding=\"async\" width=\"400\" height=\"284\" src=\"https:\/\/celliers.ch\/wp-content\/uploads\/2025\/09\/celliers-de-sion-tavolata-1-400x284.jpg\" alt=\"\" class=\"wp-image-23951986\" \/><span class=\"et_overlay\" data-icon=\"\" data-icon-tablet=\"\" data-icon-phone=\"\"><\/span><\/a><\/div><\/div><div class=\"et_pb_gallery_item et_pb_grid_item et_pb_gallery_item_0_2\"><div class=\"et_pb_gallery_image landscape\" data-per_page=\"99\"><a href=\"https:\/\/celliers.ch\/wp-content\/uploads\/2025\/09\/grande-table-valais-1.jpg\" title=\"grande-table-valais\"><img decoding=\"async\" width=\"400\" height=\"284\" src=\"https:\/\/celliers.ch\/wp-content\/uploads\/2025\/09\/grande-table-valais-1-400x284.jpg\" alt=\"\" class=\"wp-image-23951989\" \/><span class=\"et_overlay\" data-icon=\"\" data-icon-tablet=\"\" data-icon-phone=\"\"><\/span><\/a><\/div><\/div><div class=\"et_pb_gallery_item et_pb_grid_item et_pb_gallery_item_0_3\"><div class=\"et_pb_gallery_image landscape\" data-per_page=\"99\"><a href=\"https:\/\/celliers.ch\/wp-content\/uploads\/2025\/09\/musique-tavolata-vignes-1.jpg\" title=\"musik-tavolata-reben\"><img decoding=\"async\" width=\"400\" height=\"284\" src=\"https:\/\/celliers.ch\/wp-content\/uploads\/2025\/09\/musique-tavolata-vignes-1-400x284.jpg\" alt=\"\" class=\"wp-image-23951992\" \/><span class=\"et_overlay\" data-icon=\"\" data-icon-tablet=\"\" data-icon-phone=\"\"><\/span><\/a><\/div><\/div><div class=\"et_pb_gallery_item et_pb_grid_item et_pb_gallery_item_0_4\"><div class=\"et_pb_gallery_image landscape\" data-per_page=\"99\"><a href=\"https:\/\/celliers.ch\/wp-content\/uploads\/2025\/09\/repas-vignes-sion-1.jpg\" title=\"Weingutsessen-sion\"><img decoding=\"async\" width=\"400\" height=\"284\" src=\"https:\/\/celliers.ch\/wp-content\/uploads\/2025\/09\/repas-vignes-sion-1-400x284.jpg\" alt=\"\" class=\"wp-image-23951995\" \/><span class=\"et_overlay\" data-icon=\"\" data-icon-tablet=\"\" data-icon-phone=\"\"><\/span><\/a><\/div><\/div><div class=\"et_pb_gallery_item et_pb_grid_item et_pb_gallery_item_0_5\"><div class=\"et_pb_gallery_image landscape\" data-per_page=\"99\"><a href=\"https:\/\/celliers.ch\/wp-content\/uploads\/2025\/09\/repas-vignes-valais-1.jpg\" title=\"Weinproben-Wallis\"><img decoding=\"async\" width=\"400\" height=\"284\" src=\"https:\/\/celliers.ch\/wp-content\/uploads\/2025\/09\/repas-vignes-valais-1-400x284.jpg\" alt=\"\" class=\"wp-image-23951998\" \/><span class=\"et_overlay\" data-icon=\"\" data-icon-tablet=\"\" data-icon-phone=\"\"><\/span><\/a><\/div><\/div><div class=\"et_pb_gallery_item et_pb_grid_item et_pb_gallery_item_0_6\"><div class=\"et_pb_gallery_image landscape\" data-per_page=\"99\"><a href=\"https:\/\/celliers.ch\/wp-content\/uploads\/2025\/09\/Tavolata-celliers-de-sion-1.jpg\" title=\"Tavolata-celliers-de-sion\"><img decoding=\"async\" width=\"400\" height=\"284\" src=\"https:\/\/celliers.ch\/wp-content\/uploads\/2025\/09\/Tavolata-celliers-de-sion-1-400x284.jpg\" alt=\"\" class=\"wp-image-23952004\" \/><span class=\"et_overlay\" data-icon=\"\" data-icon-tablet=\"\" data-icon-phone=\"\"><\/span><\/a><\/div><\/div><div class=\"et_pb_gallery_item et_pb_grid_item et_pb_gallery_item_0_7\"><div class=\"et_pb_gallery_image landscape\" data-per_page=\"99\"><a href=\"https:\/\/celliers.ch\/wp-content\/uploads\/2025\/09\/tavolata-cube-varone-1.jpg\" title=\"tavolata-cube-varone\"><img decoding=\"async\" width=\"400\" height=\"284\" src=\"https:\/\/celliers.ch\/wp-content\/uploads\/2025\/09\/tavolata-cube-varone-1-400x284.jpg\" alt=\"\" class=\"wp-image-23952007\" \/><span class=\"et_overlay\" data-icon=\"\" data-icon-tablet=\"\" data-icon-phone=\"\"><\/span><\/a><\/div><\/div><div class=\"et_pb_gallery_item et_pb_grid_item et_pb_gallery_item_0_8\"><div class=\"et_pb_gallery_image landscape\" data-per_page=\"99\"><a href=\"https:\/\/celliers.ch\/wp-content\/uploads\/2025\/09\/tavolata-cube-1.jpg\" title=\"tavolata-cube\"><img decoding=\"async\" width=\"400\" height=\"284\" src=\"https:\/\/celliers.ch\/wp-content\/uploads\/2025\/09\/tavolata-cube-1-400x284.jpg\" alt=\"\" class=\"wp-image-23952010\" \/><span class=\"et_overlay\" data-icon=\"\" data-icon-tablet=\"\" data-icon-phone=\"\"><\/span><\/a><\/div><\/div><div class=\"et_pb_gallery_item et_pb_grid_item et_pb_gallery_item_0_9\"><div class=\"et_pb_gallery_image landscape\" data-per_page=\"99\"><a href=\"https:\/\/celliers.ch\/wp-content\/uploads\/2025\/09\/tavolata-dans-les-vignes-sion-1.jpg\" title=\"Tavolata in den Weinbergen-sion\"><img decoding=\"async\" width=\"400\" height=\"284\" src=\"https:\/\/celliers.ch\/wp-content\/uploads\/2025\/09\/tavolata-dans-les-vignes-sion-1-400x284.jpg\" alt=\"\" class=\"wp-image-23952013\" \/><span class=\"et_overlay\" data-icon=\"\" data-icon-tablet=\"\" data-icon-phone=\"\"><\/span><\/a><\/div><\/div><div class=\"et_pb_gallery_item et_pb_grid_item et_pb_gallery_item_0_10\"><div class=\"et_pb_gallery_image landscape\" data-per_page=\"99\"><a href=\"https:\/\/celliers.ch\/wp-content\/uploads\/2025\/09\/tavolata-musique-1.jpg\" title=\"Tavolata-Musik\"><img decoding=\"async\" width=\"400\" height=\"284\" src=\"https:\/\/celliers.ch\/wp-content\/uploads\/2025\/09\/tavolata-musique-1-400x284.jpg\" alt=\"\" class=\"wp-image-23952016\" \/><span class=\"et_overlay\" data-icon=\"\" data-icon-tablet=\"\" data-icon-phone=\"\"><\/span><\/a><\/div><\/div><div class=\"et_pb_gallery_item et_pb_grid_item et_pb_gallery_item_0_11\"><div class=\"et_pb_gallery_image landscape\" data-per_page=\"99\"><a href=\"https:\/\/celliers.ch\/wp-content\/uploads\/2025\/09\/tavolata-sion-1.jpg\" title=\"tavolata-sion\"><img decoding=\"async\" width=\"400\" height=\"284\" src=\"https:\/\/celliers.ch\/wp-content\/uploads\/2025\/09\/tavolata-sion-1-400x284.jpg\" alt=\"\" class=\"wp-image-23952019\" \/><span class=\"et_overlay\" data-icon=\"\" data-icon-tablet=\"\" data-icon-phone=\"\"><\/span><\/a><\/div><\/div><div class=\"et_pb_gallery_item et_pb_grid_item et_pb_gallery_item_0_12\"><div class=\"et_pb_gallery_image landscape\" data-per_page=\"99\"><a href=\"https:\/\/celliers.ch\/wp-content\/uploads\/2025\/09\/tavolata-valais-1.jpg\" title=\"Tavolata-Wallis\"><img decoding=\"async\" width=\"400\" height=\"284\" src=\"https:\/\/celliers.ch\/wp-content\/uploads\/2025\/09\/tavolata-valais-1-400x284.jpg\" alt=\"\" class=\"wp-image-23952022\" \/><span class=\"et_overlay\" data-icon=\"\" data-icon-tablet=\"\" data-icon-phone=\"\"><\/span><\/a><\/div><\/div><div class=\"et_pb_gallery_item et_pb_grid_item et_pb_gallery_item_0_13\"><div class=\"et_pb_gallery_image landscape\" data-per_page=\"99\"><a href=\"https:\/\/celliers.ch\/wp-content\/uploads\/2025\/09\/tavolata-vignes-valais-1.jpg\" title=\"Tavolata-Weinberge-Wallis\"><img decoding=\"async\" width=\"400\" height=\"284\" src=\"https:\/\/celliers.ch\/wp-content\/uploads\/2025\/09\/tavolata-vignes-valais-1-400x284.jpg\" alt=\"\" class=\"wp-image-23952025\" \/><span class=\"et_overlay\" data-icon=\"\" data-icon-tablet=\"\" data-icon-phone=\"\"><\/span><\/a><\/div><\/div><div class=\"et_pb_gallery_item et_pb_grid_item et_pb_gallery_item_0_14\"><div class=\"et_pb_gallery_image landscape\" data-per_page=\"99\"><a href=\"https:\/\/celliers.ch\/wp-content\/uploads\/2025\/09\/tavolata-vignoble-1.jpg\" title=\"Tavolata-Weinberg\"><img decoding=\"async\" width=\"400\" height=\"284\" src=\"https:\/\/celliers.ch\/wp-content\/uploads\/2025\/09\/tavolata-vignoble-1-400x284.jpg\" alt=\"\" class=\"wp-image-23952028\" \/><span class=\"et_overlay\" data-icon=\"\" data-icon-tablet=\"\" data-icon-phone=\"\"><\/span><\/a><\/div><\/div><\/div><\/div>\n<\/div>\n<\/div>\n\n<div class=\"et_pb_row_10 et_pb_row et_block_row\">\n<div class=\"et_pb_column_15 et_pb_column et_pb_column_4_4 et-last-child et_block_column et_pb_css_mix_blend_mode_passthrough\">\n<div class=\"et_pb_text_17 et_pb_text et_pb_bg_layout_light et_pb_module et_block_module\"><div class=\"et_pb_text_inner\"><p><strong>Tavolata in der Gu\u00e9rite d'Uvrier - Sonntag, 24. August<\/strong><\/p>\n<\/div><\/div>\n<\/div>\n<\/div>\n\n<div class=\"et_pb_row_11 et_pb_row et_block_row\">\n<div class=\"et_pb_column_16 et_pb_column et_pb_column_4_4 et-last-child et_block_column et_pb_css_mix_blend_mode_passthrough\">\n<div class=\"et_pb_gallery_1 et_pb_gallery et_pb_bg_layout_light et_pb_gallery_grid et_pb_module\" data-auto-rotate=\"off\" data-auto-rotate-speed=\"\"><div class=\"et_pb_gallery_items et_post_gallery clearfix et_grid_module\" data-per_page=\"99\"><div class=\"et_pb_gallery_item et_pb_grid_item et_pb_gallery_item_1_0\"><div class=\"et_pb_gallery_image landscape\" data-per_page=\"99\"><a href=\"https:\/\/celliers.ch\/wp-content\/uploads\/2025\/09\/125-ans-varone.jpg\" title=\"125 Jahre Varone\"><img decoding=\"async\" width=\"400\" height=\"284\" src=\"https:\/\/celliers.ch\/wp-content\/uploads\/2025\/09\/125-ans-varone-400x284.jpg\" alt=\"\" class=\"wp-image-23952035\" \/><span class=\"et_overlay\" data-icon=\"\" data-icon-tablet=\"\" data-icon-phone=\"\"><\/span><\/a><\/div><\/div><div class=\"et_pb_gallery_item et_pb_grid_item et_pb_gallery_item_1_1\"><div class=\"et_pb_gallery_image landscape\" data-per_page=\"99\"><a href=\"https:\/\/celliers.ch\/wp-content\/uploads\/2025\/09\/apero-vins-valais.jpg\" title=\"Apero Walliser Weine\"><img decoding=\"async\" width=\"400\" height=\"284\" src=\"https:\/\/celliers.ch\/wp-content\/uploads\/2025\/09\/apero-vins-valais-400x284.jpg\" alt=\"\" class=\"wp-image-23952038\" \/><span class=\"et_overlay\" data-icon=\"\" data-icon-tablet=\"\" data-icon-phone=\"\"><\/span><\/a><\/div><\/div><div class=\"et_pb_gallery_item et_pb_grid_item et_pb_gallery_item_1_2\"><div class=\"et_pb_gallery_image landscape\" data-per_page=\"99\"><a href=\"https:\/\/celliers.ch\/wp-content\/uploads\/2025\/09\/celliers-de-sion.jpg\" title=\"celliers de sion\"><img decoding=\"async\" width=\"400\" height=\"284\" src=\"https:\/\/celliers.ch\/wp-content\/uploads\/2025\/09\/celliers-de-sion-400x284.jpg\" alt=\"\" class=\"wp-image-23952041\" \/><span class=\"et_overlay\" data-icon=\"\" data-icon-tablet=\"\" data-icon-phone=\"\"><\/span><\/a><\/div><\/div><div class=\"et_pb_gallery_item et_pb_grid_item et_pb_gallery_item_1_3\"><div class=\"et_pb_gallery_image landscape\" data-per_page=\"99\"><a href=\"https:\/\/celliers.ch\/wp-content\/uploads\/2025\/09\/deguster-vins-en-valais.jpg\" title=\"weine degustieren im wallis\"><img decoding=\"async\" width=\"400\" height=\"284\" src=\"https:\/\/celliers.ch\/wp-content\/uploads\/2025\/09\/deguster-vins-en-valais-400x284.jpg\" alt=\"\" class=\"wp-image-23952044\" \/><span class=\"et_overlay\" data-icon=\"\" data-icon-tablet=\"\" data-icon-phone=\"\"><\/span><\/a><\/div><\/div><div class=\"et_pb_gallery_item et_pb_grid_item et_pb_gallery_item_1_4\"><div class=\"et_pb_gallery_image landscape\" data-per_page=\"99\"><a href=\"https:\/\/celliers.ch\/wp-content\/uploads\/2025\/09\/guerite-uvrier.jpg\" title=\"guerite uvrier\"><img decoding=\"async\" width=\"400\" height=\"284\" src=\"https:\/\/celliers.ch\/wp-content\/uploads\/2025\/09\/guerite-uvrier-400x284.jpg\" alt=\"\" class=\"wp-image-23952047\" \/><span class=\"et_overlay\" data-icon=\"\" data-icon-tablet=\"\" data-icon-phone=\"\"><\/span><\/a><\/div><\/div><div class=\"et_pb_gallery_item et_pb_grid_item et_pb_gallery_item_1_5\"><div class=\"et_pb_gallery_image landscape\" data-per_page=\"99\"><a href=\"https:\/\/celliers.ch\/wp-content\/uploads\/2025\/09\/mets-du-terroir-valais.jpg\" title=\"Walliser Hausmannskost\"><img decoding=\"async\" width=\"400\" height=\"284\" src=\"https:\/\/celliers.ch\/wp-content\/uploads\/2025\/09\/mets-du-terroir-valais-400x284.jpg\" alt=\"\" class=\"wp-image-23952050\" \/><span class=\"et_overlay\" data-icon=\"\" data-icon-tablet=\"\" data-icon-phone=\"\"><\/span><\/a><\/div><\/div><div class=\"et_pb_gallery_item et_pb_grid_item et_pb_gallery_item_1_6\"><div class=\"et_pb_gallery_image landscape\" data-per_page=\"99\"><a href=\"https:\/\/celliers.ch\/wp-content\/uploads\/2025\/09\/repas-en-valais-dans-les-vignes.jpg\" title=\"Mahlzeit in den Weinbergen des Wallis\"><img decoding=\"async\" width=\"400\" height=\"284\" src=\"https:\/\/celliers.ch\/wp-content\/uploads\/2025\/09\/repas-en-valais-dans-les-vignes-400x284.jpg\" alt=\"\" class=\"wp-image-23952053\" \/><span class=\"et_overlay\" data-icon=\"\" data-icon-tablet=\"\" data-icon-phone=\"\"><\/span><\/a><\/div><\/div><div class=\"et_pb_gallery_item et_pb_grid_item et_pb_gallery_item_1_7\"><div class=\"et_pb_gallery_image landscape\" data-per_page=\"99\"><a href=\"https:\/\/celliers.ch\/wp-content\/uploads\/2025\/09\/repas-en-valais.jpg\" title=\"Mahlzeiten im Wallis\"><img decoding=\"async\" width=\"400\" height=\"284\" src=\"https:\/\/celliers.ch\/wp-content\/uploads\/2025\/09\/repas-en-valais-400x284.jpg\" alt=\"\" class=\"wp-image-23952056\" \/><span class=\"et_overlay\" data-icon=\"\" data-icon-tablet=\"\" data-icon-phone=\"\"><\/span><\/a><\/div><\/div><div class=\"et_pb_gallery_item et_pb_grid_item et_pb_gallery_item_1_8\"><div class=\"et_pb_gallery_image landscape\" data-per_page=\"99\"><a href=\"https:\/\/celliers.ch\/wp-content\/uploads\/2025\/09\/repas-vigne.jpg\" title=\"Mahlzeit Weinberg\"><img decoding=\"async\" width=\"400\" height=\"284\" src=\"https:\/\/celliers.ch\/wp-content\/uploads\/2025\/09\/repas-vigne-400x284.jpg\" alt=\"\" class=\"wp-image-23952059\" \/><span class=\"et_overlay\" data-icon=\"\" data-icon-tablet=\"\" data-icon-phone=\"\"><\/span><\/a><\/div><\/div><div class=\"et_pb_gallery_item et_pb_grid_item et_pb_gallery_item_1_9\"><div class=\"et_pb_gallery_image landscape\" data-per_page=\"99\"><a href=\"https:\/\/celliers.ch\/wp-content\/uploads\/2025\/09\/sortie-groupe-vins.jpg\" title=\"Gruppenausflug Wein\"><img decoding=\"async\" width=\"400\" height=\"284\" src=\"https:\/\/celliers.ch\/wp-content\/uploads\/2025\/09\/sortie-groupe-vins-400x284.jpg\" alt=\"\" class=\"wp-image-23952062\" \/><span class=\"et_overlay\" data-icon=\"\" data-icon-tablet=\"\" data-icon-phone=\"\"><\/span><\/a><\/div><\/div><div class=\"et_pb_gallery_item et_pb_grid_item et_pb_gallery_item_1_10\"><div class=\"et_pb_gallery_image landscape\" data-per_page=\"99\"><a href=\"https:\/\/celliers.ch\/wp-content\/uploads\/2025\/09\/tavolata-aux-celliers-de-sion.jpg\" title=\"Tavolata in den Weinkellern von Sion\"><img decoding=\"async\" width=\"400\" height=\"284\" src=\"https:\/\/celliers.ch\/wp-content\/uploads\/2025\/09\/tavolata-aux-celliers-de-sion-400x284.jpg\" alt=\"\" class=\"wp-image-23952065\" \/><span class=\"et_overlay\" data-icon=\"\" data-icon-tablet=\"\" data-icon-phone=\"\"><\/span><\/a><\/div><\/div><div class=\"et_pb_gallery_item et_pb_grid_item et_pb_gallery_item_1_11\"><div class=\"et_pb_gallery_image landscape\" data-per_page=\"99\"><a href=\"https:\/\/celliers.ch\/wp-content\/uploads\/2025\/09\/tavolata-celliers-de-sion-2.jpg\" title=\"tavolata celliers de sion\"><img decoding=\"async\" width=\"400\" height=\"284\" src=\"https:\/\/celliers.ch\/wp-content\/uploads\/2025\/09\/tavolata-celliers-de-sion-2-400x284.jpg\" alt=\"\" class=\"wp-image-23952068\" \/><span class=\"et_overlay\" data-icon=\"\" data-icon-tablet=\"\" data-icon-phone=\"\"><\/span><\/a><\/div><\/div><div class=\"et_pb_gallery_item et_pb_grid_item et_pb_gallery_item_1_12\"><div class=\"et_pb_gallery_image landscape\" data-per_page=\"99\"><a href=\"https:\/\/celliers.ch\/wp-content\/uploads\/2025\/09\/tavolata-dans-les-vignes.jpg\" title=\"Tavolata in den Weinbergen\"><img decoding=\"async\" width=\"400\" height=\"284\" src=\"https:\/\/celliers.ch\/wp-content\/uploads\/2025\/09\/tavolata-dans-les-vignes-400x284.jpg\" alt=\"\" class=\"wp-image-23952071\" \/><span class=\"et_overlay\" data-icon=\"\" data-icon-tablet=\"\" data-icon-phone=\"\"><\/span><\/a><\/div><\/div><div class=\"et_pb_gallery_item et_pb_grid_item et_pb_gallery_item_1_13\"><div class=\"et_pb_gallery_image landscape\" data-per_page=\"99\"><a href=\"https:\/\/celliers.ch\/wp-content\/uploads\/2025\/09\/tavolata-en-valais.jpg\" title=\"Tavolata im Wallis\"><img decoding=\"async\" width=\"400\" height=\"284\" src=\"https:\/\/celliers.ch\/wp-content\/uploads\/2025\/09\/tavolata-en-valais-400x284.jpg\" alt=\"\" class=\"wp-image-23952074\" \/><span class=\"et_overlay\" data-icon=\"\" data-icon-tablet=\"\" data-icon-phone=\"\"><\/span><\/a><\/div><\/div><div class=\"et_pb_gallery_item et_pb_grid_item et_pb_gallery_item_1_14\"><div class=\"et_pb_gallery_image landscape\" data-per_page=\"99\"><a href=\"https:\/\/celliers.ch\/wp-content\/uploads\/2025\/09\/tavolata-guerite-uvrier.jpg\" title=\"tavolata guerite uvrier\"><img decoding=\"async\" width=\"400\" height=\"284\" src=\"https:\/\/celliers.ch\/wp-content\/uploads\/2025\/09\/tavolata-guerite-uvrier-400x284.jpg\" alt=\"\" class=\"wp-image-23952077\" \/><span class=\"et_overlay\" data-icon=\"\" data-icon-tablet=\"\" data-icon-phone=\"\"><\/span><\/a><\/div><\/div><div class=\"et_pb_gallery_item et_pb_grid_item et_pb_gallery_item_1_15\"><div class=\"et_pb_gallery_image landscape\" data-per_page=\"99\"><a href=\"https:\/\/celliers.ch\/wp-content\/uploads\/2025\/09\/tavolata-sion-2.jpg\" title=\"tavolata sion\"><img decoding=\"async\" width=\"400\" height=\"284\" src=\"https:\/\/celliers.ch\/wp-content\/uploads\/2025\/09\/tavolata-sion-2-400x284.jpg\" alt=\"\" class=\"wp-image-23952080\" \/><span class=\"et_overlay\" data-icon=\"\" data-icon-tablet=\"\" data-icon-phone=\"\"><\/span><\/a><\/div><\/div><div class=\"et_pb_gallery_item et_pb_grid_item et_pb_gallery_item_1_16\"><div class=\"et_pb_gallery_image landscape\" data-per_page=\"99\"><a href=\"https:\/\/celliers.ch\/wp-content\/uploads\/2025\/09\/tavolata-valais-2.jpg\" title=\"tavolata wallis\"><img decoding=\"async\" width=\"400\" height=\"284\" src=\"https:\/\/celliers.ch\/wp-content\/uploads\/2025\/09\/tavolata-valais-2-400x284.jpg\" alt=\"\" class=\"wp-image-23952083\" \/><span class=\"et_overlay\" data-icon=\"\" data-icon-tablet=\"\" data-icon-phone=\"\"><\/span><\/a><\/div><\/div><div class=\"et_pb_gallery_item et_pb_grid_item et_pb_gallery_item_1_17\"><div class=\"et_pb_gallery_image landscape\" data-per_page=\"99\"><a href=\"https:\/\/celliers.ch\/wp-content\/uploads\/2025\/09\/vente-vins-valais.jpg\" title=\"verkauf weine wallis\"><img decoding=\"async\" width=\"400\" height=\"284\" src=\"https:\/\/celliers.ch\/wp-content\/uploads\/2025\/09\/vente-vins-valais-400x284.jpg\" alt=\"\" class=\"wp-image-23952086\" \/><span class=\"et_overlay\" data-icon=\"\" data-icon-tablet=\"\" data-icon-phone=\"\"><\/span><\/a><\/div><\/div><div class=\"et_pb_gallery_item et_pb_grid_item et_pb_gallery_item_1_18\"><div class=\"et_pb_gallery_image landscape\" data-per_page=\"99\"><a href=\"https:\/\/celliers.ch\/wp-content\/uploads\/2025\/09\/vins-du-valais.jpg\" title=\"weine aus dem wallis\"><img decoding=\"async\" width=\"400\" height=\"284\" src=\"https:\/\/celliers.ch\/wp-content\/uploads\/2025\/09\/vins-du-valais-400x284.jpg\" alt=\"\" class=\"wp-image-23952089\" \/><span class=\"et_overlay\" data-icon=\"\" data-icon-tablet=\"\" data-icon-phone=\"\"><\/span><\/a><\/div><\/div><div class=\"et_pb_gallery_item et_pb_grid_item et_pb_gallery_item_1_19\"><div class=\"et_pb_gallery_image landscape\" data-per_page=\"99\"><a href=\"https:\/\/celliers.ch\/wp-content\/uploads\/2025\/09\/vins-valais-tavolata.jpg\" title=\"weine wallis tavolata\"><img decoding=\"async\" width=\"400\" height=\"284\" src=\"https:\/\/celliers.ch\/wp-content\/uploads\/2025\/09\/vins-valais-tavolata-400x284.jpg\" alt=\"\" class=\"wp-image-23952092\" \/><span class=\"et_overlay\" data-icon=\"\" data-icon-tablet=\"\" data-icon-phone=\"\"><\/span><\/a><\/div><\/div><\/div><\/div>\n<\/div>\n<\/div>\n<\/div>\n\n<div class=\"et_pb_section_4 et_pb_section et_section_regular et_block_section\" id=\"galerietavolata\">\n<div class=\"et_pb_row_12 et_pb_row et_block_row\">\n<div class=\"et_pb_column_17 et_pb_column et_pb_column_4_4 et-last-child et_block_column et_pb_css_mix_blend_mode_passthrough\">\n<div class=\"et_pb_text_18 et_pb_text et_pb_bg_layout_light et_pb_module et_block_module\"><div class=\"et_pb_text_inner\"><h2>Erleben Sie die Tavolata 2024 noch einmal!<\/h2>\n<\/div><\/div>\n<\/div>\n<\/div>\n\n<div class=\"et_pb_row_13 et_pb_row et_block_row\">\n<div class=\"et_pb_column_18 et_pb_column et_pb_column_4_4 et-last-child et_block_column et_pb_css_mix_blend_mode_passthrough\">\n<div class=\"et_pb_gallery_2 et_pb_gallery et_pb_bg_layout_light et_pb_gallery_grid et_pb_module\" data-auto-rotate=\"off\" data-auto-rotate-speed=\"\"><div class=\"et_pb_gallery_items et_post_gallery clearfix et_grid_module\" data-per_page=\"99\"><div class=\"et_pb_gallery_item et_pb_grid_item et_pb_gallery_item_2_0\"><div class=\"et_pb_gallery_image portrait\" data-per_page=\"99\"><a href=\"https:\/\/celliers.ch\/wp-content\/uploads\/2024\/09\/degustation-en-valais.jpg\" title=\"degustation-en-valais\"><img decoding=\"async\" width=\"400\" height=\"516\" src=\"https:\/\/celliers.ch\/wp-content\/uploads\/2024\/09\/degustation-en-valais-400x516.jpg\" alt=\"Weinprobe in Wallis\" class=\"wp-image-23949300\" \/><span class=\"et_overlay\" data-icon=\"\" data-icon-tablet=\"\" data-icon-phone=\"\"><\/span><\/a><\/div><\/div><div class=\"et_pb_gallery_item et_pb_grid_item et_pb_gallery_item_2_1\"><div class=\"et_pb_gallery_image portrait\" data-per_page=\"99\"><a href=\"https:\/\/celliers.ch\/wp-content\/uploads\/2024\/09\/musique-tavolata-valais.jpg\" title=\"musik-tavolata-wallis\"><img decoding=\"async\" width=\"400\" height=\"516\" src=\"https:\/\/celliers.ch\/wp-content\/uploads\/2024\/09\/musique-tavolata-valais-400x516.jpg\" alt=\"Musik bei der Tavolata der Celliers de Sion\" class=\"wp-image-23949306\" \/><span class=\"et_overlay\" data-icon=\"\" data-icon-tablet=\"\" data-icon-phone=\"\"><\/span><\/a><\/div><\/div><div class=\"et_pb_gallery_item et_pb_grid_item et_pb_gallery_item_2_2\"><div class=\"et_pb_gallery_image portrait\" data-per_page=\"99\"><a href=\"https:\/\/celliers.ch\/wp-content\/uploads\/2024\/09\/Tavolata-en-fin-de-journee.jpg\" title=\"Tavolata-am-Ende-des-Tages\"><img decoding=\"async\" width=\"400\" height=\"516\" src=\"https:\/\/celliers.ch\/wp-content\/uploads\/2024\/09\/Tavolata-en-fin-de-journee-400x516.jpg\" alt=\"Tavolata am Abend\" class=\"wp-image-23949330\" \/><span class=\"et_overlay\" data-icon=\"\" data-icon-tablet=\"\" data-icon-phone=\"\"><\/span><\/a><\/div><\/div><div class=\"et_pb_gallery_item et_pb_grid_item et_pb_gallery_item_2_3\"><div class=\"et_pb_gallery_image portrait\" data-per_page=\"99\"><a href=\"https:\/\/celliers.ch\/wp-content\/uploads\/2024\/09\/grande-table-en-Valais.jpg\" title=\"grande-table-en-Valais\"><img decoding=\"async\" width=\"400\" height=\"516\" src=\"https:\/\/celliers.ch\/wp-content\/uploads\/2024\/09\/grande-table-en-Valais-400x516.jpg\" alt=\"Tavolata im Wallis\" class=\"wp-image-23949303\" \/><span class=\"et_overlay\" data-icon=\"\" data-icon-tablet=\"\" data-icon-phone=\"\"><\/span><\/a><\/div><\/div><div class=\"et_pb_gallery_item et_pb_grid_item et_pb_gallery_item_2_4\"><div class=\"et_pb_gallery_image portrait\" data-per_page=\"99\"><a href=\"https:\/\/celliers.ch\/wp-content\/uploads\/2024\/09\/tavolata-bibacchus.jpg\" title=\"tavolata-bibacchus\"><img decoding=\"async\" width=\"400\" height=\"516\" src=\"https:\/\/celliers.ch\/wp-content\/uploads\/2024\/09\/tavolata-bibacchus-400x516.jpg\" alt=\"Tavolata Bibacchus\" class=\"wp-image-23949321\" \/><span class=\"et_overlay\" data-icon=\"\" data-icon-tablet=\"\" data-icon-phone=\"\"><\/span><\/a><\/div><\/div><div class=\"et_pb_gallery_item et_pb_grid_item et_pb_gallery_item_2_5\"><div class=\"et_pb_gallery_image portrait\" data-per_page=\"99\"><a href=\"https:\/\/celliers.ch\/wp-content\/uploads\/2024\/09\/repas-tavolata.jpg\" title=\"Mahlzeit-Tavolata\"><img decoding=\"async\" width=\"400\" height=\"516\" src=\"https:\/\/celliers.ch\/wp-content\/uploads\/2024\/09\/repas-tavolata-400x516.jpg\" alt=\"Tavolata-Mahlzeit\" class=\"wp-image-23949318\" \/><span class=\"et_overlay\" data-icon=\"\" data-icon-tablet=\"\" data-icon-phone=\"\"><\/span><\/a><\/div><\/div><div class=\"et_pb_gallery_item et_pb_grid_item et_pb_gallery_item_2_6\"><div class=\"et_pb_gallery_image portrait\" data-per_page=\"99\"><a href=\"https:\/\/celliers.ch\/wp-content\/uploads\/2024\/09\/Tavolata-Celliers-de-Sion.jpg\" title=\"Tavolata-Celliers-de-Sion\"><img decoding=\"async\" width=\"400\" height=\"516\" src=\"https:\/\/celliers.ch\/wp-content\/uploads\/2024\/09\/Tavolata-Celliers-de-Sion-400x516.jpg\" alt=\"Tavolata in den Celliers de Sion\" class=\"wp-image-23949324\" \/><span class=\"et_overlay\" data-icon=\"\" data-icon-tablet=\"\" data-icon-phone=\"\"><\/span><\/a><\/div><\/div><div class=\"et_pb_gallery_item et_pb_grid_item et_pb_gallery_item_2_7\"><div class=\"et_pb_gallery_image portrait\" data-per_page=\"99\"><a href=\"https:\/\/celliers.ch\/wp-content\/uploads\/2024\/09\/repas-tavolata-en-valais.jpg\" title=\"essen-tavolata-im-wallis\"><img decoding=\"async\" width=\"400\" height=\"516\" src=\"https:\/\/celliers.ch\/wp-content\/uploads\/2024\/09\/repas-tavolata-en-valais-400x516.jpg\" alt=\"Tavolata-Mahlzeit im Wallis\" class=\"wp-image-23949312\" \/><span class=\"et_overlay\" data-icon=\"\" data-icon-tablet=\"\" data-icon-phone=\"\"><\/span><\/a><\/div><\/div><div class=\"et_pb_gallery_item et_pb_grid_item et_pb_gallery_item_2_8\"><div class=\"et_pb_gallery_image portrait\" data-per_page=\"99\"><a href=\"https:\/\/celliers.ch\/wp-content\/uploads\/2024\/09\/Tavolata-Valais.jpg\" title=\"Tavolata-Wallis\"><img decoding=\"async\" width=\"400\" height=\"516\" src=\"https:\/\/celliers.ch\/wp-content\/uploads\/2024\/09\/Tavolata-Valais-400x516.jpg\" alt=\"Tavolata Wallis\" class=\"wp-image-23949342\" \/><span class=\"et_overlay\" data-icon=\"\" data-icon-tablet=\"\" data-icon-phone=\"\"><\/span><\/a><\/div><\/div><div class=\"et_pb_gallery_item et_pb_grid_item et_pb_gallery_item_2_9\"><div class=\"et_pb_gallery_image portrait\" data-per_page=\"99\"><a href=\"https:\/\/celliers.ch\/wp-content\/uploads\/2024\/09\/tavolata-en-valais.jpg\" title=\"Tavolata im Wallis\"><img decoding=\"async\" width=\"400\" height=\"516\" src=\"https:\/\/celliers.ch\/wp-content\/uploads\/2024\/09\/tavolata-en-valais-400x516.jpg\" alt=\"Tavolata im Wallis\" class=\"wp-image-23949336\" \/><span class=\"et_overlay\" data-icon=\"\" data-icon-tablet=\"\" data-icon-phone=\"\"><\/span><\/a><\/div><\/div><div class=\"et_pb_gallery_item et_pb_grid_item et_pb_gallery_item_2_10\"><div class=\"et_pb_gallery_image portrait\" data-per_page=\"99\"><a href=\"https:\/\/celliers.ch\/wp-content\/uploads\/2024\/09\/tavolata-vigne-celliers-de-sion.jpg\" title=\"tavolata-vigne-celliers-de-sion\"><img decoding=\"async\" width=\"400\" height=\"516\" src=\"https:\/\/celliers.ch\/wp-content\/uploads\/2024\/09\/tavolata-vigne-celliers-de-sion-400x516.jpg\" alt=\"Tavolata in den Weinbergen\" class=\"wp-image-23949345\" \/><span class=\"et_overlay\" data-icon=\"\" data-icon-tablet=\"\" data-icon-phone=\"\"><\/span><\/a><\/div><\/div><div class=\"et_pb_gallery_item et_pb_grid_item et_pb_gallery_item_2_11\"><div class=\"et_pb_gallery_image portrait\" data-per_page=\"99\"><a href=\"https:\/\/celliers.ch\/wp-content\/uploads\/2024\/09\/tavolata-en-valais-le-soir.jpg\" title=\"tavolata-in-valais-le-soir\"><img decoding=\"async\" width=\"400\" height=\"516\" src=\"https:\/\/celliers.ch\/wp-content\/uploads\/2024\/09\/tavolata-en-valais-le-soir-400x516.jpg\" alt=\"Tavolata im Wallis am Abend\" class=\"wp-image-23949333\" \/><span class=\"et_overlay\" data-icon=\"\" data-icon-tablet=\"\" data-icon-phone=\"\"><\/span><\/a><\/div><\/div><div class=\"et_pb_gallery_item et_pb_grid_item et_pb_gallery_item_2_12\"><div class=\"et_pb_gallery_image portrait\" data-per_page=\"99\"><a href=\"https:\/\/celliers.ch\/wp-content\/uploads\/2024\/09\/repas-dans-les-vignes-en-Valais.jpg\" title=\"Essen-in-den-Reben-im-Wallis\"><img decoding=\"async\" width=\"400\" height=\"516\" src=\"https:\/\/celliers.ch\/wp-content\/uploads\/2024\/09\/repas-dans-les-vignes-en-Valais-400x516.jpg\" alt=\"Essen in den Weinbergen Wallis\" class=\"wp-image-23949309\" \/><span class=\"et_overlay\" data-icon=\"\" data-icon-tablet=\"\" data-icon-phone=\"\"><\/span><\/a><\/div><\/div><div class=\"et_pb_gallery_item et_pb_grid_item et_pb_gallery_item_2_13\"><div class=\"et_pb_gallery_image portrait\" data-per_page=\"99\"><a href=\"https:\/\/celliers.ch\/wp-content\/uploads\/2024\/09\/repas-tavolata-valais.jpg\" title=\"Mahlzeit-tavolata-wallis\"><img decoding=\"async\" width=\"400\" height=\"516\" src=\"https:\/\/celliers.ch\/wp-content\/uploads\/2024\/09\/repas-tavolata-valais-400x516.jpg\" alt=\"Tavolata-Essen Celliers de Sion\" class=\"wp-image-23949315\" \/><span class=\"et_overlay\" data-icon=\"\" data-icon-tablet=\"\" data-icon-phone=\"\"><\/span><\/a><\/div><\/div><div class=\"et_pb_gallery_item et_pb_grid_item et_pb_gallery_item_2_14\"><div class=\"et_pb_gallery_image portrait\" data-per_page=\"99\"><a href=\"https:\/\/celliers.ch\/wp-content\/uploads\/2024\/09\/tavolata-vignoble-valais.jpg\" title=\"tavolata-weinberg-wallis\"><img decoding=\"async\" width=\"400\" height=\"516\" src=\"https:\/\/celliers.ch\/wp-content\/uploads\/2024\/09\/tavolata-vignoble-valais-400x516.jpg\" alt=\"Tavolata in den Weinbergen\" class=\"wp-image-23949348\" \/><span class=\"et_overlay\" data-icon=\"\" data-icon-tablet=\"\" data-icon-phone=\"\"><\/span><\/a><\/div><\/div><div class=\"et_pb_gallery_item et_pb_grid_item et_pb_gallery_item_2_15\"><div class=\"et_pb_gallery_image portrait\" data-per_page=\"99\"><a href=\"https:\/\/celliers.ch\/wp-content\/uploads\/2024\/09\/tavolata-valais-en-soiree.jpg\" title=\"tavolata-valais-en-soiree\"><img decoding=\"async\" width=\"400\" height=\"516\" src=\"https:\/\/celliers.ch\/wp-content\/uploads\/2024\/09\/tavolata-valais-en-soiree-400x516.jpg\" alt=\"Tavolata im Wallis am Abend\" class=\"wp-image-23949339\" \/><span class=\"et_overlay\" data-icon=\"\" data-icon-tablet=\"\" data-icon-phone=\"\"><\/span><\/a><\/div><\/div><div class=\"et_pb_gallery_item et_pb_grid_item et_pb_gallery_item_2_16\"><div class=\"et_pb_gallery_image portrait\" data-per_page=\"99\"><a href=\"https:\/\/celliers.ch\/wp-content\/uploads\/2024\/09\/tavolata-de-nuit.jpg\" title=\"tavolata-de-nuit\"><img decoding=\"async\" width=\"400\" height=\"516\" src=\"https:\/\/celliers.ch\/wp-content\/uploads\/2024\/09\/tavolata-de-nuit-400x516.jpg\" alt=\"Tavolata bei Nacht\" class=\"wp-image-23949327\" \/><span class=\"et_overlay\" data-icon=\"\" data-icon-tablet=\"\" data-icon-phone=\"\"><\/span><\/a><\/div><\/div><\/div><\/div>\n<\/div>\n<\/div>\n<\/div>\n\n<div class=\"et_pb_section_5 et_pb_section et_section_regular et_block_section\">\n<div class=\"et_pb_row_14 et_pb_row et_block_row\">\n<div class=\"et_pb_column_19 et_pb_column et_pb_column_4_4 et-last-child et_block_column et_pb_css_mix_blend_mode_passthrough\">\n<div class=\"et_pb_text_19 et_pb_text et_pb_bg_layout_light et_pb_module et_block_module\"><div class=\"et_pb_text_inner\"><h2>La Tavolata 2022<\/h2>\n<\/div><\/div>\n<\/div>\n<\/div>\n\n<div class=\"et_pb_row_15 et_pb_row et_block_row\">\n<div class=\"et_pb_column_20 et_pb_column et_pb_column_4_4 et-last-child et_block_column et_pb_css_mix_blend_mode_passthrough\">\n<div class=\"et_pb_gallery_3 et_pb_gallery et_pb_bg_layout_light et_pb_gallery_grid et_pb_module\" data-auto-rotate=\"off\" data-auto-rotate-speed=\"\"><div class=\"et_pb_gallery_items et_post_gallery clearfix et_grid_module\" data-per_page=\"99\"><div class=\"et_pb_gallery_item et_pb_grid_item et_pb_gallery_item_3_0\"><div class=\"et_pb_gallery_image portrait\" data-per_page=\"99\"><a href=\"https:\/\/celliers.ch\/wp-content\/uploads\/2024\/04\/tavolata-valais-photo-01.jpg\" title=\"Tavolata in den Weinbergen im Wallis\"><img decoding=\"async\" width=\"400\" height=\"516\" src=\"https:\/\/celliers.ch\/wp-content\/uploads\/2024\/04\/tavolata-valais-photo-01-400x516.jpg\" alt=\"Tavolata in den Weinbergen im Wallis\" class=\"wp-image-23945658\" \/><span class=\"et_overlay\" data-icon=\"\" data-icon-tablet=\"\" data-icon-phone=\"\"><\/span><\/a><\/div><\/div><div class=\"et_pb_gallery_item et_pb_grid_item et_pb_gallery_item_3_1\"><div class=\"et_pb_gallery_image portrait\" data-per_page=\"99\"><a href=\"https:\/\/celliers.ch\/wp-content\/uploads\/2024\/04\/tavolata-valais-photo-17.jpg\" title=\"Tavolata-Essen Celliers de Sion\"><img decoding=\"async\" width=\"400\" height=\"516\" src=\"https:\/\/celliers.ch\/wp-content\/uploads\/2024\/04\/tavolata-valais-photo-17-400x516.jpg\" alt=\"Tavolata-Essen Celliers de Sion\" class=\"wp-image-23945660\" \/><span class=\"et_overlay\" data-icon=\"\" data-icon-tablet=\"\" data-icon-phone=\"\"><\/span><\/a><\/div><\/div><div class=\"et_pb_gallery_item et_pb_grid_item et_pb_gallery_item_3_2\"><div class=\"et_pb_gallery_image portrait\" data-per_page=\"99\"><a href=\"https:\/\/celliers.ch\/wp-content\/uploads\/2024\/04\/tavolata-valais-photo-06.jpg\" title=\"Gro\u00dfe Tafel im Wallis\"><img decoding=\"async\" width=\"400\" height=\"516\" src=\"https:\/\/celliers.ch\/wp-content\/uploads\/2024\/04\/tavolata-valais-photo-06-400x516.jpg\" alt=\"Gro\u00dfe Tafel im Wallis\" class=\"wp-image-23945662\" \/><span class=\"et_overlay\" data-icon=\"\" data-icon-tablet=\"\" data-icon-phone=\"\"><\/span><\/a><\/div><\/div><div class=\"et_pb_gallery_item et_pb_grid_item et_pb_gallery_item_3_3\"><div class=\"et_pb_gallery_image portrait\" data-per_page=\"99\"><a href=\"https:\/\/celliers.ch\/wp-content\/uploads\/2024\/04\/tavolata-valais-photo-26.jpg\" title=\"Weine, die Sie bei La Tavolata probieren k\u00f6nnen\"><img decoding=\"async\" width=\"400\" height=\"516\" src=\"https:\/\/celliers.ch\/wp-content\/uploads\/2024\/04\/tavolata-valais-photo-26-400x516.jpg\" alt=\"Weine, die Sie bei La Tavolata probieren k\u00f6nnen\" class=\"wp-image-23945664\" \/><span class=\"et_overlay\" data-icon=\"\" data-icon-tablet=\"\" data-icon-phone=\"\"><\/span><\/a><\/div><\/div><div class=\"et_pb_gallery_item et_pb_grid_item et_pb_gallery_item_3_4\"><div class=\"et_pb_gallery_image portrait\" data-per_page=\"99\"><a href=\"https:\/\/celliers.ch\/wp-content\/uploads\/2024\/04\/tavolata-valais-photo-07.jpg\" title=\"Tavolata-Essen im Wallis\"><img decoding=\"async\" width=\"400\" height=\"516\" src=\"https:\/\/celliers.ch\/wp-content\/uploads\/2024\/04\/tavolata-valais-photo-07-400x516.jpg\" alt=\"Tavolata-Essen im Wallis\" class=\"wp-image-23945666\" \/><span class=\"et_overlay\" data-icon=\"\" data-icon-tablet=\"\" data-icon-phone=\"\"><\/span><\/a><\/div><\/div><div class=\"et_pb_gallery_item et_pb_grid_item et_pb_gallery_item_3_5\"><div class=\"et_pb_gallery_image portrait\" data-per_page=\"99\"><a href=\"https:\/\/celliers.ch\/wp-content\/uploads\/2024\/04\/tavolata-valais-photo-12.jpg\" title=\"Entdecken Sie die Weine des Wallis\"><img decoding=\"async\" width=\"400\" height=\"516\" src=\"https:\/\/celliers.ch\/wp-content\/uploads\/2024\/04\/tavolata-valais-photo-12-400x516.jpg\" alt=\"Entdecken Sie die Weine des Wallis\" class=\"wp-image-23945668\" \/><span class=\"et_overlay\" data-icon=\"\" data-icon-tablet=\"\" data-icon-phone=\"\"><\/span><\/a><\/div><\/div><div class=\"et_pb_gallery_item et_pb_grid_item et_pb_gallery_item_3_6\"><div class=\"et_pb_gallery_image portrait\" data-per_page=\"99\"><a href=\"https:\/\/celliers.ch\/wp-content\/uploads\/2024\/04\/tavolata-valais-photo-28.jpg\" title=\"Gro\u00dfe Tafel Walliser Weine\"><img decoding=\"async\" width=\"400\" height=\"516\" src=\"https:\/\/celliers.ch\/wp-content\/uploads\/2024\/04\/tavolata-valais-photo-28-400x516.jpg\" alt=\"Gro\u00dfe Tafel Walliser Weine\" class=\"wp-image-23945670\" \/><span class=\"et_overlay\" data-icon=\"\" data-icon-tablet=\"\" data-icon-phone=\"\"><\/span><\/a><\/div><\/div><div class=\"et_pb_gallery_item et_pb_grid_item et_pb_gallery_item_3_7\"><div class=\"et_pb_gallery_image portrait\" data-per_page=\"99\"><a href=\"https:\/\/celliers.ch\/wp-content\/uploads\/2024\/04\/tavolata-valais-photo-20.jpg\" title=\"Abendessen am Fu\u00dfe der Weinberge am Abend\"><img decoding=\"async\" width=\"400\" height=\"516\" src=\"https:\/\/celliers.ch\/wp-content\/uploads\/2024\/04\/tavolata-valais-photo-20-400x516.jpg\" alt=\"Abendessen am Fu\u00dfe der Weinberge am Abend\" class=\"wp-image-23945672\" \/><span class=\"et_overlay\" data-icon=\"\" data-icon-tablet=\"\" data-icon-phone=\"\"><\/span><\/a><\/div><\/div><div class=\"et_pb_gallery_item et_pb_grid_item et_pb_gallery_item_3_8\"><div class=\"et_pb_gallery_image portrait\" data-per_page=\"99\"><a href=\"https:\/\/celliers.ch\/wp-content\/uploads\/2024\/04\/tavolata-valais-photo-27.jpg\" title=\"Tavolata in den Weinbergen\"><img decoding=\"async\" width=\"400\" height=\"516\" src=\"https:\/\/celliers.ch\/wp-content\/uploads\/2024\/04\/tavolata-valais-photo-27-400x516.jpg\" alt=\"Tavolata in den Weinbergen\" class=\"wp-image-23945674\" \/><span class=\"et_overlay\" data-icon=\"\" data-icon-tablet=\"\" data-icon-phone=\"\"><\/span><\/a><\/div><\/div><div class=\"et_pb_gallery_item et_pb_grid_item et_pb_gallery_item_3_9\"><div class=\"et_pb_gallery_image portrait\" data-per_page=\"99\"><a href=\"https:\/\/celliers.ch\/wp-content\/uploads\/2024\/04\/tavolata-valais-photo-21.jpg\" title=\"Gro\u00dfe italienische Tafel im Wallis\"><img decoding=\"async\" width=\"400\" height=\"516\" src=\"https:\/\/celliers.ch\/wp-content\/uploads\/2024\/04\/tavolata-valais-photo-21-400x516.jpg\" alt=\"Gro\u00dfe italienische Tafel im Wallis\" class=\"wp-image-23945676\" \/><span class=\"et_overlay\" data-icon=\"\" data-icon-tablet=\"\" data-icon-phone=\"\"><\/span><\/a><\/div><\/div><div class=\"et_pb_gallery_item et_pb_grid_item et_pb_gallery_item_3_10\"><div class=\"et_pb_gallery_image portrait\" data-per_page=\"99\"><a href=\"https:\/\/celliers.ch\/wp-content\/uploads\/2024\/04\/tavolata-valais-photo-08.jpg\" title=\"Tavolata am Fu\u00dfe des Weinbergs in Sion\"><img decoding=\"async\" width=\"400\" height=\"516\" src=\"https:\/\/celliers.ch\/wp-content\/uploads\/2024\/04\/tavolata-valais-photo-08-400x516.jpg\" alt=\"Tavolata am Fu\u00dfe des Weinbergs in Sion\" class=\"wp-image-23945678\" \/><span class=\"et_overlay\" data-icon=\"\" data-icon-tablet=\"\" data-icon-phone=\"\"><\/span><\/a><\/div><\/div><div class=\"et_pb_gallery_item et_pb_grid_item et_pb_gallery_item_3_11\"><div class=\"et_pb_gallery_image portrait\" data-per_page=\"99\"><a href=\"https:\/\/celliers.ch\/wp-content\/uploads\/2024\/04\/tavolata-valais-photo-15.jpg\" title=\"Tavolata im Wallis\"><img decoding=\"async\" width=\"400\" height=\"516\" src=\"https:\/\/celliers.ch\/wp-content\/uploads\/2024\/04\/tavolata-valais-photo-15-400x516.jpg\" alt=\"Tavolata im Wallis\" class=\"wp-image-23945680\" \/><span class=\"et_overlay\" data-icon=\"\" data-icon-tablet=\"\" data-icon-phone=\"\"><\/span><\/a><\/div><\/div><\/div><\/div>\n\n<div class=\"et_pb_module et_pb_button_module_wrapper et_pb_button_1_wrapper preset--module--divi-button--default_wrapper\"><a class=\"et_pb_button_1 et_pb_button et_pb_bg_layout_light et_pb_module et_block_module preset--module--divi-button--default\" href=\"https:\/\/celliers.ch\/de\/veranstaltungen\/\" data-icon=\"#\">Zur\u00fcck zu den Veranstaltungen<\/a><\/div>\n<\/div>\n<\/div>\n<\/div>","protected":false},"excerpt":{"rendered":"<p>Eine sch\u00f6ne italienische Tafel mit mehr als 200 G\u00e4sten!<\/p>\n","protected":false},"author":2,"featured_media":23950087,"parent":23946341,"menu_order":0,"comment_status":"closed","ping_status":"closed","template":"","meta":{"_acf_changed":false,"footnotes":""},"dipi_cpt_category":[],"class_list":["post-23946139","page","type-page","status-publish","has-post-thumbnail","hentry"],"acf":[],"_links":{"self":[{"href":"https:\/\/celliers.ch\/de\/wp-json\/wp\/v2\/pages\/23946139","targetHints":{"allow":["GET"]}}],"collection":[{"href":"https:\/\/celliers.ch\/de\/wp-json\/wp\/v2\/pages"}],"about":[{"href":"https:\/\/celliers.ch\/de\/wp-json\/wp\/v2\/types\/page"}],"author":[{"embeddable":true,"href":"https:\/\/celliers.ch\/de\/wp-json\/wp\/v2\/users\/2"}],"replies":[{"embeddable":true,"href":"https:\/\/celliers.ch\/de\/wp-json\/wp\/v2\/comments?post=23946139"}],"version-history":[{"count":181,"href":"https:\/\/celliers.ch\/de\/wp-json\/wp\/v2\/pages\/23946139\/revisions"}],"predecessor-version":[{"id":23954724,"href":"https:\/\/celliers.ch\/de\/wp-json\/wp\/v2\/pages\/23946139\/revisions\/23954724"}],"up":[{"embeddable":true,"href":"https:\/\/celliers.ch\/de\/wp-json\/wp\/v2\/pages\/23946341"}],"wp:featuredmedia":[{"embeddable":true,"href":"https:\/\/celliers.ch\/de\/wp-json\/wp\/v2\/media\/23950087"}],"wp:attachment":[{"href":"https:\/\/celliers.ch\/de\/wp-json\/wp\/v2\/media?parent=23946139"}],"wp:term":[{"taxonomy":"dipi_cpt_category","embeddable":true,"href":"https:\/\/celliers.ch\/de\/wp-json\/wp\/v2\/dipi_cpt_category?post=23946139"}],"curies":[{"name":"wp","href":"https:\/\/api.w.org\/{rel}","templated":true}]}}