{"id":23946139,"date":"2024-04-08T09:07:35","date_gmt":"2024-04-08T07:07:35","guid":{"rendered":"https:\/\/celliers.ch\/tavolata\/"},"modified":"2025-11-06T10:09:33","modified_gmt":"2025-11-06T09:09:33","slug":"tavolata","status":"publish","type":"page","link":"https:\/\/celliers.ch\/de\/veranstaltungen\/tavolata\/","title":{"rendered":"Tavolata"},"content":{"rendered":"<p>[et_pb_section fb_built=&#8220;1&#8243; _builder_version=&#8220;4.24.2&#8243; _module_preset=&#8220;default&#8220; global_colors_info=&#8220;{}&#8220;][et_pb_row column_structure=&#8220;3_5,2_5&#8243; _builder_version=&#8220;4.27.4&#8243; _module_preset=&#8220;default&#8220; global_colors_info=&#8220;{}&#8220; disabled_on=&#8220;on|on|on&#8220; disabled=&#8220;on&#8220;][et_pb_column type=&#8220;3_5&#8243; _builder_version=&#8220;4.24.2&#8243; _module_preset=&#8220;default&#8220; global_colors_info=&#8220;{}&#8220;][et_pb_text _builder_version=&#8220;4.25.1&#8243; _module_preset=&#8220;bf60d947-3f90-4402-8aff-3b2baae28d03&#8243; global_colors_info=&#8220;{}&#8220;]<\/p>\n<p>Das Wallis auf italienische Art<\/p>\n<p>[\/et_pb_text][et_pb_text module_class=&#8220;grappe&#8220; _builder_version=&#8220;4.27.4&#8243; _module_preset=&#8220;default&#8220; custom_margin=&#8220;||10px||false|false&#8220; hover_enabled=&#8220;0&#8243; global_colors_info=&#8220;{}&#8220; sticky_enabled=&#8220;0&#8243;]<\/p>\n<h2>Tavolata <strong>2026<\/strong><\/h2>\n<p>[\/et_pb_text][et_pb_text _builder_version=&#8220;4.27.4&#8243; _module_preset=&#8220;default&#8220; header_3_text_color=&#8220;gcid-primary-color&#8220; global_colors_info=&#8220;{%22gcid-primary-color%22:%91%22header_3_text_color%22%93}&#8220;]<\/p>\n<h3>4 Termine, 4 Stimmungen, 4 Orte im Herzen unserer Weinberge!<\/h3>\n<p>[\/et_pb_text][et_pb_text disabled_on=&#8220;off|off|off&#8220; _builder_version=&#8220;4.27.4&#8243; _module_preset=&#8220;default&#8220; background_color=&#8220;#FFFFFF&#8220; custom_padding=&#8220;20px|20px|0px|20px|false|false&#8220; border_radii=&#8220;on|30px|30px|30px|30px&#8220; global_colors_info=&#8220;{}&#8220;]<\/p>\n<ul>\n<li><strong>Freitag, 8. August<\/strong>: Abendliche Tavolata im <a href=\"https:\/\/celliers.ch\/de\/oenopark\/#cube\" target=\"_blank\" rel=\"noopener\">Cube Varone<\/a>.<\/li>\n<li><strong>Samstag, 9. August<\/strong>: Abendliche Tavolata in den Mazots <a href=\"https:\/\/celliers.ch\/de\/oenopark\/#closduchateau\" target=\"_blank\" rel=\"noopener\">du Clos du Ch\u00e2teau<\/a>.<\/li>\n<li><strong>Sonntag, 24. August<\/strong>: Tavolata Brunch in der <a href=\"https:\/\/celliers.ch\/de\/oenopark\/#uvrier\" target=\"_blank\" rel=\"noopener\">Gu\u00e9r\u00eete d&#8217;Uvrier<\/a>.<\/li>\n<li><strong>Samstag, 30. August<\/strong>: Mittags-Tavolata in La <a href=\"https:\/\/celliers.ch\/de\/oenopark\/#brulefer\" target=\"_blank\" rel=\"noopener\">Gu\u00e9r\u00eete Br\u00fblefer<\/a>.<\/li>\n<\/ul>\n<p>[\/et_pb_text][et_pb_text _builder_version=&#8220;4.27.4&#8243; _module_preset=&#8220;default&#8220; custom_margin=&#8220;||10px||false|false&#8220; custom_padding=&#8220;||0px||false|false&#8220; global_colors_info=&#8220;{}&#8220;]<\/p>\n<p><strong>Vielen Dank an alle unsere G\u00e4ste f\u00fcr diese Ausgabe der 4 Tavolata 2025!<\/strong><\/p>\n<p>[\/et_pb_text][et_pb_button button_url=&#8220;#galerietavolata25&#8243; button_text=&#8220;Entdecken Sie die Fotogalerie der Tavolata 2025&#8243; _builder_version=&#8220;4.27.4&#8243; _module_preset=&#8220;default&#8220; global_colors_info=&#8220;{}&#8220;][\/et_pb_button][et_pb_text disabled_on=&#8220;on|on|on&#8220; _builder_version=&#8220;4.27.4&#8243; _module_preset=&#8220;default&#8220; text_font=&#8220;||on||||||&#8220; text_font_size=&#8220;14px&#8220; text_font_size_tablet=&#8220;14px&#8220; text_font_size_phone=&#8220;14px&#8220; text_font_size_last_edited=&#8220;on|phone&#8220; disabled=&#8220;on&#8220; global_colors_info=&#8220;{}&#8220;]<\/p>\n<p>Die Speisekarten werden in diesem Fr\u00fchjahr verf\u00fcgbar sein.<\/p>\n<p>[\/et_pb_text][dipi_button_grid flex_direction=&#8220;row&#8220; justify_content=&#8220;flex-start&#8220; disabled_on=&#8220;on|on|on&#8220; _builder_version=&#8220;4.27.0&#8243; _module_preset=&#8220;default&#8220; custom_padding=&#8220;||||false|false&#8220; disabled=&#8220;on&#8220; global_colors_info=&#8220;{}&#8220;][dipi_button_grid_child button_type=&#8220;text&#8220; text_info=&#8220;Vollst\u00e4ndig&#8220; _builder_version=&#8220;4.27.0&#8243; _module_preset=&#8220;default&#8220; text_style_font=&#8220;|800|||||||&#8220; text_style_text_color=&#8220;#FFFFFF&#8220; background_color=&#8220;gcid-5bb8bbae-64e2-42dd-a614-e8fbea0b29dd&#8220; background_enable_color=&#8220;on&#8220; custom_margin=&#8220;|||0px|false|false&#8220; custom_padding=&#8220;|10px||10px|false|true&#8220; global_colors_info=&#8220;{%22gcid-5bb8bbae-64e2-42dd-a614-e8fbea0b29dd%22:%91%22background_color%22%93}&#8220;][\/dipi_button_grid_child][\/dipi_button_grid][et_pb_code disabled_on=&#8220;on|on|on&#8220; _builder_version=&#8220;4.27.4&#8243; _module_preset=&#8220;default&#8220; disabled=&#8220;on&#8220; global_colors_info=&#8220;{}&#8220;]<!-- Start Smeetz Embed Code --><!-- [et_pb_line_break_holder] -->    <script><!-- [et_pb_line_break_holder] -->    !function(e, t, n, i, p, r, s) {<!-- [et_pb_line_break_holder] -->      e[n] || ((p = e[n] = function() {<!-- [et_pb_line_break_holder] -->      p.p ? p.p.apply(p, arguments) : p.q.push(arguments);<!-- [et_pb_line_break_holder] -->      }).q = [], p.t = 1 * new Date(), p.g = \"18066\", (r = t.createElement(\"script\")).async = 1,<!-- [et_pb_line_break_holder] -->      r.src = \"https:\/\/tracker.smeetz.com\/smeetz-main-widget.js\", (s = t.getElementsByTagName(\"script\")[0]).parentNode.insertBefore(r, s));<!-- [et_pb_line_break_holder] -->    }(window, document, \"_smtz\");<!-- [et_pb_line_break_holder] -->    <\/script><!-- [et_pb_line_break_holder] -->    <a data-smtz-gid=\"18066\" data-smtz-wid=\"3937\" class=\"\" target=\"_blank\" rel=\"noopener noreferrer\" onclick=\"event.preventDefault(); _smtz('openwidget', 1 * new Date(), {        productId: '72665',        lightbox: true,        listView: false,        gId: '18066',        wId: '3937',                              });\" style=\"color: #af272f;     border-width: 0px !important;    border-radius: 0px;    font-size: 1.1em;    font-family: 'Lora';    font-weight: 600;    padding-right: 2em;height: 44px;line-height: 44px;cursor: pointer; font-weight:bold;\">Ich buche<\/a><!-- [et_pb_line_break_holder] -->    <!-- End Smeetz Embed Code -->[\/et_pb_code][\/et_pb_column][et_pb_column type=&#8220;2_5&#8243; _builder_version=&#8220;4.24.2&#8243; _module_preset=&#8220;default&#8220; global_colors_info=&#8220;{}&#8220;][et_pb_image src=&#8220;https:\/\/celliers.ch\/wp-content\/uploads\/2025\/01\/Tavolata-en-Valais-1.jpg&#8220; alt=&#8220;Tavolata im Wallis&#8220; title_text=&#8220;Tavolata im Wallis&#8220; _builder_version=&#8220;4.27.4&#8243; _module_preset=&#8220;default&#8220; global_colors_info=&#8220;{}&#8220;][\/et_pb_image][\/et_pb_column][\/et_pb_row][et_pb_row column_structure=&#8220;1_2,1_2&#8243; disabled_on=&#8220;off|off|off&#8220; _builder_version=&#8220;4.27.4&#8243; _module_preset=&#8220;default&#8220; module_alignment=&#8220;center&#8220; display_conditions=&#8220;W3siaWQiOiI0YWQ1NmNiZS04ZmQxLTQ3YzktOWZhZi0xYWYzMzA5ZmE0MzAiLCJjb25kaXRpb24iOiJkYXRlVGltZSIsImNvbmRpdGlvblNldHRpbmdzIjp7ImRpc3BsYXlSdWxlIjoiaXNBZnRlciIsImRhdGUiOiIyMDI0LTA5LTAxIiwidGltZSI6IjAwOjEwIiwid2Vla2RheXMiOiJ8IiwiYWxsRGF5Ijoib24iLCJmcm9tVGltZSI6IjAwOjAwIiwidW50aWxUaW1lIjoiMDA6MDAiLCJyZXBlYXQiOiJvZmYiLCJyZXBlYXRGcmVxdWVuY3kiOiJtb250aGx5IiwicmVwZWF0RnJlcXVlbmN5U3BlY2lmaWNEYXlzIjoid2Vla2x5IiwicmVwZWF0RW5kIjoibmV2ZXIiLCJyZXBlYXRVbnRpbERhdGUiOiIyMDI0LTgtMTMiLCJyZXBlYXRUaW1lcyI6IjMiLCJhZG1pbkxhYmVsIjoiRGF0ZSBldCBoZXVyZSIsImVuYWJsZUNvbmRpdGlvbiI6Im9uIn0sIm9wZXJhdG9yIjoiT1IifV0=&#8220; custom_padding=&#8220;34px|||||&#8220; hover_enabled=&#8220;0&#8243; global_colors_info=&#8220;{}&#8220; sticky_enabled=&#8220;0&#8243;][et_pb_column type=&#8220;1_2&#8243; _builder_version=&#8220;4.25.0&#8243; _module_preset=&#8220;default&#8220; custom_padding=&#8220;30px|30px|0px|30px|false|true&#8220; border_radii=&#8220;on|30px|30px|30px|30px&#8220; border_width_all=&#8220;1px&#8220; border_color_all=&#8220;gcid-41d1ce45-94e5-4d14-bd14-81cef01f9ee4&#8243; global_colors_info=&#8220;{%22gcid-41d1ce45-94e5-4d14-bd14-81cef01f9ee4%22:%91%22border_color_all%22%93}&#8220;][et_pb_text _builder_version=&#8220;4.27.4&#8243; _module_preset=&#8220;default&#8220; custom_margin=&#8220;||0px||false|false&#8220; hover_enabled=&#8220;0&#8243; global_colors_info=&#8220;{}&#8220; sticky_enabled=&#8220;0&#8243;]<\/p>\n<h2>Tavolata &#8211; Ausgabe 2026<\/h2>\n<p>[\/et_pb_text][et_pb_text disabled_on=&#8220;off|off|off&#8220; _builder_version=&#8220;4.27.4&#8243; _module_preset=&#8220;default&#8220; header_3_text_color=&#8220;gcid-5bb8bbae-64e2-42dd-a614-e8fbea0b29dd&#8220; hover_enabled=&#8220;0&#8243; global_colors_info=&#8220;{%22gcid-5bb8bbae-64e2-42dd-a614-e8fbea0b29dd%22:%91%22header_3_text_color%22%93}&#8220; sticky_enabled=&#8220;0&#8243;]<\/p>\n<h3>Freitag, 28. August 2026<\/h3>\n<p>[\/et_pb_text][dipi_gravity_forms_styler gf_form_id=&#8220;6&#8243; form_title_margin=&#8220;0px||0px||false|false&#8220; form_title_padding=&#8220;0px||0px||false|false&#8220; form_desc_margin=&#8220;0px||0px||false|false&#8220; form_desc_padding=&#8220;0px||0px||false|false&#8220; _builder_version=&#8220;4.27.4&#8243; _module_preset=&#8220;6ce8dba2-74b1-40bf-b4a9-6ec9197a0861&#8243; width=&#8220;100%&#8220; width_tablet=&#8220;100%&#8220; width_phone=&#8220;100%&#8220; width_last_edited=&#8220;on|tablet&#8220; custom_margin=&#8220;||0px||false|false&#8220; custom_padding=&#8220;||0px||false|false&#8220; hover_enabled=&#8220;0&#8243; global_colors_info=&#8220;{}&#8220; sticky_enabled=&#8220;0&#8243;][\/dipi_gravity_forms_styler][\/et_pb_column][et_pb_column type=&#8220;1_2&#8243; disabled_on=&#8220;off|off|off&#8220; _builder_version=&#8220;4.27.4&#8243; _module_preset=&#8220;default&#8220; hover_enabled=&#8220;0&#8243; global_colors_info=&#8220;{}&#8220; sticky_enabled=&#8220;0&#8243;][et_pb_image src=&#8220;https:\/\/celliers.ch\/wp-content\/uploads\/2025\/01\/Tavolata-en-Valais-1.jpg&#8220; alt=&#8220;Tavolata im Wallis&#8220; title_text=&#8220;Tavolata im Wallis&#8220; _builder_version=&#8220;4.27.4&#8243; _module_preset=&#8220;default&#8220; global_colors_info=&#8220;{}&#8220;][\/et_pb_image][\/et_pb_column][\/et_pb_row][et_pb_row column_structure=&#8220;1_4,1_4,1_4,1_4&#8243; disabled_on=&#8220;on|on|on&#8220; _builder_version=&#8220;4.27.4&#8243; _module_preset=&#8220;default&#8220; disabled=&#8220;on&#8220; global_colors_info=&#8220;{}&#8220;][et_pb_column type=&#8220;1_4&#8243; _builder_version=&#8220;4.27.4&#8243; _module_preset=&#8220;default&#8220; global_colors_info=&#8220;{}&#8220;][dipi_hover_box content_title=&#8220;Tavolata im Cube Varone&#8220; body_text=&#8220;<\/p>\n<p><strong>Freitag, 8. August 2025<\/strong><br \/>18.00-22.30 Uhr<br \/>~ 30 Pl\u00e4tze<\/p>\n<p>&#8220; content_hover_title=&#8220;Freitag, 8. August 2025&#8243; content_hover_content=&#8220;<\/p>\n<p>Ein exklusiver Abend inmitten unserer Weinberge, an dem Sie ein geselliges Essen mit einer Auswahl an Weinen des Hauses Varone genie\u00dfen k\u00f6nnen.<\/p>\n<p>&#8220; hover_type=&#8220;zoom&#8220; use_force_square=&#8220;on&#8220; content_bg_use_color_gradient=&#8220;on&#8220; content_bg_color_gradient_stops=&#8220;rgba(255,255,255,0.79) 2%|rgba(255,255,255,0.79) 99%&#8220; content_bg_color_gradient_overlays_image=&#8220;on&#8220; content_bg_image=&#8220;https:\/\/celliers.ch\/wp-content\/uploads\/2024\/08\/cube-varone-2-scaled.jpg&#8220; content_hover_bg_use_color_gradient=&#8220;on&#8220; content_hover_bg_color_gradient_stops=&#8220;gcid-primary-color 0%|gcid-primary-color 100%&#8220; content_hover_bg_color_gradient_overlays_image=&#8220;on&#8220; content_hover_bg_image=&#8220;https:\/\/celliers.ch\/wp-content\/uploads\/2024\/08\/cube-varone-2-scaled.jpg&#8220; _builder_version=&#8220;4.27.4&#8243; _module_preset=&#8220;default&#8220; header_text_color=&#8220;gcid-primary-color&#8220; header_2_text_color=&#8220;gcid-primary-color&#8220; content_title_font=&#8220;||||||||&#8220; content_title_text_color=&#8220;gcid-primary-color&#8220; content_desc_font=&#8220;&#8211;et_global_body_font|800|||||||&#8220; content_desc_text_color=&#8220;#000000&#8243; content_hover_title_text_color=&#8220;#FFFFFF&#8220; content_hover_title_font_size=&#8220;16px&#8220; content_hover_desc_text_color=&#8220;#FFFFFF&#8220; content_hover_desc_font_size=&#8220;12px&#8220; content_hover_desc_line_height=&#8220;1.5em&#8220; border_radii=&#8220;on|20px|20px|20px|20px&#8220; border_width_all=&#8220;2px&#8220; border_color_all=&#8220;gcid-primary-color&#8220; global_colors_info=&#8220;{%22gcid-primary-color%22:%91%22header_text_color%22,%22header_2_text_color%22,%22border_color_all%22,%22content_title_text_color%22,%22content_hover_bg_color_gradient_stops%22%93}&#8220;][\/dipi_hover_box][\/et_pb_column][et_pb_column type=&#8220;1_4&#8243; _builder_version=&#8220;4.27.4&#8243; _module_preset=&#8220;default&#8220; global_colors_info=&#8220;{}&#8220;][dipi_hover_box content_title=&#8220;Tavolata im Clos du Ch\u00e2teau&#8220; body_text=&#8220;<\/p>\n<p><strong>Samstag, 9. August 2025<\/strong><br \/>18.00-22.30 Uhr<br \/>~ 30 Pl\u00e4tze<\/p>\n<p>&#8220; content_hover_title=&#8220;Samstag, 9. August 2025&#8243; content_hover_content=&#8220;<\/p>\n<p>Ein au\u00dfergew\u00f6hnlicher Abend in Les Mazots du Clos du Ch\u00e2teau, an dem Sie eine reichhaltige Meeresfr\u00fcchteplatte mit den ber\u00fchmten Cuv\u00e9es 1858 genie\u00dfen werden.<\/p>\n<p>&#8220; hover_type=&#8220;zoom&#8220; use_force_square=&#8220;on&#8220; content_bg_use_color_gradient=&#8220;on&#8220; content_bg_color_gradient_stops=&#8220;rgba(255,255,255,0.79) 2%|rgba(255,255,255,0.79) 99%&#8220; content_bg_color_gradient_overlays_image=&#8220;on&#8220; content_bg_image=&#8220;https:\/\/celliers.ch\/wp-content\/uploads\/2024\/01\/clos-du-chateau-vin-en-valais.jpg&#8220; content_hover_bg_use_color_gradient=&#8220;on&#8220; content_hover_bg_color_gradient_stops=&#8220;gcid-primary-color 0%|gcid-primary-color 100%&#8220; content_hover_bg_color_gradient_overlays_image=&#8220;on&#8220; content_hover_bg_image=&#8220;https:\/\/celliers.ch\/wp-content\/uploads\/2024\/08\/cube-varone-2-scaled.jpg&#8220; _builder_version=&#8220;4.27.4&#8243; _module_preset=&#8220;default&#8220; header_text_color=&#8220;gcid-primary-color&#8220; header_2_text_color=&#8220;gcid-primary-color&#8220; content_title_font=&#8220;||||||||&#8220; content_title_text_color=&#8220;gcid-primary-color&#8220; content_desc_font=&#8220;&#8211;et_global_body_font|800|||||||&#8220; content_desc_text_color=&#8220;#000000&#8243; content_hover_title_text_color=&#8220;#FFFFFF&#8220; content_hover_title_font_size=&#8220;16px&#8220; content_hover_desc_text_color=&#8220;#FFFFFF&#8220; content_hover_desc_font_size=&#8220;12px&#8220; content_hover_desc_line_height=&#8220;1.5em&#8220; border_radii=&#8220;on|20px|20px|20px|20px&#8220; border_width_all=&#8220;2px&#8220; border_color_all=&#8220;gcid-primary-color&#8220; global_colors_info=&#8220;{%22gcid-primary-color%22:%91%22header_text_color%22,%22header_2_text_color%22,%22border_color_all%22,%22content_title_text_color%22,%22content_hover_bg_color_gradient_stops%22%93}&#8220;][\/dipi_hover_box][\/et_pb_column][et_pb_column type=&#8220;1_4&#8243; _builder_version=&#8220;4.27.4&#8243; _module_preset=&#8220;default&#8220; global_colors_info=&#8220;{}&#8220;][dipi_hover_box content_title=&#8220;Tavolata in La Gu\u00e9rite d&#039;Uvrier&#8220; body_text=&#8220;<\/p>\n<p><strong>Sonntag, 24. August 2025<\/strong><br \/>11.00-15.00 Uhr<br \/>~ 40 Pl\u00e4tze  <\/p>\n<p>&#8220; content_hover_title=&#8220;Sonntag, 24. August 2025&#8243; content_hover_content=&#8220;<\/p>\n<p>Ein k\u00f6stliches l\u00e4ndliches Buffet mit Weinen aus dem Hause Varone, das Sie mittags im Herzen der Domaine d&apos;Uvrier genie\u00dfen k\u00f6nnen.<\/p>\n<p>&#8220; hover_type=&#8220;zoom&#8220; use_force_square=&#8220;on&#8220; content_bg_use_color_gradient=&#8220;on&#8220; content_bg_color_gradient_stops=&#8220;rgba(255,255,255,0.79) 2%|rgba(255,255,255,0.79) 99%&#8220; content_bg_color_gradient_overlays_image=&#8220;on&#8220; content_bg_image=&#8220;https:\/\/celliers.ch\/wp-content\/uploads\/2025\/01\/Guerite-Uvrier.jpg&#8220; content_hover_bg_use_color_gradient=&#8220;on&#8220; content_hover_bg_color_gradient_stops=&#8220;gcid-primary-color 0%|gcid-primary-color 100%&#8220; content_hover_bg_color_gradient_overlays_image=&#8220;on&#8220; content_hover_bg_image=&#8220;https:\/\/celliers.ch\/wp-content\/uploads\/2024\/08\/cube-varone-2-scaled.jpg&#8220; _builder_version=&#8220;4.27.4&#8243; _module_preset=&#8220;default&#8220; header_text_color=&#8220;gcid-primary-color&#8220; header_2_text_color=&#8220;gcid-primary-color&#8220; content_title_font=&#8220;||||||||&#8220; content_title_text_color=&#8220;gcid-primary-color&#8220; content_desc_font=&#8220;&#8211;et_global_body_font|800|||||||&#8220; content_desc_text_color=&#8220;#000000&#8243; content_hover_title_text_color=&#8220;#FFFFFF&#8220; content_hover_title_font_size=&#8220;16px&#8220; content_hover_desc_text_color=&#8220;#FFFFFF&#8220; content_hover_desc_font_size=&#8220;12px&#8220; content_hover_desc_line_height=&#8220;1.5em&#8220; border_radii=&#8220;on|20px|20px|20px|20px&#8220; border_width_all=&#8220;2px&#8220; border_color_all=&#8220;gcid-primary-color&#8220; global_colors_info=&#8220;{%22gcid-primary-color%22:%91%22header_text_color%22,%22header_2_text_color%22,%22border_color_all%22,%22content_title_text_color%22,%22content_hover_bg_color_gradient_stops%22%93}&#8220;][\/dipi_hover_box][\/et_pb_column][et_pb_column type=&#8220;1_4&#8243; _builder_version=&#8220;4.27.4&#8243; _module_preset=&#8220;default&#8220; global_colors_info=&#8220;{}&#8220;][dipi_hover_box content_title=&#8220;Tavolata mit Guerite Br\u00fblefer&#8220; body_text=&#8220;<\/p>\n<p><strong>Samstag, 30. August 2025<\/strong><br \/>11.00-16.00 Uhr<br \/>~ 60 Pl\u00e4tze  <\/p>\n<p>&#8220; content_hover_title=&#8220;Samstag, 30. August 2025&#8243; content_hover_content=&#8220;<\/p>\n<p>Mit Blick auf die ber\u00fchmte Bisse de Clavau im Herzen unseres Weinbergs genie\u00dfen Sie ein traditionelles Walliser Abendessen, begleitet von den Weinen des Hauses Bonvin.<\/p>\n<p>&#8220; hover_type=&#8220;zoom&#8220; use_force_square=&#8220;on&#8220; content_bg_use_color_gradient=&#8220;on&#8220; content_bg_color_gradient_stops=&#8220;rgba(255,255,255,0.79) 2%|rgba(255,255,255,0.79) 99%&#8220; content_bg_color_gradient_overlays_image=&#8220;on&#8220; content_bg_image=&#8220;https:\/\/celliers.ch\/wp-content\/uploads\/2024\/01\/Guerite-Brulefer-Bonvin.jpg&#8220; content_hover_bg_use_color_gradient=&#8220;on&#8220; content_hover_bg_color_gradient_stops=&#8220;gcid-primary-color 0%|gcid-primary-color 100%&#8220; content_hover_bg_color_gradient_overlays_image=&#8220;on&#8220; content_hover_bg_image=&#8220;https:\/\/celliers.ch\/wp-content\/uploads\/2024\/08\/cube-varone-2-scaled.jpg&#8220; _builder_version=&#8220;4.27.4&#8243; _module_preset=&#8220;default&#8220; header_text_color=&#8220;gcid-primary-color&#8220; header_2_text_color=&#8220;gcid-primary-color&#8220; content_title_font=&#8220;||||||||&#8220; content_title_text_color=&#8220;gcid-primary-color&#8220; content_desc_font=&#8220;&#8211;et_global_body_font|800|||||||&#8220; content_desc_text_color=&#8220;#000000&#8243; content_hover_title_text_color=&#8220;#FFFFFF&#8220; content_hover_title_font_size=&#8220;16px&#8220; content_hover_desc_text_color=&#8220;#FFFFFF&#8220; content_hover_desc_font_size=&#8220;12px&#8220; content_hover_desc_line_height=&#8220;1.5em&#8220; border_radii=&#8220;on|20px|20px|20px|20px&#8220; border_width_all=&#8220;2px&#8220; border_color_all=&#8220;gcid-primary-color&#8220; global_colors_info=&#8220;{%22gcid-primary-color%22:%91%22header_text_color%22,%22header_2_text_color%22,%22border_color_all%22,%22content_title_text_color%22,%22content_hover_bg_color_gradient_stops%22%93}&#8220;][\/dipi_hover_box][\/et_pb_column][\/et_pb_row][et_pb_row column_structure=&#8220;1_2,1_2&#8243; use_custom_gutter=&#8220;on&#8220; gutter_width=&#8220;2&#8243; make_equal=&#8220;on&#8220; disabled_on=&#8220;on|on|on&#8220; _builder_version=&#8220;4.27.4&#8243; _module_preset=&#8220;default&#8220; display_conditions=&#8220;W10=&#8220; custom_padding=&#8220;||5px||false|false&#8220; disabled=&#8220;on&#8220; global_colors_info=&#8220;{}&#8220;][et_pb_column type=&#8220;1_2&#8243; _builder_version=&#8220;4.27.4&#8243; _module_preset=&#8220;default&#8220; background_color=&#8220;#FFFFFF&#8220; custom_padding=&#8220;40px|40px|40px|40px|true|true&#8220; border_radii=&#8220;on|20px|20px|20px|20px&#8220; global_colors_info=&#8220;{}&#8220;][dipi_button_grid flex_direction=&#8220;row&#8220; justify_content=&#8220;space-between&#8220; _builder_version=&#8220;4.27.4&#8243; _module_preset=&#8220;default&#8220; custom_margin=&#8220;||0px||false|false&#8220; global_colors_info=&#8220;{}&#8220;][dipi_button_grid_child button_id=&#8220;titre&#8220; button_type=&#8220;text&#8220; text_info=&#8220;Tavolata im Cube Varone&#8220; _builder_version=&#8220;4.27.4&#8243; _module_preset=&#8220;default&#8220; text_style_font=&#8220;&#8211;et_global_heading_font|600|||||||&#8220; text_style_text_color=&#8220;gcid-5bb8bbae-64e2-42dd-a614-e8fbea0b29dd&#8220; text_style_font_size=&#8220;22px&#8220; custom_margin=&#8220;|||0px|false|false&#8220; text_style_font_size_tablet=&#8220;22px&#8220; text_style_font_size_phone=&#8220;&#8220; text_style_font_size_last_edited=&#8220;on|phone&#8220; global_colors_info=&#8220;{%22gcid-5bb8bbae-64e2-42dd-a614-e8fbea0b29dd%22:%91%22text_style_text_color%22%93}&#8220;][\/dipi_button_grid_child][dipi_button_grid_child button_id=&#8220;date&#8220; button_type=&#8220;text&#8220; text_info=&#8220;Freitag, 8. August&#8220; _builder_version=&#8220;4.27.4&#8243; _module_preset=&#8220;default&#8220; text_style_font=&#8220;|700||on|||||&#8220; text_style_text_color=&#8220;#FFFFFF&#8220; text_style_font_size=&#8220;14px&#8220; background_color=&#8220;gcid-5bb8bbae-64e2-42dd-a614-e8fbea0b29dd&#8220; background_enable_color=&#8220;on&#8220; custom_margin=&#8220;|||0px|false|false&#8220; custom_padding=&#8220;|6px||6px|false|true&#8220; global_colors_info=&#8220;{%22gcid-5bb8bbae-64e2-42dd-a614-e8fbea0b29dd%22:%91%22background_color%22%93}&#8220;][\/dipi_button_grid_child][\/dipi_button_grid][et_pb_text _builder_version=&#8220;4.27.4&#8243; _module_preset=&#8220;default&#8220; text_font=&#8220;|||on|||||&#8220; text_font_size=&#8220;14px&#8220; text_letter_spacing=&#8220;2px&#8220; global_colors_info=&#8220;{}&#8220;]<\/p>\n<p>18:00 &#8211; 22:30 Uhr<\/p>\n<p>[\/et_pb_text][et_pb_text _builder_version=&#8220;4.27.4&#8243; _module_preset=&#8220;default&#8220; custom_margin=&#8220;||10px||false|false&#8220; global_colors_info=&#8220;{}&#8220;]<\/p>\n<p><strong>Genie\u00dfen Sie die gesellige Atmosph\u00e4re bei einer Spie\u00dfbratenparty!<\/strong><\/p>\n<p>Ein gem\u00fctlicher Abend inmitten unserer Weinberge, an dem Sie Tapas, eine Spie\u00dfparty und ein Dessert genie\u00dfen k\u00f6nnen, begleitet von einer Auswahl an Weinen des Hauses Varone.<\/p>\n<p><strong>W\u00e4hrend des Abends servierte Weine<\/strong><\/p>\n<ul>\n<li>Fendant Soleil du Valais<\/li>\n<li>Petite Arvine<\/li>\n<li>Ruistal<\/li>\n<li>Must<\/li>\n<\/ul>\n<p>Rhythmischer Abend mit MKM_Sound Dj\/Percussion &amp; Violin Duo<\/p>\n<p>[\/et_pb_text][et_pb_divider divider_position=&#8220;center&#8220; _builder_version=&#8220;4.27.4&#8243; _module_preset=&#8220;default&#8220; width=&#8220;50px&#8220; custom_margin=&#8220;||10px||false|false&#8220; global_colors_info=&#8220;{}&#8220;][\/et_pb_divider][et_pb_text _builder_version=&#8220;4.27.4&#8243; _module_preset=&#8220;default&#8220; text_font=&#8220;||||||||&#8220; custom_margin=&#8220;||0px||false|false&#8220; global_colors_info=&#8220;{}&#8220;]<\/p>\n<p><strong>Tarif CHF 79.- \/ Person<\/strong><\/p>\n<p>[\/et_pb_text][et_pb_text _builder_version=&#8220;4.27.4&#8243; _module_preset=&#8220;default&#8220; text_font=&#8220;||on||||||&#8220; text_font_size=&#8220;14px&#8220; global_colors_info=&#8220;{}&#8220;]<\/p>\n<p><span style=\"text-decoration: underline;\">Inklusive<\/span>: Mahlzeiten, Wein und Wasser, Dessert und Kaffee<\/p>\n<p>[\/et_pb_text][dipi_button_grid flex_direction=&#8220;row&#8220; justify_content=&#8220;flex-start&#8220; disabled_on=&#8220;off|off|off&#8220; _builder_version=&#8220;4.27.4&#8243; _module_preset=&#8220;default&#8220; text_style_text_color=&#8220;#FFFFFF&#8220; custom_padding=&#8220;||||false|false&#8220; global_colors_info=&#8220;{}&#8220;][dipi_button_grid_child button_type=&#8220;text&#8220; text_info=&#8220;Ende der Buchungen&#8220; _builder_version=&#8220;4.27.4&#8243; _module_preset=&#8220;default&#8220; text_style_font=&#8220;|800|||||||&#8220; background_color=&#8220;gcid-4a228864-17e3-4e42-8171-0be9fe2241a2&#8243; background_enable_color=&#8220;on&#8220; custom_margin=&#8220;|||0px|false|false&#8220; custom_padding=&#8220;|10px||10px|false|true&#8220; global_colors_info=&#8220;{%22gcid-4a228864-17e3-4e42-8171-0be9fe2241a2%22:%91%22background_color%22%93}&#8220;][\/dipi_button_grid_child][\/dipi_button_grid][\/et_pb_column][et_pb_column type=&#8220;1_2&#8243; module_id=&#8220;9aout&#8220; _builder_version=&#8220;4.27.4&#8243; _module_preset=&#8220;default&#8220; background_color=&#8220;#FFFFFF&#8220; custom_padding=&#8220;40px|40px|40px|40px|true|true&#8220; border_radii=&#8220;on|20px|20px|20px|20px&#8220; global_colors_info=&#8220;{}&#8220;][dipi_button_grid flex_direction=&#8220;row&#8220; justify_content=&#8220;space-between&#8220; module_id=&#8220;mazots&#8220; _builder_version=&#8220;4.27.4&#8243; _module_preset=&#8220;default&#8220; custom_margin=&#8220;||0px||false|false&#8220; global_colors_info=&#8220;{}&#8220;][dipi_button_grid_child button_id=&#8220;titre&#8220; button_type=&#8220;text&#8220; text_info=&#8220;Tavolata in den Mazots du Clos du Ch\u00e2teau&#8220; _builder_version=&#8220;4.27.4&#8243; _module_preset=&#8220;default&#8220; text_style_font=&#8220;&#8211;et_global_heading_font|600|||||||&#8220; text_style_text_color=&#8220;gcid-5bb8bbae-64e2-42dd-a614-e8fbea0b29dd&#8220; text_style_font_size=&#8220;22px&#8220; custom_margin=&#8220;|||0px|false|false&#8220; text_style_font_size_tablet=&#8220;22px&#8220; text_style_font_size_phone=&#8220;&#8220; text_style_font_size_last_edited=&#8220;on|phone&#8220; global_colors_info=&#8220;{%22gcid-5bb8bbae-64e2-42dd-a614-e8fbea0b29dd%22:%91%22text_style_text_color%22%93}&#8220;][\/dipi_button_grid_child][dipi_button_grid_child button_id=&#8220;date&#8220; button_type=&#8220;text&#8220; text_info=&#8220;Samstag, 9. August&#8220; _builder_version=&#8220;4.27.4&#8243; _module_preset=&#8220;default&#8220; text_style_font=&#8220;|700||on|||||&#8220; text_style_text_color=&#8220;#FFFFFF&#8220; text_style_font_size=&#8220;14px&#8220; background_color=&#8220;gcid-5bb8bbae-64e2-42dd-a614-e8fbea0b29dd&#8220; background_enable_color=&#8220;on&#8220; custom_margin=&#8220;|||0px|false|false&#8220; custom_padding=&#8220;|6px||6px|false|true&#8220; global_colors_info=&#8220;{%22gcid-5bb8bbae-64e2-42dd-a614-e8fbea0b29dd%22:%91%22background_color%22%93}&#8220;][\/dipi_button_grid_child][\/dipi_button_grid][et_pb_text _builder_version=&#8220;4.27.4&#8243; _module_preset=&#8220;default&#8220; text_font=&#8220;|||on|||||&#8220; text_font_size=&#8220;14px&#8220; text_letter_spacing=&#8220;2px&#8220; global_colors_info=&#8220;{}&#8220;]<\/p>\n<p>18:00 &#8211; 22:30 Uhr<\/p>\n<p>[\/et_pb_text][et_pb_text _builder_version=&#8220;4.27.4&#8243; _module_preset=&#8220;default&#8220; custom_margin=&#8220;||10px||false|false&#8220; global_colors_info=&#8220;{}&#8220;]<\/p>\n<p><strong>Eine herrliche Meeresfr\u00fcchteplatte von Planchamp (Vouvry)!<\/strong><\/p>\n<p>Ein au\u00dfergew\u00f6hnlicher Abend in Les Mazots du Clos du Ch\u00e2teau, an dem Sie eine reichhaltige Meeresfr\u00fcchteplatte mit den ber\u00fchmten Cuv\u00e9es 1858 genie\u00dfen werden.<\/p>\n<p>[\/et_pb_text][et_pb_text _builder_version=&#8220;4.27.4&#8243; _module_preset=&#8220;default&#8220; custom_margin=&#8220;||10px||false|false&#8220; global_colors_info=&#8220;{}&#8220;]<\/p>\n<p><strong>W\u00e4hrend des Abends servierte Weine<\/strong><\/p>\n<ul>\n<li>Petite Arvine<\/li>\n<li>Cuv\u00e9e 1858 Brut<\/li>\n<li>Cuv\u00e9e 1858 Wei\u00df<\/li>\n<li>Cuv\u00e9e 1858 Gold<\/li>\n<\/ul>\n<p>Rhythmischer Abend mit MKM_Sound Dj\/Percussion &amp; Violin Duo<\/p>\n<p>[\/et_pb_text][et_pb_divider divider_position=&#8220;center&#8220; _builder_version=&#8220;4.27.4&#8243; _module_preset=&#8220;default&#8220; width=&#8220;50px&#8220; custom_margin=&#8220;||10px||false|false&#8220; global_colors_info=&#8220;{}&#8220;][\/et_pb_divider][et_pb_text _builder_version=&#8220;4.27.4&#8243; _module_preset=&#8220;default&#8220; text_font=&#8220;||||||||&#8220; custom_margin=&#8220;||0px||false|false&#8220; global_colors_info=&#8220;{}&#8220;]<\/p>\n<p><strong>Tarif CHF 199.- \/ Person<\/strong><\/p>\n<p>[\/et_pb_text][et_pb_text _builder_version=&#8220;4.27.4&#8243; _module_preset=&#8220;default&#8220; text_font=&#8220;||on||||||&#8220; text_font_size=&#8220;14px&#8220; global_colors_info=&#8220;{}&#8220;]<\/p>\n<p><span style=\"text-decoration: underline;\">Inklusive<\/span>: Mahlzeiten, Wein und Wasser, Dessert und Kaffee<\/p>\n<p>[\/et_pb_text][dipi_button_grid flex_direction=&#8220;row&#8220; justify_content=&#8220;flex-start&#8220; disabled_on=&#8220;off|off|off&#8220; _builder_version=&#8220;4.27.4&#8243; _module_preset=&#8220;default&#8220; text_style_text_color=&#8220;#FFFFFF&#8220; custom_padding=&#8220;||||false|false&#8220; global_colors_info=&#8220;{}&#8220;][dipi_button_grid_child button_type=&#8220;text&#8220; text_info=&#8220;Ende der Buchungen&#8220; _builder_version=&#8220;4.27.4&#8243; _module_preset=&#8220;default&#8220; text_style_font=&#8220;|800|||||||&#8220; background_color=&#8220;gcid-4a228864-17e3-4e42-8171-0be9fe2241a2&#8243; background_enable_color=&#8220;on&#8220; custom_margin=&#8220;|||0px|false|false&#8220; custom_padding=&#8220;|10px||10px|false|true&#8220; global_colors_info=&#8220;{%22gcid-4a228864-17e3-4e42-8171-0be9fe2241a2%22:%91%22background_color%22%93}&#8220;][\/dipi_button_grid_child][\/dipi_button_grid][\/et_pb_column][\/et_pb_row][et_pb_row column_structure=&#8220;1_2,1_2&#8243; use_custom_gutter=&#8220;on&#8220; gutter_width=&#8220;2&#8243; make_equal=&#8220;on&#8220; disabled_on=&#8220;on|on|on&#8220; _builder_version=&#8220;4.27.4&#8243; _module_preset=&#8220;default&#8220; display_conditions=&#8220;W10=&#8220; disabled=&#8220;on&#8220; global_colors_info=&#8220;{}&#8220;][et_pb_column type=&#8220;1_2&#8243; module_id=&#8220;uvrier&#8220; _builder_version=&#8220;4.27.4&#8243; _module_preset=&#8220;default&#8220; background_color=&#8220;#FFFFFF&#8220; custom_padding=&#8220;40px|40px|40px|40px|true|true&#8220; border_radii=&#8220;on|20px|20px|20px|20px&#8220; global_colors_info=&#8220;{}&#8220;][dipi_button_grid flex_direction=&#8220;row&#8220; justify_content=&#8220;space-between&#8220; _builder_version=&#8220;4.27.4&#8243; _module_preset=&#8220;default&#8220; custom_margin=&#8220;||0px||false|false&#8220; global_colors_info=&#8220;{}&#8220;][dipi_button_grid_child button_id=&#8220;titre&#8220; button_type=&#8220;text&#8220; text_info=&#8220;Tavolata Brunch in der Gu\u00e9r\u00eete d&#039;Uvrier&#8220; _builder_version=&#8220;4.27.4&#8243; _module_preset=&#8220;default&#8220; text_style_font=&#8220;&#8211;et_global_heading_font|600|||||||&#8220; text_style_text_color=&#8220;gcid-5bb8bbae-64e2-42dd-a614-e8fbea0b29dd&#8220; text_style_font_size=&#8220;22px&#8220; custom_margin=&#8220;|||0px|false|false&#8220; text_style_font_size_tablet=&#8220;22px&#8220; text_style_font_size_phone=&#8220;&#8220; text_style_font_size_last_edited=&#8220;on|phone&#8220; global_colors_info=&#8220;{%22gcid-5bb8bbae-64e2-42dd-a614-e8fbea0b29dd%22:%91%22text_style_text_color%22%93}&#8220;][\/dipi_button_grid_child][dipi_button_grid_child button_id=&#8220;date&#8220; button_type=&#8220;text&#8220; text_info=&#8220;Sonntag, 24. August&#8220; _builder_version=&#8220;4.27.4&#8243; _module_preset=&#8220;default&#8220; text_style_font=&#8220;|700||on|||||&#8220; text_style_text_color=&#8220;#FFFFFF&#8220; text_style_font_size=&#8220;14px&#8220; background_color=&#8220;gcid-5bb8bbae-64e2-42dd-a614-e8fbea0b29dd&#8220; background_enable_color=&#8220;on&#8220; custom_margin=&#8220;|||0px|false|false&#8220; custom_padding=&#8220;|6px||6px|false|true&#8220; global_colors_info=&#8220;{%22gcid-5bb8bbae-64e2-42dd-a614-e8fbea0b29dd%22:%91%22background_color%22%93}&#8220;][\/dipi_button_grid_child][\/dipi_button_grid][et_pb_text _builder_version=&#8220;4.27.4&#8243; _module_preset=&#8220;default&#8220; text_font=&#8220;|||on|||||&#8220; text_font_size=&#8220;14px&#8220; text_letter_spacing=&#8220;2px&#8220; global_colors_info=&#8220;{}&#8220;]<\/p>\n<p>11:00 &#8211; 15:00 Uhr<\/p>\n<p>[\/et_pb_text][et_pb_text _builder_version=&#8220;4.27.4&#8243; _module_preset=&#8220;default&#8220; custom_margin=&#8220;||10px||false|false&#8220; global_colors_info=&#8220;{}&#8220;]<\/p>\n<p><strong>Ein leckeres l\u00e4ndliches Buffet, das von Le Farinet (Crans-Montana) zusammengestellt wurde!<\/strong><\/p>\n<p>Dieser Brunch wird durch die Anwesenheit der Weine des Hauses Varone, mittags im Herzen der Domaine d&#8217;Uvrier, verfeinert.<\/p>\n<p><strong>W\u00e4hrend des Tages servierte Weine<\/strong><\/p>\n<ul>\n<li>Fendant Soleil du Valais<\/li>\n<li>D\u00f4le Val\u00e9ria<\/li>\n<li>Viognier<\/li>\n<li>Cornalin<\/li>\n<li>Blandice<\/li>\n<\/ul>\n<p>[\/et_pb_text][et_pb_divider divider_position=&#8220;center&#8220; _builder_version=&#8220;4.27.4&#8243; _module_preset=&#8220;default&#8220; width=&#8220;50px&#8220; custom_margin=&#8220;||10px||false|false&#8220; global_colors_info=&#8220;{}&#8220;][\/et_pb_divider][et_pb_text _builder_version=&#8220;4.27.4&#8243; _module_preset=&#8220;default&#8220; text_font=&#8220;||||||||&#8220; custom_margin=&#8220;||0px||false|false&#8220; global_colors_info=&#8220;{}&#8220;]<\/p>\n<p><strong>Tarif CHF 95.- \/ Person<\/strong><\/p>\n<p>[\/et_pb_text][et_pb_text _builder_version=&#8220;4.27.4&#8243; _module_preset=&#8220;default&#8220; text_font=&#8220;||on||||||&#8220; text_font_size=&#8220;14px&#8220; global_colors_info=&#8220;{}&#8220;]<\/p>\n<p><span style=\"text-decoration: underline;\">Inklusive<\/span>: Mahlzeiten, Wein und Wasser, Dessert und Kaffee<\/p>\n<p>[\/et_pb_text][dipi_button_grid flex_direction=&#8220;row&#8220; justify_content=&#8220;flex-start&#8220; disabled_on=&#8220;off|off|off&#8220; _builder_version=&#8220;4.27.4&#8243; _module_preset=&#8220;default&#8220; text_style_text_color=&#8220;#FFFFFF&#8220; custom_padding=&#8220;||||false|false&#8220; locked=&#8220;off&#8220; global_colors_info=&#8220;{}&#8220;][dipi_button_grid_child button_type=&#8220;text&#8220; text_info=&#8220;Ende der Buchungen&#8220; _builder_version=&#8220;4.27.4&#8243; _module_preset=&#8220;default&#8220; text_style_font=&#8220;|800|||||||&#8220; background_color=&#8220;gcid-4a228864-17e3-4e42-8171-0be9fe2241a2&#8243; background_enable_color=&#8220;on&#8220; custom_margin=&#8220;|||0px|false|false&#8220; custom_padding=&#8220;|10px||10px|false|true&#8220; global_colors_info=&#8220;{%22gcid-4a228864-17e3-4e42-8171-0be9fe2241a2%22:%91%22background_color%22%93}&#8220;][\/dipi_button_grid_child][\/dipi_button_grid][\/et_pb_column][et_pb_column type=&#8220;1_2&#8243; module_id=&#8220;brulefer&#8220; _builder_version=&#8220;4.27.4&#8243; _module_preset=&#8220;default&#8220; background_color=&#8220;#FFFFFF&#8220; custom_padding=&#8220;40px|40px|40px|40px|true|true&#8220; border_radii=&#8220;on|20px|20px|20px|20px&#8220; global_colors_info=&#8220;{}&#8220;][dipi_button_grid flex_direction=&#8220;row&#8220; justify_content=&#8220;space-between&#8220; _builder_version=&#8220;4.27.4&#8243; _module_preset=&#8220;default&#8220; custom_margin=&#8220;||0px||false|false&#8220; global_colors_info=&#8220;{}&#8220;][dipi_button_grid_child button_id=&#8220;titre&#8220; button_type=&#8220;text&#8220; text_info=&#8220;Mittagstavolata in La Gu\u00e9r\u00eete Br\u00fblefer&#8220; _builder_version=&#8220;4.27.4&#8243; _module_preset=&#8220;default&#8220; text_style_font=&#8220;&#8211;et_global_heading_font|600|||||||&#8220; text_style_text_color=&#8220;gcid-5bb8bbae-64e2-42dd-a614-e8fbea0b29dd&#8220; text_style_font_size=&#8220;22px&#8220; custom_margin=&#8220;|||0px|false|false&#8220; text_style_font_size_tablet=&#8220;22px&#8220; text_style_font_size_phone=&#8220;&#8220; text_style_font_size_last_edited=&#8220;on|phone&#8220; global_colors_info=&#8220;{%22gcid-5bb8bbae-64e2-42dd-a614-e8fbea0b29dd%22:%91%22text_style_text_color%22%93}&#8220;][\/dipi_button_grid_child][dipi_button_grid_child button_id=&#8220;date&#8220; button_type=&#8220;text&#8220; text_info=&#8220;Samstag, 30. August&#8220; _builder_version=&#8220;4.27.4&#8243; _module_preset=&#8220;default&#8220; text_style_font=&#8220;|700||on|||||&#8220; text_style_text_color=&#8220;#FFFFFF&#8220; text_style_font_size=&#8220;14px&#8220; background_color=&#8220;gcid-5bb8bbae-64e2-42dd-a614-e8fbea0b29dd&#8220; background_enable_color=&#8220;on&#8220; custom_margin=&#8220;|||0px|false|false&#8220; custom_padding=&#8220;|6px||6px|false|true&#8220; global_colors_info=&#8220;{%22gcid-5bb8bbae-64e2-42dd-a614-e8fbea0b29dd%22:%91%22background_color%22%93}&#8220;][\/dipi_button_grid_child][\/dipi_button_grid][et_pb_text _builder_version=&#8220;4.27.4&#8243; _module_preset=&#8220;default&#8220; text_font=&#8220;|||on|||||&#8220; text_font_size=&#8220;14px&#8220; text_letter_spacing=&#8220;2px&#8220; global_colors_info=&#8220;{}&#8220;]<\/p>\n<p>11:00 &#8211; 16:00 Uhr<\/p>\n<p>[\/et_pb_text][et_pb_text _builder_version=&#8220;4.27.4&#8243; _module_preset=&#8220;default&#8220; custom_margin=&#8220;||10px||false|false&#8220; global_colors_info=&#8220;{}&#8220;]<\/p>\n<p><strong>Genie\u00dfen Sie das Wallis, ganz einfach!<\/strong><\/p>\n<p>Nach einem Empfang und einem Aperitif, der in den Mazots du Clos du Ch\u00e2teau serviert wird, geht es hinunter nach La Gu\u00e9rite Br\u00fblefer f\u00fcr die Fortsetzung der Feierlichkeiten: Raclette, Walliser Teller und Sorbet Le Must als Dessert.<\/p>\n<p><strong>W\u00e4hrend des Tages servierte Weine<\/strong><\/p>\n<ul>\n<li>Plan Loggier Trois<\/li>\n<li>Clos du Ch\u00e2teau<\/li>\n<li>Fendant Br\u00fblefer<\/li>\n<li>Gamay Coquet<\/li>\n<\/ul>\n<p>[\/et_pb_text][et_pb_divider divider_position=&#8220;center&#8220; _builder_version=&#8220;4.27.4&#8243; _module_preset=&#8220;default&#8220; width=&#8220;50px&#8220; custom_margin=&#8220;||10px||false|false&#8220; global_colors_info=&#8220;{}&#8220;][\/et_pb_divider][et_pb_text _builder_version=&#8220;4.27.4&#8243; _module_preset=&#8220;default&#8220; text_font=&#8220;||||||||&#8220; custom_margin=&#8220;||0px||false|false&#8220; global_colors_info=&#8220;{}&#8220;]<\/p>\n<p><strong>Tarif CHF 79.- \/ Person<\/strong><\/p>\n<p>[\/et_pb_text][et_pb_text _builder_version=&#8220;4.27.4&#8243; _module_preset=&#8220;default&#8220; text_font=&#8220;||on||||||&#8220; text_font_size=&#8220;14px&#8220; global_colors_info=&#8220;{}&#8220;]<\/p>\n<p><span style=\"text-decoration: underline;\">Inklusive<\/span>: Mahlzeiten, Wein und Wasser, Dessert und Kaffee<\/p>\n<p>[\/et_pb_text][dipi_button_grid flex_direction=&#8220;row&#8220; justify_content=&#8220;flex-start&#8220; disabled_on=&#8220;off|off|off&#8220; _builder_version=&#8220;4.27.4&#8243; _module_preset=&#8220;default&#8220; text_style_text_color=&#8220;#FFFFFF&#8220; custom_padding=&#8220;||||false|false&#8220; global_colors_info=&#8220;{}&#8220;][dipi_button_grid_child button_type=&#8220;text&#8220; text_info=&#8220;Ende der Buchungen&#8220; _builder_version=&#8220;4.27.4&#8243; _module_preset=&#8220;default&#8220; text_style_font=&#8220;|800|||||||&#8220; background_color=&#8220;gcid-4a228864-17e3-4e42-8171-0be9fe2241a2&#8243; background_enable_color=&#8220;on&#8220; custom_margin=&#8220;|||0px|false|false&#8220; custom_padding=&#8220;|10px||10px|false|true&#8220; global_colors_info=&#8220;{%22gcid-4a228864-17e3-4e42-8171-0be9fe2241a2%22:%91%22background_color%22%93}&#8220;][\/dipi_button_grid_child][\/dipi_button_grid][\/et_pb_column][\/et_pb_row][et_pb_row column_structure=&#8220;1_2,1_2&#8243; disabled_on=&#8220;on|on|on&#8220; _builder_version=&#8220;4.25.1&#8243; _module_preset=&#8220;default&#8220; disabled=&#8220;on&#8220; global_colors_info=&#8220;{}&#8220;][et_pb_column type=&#8220;1_2&#8243; _builder_version=&#8220;4.24.2&#8243; _module_preset=&#8220;default&#8220; global_colors_info=&#8220;{}&#8220;][et_pb_text _builder_version=&#8220;4.24.2&#8243; _module_preset=&#8220;default&#8220; header_3_text_color=&#8220;gcid-5bb8bbae-64e2-42dd-a614-e8fbea0b29dd&#8220; global_colors_info=&#8220;{%22gcid-5bb8bbae-64e2-42dd-a614-e8fbea0b29dd%22:%91%22header_3_text_color%22%93}&#8220;]<\/p>\n<h3>Ablauf des Abends<\/h3>\n<p>[\/et_pb_text][et_pb_text _builder_version=&#8220;4.25.1&#8243; _module_preset=&#8220;default&#8220; header_3_text_color=&#8220;gcid-5bb8bbae-64e2-42dd-a614-e8fbea0b29dd&#8220; global_colors_info=&#8220;{%22gcid-5bb8bbae-64e2-42dd-a614-e8fbea0b29dd%22:%91%22header_3_text_color%22%93}&#8220;]Unsere Tavolata findet <strong>am Abend<\/strong> am Fu\u00dfe unserer spektakul\u00e4ren Weinberge statt!<\/p>\n<p>Wir erwarten Sie <strong>ab 17.00 Uhr<\/strong> zu einer <strong>Weinprobe<\/strong> vor den Celliers de Sion, <strong>bevor Sie zu Ihrem sch\u00f6n beleuchteten Tisch zur\u00fcckkehren<\/strong>.<\/p>\n<p>Wir werden dieses Abendessen in der N\u00e4he der Weinberge einnehmen und die Farben der D\u00e4mmerung und der einbrechenden Nacht genie\u00dfen.[\/et_pb_text][\/et_pb_column][et_pb_column type=&#8220;1_2&#8243; _builder_version=&#8220;4.24.2&#8243; _module_preset=&#8220;default&#8220; background_color=&#8220;RGBA(255,255,255,0)&#8220; global_colors_info=&#8220;{}&#8220;][et_pb_text _builder_version=&#8220;4.25.1&#8243; _module_preset=&#8220;default&#8220; header_3_text_color=&#8220;gcid-5bb8bbae-64e2-42dd-a614-e8fbea0b29dd&#8220; background_color=&#8220;#FFFFFF&#8220; custom_padding=&#8220;20px|30px||30px|false|false&#8220; custom_padding_tablet=&#8220;20px|30px||30px|false|false&#8220; custom_padding_phone=&#8220;20px|30px||30px|false|false&#8220; custom_padding_last_edited=&#8220;on|phone&#8220; border_radii=&#8220;on|30px|30px|30px|30px&#8220; global_colors_info=&#8220;{%22gcid-5bb8bbae-64e2-42dd-a614-e8fbea0b29dd%22:%91%22header_3_text_color%22%93}&#8220;]<\/p>\n<p>Geb\u00fchr von CHF 110.- \/Person<\/p>\n<p>einschlie\u00dflich :<\/p>\n<ul>\n<li>Die Verkostung<\/li>\n<li>Wein und Wasser<\/li>\n<li>Das Essen<\/li>\n<li>Die Caf\u00e9s<\/li>\n<li>Transport mit dem Shuttle<\/li>\n<\/ul>\n<p>[\/et_pb_text][et_pb_code disabled_on=&#8220;on|on|on&#8220; _builder_version=&#8220;4.25.1&#8243; _module_preset=&#8220;default&#8220; disabled=&#8220;on&#8220; global_module=&#8220;23948620&#8243; saved_tabs=&#8220;all&#8220; global_colors_info=&#8220;{}&#8220;]<!-- Start Smeetz Embed Code --><!-- [et_pb_line_break_holder] -->    <script><!-- [et_pb_line_break_holder] -->    !function(e, t, n, i, p, r, s) {<!-- [et_pb_line_break_holder] -->      e[n] || ((p = e[n] = function() {<!-- [et_pb_line_break_holder] -->      p.p ? p.p.apply(p, arguments) : p.q.push(arguments);<!-- [et_pb_line_break_holder] -->      }).q = [], p.t = 1 * new Date(), p.g = \"18066\", (r = t.createElement(\"script\")).async = 1,<!-- [et_pb_line_break_holder] -->      r.src = \"https:\/\/tracker.smeetz.com\/smeetz-main-widget.js\", (s = t.getElementsByTagName(\"script\")[0]).parentNode.insertBefore(r, s));<!-- [et_pb_line_break_holder] -->    }(window, document, \"_smtz\");<!-- [et_pb_line_break_holder] -->    <\/script><!-- [et_pb_line_break_holder] -->    <a data-smtz-gid=\"18066\" data-smtz-wid=\"842\" class=\"\" target=\"_blank\" rel=\"noopener noreferrer\" onclick=\"event.preventDefault(); _smtz('openwidget', 1 * new Date(), {        productId: '58194',        lightbox: true,        listView: false,        gId: '18066',        wId: '842',                              });\" style=\"color: #af272f;     border-width: 0px !important;    border-radius: 0px;    font-size: 1.1em;    font-family: 'Lora';    font-weight: 600;    padding-right: 2em;height: 44px;line-height: 44px;cursor: pointer; font-weight:bold;\">Ich buche<\/a><!-- [et_pb_line_break_holder] -->    <!-- End Smeetz Embed Code -->[\/et_pb_code][\/et_pb_column][\/et_pb_row][et_pb_row disabled_on=&#8220;on|on|on&#8220; _builder_version=&#8220;4.25.1&#8243; _module_preset=&#8220;default&#8220; disabled=&#8220;on&#8220; global_colors_info=&#8220;{}&#8220;][et_pb_column type=&#8220;4_4&#8243; _builder_version=&#8220;4.24.2&#8243; _module_preset=&#8220;default&#8220; global_colors_info=&#8220;{}&#8220;][et_pb_text _builder_version=&#8220;4.24.2&#8243; _module_preset=&#8220;default&#8220; header_3_text_color=&#8220;gcid-5bb8bbae-64e2-42dd-a614-e8fbea0b29dd&#8220; global_colors_info=&#8220;{%22gcid-5bb8bbae-64e2-42dd-a614-e8fbea0b29dd%22:%91%22header_3_text_color%22%93}&#8220;]<\/p>\n<h2>Programm<\/h2>\n<p>[\/et_pb_text][\/et_pb_column][\/et_pb_row][et_pb_row column_structure=&#8220;1_4,3_4&#8243; disabled_on=&#8220;on|on|on&#8220; _builder_version=&#8220;4.24.2&#8243; _module_preset=&#8220;default&#8220; disabled=&#8220;on&#8220; global_colors_info=&#8220;{}&#8220;][et_pb_column type=&#8220;1_4&#8243; _builder_version=&#8220;4.21.0&#8243; _module_preset=&#8220;default&#8220; global_colors_info=&#8220;{}&#8220;][et_pb_image src=&#8220;https:\/\/celliers.ch\/wp-content\/uploads\/2024\/04\/tavolata-celliers-sion-valais.jpg&#8220; alt=&#8220;Tavolata Wallis &#8211; Celliers de Sion&#8220; title_text=&#8220;Tavolata Wallis &#8211; Celliers de Sion&#8220; disabled_on=&#8220;on|on|off&#8220; _builder_version=&#8220;4.21.0&#8243; _module_preset=&#8220;default&#8220; global_colors_info=&#8220;{}&#8220;][\/et_pb_image][\/et_pb_column][et_pb_column type=&#8220;3_4&#8243; _builder_version=&#8220;4.21.0&#8243; _module_preset=&#8220;default&#8220; global_colors_info=&#8220;{}&#8220;][dipi_timeline timeline_line_style=&#8220;dashed&#8220; timeline_line_color=&#8220;gcid-41d1ce45-94e5-4d14-bd14-81cef01f9ee4&#8243; timeline_active_line_color=&#8220;gcid-5bb8bbae-64e2-42dd-a614-e8fbea0b29dd&#8220; card_arrow_size=&#8220;0px&#8220; card_arrow_color=&#8220;gcid-5bb8bbae-64e2-42dd-a614-e8fbea0b29dd&#8220; _builder_version=&#8220;4.25.1&#8243; _module_preset=&#8220;default&#8220; text_orientation=&#8220;left&#8220; global_colors_info=&#8220;{%22gcid-5bb8bbae-64e2-42dd-a614-e8fbea0b29dd%22:%91%22card_arrow_color%22,%22timeline_active_line_color%22%93,%22gcid-41d1ce45-94e5-4d14-bd14-81cef01f9ee4%22:%91%22timeline_line_color%22%93}&#8220;][dipi_timeline_item ribbon=&#8220;Ab 16.30 Uhr&#8220; title=&#8220;Umzug&#8220; timeline_icon=&#8220;&#x4c;||divi||400&#8243; timeline_icon_color=&#8220;gcid-0dff4b6b-7044-48b4-9350-d7865fdc9d61&#8243; ribbon_circle_color=&#8220;gcid-41d1ce45-94e5-4d14-bd14-81cef01f9ee4&#8243; ribbon_text_bgcolor=&#8220;RGBA(255,255,255,0)&#8220; card_padding=&#8220;19px|30px|19px|30px|false|false&#8220; ribbon_text_padding=&#8220;3px|4px|3px|4px|false|false&#8220; _builder_version=&#8220;4.25.1&#8243; _module_preset=&#8220;a15895d1-68f4-4cc4-a33e-075629f4aa7f&#8220; header_text_color=&#8220;#000000&#8243; ribbon_text_font=&#8220;|700|||||||&#8220; ribbon_text_text_color=&#8220;#AF272F&#8220; background_color=&#8220;#FFFFFF&#8220; background_enable_color=&#8220;on&#8220; border_radii=&#8220;on|30px|30px|30px|30px&#8220; border_width_left=&#8220;0px&#8220; border_color_left=&#8220;#AF272F&#8220; border_radii_ribbon_text=&#8220;on|3px|3px|3px|3px&#8220; border_width_all_ribbon_text=&#8220;0px&#8220; border_color_all_ribbon_text=&#8220;#AF272F&#8220; global_colors_info=&#8220;%91%93&#8243; timeline_icon_color__hover_enabled=&#8220;on|desktop&#8220; timeline_icon_color__hover=&#8220;#f9f8f4&#8243; ribbon_circle_color__hover_enabled=&#8220;on|hover&#8220; ribbon_circle_color__hover=&#8220;#af272f&#8220;]<\/p>\n<p>Shuttle vom Bahnhof Sion und den Partnerhotels<\/p>\n<p>[\/dipi_timeline_item][dipi_timeline_item ribbon=&#8220;Ab 17.00 Uhr&#8220; title=&#8220;Startseite&#8220; timeline_icon_color=&#8220;gcid-0dff4b6b-7044-48b4-9350-d7865fdc9d61&#8243; ribbon_circle_color=&#8220;gcid-41d1ce45-94e5-4d14-bd14-81cef01f9ee4&#8243; ribbon_text_bgcolor=&#8220;RGBA(255,255,255,0)&#8220; card_padding=&#8220;19px|30px|19px|30px|false|false&#8220; ribbon_text_padding=&#8220;3px|4px|3px|4px|false|false&#8220; _builder_version=&#8220;4.24.2&#8243; _module_preset=&#8220;0ac744b1-1e8f-4310-929d-a7729961ac1d&#8220; header_text_color=&#8220;#000000&#8243; ribbon_text_font=&#8220;|700|||||||&#8220; ribbon_text_text_color=&#8220;#AF272F&#8220; background_color=&#8220;#FFFFFF&#8220; background_enable_color=&#8220;on&#8220; border_radii=&#8220;on|30px|30px|30px|30px&#8220; border_width_right=&#8220;0px&#8220; border_color_right=&#8220;#AF272F&#8220; border_width_left=&#8220;0px&#8220; border_color_left=&#8220;#AF272F&#8220; border_radii_ribbon_text=&#8220;on|3px|3px|3px|3px&#8220; border_width_all_ribbon_text=&#8220;0px&#8220; border_color_all_ribbon_text=&#8220;#AF272F&#8220; global_colors_info=&#8220;%91%93&#8243; timeline_icon_color__hover_enabled=&#8220;on|desktop&#8220; timeline_icon_color__hover=&#8220;#f9f8f4&#8243; ribbon_circle_color__hover=&#8220;#af272f&#8220; ribbon_circle_color__hover_enabled=&#8220;on|hover&#8220;]<\/p>\n<p>Weinprobe mit den Weinen unserer H\u00e4user Bonvin, Varone &amp; Celliers de Sion<\/p>\n<p>[\/dipi_timeline_item][dipi_timeline_item ribbon=&#8220;18h30&#8243; title=&#8220;Mahlzeit&#8220; timeline_icon_color=&#8220;gcid-0dff4b6b-7044-48b4-9350-d7865fdc9d61&#8243; ribbon_circle_color=&#8220;gcid-41d1ce45-94e5-4d14-bd14-81cef01f9ee4&#8243; ribbon_text_bgcolor=&#8220;RGBA(255,255,255,0)&#8220; card_padding=&#8220;19px|30px|19px|30px|false|false&#8220; ribbon_text_padding=&#8220;3px|4px|3px|4px|false|false&#8220; _builder_version=&#8220;4.24.2&#8243; _module_preset=&#8220;a15895d1-68f4-4cc4-a33e-075629f4aa7f&#8220; header_text_color=&#8220;#000000&#8243; ribbon_text_font=&#8220;|700|||||||&#8220; ribbon_text_text_color=&#8220;#AF272F&#8220; background_color=&#8220;#FFFFFF&#8220; background_enable_color=&#8220;on&#8220; border_radii=&#8220;on|30px|30px|30px|30px&#8220; border_width_right=&#8220;0px&#8220; border_color_right=&#8220;#AF272F&#8220; border_width_left=&#8220;0px&#8220; border_color_left=&#8220;#AF272F&#8220; border_radii_ribbon_text=&#8220;on|3px|3px|3px|3px&#8220; border_width_all_ribbon_text=&#8220;0px&#8220; border_color_all_ribbon_text=&#8220;#AF272F&#8220; global_colors_info=&#8220;%91%93&#8243; timeline_icon_color__hover_enabled=&#8220;on|desktop&#8220; timeline_icon_color__hover=&#8220;#f9f8f4&#8243; ribbon_circle_color__hover=&#8220;#af272f&#8220; ribbon_circle_color__hover_enabled=&#8220;on|hover&#8220;]<\/p>\n<p style=\"text-align: left;\">Beginn der Mahlzeit am Fu\u00dfe des Weinbergs!<br \/>Musikalische Umrahmung und Verdauungsraum.<\/p>\n<p>[\/dipi_timeline_item][dipi_timeline_item ribbon=&#8220;Ab 22:30 Uhr&#8220; title=&#8220;Ende der Mahlzeit&#8220; timeline_icon_color=&#8220;gcid-0dff4b6b-7044-48b4-9350-d7865fdc9d61&#8243; ribbon_circle_color=&#8220;gcid-41d1ce45-94e5-4d14-bd14-81cef01f9ee4&#8243; ribbon_text_bgcolor=&#8220;RGBA(255,255,255,0)&#8220; card_padding=&#8220;19px|30px|19px|30px|false|false&#8220; ribbon_text_padding=&#8220;3px|4px|3px|4px|false|false&#8220; _builder_version=&#8220;4.24.2&#8243; _module_preset=&#8220;0ac744b1-1e8f-4310-929d-a7729961ac1d&#8220; header_text_color=&#8220;#000000&#8243; ribbon_text_font=&#8220;|700|||||||&#8220; ribbon_text_text_color=&#8220;#AF272F&#8220; background_color=&#8220;#FFFFFF&#8220; background_enable_color=&#8220;on&#8220; border_radii=&#8220;on|30px|30px|30px|30px&#8220; border_width_right=&#8220;0px&#8220; border_color_right=&#8220;#AF272F&#8220; border_width_left=&#8220;0px&#8220; border_color_left=&#8220;#AF272F&#8220; border_radii_ribbon_text=&#8220;on|3px|3px|3px|3px&#8220; border_width_all_ribbon_text=&#8220;0px&#8220; border_color_all_ribbon_text=&#8220;#AF272F&#8220; global_colors_info=&#8220;%91%93&#8243; timeline_icon_color__hover_enabled=&#8220;on|desktop&#8220; timeline_icon_color__hover=&#8220;#f9f8f4&#8243; ribbon_circle_color__hover=&#8220;#af272f&#8220; ribbon_circle_color__hover_enabled=&#8220;on|hover&#8220;]<\/p>\n<p style=\"text-align: left;\">Abfahrt des ersten Shuttlebusses zum Bahnhof Sion und den Partnerhotels.<\/p>\n<p>[\/dipi_timeline_item][dipi_timeline_item ribbon=&#8220;23h00&#8243; title=&#8220;Ende der Tavolata&#8220; timeline_icon_color=&#8220;gcid-0dff4b6b-7044-48b4-9350-d7865fdc9d61&#8243; ribbon_circle_color=&#8220;gcid-41d1ce45-94e5-4d14-bd14-81cef01f9ee4&#8243; ribbon_text_bgcolor=&#8220;RGBA(255,255,255,0)&#8220; card_padding=&#8220;19px|30px|19px|30px|false|false&#8220; ribbon_text_padding=&#8220;3px|4px|3px|4px|false|false&#8220; _builder_version=&#8220;4.24.2&#8243; _module_preset=&#8220;a15895d1-68f4-4cc4-a33e-075629f4aa7f&#8220; header_text_color=&#8220;#000000&#8243; ribbon_text_font=&#8220;|700|||||||&#8220; ribbon_text_text_color=&#8220;#AF272F&#8220; background_color=&#8220;#FFFFFF&#8220; background_enable_color=&#8220;on&#8220; border_radii=&#8220;on|30px|30px|30px|30px&#8220; border_width_right=&#8220;0px&#8220; border_color_right=&#8220;#AF272F&#8220; border_width_left=&#8220;0px&#8220; border_color_left=&#8220;#AF272F&#8220; border_radii_ribbon_text=&#8220;on|3px|3px|3px|3px&#8220; border_width_all_ribbon_text=&#8220;0px&#8220; border_color_all_ribbon_text=&#8220;#AF272F&#8220; global_colors_info=&#8220;%91%93&#8243; timeline_icon_color__hover_enabled=&#8220;on|desktop&#8220; timeline_icon_color__hover=&#8220;#f9f8f4&#8243; ribbon_circle_color__hover=&#8220;#af272f&#8220; ribbon_circle_color__hover_enabled=&#8220;on|hover&#8220;]<\/p>\n<p>Abfahrt des letzten Shuttles um 23.00 Uhr<\/p>\n<p>[\/dipi_timeline_item][\/dipi_timeline][\/et_pb_column][\/et_pb_row][\/et_pb_section][et_pb_section fb_built=&#8220;1&#8243; disabled_on=&#8220;on|on|on&#8220; _builder_version=&#8220;4.24.2&#8243; _module_preset=&#8220;default&#8220; background_image=&#8220;https:\/\/celliers.ch\/wp-content\/uploads\/2024\/04\/RaisinsMurs.jpg&#8220; disabled=&#8220;on&#8220; locked=&#8220;off&#8220; global_colors_info=&#8220;{}&#8220;][et_pb_row _builder_version=&#8220;4.21.0&#8243; _module_preset=&#8220;default&#8220; background_color=&#8220;#FFFFFF&#8220; width=&#8220;50%&#8220; width_tablet=&#8220;60%&#8220; width_phone=&#8220;80%&#8220; width_last_edited=&#8220;on|phone&#8220; custom_padding=&#8220;|0px||0px|false|false&#8220; locked=&#8220;off&#8220; global_colors_info=&#8220;{}&#8220;][et_pb_column type=&#8220;4_4&#8243; _builder_version=&#8220;4.21.0&#8243; _module_preset=&#8220;default&#8220; global_colors_info=&#8220;{}&#8220;][et_pb_text _builder_version=&#8220;4.24.2&#8243; _module_preset=&#8220;default&#8220; text_font=&#8220;|600||on|||||&#8220; text_text_color=&#8220;gcid-5bb8bbae-64e2-42dd-a614-e8fbea0b29dd&#8220; header_font=&#8220;|800|||||||&#8220; header_text_color=&#8220;#FFFFFF&#8220; header_font_size=&#8220;50px&#8220; header_line_height=&#8220;1.3em&#8220; header_2_font=&#8220;||||||||&#8220; header_2_text_color=&#8220;#AF272F&#8220; header_2_font_size=&#8220;30px&#8220; header_3_text_color=&#8220;gcid-5bb8bbae-64e2-42dd-a614-e8fbea0b29dd&#8220; header_4_font=&#8220;||on||||||&#8220; header_4_text_color=&#8220;gcid-5bb8bbae-64e2-42dd-a614-e8fbea0b29dd&#8220; header_4_font_size=&#8220;16px&#8220; header_4_line_height=&#8220;1.3em&#8220; header_5_font=&#8220;|||on|||||&#8220; header_5_line_height=&#8220;1.3em&#8220; text_orientation=&#8220;center&#8220; header_font_size_tablet=&#8220;40px&#8220; header_font_size_phone=&#8220;30px&#8220; header_font_size_last_edited=&#8220;on|phone&#8220; header_2_font_size_tablet=&#8220;26px&#8220; header_2_font_size_phone=&#8220;22px&#8220; header_2_font_size_last_edited=&#8220;on|phone&#8220; header_4_font_size_tablet=&#8220;&#8220; header_4_font_size_phone=&#8220;22px&#8220; header_4_font_size_last_edited=&#8220;on|phone&#8220; header_5_font_size_tablet=&#8220;&#8220; header_5_font_size_phone=&#8220;&#8220; header_5_font_size_last_edited=&#8220;on|phone&#8220; global_colors_info=&#8220;%91%93&#8243;]<\/p>\n<h2>Men\u00fc des Abends<\/h2>\n<p>[\/et_pb_text][et_pb_text _builder_version=&#8220;4.25.1&#8243; _module_preset=&#8220;default&#8220; header_font=&#8220;|800|||||||&#8220; header_text_color=&#8220;#FFFFFF&#8220; header_font_size=&#8220;50px&#8220; header_line_height=&#8220;1.3em&#8220; header_2_font=&#8220;|700|||||||&#8220; header_2_text_color=&#8220;#AF272F&#8220; header_2_font_size=&#8220;30px&#8220; header_4_font=&#8220;||on||||||&#8220; header_4_font_size=&#8220;16px&#8220; header_4_line_height=&#8220;1.3em&#8220; header_5_font=&#8220;|||on|||||&#8220; header_5_line_height=&#8220;1.3em&#8220; text_orientation=&#8220;center&#8220; custom_margin=&#8220;|20px||20px|false|false&#8220; header_font_size_tablet=&#8220;40px&#8220; header_font_size_phone=&#8220;30px&#8220; header_font_size_last_edited=&#8220;on|phone&#8220; header_2_font_size_tablet=&#8220;26px&#8220; header_2_font_size_phone=&#8220;22px&#8220; header_2_font_size_last_edited=&#8220;on|phone&#8220; header_4_font_size_tablet=&#8220;&#8220; header_4_font_size_phone=&#8220;&#8220; header_4_font_size_last_edited=&#8220;on|phone&#8220; header_5_font_size_tablet=&#8220;&#8220; header_5_font_size_phone=&#8220;&#8220; header_5_font_size_last_edited=&#8220;on|phone&#8220; global_colors_info=&#8220;%91%93&#8243;]<\/p>\n<p><strong>Antipasti zum Teilen<\/strong><br \/>Mille-Feuille von gegrilltem Gem\u00fcse mit Minze und Limette<br \/>Garnelensalat mit Zitrusfr\u00fcchten und Koriander-Couscous<br \/>Poke Bowl mit Rohkost der Saison, Honig, Waln\u00fcssen und Walliser K\u00e4se<br \/>Halbgegartes Rindfleisch mit Caesar-Salat<br \/>B\u00e4ckerk\u00f6rbchen<\/p>\n<p>* * * * *<\/p>\n<p><strong>Langsam gegarter Rinderbraten mit Steinpilzen<\/strong><br \/>Bratkartoffeln mit Kr\u00e4utern<br \/>Marktgem\u00fcse<\/p>\n<p>ODER<\/p>\n<p><strong>Lachssteak &#8222;Swiss Alpine&#8220; <\/strong><br \/>Sauce Meuni\u00e8re<br \/>Bratkartoffeln mit Kr\u00e4utern<br \/>Marktgem\u00fcse<\/p>\n<p>* * * * *<\/p>\n<p><strong>Kiiro <\/strong><br \/>Bergamotte und Haseln\u00fcsse<\/p>\n<p>[\/et_pb_text][\/et_pb_column][\/et_pb_row][\/et_pb_section][et_pb_section fb_built=&#8220;1&#8243; disabled_on=&#8220;on|on|on&#8220; _builder_version=&#8220;4.24.2&#8243; _module_preset=&#8220;default&#8220; background_color=&#8220;#FFFFFF&#8220; disabled=&#8220;on&#8220; global_colors_info=&#8220;{}&#8220;][et_pb_row _builder_version=&#8220;4.24.2&#8243; _module_preset=&#8220;default&#8220; global_colors_info=&#8220;{}&#8220;][et_pb_column type=&#8220;4_4&#8243; _builder_version=&#8220;4.24.2&#8243; _module_preset=&#8220;default&#8220; global_colors_info=&#8220;{}&#8220;][et_pb_text _builder_version=&#8220;4.24.2&#8243; _module_preset=&#8220;default&#8220; header_3_text_color=&#8220;gcid-5bb8bbae-64e2-42dd-a614-e8fbea0b29dd&#8220; global_colors_info=&#8220;{%22gcid-5bb8bbae-64e2-42dd-a614-e8fbea0b29dd%22:%91%22header_3_text_color%22%93}&#8220;]<\/p>\n<h3>Shuttle-Busse &amp; Partnerhotels<\/h3>\n<p>[\/et_pb_text][et_pb_text _builder_version=&#8220;4.24.2&#8243; _module_preset=&#8220;default&#8220; global_colors_info=&#8220;{}&#8220;]<\/p>\n<p>Nutzen Sie unsere Partnerhotels f\u00fcr eine Nacht zum Vorzugspreis. Auf diese Weise m\u00fcssen Sie nicht erneut das Steuer \u00fcbernehmen.<br \/><strong>Buchen Sie direkt bei dem Hotel Ihrer Wahl<\/strong> und geben Sie an, dass Sie an unserer Tavolata teilnehmen.<\/p>\n<p>[\/et_pb_text][\/et_pb_column][\/et_pb_row][et_pb_row column_structure=&#8220;1_4,1_4,1_4,1_4&#8243; _builder_version=&#8220;4.21.0&#8243; _module_preset=&#8220;default&#8220; global_colors_info=&#8220;{}&#8220;][et_pb_column type=&#8220;1_4&#8243; _builder_version=&#8220;4.21.0&#8243; _module_preset=&#8220;default&#8220; global_colors_info=&#8220;{}&#8220;][et_pb_image src=&#8220;https:\/\/celliers.ch\/wp-content\/uploads\/2024\/04\/logo-elite-sion-300&#215;180-1.png&#8220; alt=&#8220;Hotel Elite Sion&#8220; title_text=&#8220;Hotel Elite Sion&#8220; url=&#8220;https:\/\/www.hotelelitesion.ch\/fr\/&#8220; url_new_window=&#8220;on&#8220; align=&#8220;center&#8220; _builder_version=&#8220;4.21.0&#8243; _module_preset=&#8220;default&#8220; width=&#8220;120px&#8220; width_tablet=&#8220;110px&#8220; width_phone=&#8220;120px&#8220; width_last_edited=&#8220;on|phone&#8220; custom_margin=&#8220;||12px||false|false&#8220; global_colors_info=&#8220;{}&#8220;][\/et_pb_image][et_pb_button button_url=&#8220;https:\/\/www.hotelelitesion.ch\/fr\/&#8220; url_new_window=&#8220;on&#8220; button_text=&#8220;Siehe Website&#8220; button_alignment=&#8220;center&#8220; _builder_version=&#8220;4.24.2&#8243; _module_preset=&#8220;default&#8220; global_colors_info=&#8220;{}&#8220;][\/et_pb_button][\/et_pb_column][et_pb_column type=&#8220;1_4&#8243; _builder_version=&#8220;4.21.0&#8243; _module_preset=&#8220;default&#8220; global_colors_info=&#8220;{}&#8220;][et_pb_image src=&#8220;https:\/\/celliers.ch\/wp-content\/uploads\/2024\/04\/logo-castel-sion-300&#215;180-1.png&#8220; alt=&#8220;Hotel Castel Sion&#8220; title_text=&#8220;Hotel Castel Sion&#8220; url=&#8220;https:\/\/hotelcastel.ch\/&#8220; url_new_window=&#8220;on&#8220; align=&#8220;center&#8220; _builder_version=&#8220;4.21.0&#8243; _module_preset=&#8220;default&#8220; width=&#8220;120px&#8220; width_tablet=&#8220;110px&#8220; width_phone=&#8220;120px&#8220; width_last_edited=&#8220;on|phone&#8220; custom_margin=&#8220;||12px||false|false&#8220; global_colors_info=&#8220;{}&#8220;][\/et_pb_image][et_pb_button button_url=&#8220;https:\/\/hotelcastel.ch\/&#8220; url_new_window=&#8220;on&#8220; button_text=&#8220;Siehe Website&#8220; button_alignment=&#8220;center&#8220; _builder_version=&#8220;4.24.2&#8243; _module_preset=&#8220;default&#8220; global_colors_info=&#8220;{}&#8220;][\/et_pb_button][\/et_pb_column][et_pb_column type=&#8220;1_4&#8243; _builder_version=&#8220;4.21.0&#8243; _module_preset=&#8220;default&#8220; global_colors_info=&#8220;{}&#8220;][et_pb_image src=&#8220;https:\/\/celliers.ch\/wp-content\/uploads\/2024\/04\/logo-moxy-sion-300&#215;180-1.png&#8220; alt=&#8220;Hotel Moxy Sion&#8220; title_text=&#8220;Hotel Moxy Sion&#8220; url=&#8220;https:\/\/www.marriott.fr\/hotels\/travel\/gvaos-moxy-sion\/&#8220; url_new_window=&#8220;on&#8220; align=&#8220;center&#8220; _builder_version=&#8220;4.21.0&#8243; _module_preset=&#8220;default&#8220; width=&#8220;120px&#8220; width_tablet=&#8220;110px&#8220; width_phone=&#8220;120px&#8220; width_last_edited=&#8220;on|phone&#8220; custom_margin=&#8220;||12px||false|false&#8220; global_colors_info=&#8220;{}&#8220;][\/et_pb_image][et_pb_button button_url=&#8220;https:\/\/www.marriott.fr\/hotels\/travel\/gvaos-moxy-sion\/&#8220; url_new_window=&#8220;on&#8220; button_text=&#8220;Siehe Website&#8220; button_alignment=&#8220;center&#8220; _builder_version=&#8220;4.24.2&#8243; _module_preset=&#8220;default&#8220; global_colors_info=&#8220;{}&#8220;][\/et_pb_button][\/et_pb_column][et_pb_column type=&#8220;1_4&#8243; _builder_version=&#8220;4.21.0&#8243; _module_preset=&#8220;default&#8220; global_colors_info=&#8220;{}&#8220;][et_pb_image src=&#8220;https:\/\/celliers.ch\/wp-content\/uploads\/2024\/04\/logo-13-etoiles-300&#215;180-1.png&#8220; alt=&#8220;13-Sterne Motel&#8220; title_text=&#8220;13-Sterne Motel&#8220; url=&#8220;https:\/\/motel13etoiles.ch\/fr\/motel-restaurant-sion-st-leonard-valais-suisse\/&#8220; url_new_window=&#8220;on&#8220; align=&#8220;center&#8220; _builder_version=&#8220;4.21.0&#8243; _module_preset=&#8220;default&#8220; width=&#8220;120px&#8220; width_tablet=&#8220;110px&#8220; width_phone=&#8220;120px&#8220; width_last_edited=&#8220;on|phone&#8220; custom_margin=&#8220;||12px||false|false&#8220; global_colors_info=&#8220;{}&#8220;][\/et_pb_image][et_pb_button button_url=&#8220;https:\/\/motel13etoiles.ch\/fr\/motel-restaurant-sion-st-leonard-valais-suisse\/&#8220; url_new_window=&#8220;on&#8220; button_text=&#8220;Siehe Website&#8220; button_alignment=&#8220;center&#8220; _builder_version=&#8220;4.24.2&#8243; _module_preset=&#8220;default&#8220; global_colors_info=&#8220;{}&#8220;][\/et_pb_button][\/et_pb_column][\/et_pb_row][et_pb_row column_structure=&#8220;1_3,1_3,1_3&#8243; make_equal=&#8220;on&#8220; _builder_version=&#8220;4.24.2&#8243; _module_preset=&#8220;default&#8220; custom_margin=&#8220;40px||||false|false&#8220; custom_padding=&#8220;||||false|false&#8220; global_colors_info=&#8220;{}&#8220;][et_pb_column type=&#8220;1_3&#8243; _builder_version=&#8220;4.24.2&#8243; _module_preset=&#8220;default&#8220; global_colors_info=&#8220;{}&#8220;][et_pb_text _builder_version=&#8220;4.24.2&#8243; _module_preset=&#8220;default&#8220; header_3_text_color=&#8220;gcid-5bb8bbae-64e2-42dd-a614-e8fbea0b29dd&#8220; header_4_text_color=&#8220;gcid-5bb8bbae-64e2-42dd-a614-e8fbea0b29dd&#8220; global_colors_info=&#8220;{%22gcid-5bb8bbae-64e2-42dd-a614-e8fbea0b29dd%22:%91%22header_3_text_color%22,%22header_4_text_color%22%93}&#8220;]<\/p>\n<h3>Angebotener Shuttle-Service<\/h3>\n<p>[\/et_pb_text][et_pb_text _builder_version=&#8220;4.24.2&#8243; _module_preset=&#8220;default&#8220; global_colors_info=&#8220;{}&#8220;]<\/p>\n<p>Nutzen Sie unsere Partnerhotels f\u00fcr eine Nacht zum Vorzugspreis. Auf diese Weise m\u00fcssen Sie nicht erneut das Steuer \u00fcbernehmen.<br \/><strong>Buchen Sie direkt bei dem Hotel Ihrer Wahl<\/strong> und geben Sie an, dass Sie an unserer Tavolata teilnehmen.<\/p>\n<p>[\/et_pb_text][\/et_pb_column][et_pb_column type=&#8220;1_3&#8243; _builder_version=&#8220;4.24.2&#8243; _module_preset=&#8220;default&#8220; background_color=&#8220;gcid-0dff4b6b-7044-48b4-9350-d7865fdc9d61&#8243; custom_padding=&#8220;20px|20px|20px|20px|true|true&#8220; border_radii=&#8220;on|30px|30px|30px|30px&#8220; global_colors_info=&#8220;{%22gcid-0dff4b6b-7044-48b4-9350-d7865fdc9d61%22:%91%22background_color%22%93}&#8220;][et_pb_text _builder_version=&#8220;4.24.2&#8243; _module_preset=&#8220;default&#8220; header_font=&#8220;|800|||||||&#8220; header_text_color=&#8220;#FFFFFF&#8220; header_font_size=&#8220;50px&#8220; header_line_height=&#8220;1.3em&#8220; header_2_font=&#8220;|700|||||||&#8220; header_2_text_color=&#8220;#AF272F&#8220; header_2_font_size=&#8220;30px&#8220; header_4_font=&#8220;|700|||||||&#8220; header_4_text_color=&#8220;gcid-5bb8bbae-64e2-42dd-a614-e8fbea0b29dd&#8220; header_4_line_height=&#8220;1.3em&#8220; header_5_font=&#8220;|||on|||||&#8220; header_5_line_height=&#8220;1.3em&#8220; custom_margin=&#8220;||10px||false|false&#8220; header_font_size_tablet=&#8220;40px&#8220; header_font_size_phone=&#8220;30px&#8220; header_font_size_last_edited=&#8220;on|phone&#8220; header_2_font_size_tablet=&#8220;26px&#8220; header_2_font_size_phone=&#8220;22px&#8220; header_2_font_size_last_edited=&#8220;on|phone&#8220; header_4_font_size_tablet=&#8220;&#8220; header_4_font_size_phone=&#8220;&#8220; header_4_font_size_last_edited=&#8220;on|phone&#8220; header_5_font_size_tablet=&#8220;&#8220; header_5_font_size_phone=&#8220;&#8220; header_5_font_size_last_edited=&#8220;on|phone&#8220; global_colors_info=&#8220;%91%93&#8243;]<\/p>\n<h4>Gehen Sie zu<\/h4>\n<p>[\/et_pb_text][et_pb_text _builder_version=&#8220;4.24.2&#8243; _module_preset=&#8220;default&#8220; header_font=&#8220;|800|||||||&#8220; header_text_color=&#8220;#FFFFFF&#8220; header_font_size=&#8220;50px&#8220; header_line_height=&#8220;1.3em&#8220; header_2_font=&#8220;|700|||||||&#8220; header_2_text_color=&#8220;#AF272F&#8220; header_2_font_size=&#8220;30px&#8220; header_4_font=&#8220;||on||||||&#8220; header_4_text_color=&#8220;gcid-5bb8bbae-64e2-42dd-a614-e8fbea0b29dd&#8220; header_4_font_size=&#8220;16px&#8220; header_4_line_height=&#8220;1.3em&#8220; header_5_font=&#8220;|||on|||||&#8220; header_5_line_height=&#8220;1.3em&#8220; header_font_size_tablet=&#8220;40px&#8220; header_font_size_phone=&#8220;30px&#8220; header_font_size_last_edited=&#8220;on|phone&#8220; header_2_font_size_tablet=&#8220;26px&#8220; header_2_font_size_phone=&#8220;22px&#8220; header_2_font_size_last_edited=&#8220;on|phone&#8220; header_4_font_size_tablet=&#8220;&#8220; header_4_font_size_phone=&#8220;&#8220; header_4_font_size_last_edited=&#8220;on|phone&#8220; header_5_font_size_tablet=&#8220;&#8220; header_5_font_size_phone=&#8220;&#8220; header_5_font_size_last_edited=&#8220;on|phone&#8220; global_colors_info=&#8220;%91%93&#8243;]<\/p>\n<p>Die Shuttlebusse werden vom Bahnhof zu den Celliers de Sion fahren, vorbei an den Hotels Elite, Castel und Moxy.<\/p>\n<p>[\/et_pb_text][et_pb_button button_url=&#8220;https:\/\/celliers.ch\/wp-content\/uploads\/2024\/08\/carte-bus-tavolata-2024.pdf&#8220; url_new_window=&#8220;on&#8220; button_text=&#8220;Fahrplan &amp; Streckenplan&#8220; _builder_version=&#8220;4.27.0&#8243; _module_preset=&#8220;default&#8220; global_colors_info=&#8220;{}&#8220;][\/et_pb_button][\/et_pb_column][et_pb_column type=&#8220;1_3&#8243; _builder_version=&#8220;4.24.2&#8243; _module_preset=&#8220;default&#8220; background_color=&#8220;gcid-0dff4b6b-7044-48b4-9350-d7865fdc9d61&#8243; custom_padding=&#8220;20px|20px|20px|20px|true|true&#8220; border_radii=&#8220;on|30px|30px|30px|30px&#8220; global_colors_info=&#8220;{%22gcid-0dff4b6b-7044-48b4-9350-d7865fdc9d61%22:%91%22background_color%22%93}&#8220;][et_pb_text _builder_version=&#8220;4.24.2&#8243; _module_preset=&#8220;default&#8220; header_font=&#8220;|800|||||||&#8220; header_text_color=&#8220;#FFFFFF&#8220; header_font_size=&#8220;50px&#8220; header_line_height=&#8220;1.3em&#8220; header_2_font=&#8220;|700|||||||&#8220; header_2_text_color=&#8220;#AF272F&#8220; header_2_font_size=&#8220;30px&#8220; header_4_font=&#8220;|700|||||||&#8220; header_4_text_color=&#8220;gcid-5bb8bbae-64e2-42dd-a614-e8fbea0b29dd&#8220; header_4_line_height=&#8220;1.3em&#8220; header_5_font=&#8220;|||on|||||&#8220; header_5_line_height=&#8220;1.3em&#8220; custom_margin=&#8220;||10px||false|false&#8220; header_font_size_tablet=&#8220;40px&#8220; header_font_size_phone=&#8220;30px&#8220; header_font_size_last_edited=&#8220;on|phone&#8220; header_2_font_size_tablet=&#8220;26px&#8220; header_2_font_size_phone=&#8220;22px&#8220; header_2_font_size_last_edited=&#8220;on|phone&#8220; header_4_font_size_tablet=&#8220;&#8220; header_4_font_size_phone=&#8220;&#8220; header_4_font_size_last_edited=&#8220;on|phone&#8220; header_5_font_size_tablet=&#8220;&#8220; header_5_font_size_phone=&#8220;&#8220; header_5_font_size_last_edited=&#8220;on|phone&#8220; global_colors_info=&#8220;%91%93&#8243;]<\/p>\n<h4>Zur\u00fcck<\/h4>\n<p>[\/et_pb_text][et_pb_text _builder_version=&#8220;4.24.2&#8243; _module_preset=&#8220;default&#8220; header_font=&#8220;|800|||||||&#8220; header_text_color=&#8220;#FFFFFF&#8220; header_font_size=&#8220;50px&#8220; header_line_height=&#8220;1.3em&#8220; header_2_font=&#8220;|700|||||||&#8220; header_2_text_color=&#8220;#AF272F&#8220; header_2_font_size=&#8220;30px&#8220; header_4_font=&#8220;||on||||||&#8220; header_4_text_color=&#8220;gcid-5bb8bbae-64e2-42dd-a614-e8fbea0b29dd&#8220; header_4_font_size=&#8220;16px&#8220; header_4_line_height=&#8220;1.3em&#8220; header_5_font=&#8220;|||on|||||&#8220; header_5_line_height=&#8220;1.3em&#8220; header_font_size_tablet=&#8220;40px&#8220; header_font_size_phone=&#8220;30px&#8220; header_font_size_last_edited=&#8220;on|phone&#8220; header_2_font_size_tablet=&#8220;26px&#8220; header_2_font_size_phone=&#8220;22px&#8220; header_2_font_size_last_edited=&#8220;on|phone&#8220; header_4_font_size_tablet=&#8220;&#8220; header_4_font_size_phone=&#8220;&#8220; header_4_font_size_last_edited=&#8220;on|phone&#8220; header_5_font_size_tablet=&#8220;&#8220; header_5_font_size_phone=&#8220;&#8220; header_5_font_size_last_edited=&#8220;on|phone&#8220; global_colors_info=&#8220;%91%93&#8243;]<\/p>\n<p>Am sp\u00e4ten Abend werden die Shuttlebusse die gleichen Haltestellen anfahren.<\/p>\n<ul>\n<li><strong>Abfahrt 1<\/strong> um 22.30 Uhr von Les Celliers de Sion<\/li>\n<li><strong>Abfahrt 2<\/strong> um 23.00 Uhr von Les Celliers de Sion<\/li>\n<\/ul>\n<p>[\/et_pb_text][\/et_pb_column][\/et_pb_row][\/et_pb_section][et_pb_section fb_built=&#8220;1&#8243; module_id=&#8220;galerietavolata25&#8243; _builder_version=&#8220;4.27.4&#8243; _module_preset=&#8220;default&#8220; background_color=&#8220;RGBA(255,255,255,0)&#8220; global_colors_info=&#8220;{}&#8220;][et_pb_row _builder_version=&#8220;4.24.2&#8243; _module_preset=&#8220;default&#8220; global_colors_info=&#8220;{}&#8220;][et_pb_column type=&#8220;4_4&#8243; _builder_version=&#8220;4.24.2&#8243; _module_preset=&#8220;default&#8220; global_colors_info=&#8220;{}&#8220;][et_pb_text _builder_version=&#8220;4.27.4&#8243; _module_preset=&#8220;default&#8220; header_3_text_color=&#8220;gcid-5bb8bbae-64e2-42dd-a614-e8fbea0b29dd&#8220; global_colors_info=&#8220;{%22gcid-5bb8bbae-64e2-42dd-a614-e8fbea0b29dd%22:%91%22header_3_text_color%22%93}&#8220;]<\/p>\n<h2>Erleben Sie die Tavolata 2025 noch einmal!<\/h2>\n<p>[\/et_pb_text][\/et_pb_column][\/et_pb_row][et_pb_row _builder_version=&#8220;4.24.2&#8243; _module_preset=&#8220;default&#8220; global_colors_info=&#8220;{}&#8220;][et_pb_column type=&#8220;4_4&#8243; _builder_version=&#8220;4.24.2&#8243; _module_preset=&#8220;default&#8220; global_colors_info=&#8220;{}&#8220;][et_pb_text _builder_version=&#8220;4.27.4&#8243; _module_preset=&#8220;default&#8220; text_font=&#8220;|700||on|||||&#8220; text_text_color=&#8220;gcid-primary-color&#8220; text_font_size=&#8220;20px&#8220; global_colors_info=&#8220;{%22gcid-primary-color%22:%91%22text_text_color%22%93}&#8220;]<\/p>\n<p><strong>Tavolata im Cube Varone &#8211; Freitag, 8. August<\/strong><\/p>\n<p>[\/et_pb_text][\/et_pb_column][\/et_pb_row][et_pb_row _builder_version=&#8220;4.27.4&#8243; _module_preset=&#8220;default&#8220; custom_padding=&#8220;0px||||false|false&#8220; global_colors_info=&#8220;{}&#8220;][et_pb_column type=&#8220;4_4&#8243; _builder_version=&#8220;4.18.0&#8243; _module_preset=&#8220;default&#8220; global_colors_info=&#8220;{}&#8220;][et_pb_gallery gallery_ids=&#8220;23952001,23951986,23951989,23951992,23951995,23951998,23952004,23952007,23952010,23952013,23952016,23952019,23952022,23952025,23952028&#8243; posts_number=&#8220;99&#8243; show_title_and_caption=&#8220;off&#8220; show_pagination=&#8220;off&#8220; zoom_icon_color=&#8220;RGBA(255,255,255,0)&#8220; hover_overlay_color=&#8220;RGBA(255,255,255,0)&#8220; _builder_version=&#8220;4.27.4&#8243; _module_preset=&#8220;default&#8220; global_colors_info=&#8220;{}&#8220;][\/et_pb_gallery][\/et_pb_column][\/et_pb_row][et_pb_row _builder_version=&#8220;4.24.2&#8243; _module_preset=&#8220;default&#8220; global_colors_info=&#8220;{}&#8220;][et_pb_column type=&#8220;4_4&#8243; _builder_version=&#8220;4.24.2&#8243; _module_preset=&#8220;default&#8220; global_colors_info=&#8220;{}&#8220;][et_pb_text _builder_version=&#8220;4.27.4&#8243; _module_preset=&#8220;default&#8220; text_font=&#8220;|700||on|||||&#8220; text_text_color=&#8220;gcid-primary-color&#8220; text_font_size=&#8220;20px&#8220; global_colors_info=&#8220;{%22gcid-primary-color%22:%91%22text_text_color%22%93}&#8220;]<\/p>\n<p><strong>Tavolata in der Gu\u00e9rite d&#8217;Uvrier &#8211; Sonntag, 24. August<\/strong><\/p>\n<p>[\/et_pb_text][\/et_pb_column][\/et_pb_row][et_pb_row _builder_version=&#8220;4.27.4&#8243; _module_preset=&#8220;default&#8220; custom_padding=&#8220;0px||||false|false&#8220; global_colors_info=&#8220;{}&#8220;][et_pb_column type=&#8220;4_4&#8243; _builder_version=&#8220;4.18.0&#8243; _module_preset=&#8220;default&#8220; global_colors_info=&#8220;{}&#8220;][et_pb_gallery gallery_ids=&#8220;23952035,23952038,23952041,23952044,23952047,23952050,23952053,23952056,23952059,23952062,23952065,23952068,23952071,23952074,23952077,23952080,23952083,23952086,23952089,23952092&#8243; posts_number=&#8220;99&#8243; show_title_and_caption=&#8220;off&#8220; show_pagination=&#8220;off&#8220; zoom_icon_color=&#8220;RGBA(255,255,255,0)&#8220; hover_overlay_color=&#8220;RGBA(255,255,255,0)&#8220; _builder_version=&#8220;4.27.4&#8243; _module_preset=&#8220;default&#8220; global_colors_info=&#8220;{}&#8220;][\/et_pb_gallery][\/et_pb_column][\/et_pb_row][\/et_pb_section][et_pb_section fb_built=&#8220;1&#8243; module_id=&#8220;Galerietavolata&#8220; _builder_version=&#8220;4.27.0&#8243; _module_preset=&#8220;default&#8220; background_color=&#8220;RGBA(255,255,255,0)&#8220; global_colors_info=&#8220;{}&#8220;][et_pb_row _builder_version=&#8220;4.24.2&#8243; _module_preset=&#8220;default&#8220; global_colors_info=&#8220;{}&#8220;][et_pb_column type=&#8220;4_4&#8243; _builder_version=&#8220;4.24.2&#8243; _module_preset=&#8220;default&#8220; global_colors_info=&#8220;{}&#8220;][et_pb_text _builder_version=&#8220;4.27.0&#8243; _module_preset=&#8220;default&#8220; header_3_text_color=&#8220;gcid-5bb8bbae-64e2-42dd-a614-e8fbea0b29dd&#8220; global_colors_info=&#8220;{%22gcid-5bb8bbae-64e2-42dd-a614-e8fbea0b29dd%22:%91%22header_3_text_color%22%93}&#8220;]<\/p>\n<h2>Erleben Sie die Tavolata 2024 noch einmal!<\/h2>\n<p>[\/et_pb_text][\/et_pb_column][\/et_pb_row][et_pb_row _builder_version=&#8220;4.18.0&#8243; _module_preset=&#8220;default&#8220; global_colors_info=&#8220;{}&#8220;][et_pb_column type=&#8220;4_4&#8243; _builder_version=&#8220;4.18.0&#8243; _module_preset=&#8220;default&#8220; global_colors_info=&#8220;{}&#8220;][et_pb_gallery gallery_ids=&#8220;23949300,23949306,23949330,23949303,23949321,23949318,23949324,23949312,23949342,23949336,23949345,23949333,23949309,23949315,23949348,23949339,23949327&#8243; posts_number=&#8220;99&#8243; orientation=&#8220;portrait&#8220; show_title_and_caption=&#8220;off&#8220; show_pagination=&#8220;off&#8220; zoom_icon_color=&#8220;RGBA(255,255,255,0)&#8220; hover_overlay_color=&#8220;RGBA(255,255,255,0)&#8220; _builder_version=&#8220;4.27.0&#8243; _module_preset=&#8220;default&#8220; global_colors_info=&#8220;{}&#8220;][\/et_pb_gallery][\/et_pb_column][\/et_pb_row][\/et_pb_section][et_pb_section fb_built=&#8220;1&#8243; _builder_version=&#8220;4.27.0&#8243; _module_preset=&#8220;default&#8220; background_color=&#8220;RGBA(255,255,255,0)&#8220; global_colors_info=&#8220;{}&#8220;][et_pb_row _builder_version=&#8220;4.24.2&#8243; _module_preset=&#8220;default&#8220; global_colors_info=&#8220;{}&#8220;][et_pb_column type=&#8220;4_4&#8243; _builder_version=&#8220;4.24.2&#8243; _module_preset=&#8220;default&#8220; global_colors_info=&#8220;{}&#8220;][et_pb_text _builder_version=&#8220;4.27.0&#8243; _module_preset=&#8220;default&#8220; header_3_text_color=&#8220;gcid-5bb8bbae-64e2-42dd-a614-e8fbea0b29dd&#8220; global_colors_info=&#8220;{%22gcid-5bb8bbae-64e2-42dd-a614-e8fbea0b29dd%22:%91%22header_3_text_color%22%93}&#8220;]<\/p>\n<h2>La Tavolata 2022<\/h2>\n<p>[\/et_pb_text][\/et_pb_column][\/et_pb_row][et_pb_row _builder_version=&#8220;4.18.0&#8243; _module_preset=&#8220;default&#8220; global_colors_info=&#8220;{}&#8220;][et_pb_column type=&#8220;4_4&#8243; _builder_version=&#8220;4.18.0&#8243; _module_preset=&#8220;default&#8220; global_colors_info=&#8220;{}&#8220;][et_pb_gallery gallery_ids=&#8220;23945658,23945660,23945662,23945664,23945666,23945668,23945670,23945672,23945674,23945676,23945678,23945680&#8243; posts_number=&#8220;99&#8243; orientation=&#8220;portrait&#8220; show_title_and_caption=&#8220;off&#8220; show_pagination=&#8220;off&#8220; zoom_icon_color=&#8220;RGBA(255,255,255,0)&#8220; hover_overlay_color=&#8220;RGBA(255,255,255,0)&#8220; _builder_version=&#8220;4.27.0&#8243; _module_preset=&#8220;default&#8220; global_colors_info=&#8220;{}&#8220;][\/et_pb_gallery][et_pb_button button_url=&#8220;https:\/\/celliers.ch\/de\/veranstaltungen\/&#8220; button_text=&#8220;Zur\u00fcck zu den Veranstaltungen&#8220; _builder_version=&#8220;4.24.2&#8243; _module_preset=&#8220;default&#8220; button_icon=&#8220;&#x23;||divi||400&#8243; button_icon_placement=&#8220;left&#8220; global_colors_info=&#8220;{}&#8220;][\/et_pb_button][\/et_pb_column][\/et_pb_row][\/et_pb_section]<\/p>\n","protected":false},"excerpt":{"rendered":"<p>Eine sch\u00f6ne italienische Tafel mit mehr als 200 G\u00e4sten!<\/p>\n","protected":false},"author":2,"featured_media":23950087,"parent":23946341,"menu_order":0,"comment_status":"closed","ping_status":"closed","template":"","meta":{"_acf_changed":false,"_et_pb_use_builder":"on","_et_pb_old_content":"","_et_gb_content_width":"","footnotes":""},"dipi_cpt_category":[],"class_list":["post-23946139","page","type-page","status-publish","has-post-thumbnail","hentry"],"acf":[],"_links":{"self":[{"href":"https:\/\/celliers.ch\/de\/wp-json\/wp\/v2\/pages\/23946139","targetHints":{"allow":["GET"]}}],"collection":[{"href":"https:\/\/celliers.ch\/de\/wp-json\/wp\/v2\/pages"}],"about":[{"href":"https:\/\/celliers.ch\/de\/wp-json\/wp\/v2\/types\/page"}],"author":[{"embeddable":true,"href":"https:\/\/celliers.ch\/de\/wp-json\/wp\/v2\/users\/2"}],"replies":[{"embeddable":true,"href":"https:\/\/celliers.ch\/de\/wp-json\/wp\/v2\/comments?post=23946139"}],"version-history":[{"count":127,"href":"https:\/\/celliers.ch\/de\/wp-json\/wp\/v2\/pages\/23946139\/revisions"}],"predecessor-version":[{"id":23952655,"href":"https:\/\/celliers.ch\/de\/wp-json\/wp\/v2\/pages\/23946139\/revisions\/23952655"}],"up":[{"embeddable":true,"href":"https:\/\/celliers.ch\/de\/wp-json\/wp\/v2\/pages\/23946341"}],"wp:featuredmedia":[{"embeddable":true,"href":"https:\/\/celliers.ch\/de\/wp-json\/wp\/v2\/media\/23950087"}],"wp:attachment":[{"href":"https:\/\/celliers.ch\/de\/wp-json\/wp\/v2\/media?parent=23946139"}],"wp:term":[{"taxonomy":"dipi_cpt_category","embeddable":true,"href":"https:\/\/celliers.ch\/de\/wp-json\/wp\/v2\/dipi_cpt_category?post=23946139"}],"curies":[{"name":"wp","href":"https:\/\/api.w.org\/{rel}","templated":true}]}}