{"id":23946157,"date":"2024-03-18T10:52:17","date_gmt":"2024-03-18T09:52:17","guid":{"rendered":"https:\/\/celliers.ch\/vignoble-a-velo\/"},"modified":"2026-08-18T11:27:48","modified_gmt":"2026-08-18T09:27:48","slug":"weinberge-mit-dem-fahrrad","status":"publish","type":"page","link":"https:\/\/celliers.ch\/de\/aktivitaten\/weinberge-mit-dem-fahrrad\/","title":{"rendered":"Weinberge mit dem Fahrrad"},"content":{"rendered":"\n<div class=\"et_pb_section_0 et_pb_section et_section_regular et_block_section\"><div class=\"et_pb_row_0 et_pb_row et_block_row\"><div class=\"et_pb_column_0 et_pb_column et_pb_column_4_4 et-last-child et_block_column et_pb_css_mix_blend_mode_passthrough\"><div class=\"dipi_breadcrumbs_0 dipi_breadcrumbs et_pb_bg_layout_light et_pb_module preset--module--dipi-breadcrumbs--default\"><div class=\"dipi-breadcrumbs dipi-bc-center\">\n                <ul itemscope itemtype=https:\/\/schema.org\/BreadcrumbList>\n                    \n                                                <li itemprop=itemListElement itemscope itemtype=https:\/\/schema.org\/ListItem class=\"dipi-breadcrumb-item dipi-breadcrumb-home\">\n\n                                            <a itemprop=item href=\"https:\/\/celliers.ch\/de\/\">\n                            <span itemprop=name content=\"Home\">\n                                                                Les Celliers de Sion                            <\/span>\n                        <\/a>\n\n                                        <meta itemprop=\"position\" content=\"1\"\/>                <\/li>\n\n                <li class=\"dipi-breadcrumb-separator\">\n                    <span class=\"et-pb-icon dipi-separator-icon\">5<\/span>\n                <\/li>                        \n                <\/ul>\n            <\/div><\/div><\/div><\/div><\/div><div class=\"et_pb_section_1 et_pb_section et_section_regular et_block_section\"><div class=\"et_pb_row_1 et_pb_row et_block_row\"><div class=\"et_pb_column_1 et_pb_column et_pb_column_1_2 et_block_column et_pb_css_mix_blend_mode_passthrough\" id=\"prix\"><div class=\"et_pb_text_0 et_pb_text et_pb_bg_layout_light et_pb_module et_block_module\"><div class=\"et_pb_text_inner\"><h2>Eine Fahrradtour durch unsere Weinberge<\/h2>\n<\/div><\/div><div class=\"dipi_button_grid_0 dipi_button_grid et_pb_module\"><div class=\"dipi-button-grid-container\">\n        <div class=\"dipi_button_grid_child_0 dipi_button_grid_child dipi-pt-item--Text et_pb_module\"><div class=\"dipi-text-grid dipi-text-wrap\">Picknick-Option CHF 79.<\/div><\/div><div class=\"dipi_button_grid_child_1 dipi_button_grid_child dipi-pt-item--Text et_pb_module\"><div class=\"dipi-text-grid dipi-text-wrap\">\u25cf<\/div><\/div><div class=\"dipi_button_grid_child_2 dipi_button_grid_child dipi-pt-item--Text et_pb_module\"><div class=\"dipi-text-grid dipi-text-wrap\">Option Mahlzeit CHF 119.00<\/div><\/div>\n      <\/div><\/div><div class=\"et_pb_text_1 et_pb_text et_pb_bg_layout_light et_pb_module et_block_module\"><div class=\"et_pb_text_inner\"><p><span>Entdecken Sie unser einzigartiges Angebot, um die <strong>malerischen Weinberge von Sion<\/strong> mit unseren E-Bikes zu erkunden. Wandern Sie ganz einfach durch die H\u00fcgel von <strong>Clavau<\/strong> und machen Sie eine Pause f\u00fcr ein <strong>Picknick<\/strong> oder eine authentische <strong>Mahlzeit<\/strong> in La Gu\u00e9rite Br\u00fblefer. Ein unvergessliches Erlebnis im Herzen der Weinberge erwartet Sie!<\/span><\/p>\n<\/div><\/div><div class=\"et_pb_module et_pb_button_module_wrapper et_pb_button_0_wrapper preset--module--divi-button--default_wrapper\"><a class=\"et_pb_button_0 et_pb_button et_pb_bg_layout_light et_pb_module et_block_module preset--module--divi-button--default\" href=\"#faq\" data-icon=\"$\">H\u00e4ufig gestellte Fragen<\/a><\/div><div class=\"et_pb_module et_pb_button_module_wrapper et_pb_button_1_wrapper preset--module--divi-button--default_wrapper\"><a class=\"et_pb_button_1 et_pb_button et_pb_bg_layout_light et_pb_module et_block_module preset--module--divi-button--default\" href=\"#reserver\" data-icon=\"$\">Reservierung<\/a><\/div><div class=\"et_pb_divider_0 et_pb_divider et_pb_space et_pb_divider_position_center et_pb_module\"><div class=\"et_pb_divider_internal\"><\/div><\/div><div class=\"et_pb_code_0 et_pb_code et_pb_module\"><div class=\"et_pb_code_inner\"><div class=\"details-activites\">\n  <div class=\"dates\">\n  April bis Oktober\n  <\/div>\n    <div class=\"heures\">\n  Abfahrt von 10:00 bis 13:30 Uhr\n  <\/div>\n      <div class=\"duree\">\n  ~ 2 Stunden mit dem Fahrrad\n  <\/div>\n<\/div><\/div><\/div><div class=\"et_pb_divider_1 et_pb_divider et_pb_space et_pb_divider_position_center et_pb_module\"><div class=\"et_pb_divider_internal\"><\/div><\/div><div class=\"dipi_button_grid_1 dipi_button_grid et_pb_module\"><div class=\"dipi-button-grid-container\">\n        <div class=\"dipi_button_grid_child_3 dipi_button_grid_child dipi-pt-item--Text et_pb_module\"><div class=\"dipi-text-grid dipi-text-wrap\">Diese Aktivit\u00e4t ist f\u00fcr Gruppen von 2 bis 13 Personen verf\u00fcgbar.<\/div><\/div>\n      <\/div><\/div><\/div><div class=\"et_pb_column_2 et_pb_column et_pb_column_1_2 et-last-child et_block_column et_pb_css_mix_blend_mode_passthrough\" id=\"photos\"><div class=\"dipi_image_gallery_0 dipi_image_gallery et_pb_bg_layout_light et_pb_module preset--module--dipi-image-gallery--default\"><div class=\"dipi-image-gallery dipi-ig-horizontal\">\n            <div class=\"dipi-image-gallery-top\">\n\t\t\t\t<div class=\"swiper swiper-container dipi-image-gallery-top_0\"  data-direction=\"horizontal\" data-navigation=\"off\" data-ordernumber=\"0\" data-animation=\"slide\" data-autoplay=\"off\" data-main_redraw_after_slide_changed=\"off\" data-pause_on_hover=\"off\" data-autoplay_delay=\"5000\" data-enable_popup=\"off\" data-popup_animation=\"none\" data-popup_animation_duration=\"500\">\n\t\t\t\t\t<div class=\"swiper-wrapper\">\n\t\t\t\t\t\t<div class=\"dipi_image_gallery_child_0 dipi_image_gallery_child et_pb_bg_layout_light et_pb_text_align_center swiper-slide et_pb_module\"><div class=\"swiper-slide-container \" role=\"figure\"  style=\"background-image:url(https:\/\/celliers.ch\/wp-content\/uploads\/2024\/03\/pique-nique-velo.jpg);background-size:cover;background-repeat: no-repeat;\">\n                \n                \n            <\/div><\/div><div class=\"dipi_image_gallery_child_1 dipi_image_gallery_child et_pb_bg_layout_light et_pb_text_align_center swiper-slide et_pb_module\"><div class=\"swiper-slide-container \" role=\"figure\"  style=\"background-image:url(https:\/\/celliers.ch\/wp-content\/uploads\/2024\/03\/guerite-brulefer-1.jpg);background-size:cover;background-repeat: no-repeat;\">\n                \n                \n            <\/div><\/div><div class=\"dipi_image_gallery_child_2 dipi_image_gallery_child et_pb_bg_layout_light et_pb_text_align_center swiper-slide et_pb_module\"><div class=\"swiper-slide-container \" role=\"figure\"  style=\"background-image:url(https:\/\/celliers.ch\/wp-content\/uploads\/2024\/03\/vignoble-velo-celliers-de-sion.jpg);background-size:cover;background-repeat: no-repeat;\">\n                \n                \n            <\/div><\/div><div class=\"dipi_image_gallery_child_3 dipi_image_gallery_child et_pb_bg_layout_light et_pb_text_align_center swiper-slide et_pb_module\"><div class=\"swiper-slide-container \" role=\"figure\"  style=\"background-image:url(https:\/\/celliers.ch\/wp-content\/uploads\/2024\/03\/velo-electrique-celliers-de-sion.jpg);background-size:cover;background-repeat: no-repeat;\">\n                \n                \n            <\/div><\/div><div class=\"dipi_image_gallery_child_4 dipi_image_gallery_child et_pb_bg_layout_light et_pb_text_align_center swiper-slide et_pb_module\"><div class=\"swiper-slide-container \" role=\"figure\"  style=\"background-image:url(https:\/\/celliers.ch\/wp-content\/uploads\/2024\/07\/Vignoble-Velo-vignoble-valais.jpg);background-size:cover;background-repeat: no-repeat;\">\n                \n                \n            <\/div><\/div><div class=\"dipi_image_gallery_child_5 dipi_image_gallery_child et_pb_bg_layout_light et_pb_text_align_center swiper-slide et_pb_module\"><div class=\"swiper-slide-container \" role=\"figure\"  style=\"background-image:url(https:\/\/celliers.ch\/wp-content\/uploads\/2024\/07\/velo-electrique-valais.jpg);background-size:cover;background-repeat: no-repeat;\">\n                \n                \n            <\/div><\/div>\n\t\t\t\t\t<\/div>  \n\t\t\t\t<\/div>\n\t\t\t\t\n\t\t\t<\/div> \n\t\t\t<div class=\"dipi-image-gallery-thumbs\">\n\t\t\t\t<div class=\"swiper swiper-container dipi-image-gallery-thumbs_0 dipi-thumbs-horizontal dipi-img-thumbs-bottom\"  data-direction=\"horizontal\" data-columnsdesktop=\"4\" data-columnstablet=\"4\" data-columnsphone=\"4\" data-spacebetween=\"10\" data-spacebetween_tablet=\"10\" data-spacebetween_phone=\"10\" data-centered=\"on\" data-thumbs_loop=\"on\" data-originalcount=\"6\" data-ordernumber=\"0\" data-navigation=\"off\" data-is_tb_body=\"off\">\n\t\t\t\t\t<div class=\"swiper-wrapper\">\n\t\t\t\t\t\t<div class=\"dipi_image_gallery_child swiper-slide\" data-class=\"dipi_image_gallery_child_0\">\n\t\t\t\t<div class=\"swiper-slide-container\" role=\"figure\" aria-label=\"\" style=\"background-image:url(https:\/\/celliers.ch\/wp-content\/uploads\/2024\/03\/pique-nique-velo.jpg);background-size: cover;background-repeat:no-repeat;\"><\/div>\n\t\t\t<\/div><div class=\"dipi_image_gallery_child swiper-slide\" data-class=\"dipi_image_gallery_child_1\">\n\t\t\t\t<div class=\"swiper-slide-container\" role=\"figure\" aria-label=\"\" style=\"background-image:url(https:\/\/celliers.ch\/wp-content\/uploads\/2024\/03\/guerite-brulefer-1.jpg);background-size: cover;background-repeat:no-repeat;\"><\/div>\n\t\t\t<\/div><div class=\"dipi_image_gallery_child swiper-slide\" data-class=\"dipi_image_gallery_child_2\">\n\t\t\t\t<div class=\"swiper-slide-container\" role=\"figure\" aria-label=\"\" style=\"background-image:url(https:\/\/celliers.ch\/wp-content\/uploads\/2024\/03\/vignoble-velo-celliers-de-sion.jpg);background-size: cover;background-repeat:no-repeat;\"><\/div>\n\t\t\t<\/div><div class=\"dipi_image_gallery_child swiper-slide\" data-class=\"dipi_image_gallery_child_3\">\n\t\t\t\t<div class=\"swiper-slide-container\" role=\"figure\" aria-label=\"\" style=\"background-image:url(https:\/\/celliers.ch\/wp-content\/uploads\/2024\/03\/velo-electrique-celliers-de-sion.jpg);background-size: cover;background-repeat:no-repeat;\"><\/div>\n\t\t\t<\/div><div class=\"dipi_image_gallery_child swiper-slide\" data-class=\"dipi_image_gallery_child_4\">\n\t\t\t\t<div class=\"swiper-slide-container\" role=\"figure\" aria-label=\"\" style=\"background-image:url(https:\/\/celliers.ch\/wp-content\/uploads\/2024\/07\/Vignoble-Velo-vignoble-valais.jpg);background-size: cover;background-repeat:no-repeat;\"><\/div>\n\t\t\t<\/div><div class=\"dipi_image_gallery_child swiper-slide\" data-class=\"dipi_image_gallery_child_5\">\n\t\t\t\t<div class=\"swiper-slide-container\" role=\"figure\" aria-label=\"\" style=\"background-image:url(https:\/\/celliers.ch\/wp-content\/uploads\/2024\/07\/velo-electrique-valais.jpg);background-size: cover;background-repeat:no-repeat;\"><\/div>\n\t\t\t<\/div>\n\t\t\t\t\t<\/div>\n\t\t\t\t<\/div>\n\t\t\t\t\n\t\t\t<\/div><\/div><\/div><\/div><\/div><div class=\"et_pb_row_2 et_pb_row et_block_row\"><div class=\"et_pb_column_3 et_pb_column et_pb_column_1_2 et_block_column et_pb_css_mix_blend_mode_passthrough\"><div class=\"et_pb_text_2 et_pb_text et_pb_bg_layout_light et_pb_module et_block_module\"><div class=\"et_pb_text_inner\"><h2>Ablauf<\/h2>\n<\/div><\/div><div class=\"et_pb_text_3 et_pb_text et_pb_bg_layout_light et_pb_module et_block_module\"><div class=\"et_pb_text_inner\"><p>Fahren Sie mit unseren Khalkoff-Elektrofahrr\u00e4dern und entdecken Sie auf spielerische oder sportliche Weise unsere Weing\u00fcter. Eine Aktivit\u00e4t, die Sie alleine, mit Kollegen oder Freunden genie\u00dfen k\u00f6nnen.<\/p>\n<p>Zwei Optionen zur Auswahl:<\/p>\n<ul>\n<li><strong>Das Picknick<\/strong>: Mit Walliser Produkten, die in einem h\u00fcbschen Korb an Ihrem Fahrrad befestigt werden. Sie k\u00f6nnen die Picknickpl\u00e4tze entlang der Strecke nutzen. Eine 37,5 cl-Flasche Wein begleitet Ihr Picknick.<\/li>\n<li><strong>Eine warme Mahlzeit<\/strong> am Tisch von La Gu\u00e9rite Br\u00fblefer mit verschiedenen Men\u00fcs. <span>Genie\u00dfen Sie einen ersten Halt im Cube Varone (ab Mai), um ein Glas Wein mit einem H\u00e4ppchen zu probieren, bevor Sie sich zum Essen in Gu\u00e9rite Br\u00fblefer begeben. <\/span>Wir werden Ihnen 1 dl Wein anbieten, der im Essen enthalten ist. Bei Ihrer R\u00fcckkehr zu Les Celliers de Sion erhalten Sie eine Flasche Wein (75 cl).<\/li>\n<\/ul>\n<\/div><\/div><\/div><div class=\"et_pb_column_4 et_pb_column et_pb_column_1_2 et-last-child et_block_column et_pb_css_mix_blend_mode_passthrough\"><div class=\"et_pb_text_4 et_pb_text et_pb_bg_layout_light et_pb_module et_block_module\"><div class=\"et_pb_text_inner\"><h2>Details der Route<\/h2>\n<\/div><\/div><div class=\"et_pb_text_5 et_pb_text et_pb_bg_layout_light et_pb_module et_block_module\"><div class=\"et_pb_text_inner\"><p>In unserer Anwendung k\u00f6nnen Sie zwischen drei verschiedenen Routen w\u00e4hlen, die nach ihrem Schwierigkeitsgrad klassifiziert sind.<\/p>\n<p><a href=\"https:\/\/alpmobi.alpsoft.ch\/fr-CH\/app\/83?hnc=1\" target=\"_blank\" rel=\"noopener\">Klicken Sie hier<\/a>, um unsere App herunterzuladen und die verschiedenen angebotenen Radtouren zu entdecken!<\/p>\n<p>Blaue, rote oder schwarze Strecke (17 bis 22 km).<br \/>Die Dauer Ihrer T\u00e4tigkeit h\u00e4ngt von Ihren W\u00fcnschen und der Zeit ab, die Sie zur Verf\u00fcgung haben. In der Regel dauert diese Aktivit\u00e4t zwischen 4 und 5,5 Stunden.<\/p>\n<p><a href=\"https:\/\/celliers.ch\/de\/nutzungsbedingungen-velos\/\" target=\"_blank\" rel=\"noopener\">Siehe Bedingungen f\u00fcr die Nutzung von Elektrofahrr\u00e4dern.<\/a><\/p>\n<\/div><\/div><div class=\"et_pb_toggle_0 et_pb_toggle et_pb_toggle_item et_pb_toggle_close et_pb_module et_block_module et-readmore-toggle preset--module--divi-toggle--default\"><h5 class=\"et_pb_toggle_title\">H\u00f6henunterschied der schwarzen Route<\/h5><div class=\"et_pb_toggle_content clearfix\"><p><img decoding=\"async\" src=\"https:\/\/celliers.ch\/wp-content\/uploads\/2024\/04\/Denivele-parcours-noir.jpg\" width=\"1198\" height=\"706\" alt=\"\" class=\"wp-image-23945057 alignnone size-full\"><\/p>\n<\/div><\/div><div class=\"et_pb_toggle_1 et_pb_toggle et_pb_toggle_item et_pb_toggle_close et_pb_module et_block_module et-readmore-toggle preset--module--divi-toggle--default\"><h5 class=\"et_pb_toggle_title\">H\u00f6henunterschied der roten Route<\/h5><div class=\"et_pb_toggle_content clearfix\"><p><img decoding=\"async\" src=\"https:\/\/celliers.ch\/wp-content\/uploads\/2024\/04\/Denivele-parcours-rouge.jpg\" width=\"1192\" height=\"530\" alt=\"\" class=\"wp-image-23945058 alignnone size-full\"><\/p>\n<\/div><\/div><div class=\"et_pb_toggle_2 et_pb_toggle et_pb_toggle_item et_pb_toggle_close et_pb_module et_block_module et-readmore-toggle preset--module--divi-toggle--default\"><h5 class=\"et_pb_toggle_title\">H\u00f6henunterschied der blauen Route<\/h5><div class=\"et_pb_toggle_content clearfix\"><p><img decoding=\"async\" src=\"https:\/\/celliers.ch\/wp-content\/uploads\/2024\/04\/Denivele-parcours-bleu.jpg\" width=\"1190\" height=\"546\" alt=\"\" class=\"wp-image-23945059 alignnone size-full\"><\/p>\n<\/div><\/div><\/div><\/div><div class=\"et_pb_row_3 et_pb_row et_block_row\" id=\"reserver\"><div class=\"et_pb_column_5 et_pb_column et_pb_column_4_4 et-last-child et_block_column et_pb_css_mix_blend_mode_passthrough\"><div class=\"et_pb_text_6 et_pb_text et_pb_bg_layout_light et_pb_module et_block_module preset--module--divi-text--bf60d947-3f90-4402-8aff-3b2baae28d03\"><div class=\"et_pb_text_inner\"><p>Les Celliers de Sion<\/p>\n<\/div><\/div><div class=\"et_pb_text_7 et_pb_text et_pb_bg_layout_light et_pb_module et_block_module grappe\"><div class=\"et_pb_text_inner\"><h2>Buchen Sie Ihre Weinberge mit dem Fahrrad<\/h2>\n<\/div><\/div><div class=\"et_pb_text_8 et_pb_text et_pb_bg_layout_light et_pb_module et_block_module\"><div class=\"et_pb_text_inner\"><p>W\u00e4hlen Sie aus unseren Optionen! Ein Picknick mit Walliser Produkten oder eine warme Mahlzeit in einer unserer H\u00fctten!<\/p>\n<\/div><\/div><\/div><\/div><div class=\"et_pb_row_4 et_pb_row et_block_row\"><div class=\"et_pb_column_6 et_pb_column et_pb_column_1_2 et_block_column et_pb_css_mix_blend_mode_passthrough\"><div class=\"et_pb_text_9 et_pb_text et_pb_bg_layout_light et_pb_module et_block_module\"><div class=\"et_pb_text_inner\"><h3>Option \"Walliser Picknick\".<\/h3>\n<\/div><\/div><div class=\"dipi_button_grid_2 dipi_button_grid et_pb_module\"><div class=\"dipi-button-grid-container\">\n        <div class=\"dipi_button_grid_child_4 dipi_button_grid_child dipi-pt-item--Text et_pb_module\"><div class=\"dipi-text-grid dipi-text-wrap\">Montag bis Sonntag<\/div><\/div>\n      <\/div><\/div><div class=\"et_pb_text_10 et_pb_text et_pb_bg_layout_light et_pb_module et_block_module\"><div class=\"et_pb_text_inner\"><ul>\n<li>Abfahrten zwischen 10.00 und 13.30 Uhr<\/li>\n<li>Dauer: ca. 4,5 Stunden<\/li>\n<li>CHF 79.- \/ Person<\/li>\n<li>Picknick inbegriffen<\/li>\n<li>Ausgewiesene Picknick-Haltestellen<\/li>\n<\/ul>\n<\/div><\/div><div class=\"et_pb_text_11 et_pb_text et_pb_bg_layout_light et_pb_module et_block_module\"><div class=\"et_pb_text_inner\"><p><em>*Verboten f\u00fcr Personen unter 16 Jahren ohne F\u00fchrerschein der Klasse M.<\/em><\/p>\n<\/div><\/div><div class=\"et_pb_code_1 et_pb_code et_pb_module\"><\/div><div class=\"et_pb_code_2 et_pb_code et_pb_module\"><div class=\"et_pb_code_inner\"><div class=\"et_pb_button_module_wrapper et_pb_button_0_wrapper et_pb_button_alignment_left et_pb_module \">\n<!-- Start Smeetz Embed Code -->\n    <script>\n    !function(e, t, n, i, p, r, s) {\n      e[n] || ((p = e[n] = function() {\n      p.p ? p.p.apply(p, arguments) : p.q.push(arguments);\n      }).q = [], p.t = 1 * new Date(), p.g = \"18066\", (r = t.createElement(\"script\")).async = 1,\n      r.src = \"https:\/\/tracker.smeetz.com\/smeetz-main-widget.js\", (s = t.getElementsByTagName(\"script\")[0]).parentNode.insertBefore(r, s));\n    }(window, document, \"_smtz\");\n    <\/script>\n    <a data-smtz-gid=\"18066\" data-smtz-wid=\"1169\"\n       \n      class=\"et_pb_button et_pb_button_0 et_pb_bg_layout_light\" style=\"cursor:pointer;\" data-icon=\"$\" target=\"_blank\" rel=\"noopener noreferrer\"\n      onclick=\"event.preventDefault(); _smtz('openwidget', 1 * new Date(), {\n        productId: '51965',\n        lightbox: true,\n        listView: false,\n        gId: '18066',\n        wId: '1169',\n        codes: '4RWZ65T5',cats: '57075',\n        \n        \n        \n        \n        linkText: 'en: Back to home page,,, fr: Retour \u00e0 la page d\u2019accueil,,, de: Zur\u00fcck zur Startseite,,, it: Ritorno alla pagina iniziale',\n        linkUrl: 'en: https:\/\/discover.smeetz.com\/en,,, fr: https:\/\/discover.smeetz.com\/fr,,, de: https:\/\/discover.smeetz.com\/de,,, it: https:\/\/discover.smeetz.com\/it',\n      });\"\n    >Je r\u00e9serve l'option \"Pique-nique\"<\/a>\n    <!-- End Smeetz Embed Code -->\n<\/div><\/div><\/div><div class=\"et_pb_code_3 et_pb_code et_pb_module\"><\/div><\/div><div class=\"et_pb_column_7 et_pb_column et_pb_column_1_2 et-last-child et_block_column et_pb_css_mix_blend_mode_passthrough\"><div class=\"et_pb_text_12 et_pb_text et_pb_bg_layout_light et_pb_module et_block_module\"><div class=\"et_pb_text_inner\"><h3>Option \"Mahlzeit Gu\u00e9rite Br\u00fblefer\".<\/h3>\n<\/div><\/div><div class=\"dipi_button_grid_3 dipi_button_grid et_pb_module\"><div class=\"dipi-button-grid-container\">\n        <div class=\"dipi_button_grid_child_5 dipi_button_grid_child dipi-pt-item--Text et_pb_module\"><div class=\"dipi-text-grid dipi-text-wrap\">Donnerstag bis Sonntag<\/div><\/div>\n      <\/div><\/div><div class=\"et_pb_text_13 et_pb_text et_pb_bg_layout_light et_pb_module et_block_module\"><div class=\"et_pb_text_inner\"><ul>\n<li>Abfahrten zwischen 10.00 und 12.00 Uhr<\/li>\n<li>Dauer: ca. 5,5 Stunden<\/li>\n<li>CHF 119.- \/ Person<\/li>\n<li>Halt im Cube Varone f\u00fcr 1dl Wein und ein Amuse-Bouche<\/li>\n<li>Mahlzeit in La Gu\u00e9rite Br\u00fblefer<\/li>\n<\/ul>\n<\/div><\/div><div class=\"et_pb_text_14 et_pb_text et_pb_bg_layout_light et_pb_module et_block_module\"><div class=\"et_pb_text_inner\"><p><em>*Verboten f\u00fcr Personen unter 16 Jahren ohne F\u00fchrerschein der Klasse M.<\/em><\/p>\n<\/div><\/div><div class=\"et_pb_code_4 et_pb_code et_pb_module\"><div class=\"et_pb_code_inner\"><div class=\"et_pb_button_module_wrapper et_pb_button_0_wrapper et_pb_button_alignment_left et_pb_module \">\n<!-- Start Smeetz Embed Code -->\n    <script>\n    !function(e, t, n, i, p, r, s) {\n      e[n] || ((p = e[n] = function() {\n      p.p ? p.p.apply(p, arguments) : p.q.push(arguments);\n      }).q = [], p.t = 1 * new Date(), p.g = \"18066\", (r = t.createElement(\"script\")).async = 1,\n      r.src = \"https:\/\/tracker.smeetz.com\/smeetz-main-widget.js\", (s = t.getElementsByTagName(\"script\")[0]).parentNode.insertBefore(r, s));\n    }(window, document, \"_smtz\");\n    <\/script>\n    <a data-smtz-gid=\"18066\" data-smtz-wid=\"1171\"\n       \n      class=\"et_pb_button et_pb_button_0 et_pb_bg_layout_light\" style=\"cursor:pointer;\" data-icon=\"$\" target=\"_blank\" rel=\"noopener noreferrer\"\n      onclick=\"event.preventDefault(); _smtz('openwidget', 1 * new Date(), {\n        productId: '51965',\n        lightbox: true,\n        listView: false,\n        gId: '18066',\n        wId: '1171',\n        codes: '1XGVBKK2,4XA22LX3',cats: '57076,71390',\n        \n        \n        \n        \n        linkText: 'en: Back to home page,,, fr: Retour \u00e0 la page d\u2019accueil,,, de: Zur\u00fcck zur Startseite,,, it: Ritorno alla pagina iniziale',\n        linkUrl: 'en: https:\/\/discover.smeetz.com\/en,,, fr: https:\/\/discover.smeetz.com\/fr,,, de: https:\/\/discover.smeetz.com\/de,,, it: https:\/\/discover.smeetz.com\/it',\n      });\"\n    >Je r\u00e9serve l'option \"Repas Gu\u00e9rite\"<\/a>\n    <!-- End Smeetz Embed Code -->\n<\/div><\/div><\/div><\/div><\/div><div class=\"et_pb_row_5 et_pb_row et_block_row\"><div class=\"et_pb_column_8 et_pb_column et_pb_column_4_4 et-last-child et_block_column et_pb_css_mix_blend_mode_passthrough\"><div class=\"et_pb_text_15 et_pb_text et_pb_bg_layout_light et_pb_module et_block_module\"><div class=\"et_pb_text_inner\"><h2>Die Men\u00fcs zur Auswahl in La Gu\u00e9rite Br\u00fblefer<\/h2>\n<\/div><\/div><\/div><\/div><div class=\"et_pb_row_6 et_pb_row et_block_row\"><div class=\"et_pb_column_9 et_pb_column et_pb_column_1_2 et_block_column et_pb_css_mix_blend_mode_passthrough\"><div class=\"et_pb_text_16 et_pb_text et_pb_bg_layout_light et_pb_module et_block_module\"><div class=\"et_pb_text_inner\"><h3>Gu\u00e9rite Br\u00fblefer<\/h3>\n<\/div><\/div><div class=\"dipi_divider_0 dipi_divider et_pb_bg_layout_light et_pb_module\">\n\t\t<div class=\"dipi-pixel-divider dipi-pixel-divider-row dipi-pixel-divider-text dipi-pixel-divider-hide-second dipi-pixel-divider-mirror\"><div class=\"dipi-td-decoration  dipi-td-decoration-line dipi-td-first\"><\/div><p class=\"dipi-td-content\">Donnerstag bis Sonntag<\/p><\/div><\/div><div class=\"dipi_button_grid_4 dipi_button_grid et_pb_module\"><div class=\"dipi-button-grid-container\">\n        <div class=\"dipi_button_grid_child_6 dipi_button_grid_child dipi-pt-item--Text et_pb_module\"><div class=\"dipi-text-grid dipi-text-wrap\">Men\u00fc<\/div><\/div><div class=\"dipi_button_grid_child_7 dipi_button_grid_child dipi-pt-item--Text et_pb_module\"><div class=\"dipi-text-grid dipi-text-wrap\">Bacchus<\/div><\/div>\n      <\/div><\/div><div class=\"et_pb_text_17 et_pb_text et_pb_bg_layout_light et_pb_module et_block_module\"><div class=\"et_pb_text_inner\"><ul>\n<li>Mariniertes Forellenfilet und Beilage<\/li>\n<li>Fondue Bacchus (mariniertes Rindfleisch) 200g, Bratkartoffeln<\/li>\n<li>Sorbet Must<\/li>\n<\/ul>\n<\/div><\/div><div class=\"dipi_button_grid_5 dipi_button_grid et_pb_module\"><div class=\"dipi-button-grid-container\">\n        <div class=\"dipi_button_grid_child_8 dipi_button_grid_child dipi-pt-item--Text et_pb_module\"><div class=\"dipi-text-grid dipi-text-wrap\">Men\u00fc<\/div><\/div><div class=\"dipi_button_grid_child_9 dipi_button_grid_child dipi-pt-item--Text et_pb_module\"><div class=\"dipi-text-grid dipi-text-wrap\">Raclette<\/div><\/div>\n      <\/div><\/div><div class=\"et_pb_text_18 et_pb_text et_pb_bg_layout_light et_pb_module et_block_module\"><div class=\"et_pb_text_inner\"><ul>\n<li>Delikatesse aus dem Walliser Dachboden<\/li>\n<li>Raclette AOP Valais \u00e0 discr\u00e9tion<\/li>\n<li>Sorbet Must<\/li>\n<\/ul>\n<\/div><\/div><\/div><\/div><div class=\"et_pb_row_7 et_pb_row et_block_row\"><div class=\"et_pb_column_11 et_pb_column et_pb_column_4_4 et-last-child et_block_column et_pb_css_mix_blend_mode_passthrough\"><div class=\"et_pb_text_22 et_pb_text et_pb_bg_layout_light et_pb_module et_block_module\"><div class=\"et_pb_text_inner\"><p>F\u00fcr Buchungen innerhalb von weniger als 24 Stunden bitten wir Sie, uns telefonisch unter 027 205 65 25 zu kontaktieren.<\/p>\n<\/div><\/div><\/div><\/div><div class=\"et_pb_row_8 et_pb_row et_block_row\" id=\"faq\"><div class=\"et_pb_column_12 et_pb_column et_pb_column_4_4 et-last-child et_block_column et_pb_css_mix_blend_mode_passthrough\"><div class=\"et_pb_text_23 et_pb_text et_pb_bg_layout_light et_pb_module et_block_module\"><div class=\"et_pb_text_inner\"><h2>H\u00e4ufig gestellte Fragen<\/h2>\n<\/div><\/div><div class=\"et_pb_accordion_0 et_pb_accordion et_pb_module et_block_module foire-aux-questions-reveal preset--module--divi-accordion--default\"><div class=\"et_pb_accordion_item_0 et_pb_accordion_item et_pb_toggle et_pb_module et_pb_toggle_open et_block_module preset--module--divi-accordion-item--default\"><h5 class=\"et_pb_toggle_title\">Sind Kinder willkommen?<\/h5><div class=\"et_pb_toggle_content\"><p>Dieses Angebot ist nicht f\u00fcr Kinder gedacht.<\/p>\n<p>Kinder unter 16 Jahren d\u00fcrfen unsere Elektrofahrr\u00e4der nicht benutzen (au\u00dfer bei Vorlage eines F\u00fchrerscheins der Kategorie M).<\/p>\n<p>Au\u00dferdem d\u00fcrfen wir nichts hinten an unseren Fahrr\u00e4dern befestigen (Anh\u00e4nger, Kindersitze,...).<\/p>\n<\/div><\/div><div class=\"et_pb_accordion_item_1 et_pb_accordion_item et_pb_toggle et_pb_module et_pb_toggle_close et_block_module preset--module--divi-accordion-item--default\"><h5 class=\"et_pb_toggle_title\">Was passiert bei schlechtem Wetter?<\/h5><div class=\"et_pb_toggle_content\"><p>Sie haben die M\u00f6glichkeit, die Leistung je nach Wetterentwicklung bis sp\u00e4testens am Vortag der Aktivit\u00e4t zu verschieben oder zu stornieren.<\/p>\n<p>Bei schlechtem Wetter behalten wir uns das Recht vor, unsere H\u00fctten zu schlie\u00dfen und unsere Aktivit\u00e4ten im Freien abzusagen. Sie werden selbstverst\u00e4ndlich pers\u00f6nlich informiert, wenn dies geschieht.<\/p>\n<\/div><\/div><div class=\"et_pb_accordion_item_2 et_pb_accordion_item et_pb_toggle et_pb_module et_pb_toggle_close et_block_module preset--module--divi-accordion-item--default\"><h5 class=\"et_pb_toggle_title\">Was geh\u00f6rt in Ihren Rucksack?<\/h5><div class=\"et_pb_toggle_content\"><p>Unsere Weinberge sind sehr sonnig, denken Sie also an eine M\u00fctze oder einen Hut und Sonnencreme.<\/p>\n<p>Wir bieten Ihnen eine Flasche Wasser, bevor Sie zur Radtour aufbrechen.<\/p>\n<\/div><\/div><div class=\"et_pb_accordion_item_3 et_pb_accordion_item et_pb_toggle et_pb_module et_pb_toggle_close et_block_module preset--module--divi-accordion-item--default\"><h5 class=\"et_pb_toggle_title\">Gibt es Toiletten auf der Strecke?<\/h5><div class=\"et_pb_toggle_content\"><p>Nur in den Empfangsstellen: Les Celliers de Sion, Cube Varone und La Gu\u00e9rite Br\u00fblefer.<\/p>\n<\/div><\/div><div class=\"et_pb_accordion_item_4 et_pb_accordion_item et_pb_toggle et_pb_module et_pb_toggle_close et_block_module preset--module--divi-accordion-item--default\"><h5 class=\"et_pb_toggle_title\">M\u00fcssen wir unsere eigenen Helme mitnehmen?<\/h5><div class=\"et_pb_toggle_content\"><p>Helme werden Ihnen zusammen mit Ihrem Fahrrad zur Verf\u00fcgung gestellt. Sie sind also nicht verpflichtet, Ihre eigenen zu nehmen.<\/p>\n<\/div><\/div><div class=\"et_pb_accordion_item_5 et_pb_accordion_item et_pb_toggle et_pb_module et_pb_toggle_close et_block_module preset--module--divi-accordion-item--default\"><h5 class=\"et_pb_toggle_title\">Ist der Golfplatz f\u00fcr Anf\u00e4nger geeignet?<\/h5><div class=\"et_pb_toggle_content\"><p>Ja, die Fahrr\u00e4der haben eine Unterst\u00fctzung, die es Anf\u00e4ngern erm\u00f6glicht, m\u00fchelos in die Pedale zu treten. Sie m\u00fcssen jedoch Rad fahren k\u00f6nnen.<\/p>\n<\/div><\/div><div class=\"et_pb_accordion_item_6 et_pb_accordion_item et_pb_toggle et_pb_module et_pb_toggle_close et_block_module preset--module--divi-accordion-item--default\"><h5 class=\"et_pb_toggle_title\">Wie lange werde ich auf meinem Fahrrad sitzen?<\/h5><div class=\"et_pb_toggle_content\"><p>Die schwarze Route (die l\u00e4ngste) umfasst 2 Stunden Radfahren ohne Zwischenstopps.<\/p>\n<\/div><\/div><div class=\"et_pb_accordion_item_7 et_pb_accordion_item et_pb_toggle et_pb_module et_pb_toggle_close et_block_module preset--module--divi-accordion-item--default\"><h5 class=\"et_pb_toggle_title\">Ist es m\u00f6glich, die Fahrr\u00e4der zu mieten, ohne ein Picknick oder eine Mahlzeit mitzunehmen?<\/h5><div class=\"et_pb_toggle_content\"><p>Nein, ein Picknick oder eine Mahlzeit in einer unserer H\u00fctten ist obligatorisch.<\/p>\n<\/div><\/div><div class=\"et_pb_accordion_item_8 et_pb_accordion_item et_pb_toggle et_pb_module et_pb_toggle_close et_block_module preset--module--divi-accordion-item--default\"><h5 class=\"et_pb_toggle_title\">Welche Bedingungen herrschen auf den befahrenen Stra\u00dfen?<\/h5><div class=\"et_pb_toggle_content\"><p>Der gr\u00f6\u00dfte Teil der Strecke verl\u00e4uft \u00fcber Stra\u00dfen, auf denen Verkehrsregeln gelten.<\/p>\n<p>Bitte beachten Sie, dass Autos auf der gleichen Stra\u00dfe wie Sie fahren werden.<\/p>\n<\/div><\/div><\/div><div class=\"dipi_reveal_0 dipi_reveal et_pb_module preset--module--dipi-reveal--default\"><div\n                class=\"dipi-reveal\"\n                data-config=\"{&quot;container_selector&quot;:&quot;&quot;,&quot;default_show_status&quot;:&quot;collapsed&quot;,&quot;order_number&quot;:0,&quot;use_overlay&quot;:&quot;on&quot;,&quot;show_less_button_text&quot;:&quot;Weniger anzeigen&quot;,&quot;show_more_button_text&quot;:&quot;Siehe mehr&quot;,&quot;less_container_height&quot;:&quot;35vh&quot;,&quot;less_container_height_tablet&quot;:&quot;40vh&quot;,&quot;less_container_height_phone&quot;:&quot;70vh&quot;,&quot;overlay_as&quot;:&quot;css&quot;,&quot;append_to&quot;:&quot;element&quot;}\"\n\t\t\t\tdata-less-icon=\"5\"\n                data-less-icon-tablet=\"5\"\n                data-less-icon-phone=\"5\"\n                data-more-icon=\"5\"\n                data-more-icon-tablet=\"5\"\n                data-more-icon-phone=\"5\"\n            >\n                <a class=\"et_pb_button dipi-more-button dipi-reveal-button\" href=\"#none\">Siehe mehr<\/a>\n            <\/div><\/div><\/div><\/div><\/div><div class=\"et_pb_section_2 et_pb_section et_section_regular et_block_section et_pb_section_parallax\"><span class=\"et-pb-parallax-wrapper\"><span class=\"et-pb-parallax-background et-pb-parallax-background--css et-pb-parallax-background-module--divi-section-2\" style=\"background-image:url(https:\/\/celliers.ch\/wp-content\/uploads\/2024\/01\/header-oenoparc-1.jpg)\"><\/span><span class=\"et_parallax_gradient et_pb_parallax_css\" style=\"background-image:linear-gradient(180deg, rgba(255,255,255,0.79) 0%,rgba(255,255,255,0.8) 100%)\"><\/span><\/span><div class=\"et_pb_row_9 et_pb_row et_block_row\"><div class=\"et_pb_column_13 et_pb_column et_pb_column_4_4 et-last-child et_block_column et_pb_css_mix_blend_mode_passthrough\"><div class=\"et_pb_text_24 et_pb_text et_pb_bg_layout_light et_pb_module et_flex_module preset--module--divi-text--bf60d947-3f90-4402-8aff-3b2baae28d03\"><div class=\"et_pb_text_inner\"><p>Laissez-vous inspirer<\/p>\n<\/div><\/div><div class=\"et_pb_text_25 et_pb_text et_pb_bg_layout_light et_pb_module et_flex_module\"><div class=\"et_pb_text_inner\"><h2>D\u00e9couvrez nos autres activit\u00e9s\u00a0<\/h2>\n<\/div><\/div><div class=\"dipi_blog_slider_0 dipi_blog_slider et_pb_bg_layout_light et_pb_module preset--module--dipi-blog-slider--804936f9-9987-4eb7-ba79-c3d981b25ccf\">\n\t\t    <div class=\"dipi-blog-slider-main preloading\" data-columnsphone=\"4\"\n\t\t    data-columnstablet=\"4\"\n\t\t    data-columnsdesktop=\"4\"\n\t\t    data-spacebetween=\"50\"\n\t\t    data-loop=\"off\"\n\t\t    data-speed=\"500|500|500\"\n\t\t    data-navigation=\"on\"\n\t\t    data-pagination=\"on\"\n\t\t    data-autoplay=\"off\"\n\t\t    data-autoplayspeed=\"5000\"\n\t\t    data-pauseonhover=\"on\"\n\t\t    data-effect=\"slide\"\n\t\t    data-rotate=\"50\"\n\t\t    data-dynamicbullets=\"on\"\n\t\t    data-ordernumber=\"0\"\n\t\t    data-centered=\"off\"\n\t\t    data-spacebetween_tablet=\"50\"\n\t\t    data-spacebetween_phone=\"50\"\n\t\t    data-shadow=\"true\"\n\t\t    data-breakpoints=\"{&quot;768&quot;:{&quot;columns&quot;:&quot;4&quot;,&quot;spaceBetween&quot;:&quot;50&quot;},&quot;981&quot;:{&quot;columns&quot;:&quot;4&quot;,&quot;spaceBetween&quot;:&quot;50&quot;}}\"\n\t\t    data-baseconfig=\"{&quot;columns&quot;:&quot;4&quot;,&quot;spaceBetween&quot;:&quot;50&quot;}\"\n            data-originalslidecount=&quot;10&quot; data-initialslide=&quot;0&quot;\n            data-navigation_t=\"off\"\n            data-navigation_m=\"off\"\n            data-pagination_t=\"off\"\n            data-pagination_m=\"off\">\n\t\t        <div class=\"swiper-container\">\n\t\t            <div class=\"dipi-blog-slider-wrapper\">\n\t\t                <div class=\"dipi-blog-post clearfix\">\n<div class=\"dipi-entry-featured-image-url dipi-none\">\n\n\t\t<a class=\"dipi-blog-post-overlay-link\" href=\"https:\/\/celliers.ch\/de\/aktivitaten\/freie-verkostung\/\" target=\"\"><\/a>\n\t\n    <div class=\"dipi-blog-post-overlay\">\n        <div class=\"dipi-author\">\n        <span class=\"author vcard\">By <img decoding=\"async\" src=\" https:\/\/secure.gravatar.com\/avatar\/2ac5bf83a461c34e68c1680f98ec91de3a10c099af0a5d22c12696f1f632691f?s=96&#038;d=mm&#038;r=g\" \/> <a href=\"https:\/\/celliers.ch\/de\/author\/agnes\/\" title=\"Beitr\u00e4ge von agnes\" rel=\"author\">agnes<\/a><\/span>\n    <\/div>    <\/div>\n\n    <img\n                decoding=\"async\"\n                loading=\"lazy\"\n                class=\"wp-post-image\"\n                src=\"https:\/\/celliers.ch\/wp-content\/uploads\/2024\/04\/degustation-libre.jpg\"\n                alt=\"Freie Weinprobe Celliers de Sion\"\n                srcset=\"https:\/\/celliers.ch\/wp-content\/uploads\/2024\/04\/degustation-libre-400x284.jpg 768w, https:\/\/celliers.ch\/wp-content\/uploads\/2024\/04\/degustation-libre-400x284.jpg 980w, https:\/\/celliers.ch\/wp-content\/uploads\/2024\/04\/degustation-libre-400x284.jpg 1024w\"\n                sizes=\"(max-width: 768px) 768px, (max-width: 980px) 980px, 1024px\"\n            \/>\n            \n<\/div><div class=\"dipi-date\">\n        \n        <span class=\"dipi-month\">M\u00e4rz<\/span>\n        <span class=\"dipi-day\">21<\/span>\n        <span class=\"dipi-year\">2024<\/span>\n    \n    <\/div><div class=\"dipi-post-content\">\n    <div class=\"dipi-categories\">\n            <\/div>\n    <h2 class=\"dipi-entry-title\">\n        <a href=\"https:\/\/celliers.ch\/de\/aktivitaten\/freie-verkostung\/\" target=\"\">\n            Freie Verkostung        <\/a>\n    <\/h2>    <div class=\"dipi-post-text\">\n<p>Eine eigenst\u00e4ndige Weinprobe mit einer Auswahl von 16 Weinen<\/p>\n<\/div>\n    <\/div><!-- dipi-post-content --><\/div><!-- dipi-blog-post -->\n<div class=\"dipi-blog-post clearfix\">\n<div class=\"dipi-entry-featured-image-url dipi-none\">\n\n\t\t<a class=\"dipi-blog-post-overlay-link\" href=\"https:\/\/celliers.ch\/de\/aktivitaten\/visite-evolene\/\" target=\"\"><\/a>\n\t\n    <div class=\"dipi-blog-post-overlay\">\n        <div class=\"dipi-author\">\n        <span class=\"author vcard\">By <img decoding=\"async\" src=\" https:\/\/secure.gravatar.com\/avatar\/2ac5bf83a461c34e68c1680f98ec91de3a10c099af0a5d22c12696f1f632691f?s=96&#038;d=mm&#038;r=g\" \/> <a href=\"https:\/\/celliers.ch\/de\/author\/agnes\/\" title=\"Beitr\u00e4ge von agnes\" rel=\"author\">agnes<\/a><\/span>\n    <\/div>    <\/div>\n\n    <img\n                decoding=\"async\"\n                loading=\"lazy\"\n                class=\"wp-post-image\"\n                src=\"https:\/\/celliers.ch\/wp-content\/uploads\/2025\/07\/visite-gourmande-a-Evolene.jpg\"\n                alt=\"Gourmet-Tour in Evol\u00e8ne\"\n                srcset=\"https:\/\/celliers.ch\/wp-content\/uploads\/2025\/07\/visite-gourmande-a-Evolene-400x284.jpg 768w, https:\/\/celliers.ch\/wp-content\/uploads\/2025\/07\/visite-gourmande-a-Evolene-400x284.jpg 980w, https:\/\/celliers.ch\/wp-content\/uploads\/2025\/07\/visite-gourmande-a-Evolene-400x284.jpg 1024w\"\n                sizes=\"(max-width: 768px) 768px, (max-width: 980px) 980px, 1024px\"\n            \/>\n            \n<\/div><div class=\"dipi-date\">\n        \n        <span class=\"dipi-month\">Juli<\/span>\n        <span class=\"dipi-day\">22<\/span>\n        <span class=\"dipi-year\">2025<\/span>\n    \n    <\/div><div class=\"dipi-post-content\">\n    <div class=\"dipi-categories\">\n            <\/div>\n    <h2 class=\"dipi-entry-title\">\n        <a href=\"https:\/\/celliers.ch\/de\/aktivitaten\/visite-evolene\/\" target=\"\">\n            Gourmet-Tour in Evol\u00e8ne        <\/a>\n    <\/h2>    <div class=\"dipi-post-text\">\n<p>Verkosten Sie unsere Weine in einem traditionellen Alpendorf<\/p>\n<\/div>\n    <\/div><!-- dipi-post-content --><\/div><!-- dipi-blog-post -->\n<div class=\"dipi-blog-post clearfix\">\n<div class=\"dipi-entry-featured-image-url dipi-none\">\n\n\t\t<a class=\"dipi-blog-post-overlay-link\" href=\"https:\/\/celliers.ch\/de\/aktivitaten\/entdeckungsreise\/\" target=\"\"><\/a>\n\t\n    <div class=\"dipi-blog-post-overlay\">\n        <div class=\"dipi-author\">\n        <span class=\"author vcard\">By <img decoding=\"async\" src=\" https:\/\/secure.gravatar.com\/avatar\/2ac5bf83a461c34e68c1680f98ec91de3a10c099af0a5d22c12696f1f632691f?s=96&#038;d=mm&#038;r=g\" \/> <a href=\"https:\/\/celliers.ch\/de\/author\/agnes\/\" title=\"Beitr\u00e4ge von agnes\" rel=\"author\">agnes<\/a><\/span>\n    <\/div>    <\/div>\n\n    <img\n                decoding=\"async\"\n                loading=\"lazy\"\n                class=\"wp-post-image\"\n                src=\"https:\/\/celliers.ch\/wp-content\/uploads\/2024\/04\/parcours-decouverte.jpg\"\n                alt=\"Entdeckungsreise Celliers de Sion\"\n                srcset=\"https:\/\/celliers.ch\/wp-content\/uploads\/2024\/04\/parcours-decouverte-400x284.jpg 768w, https:\/\/celliers.ch\/wp-content\/uploads\/2024\/04\/parcours-decouverte-400x284.jpg 980w, https:\/\/celliers.ch\/wp-content\/uploads\/2024\/04\/parcours-decouverte-400x284.jpg 1024w\"\n                sizes=\"(max-width: 768px) 768px, (max-width: 980px) 980px, 1024px\"\n            \/>\n            \n<\/div><div class=\"dipi-date\">\n        \n        <span class=\"dipi-month\">M\u00e4rz<\/span>\n        <span class=\"dipi-day\">21<\/span>\n        <span class=\"dipi-year\">2024<\/span>\n    \n    <\/div><div class=\"dipi-post-content\">\n    <div class=\"dipi-categories\">\n            <\/div>\n    <h2 class=\"dipi-entry-title\">\n        <a href=\"https:\/\/celliers.ch\/de\/aktivitaten\/entdeckungsreise\/\" target=\"\">\n            Entdeckungsreise        <\/a>\n    <\/h2>    <div class=\"dipi-post-text\">\n<p>Eine F\u00fchrung, eine Verkostung. Das Wesentliche, einfach.<\/p>\n<\/div>\n    <\/div><!-- dipi-post-content --><\/div><!-- dipi-blog-post -->\n<div class=\"dipi-blog-post clearfix\">\n<div class=\"dipi-entry-featured-image-url dipi-none\">\n\n\t\t<a class=\"dipi-blog-post-overlay-link\" href=\"https:\/\/celliers.ch\/de\/aktivitaten\/erste-schritte-im-weinuniversum\/\" target=\"\"><\/a>\n\t\n    <div class=\"dipi-blog-post-overlay\">\n        <div class=\"dipi-author\">\n        <span class=\"author vcard\">By <img decoding=\"async\" src=\" https:\/\/secure.gravatar.com\/avatar\/2ac5bf83a461c34e68c1680f98ec91de3a10c099af0a5d22c12696f1f632691f?s=96&#038;d=mm&#038;r=g\" \/> <a href=\"https:\/\/celliers.ch\/de\/author\/agnes\/\" title=\"Beitr\u00e4ge von agnes\" rel=\"author\">agnes<\/a><\/span>\n    <\/div>    <\/div>\n\n    <img\n                decoding=\"async\"\n                loading=\"lazy\"\n                class=\"wp-post-image\"\n                src=\"https:\/\/celliers.ch\/wp-content\/uploads\/2024\/04\/premiers-pas-dans-lunivers-du-vin.jpg\"\n                alt=\"Erste Schritte in der Welt des Weins Celliers de Sion\"\n                srcset=\"https:\/\/celliers.ch\/wp-content\/uploads\/2024\/04\/premiers-pas-dans-lunivers-du-vin-400x284.jpg 768w, https:\/\/celliers.ch\/wp-content\/uploads\/2024\/04\/premiers-pas-dans-lunivers-du-vin-400x284.jpg 980w, https:\/\/celliers.ch\/wp-content\/uploads\/2024\/04\/premiers-pas-dans-lunivers-du-vin-400x284.jpg 1024w\"\n                sizes=\"(max-width: 768px) 768px, (max-width: 980px) 980px, 1024px\"\n            \/>\n            \n<\/div><div class=\"dipi-date\">\n        \n        <span class=\"dipi-month\">M\u00e4rz<\/span>\n        <span class=\"dipi-day\">21<\/span>\n        <span class=\"dipi-year\">2024<\/span>\n    \n    <\/div><div class=\"dipi-post-content\">\n    <div class=\"dipi-categories\">\n            <\/div>\n    <h2 class=\"dipi-entry-title\">\n        <a href=\"https:\/\/celliers.ch\/de\/aktivitaten\/erste-schritte-im-weinuniversum\/\" target=\"\">\n            Erste Schritte in der Welt des Weins        <\/a>\n    <\/h2>    <div class=\"dipi-post-text\">\n<p>Eine Weinprobe f\u00fcr Anf\u00e4nger und Neugierige, die Wein entdecken m\u00f6chten.<\/p>\n<\/div>\n    <\/div><!-- dipi-post-content --><\/div><!-- dipi-blog-post -->\n<div class=\"dipi-blog-post clearfix\">\n<div class=\"dipi-entry-featured-image-url dipi-none\">\n\n\t\t<a class=\"dipi-blog-post-overlay-link\" href=\"https:\/\/celliers.ch\/de\/aktivitaten\/verkostungsworkshops\/\" target=\"\"><\/a>\n\t\n    <div class=\"dipi-blog-post-overlay\">\n        <div class=\"dipi-author\">\n        <span class=\"author vcard\">By <img decoding=\"async\" src=\" https:\/\/secure.gravatar.com\/avatar\/2ac5bf83a461c34e68c1680f98ec91de3a10c099af0a5d22c12696f1f632691f?s=96&#038;d=mm&#038;r=g\" \/> <a href=\"https:\/\/celliers.ch\/de\/author\/agnes\/\" title=\"Beitr\u00e4ge von agnes\" rel=\"author\">agnes<\/a><\/span>\n    <\/div>    <\/div>\n\n    <img\n                decoding=\"async\"\n                loading=\"lazy\"\n                class=\"wp-post-image\"\n                src=\"https:\/\/celliers.ch\/wp-content\/uploads\/2024\/04\/atelier-degustation-header.jpg\"\n                alt=\"Gruppenverkostung bei Les Celliers de Sion\"\n                srcset=\"https:\/\/celliers.ch\/wp-content\/uploads\/2024\/04\/atelier-degustation-header-400x284.jpg 768w, https:\/\/celliers.ch\/wp-content\/uploads\/2024\/04\/atelier-degustation-header-400x284.jpg 980w, https:\/\/celliers.ch\/wp-content\/uploads\/2024\/04\/atelier-degustation-header-400x284.jpg 1024w\"\n                sizes=\"(max-width: 768px) 768px, (max-width: 980px) 980px, 1024px\"\n            \/>\n            \n<\/div><div class=\"dipi-date\">\n        \n        <span class=\"dipi-month\">M\u00e4rz<\/span>\n        <span class=\"dipi-day\">21<\/span>\n        <span class=\"dipi-year\">2024<\/span>\n    \n    <\/div><div class=\"dipi-post-content\">\n    <div class=\"dipi-categories\">\n            <\/div>\n    <h2 class=\"dipi-entry-title\">\n        <a href=\"https:\/\/celliers.ch\/de\/aktivitaten\/verkostungsworkshops\/\" target=\"\">\n            Workshop Verkostung        <\/a>\n    <\/h2>    <div class=\"dipi-post-text\">\n<p>F\u00fcr einen gemeinsamen Moment mit Kollegen oder Freunden<\/p>\n<\/div>\n    <\/div><!-- dipi-post-content --><\/div><!-- dipi-blog-post -->\n<div class=\"dipi-blog-post clearfix\">\n<div class=\"dipi-entry-featured-image-url dipi-none\">\n\n\t\t<a class=\"dipi-blog-post-overlay-link\" href=\"https:\/\/celliers.ch\/de\/aktivitaten\/polysensorische-verkostung\/\" target=\"\"><\/a>\n\t\n    <div class=\"dipi-blog-post-overlay\">\n        <div class=\"dipi-author\">\n        <span class=\"author vcard\">By <img decoding=\"async\" src=\" https:\/\/secure.gravatar.com\/avatar\/2ac5bf83a461c34e68c1680f98ec91de3a10c099af0a5d22c12696f1f632691f?s=96&#038;d=mm&#038;r=g\" \/> <a href=\"https:\/\/celliers.ch\/de\/author\/agnes\/\" title=\"Beitr\u00e4ge von agnes\" rel=\"author\">agnes<\/a><\/span>\n    <\/div>    <\/div>\n\n    <img\n                decoding=\"async\"\n                loading=\"lazy\"\n                class=\"wp-post-image\"\n                src=\"https:\/\/celliers.ch\/wp-content\/uploads\/2024\/04\/degustation-polysensorielle.jpg\"\n                alt=\"Mit den Sinnen genie\u00dfen im Wallis\"\n                srcset=\"https:\/\/celliers.ch\/wp-content\/uploads\/2024\/04\/degustation-polysensorielle-400x284.jpg 768w, https:\/\/celliers.ch\/wp-content\/uploads\/2024\/04\/degustation-polysensorielle-400x284.jpg 980w, https:\/\/celliers.ch\/wp-content\/uploads\/2024\/04\/degustation-polysensorielle-400x284.jpg 1024w\"\n                sizes=\"(max-width: 768px) 768px, (max-width: 980px) 980px, 1024px\"\n            \/>\n            \n<\/div><div class=\"dipi-date\">\n        \n        <span class=\"dipi-month\">M\u00e4rz<\/span>\n        <span class=\"dipi-day\">21<\/span>\n        <span class=\"dipi-year\">2024<\/span>\n    \n    <\/div><div class=\"dipi-post-content\">\n    <div class=\"dipi-categories\">\n            <\/div>\n    <h2 class=\"dipi-entry-title\">\n        <a href=\"https:\/\/celliers.ch\/de\/aktivitaten\/polysensorische-verkostung\/\" target=\"\">\n            Polysensorische Verkostung        <\/a>\n    <\/h2>    <div class=\"dipi-post-text\">\n<p>Wein anders genie\u00dfen. Schlie\u00dfen Sie die Augen und lassen Sie sich f\u00fchren.<\/p>\n<\/div>\n    <\/div><!-- dipi-post-content --><\/div><!-- dipi-blog-post -->\n<div class=\"dipi-blog-post clearfix\">\n<div class=\"dipi-entry-featured-image-url dipi-none\">\n\n\t\t<a class=\"dipi-blog-post-overlay-link\" href=\"https:\/\/celliers.ch\/de\/aktivitaten\/rebhauschen-tour\/\" target=\"\"><\/a>\n\t\n    <div class=\"dipi-blog-post-overlay\">\n        <div class=\"dipi-author\">\n        <span class=\"author vcard\">By <img decoding=\"async\" src=\" https:\/\/secure.gravatar.com\/avatar\/2ac5bf83a461c34e68c1680f98ec91de3a10c099af0a5d22c12696f1f632691f?s=96&#038;d=mm&#038;r=g\" \/> <a href=\"https:\/\/celliers.ch\/de\/author\/agnes\/\" title=\"Beitr\u00e4ge von agnes\" rel=\"author\">agnes<\/a><\/span>\n    <\/div>    <\/div>\n\n    <img\n                decoding=\"async\"\n                loading=\"lazy\"\n                class=\"wp-post-image\"\n                src=\"https:\/\/celliers.ch\/wp-content\/uploads\/2024\/03\/tour-des-guerites.jpg\"\n                alt=\"Turm der Wacht\u00fcrme Celliers de Sion\"\n                srcset=\"https:\/\/celliers.ch\/wp-content\/uploads\/2024\/03\/tour-des-guerites-400x284.jpg 768w, https:\/\/celliers.ch\/wp-content\/uploads\/2024\/03\/tour-des-guerites-400x284.jpg 980w, https:\/\/celliers.ch\/wp-content\/uploads\/2024\/03\/tour-des-guerites-400x284.jpg 1024w\"\n                sizes=\"(max-width: 768px) 768px, (max-width: 980px) 980px, 1024px\"\n            \/>\n            \n<\/div><div class=\"dipi-date\">\n        \n        <span class=\"dipi-month\">M\u00e4rz<\/span>\n        <span class=\"dipi-day\">21<\/span>\n        <span class=\"dipi-year\">2024<\/span>\n    \n    <\/div><div class=\"dipi-post-content\">\n    <div class=\"dipi-categories\">\n            <\/div>\n    <h2 class=\"dipi-entry-title\">\n        <a href=\"https:\/\/celliers.ch\/de\/aktivitaten\/rebhauschen-tour\/\" target=\"\">\n            Die Rebh\u00e4uschen-Tour        <\/a>\n    <\/h2>    <div class=\"dipi-post-text\">\n<p>Gef\u00fchrter Rundgang zur Entdeckung unserer Weinberge<\/p>\n<\/div>\n    <\/div><!-- dipi-post-content --><\/div><!-- dipi-blog-post -->\n<div class=\"dipi-blog-post clearfix\">\n<div class=\"dipi-entry-featured-image-url dipi-none\">\n\n\t\t<a class=\"dipi-blog-post-overlay-link\" href=\"https:\/\/celliers.ch\/de\/aktivitaten\/unterirdische-see-st-leonard\/\" target=\"\"><\/a>\n\t\n    <div class=\"dipi-blog-post-overlay\">\n        <div class=\"dipi-author\">\n        <span class=\"author vcard\">By <img decoding=\"async\" src=\" https:\/\/secure.gravatar.com\/avatar\/2ac5bf83a461c34e68c1680f98ec91de3a10c099af0a5d22c12696f1f632691f?s=96&#038;d=mm&#038;r=g\" \/> <a href=\"https:\/\/celliers.ch\/de\/author\/agnes\/\" title=\"Beitr\u00e4ge von agnes\" rel=\"author\">agnes<\/a><\/span>\n    <\/div>    <\/div>\n\n    <img\n                decoding=\"async\"\n                loading=\"lazy\"\n                class=\"wp-post-image\"\n                src=\"https:\/\/celliers.ch\/wp-content\/uploads\/2024\/04\/Lac-souterrain-header.jpg\"\n                alt=\"Unterirdischer See Saint-L\u00e9onard\"\n                srcset=\"https:\/\/celliers.ch\/wp-content\/uploads\/2024\/04\/Lac-souterrain-header-400x284.jpg 768w, https:\/\/celliers.ch\/wp-content\/uploads\/2024\/04\/Lac-souterrain-header-400x284.jpg 980w, https:\/\/celliers.ch\/wp-content\/uploads\/2024\/04\/Lac-souterrain-header-400x284.jpg 1024w\"\n                sizes=\"(max-width: 768px) 768px, (max-width: 980px) 980px, 1024px\"\n            \/>\n            \n<\/div><div class=\"dipi-date\">\n        \n        <span class=\"dipi-month\">Apr.<\/span>\n        <span class=\"dipi-day\">05<\/span>\n        <span class=\"dipi-year\">2024<\/span>\n    \n    <\/div><div class=\"dipi-post-content\">\n    <div class=\"dipi-categories\">\n            <\/div>\n    <h2 class=\"dipi-entry-title\">\n        <a href=\"https:\/\/celliers.ch\/de\/aktivitaten\/unterirdische-see-st-leonard\/\" target=\"\">\n            Der unterirdische See von St-L\u00e9onard        <\/a>\n    <\/h2>    <div class=\"dipi-post-text\">\n<p>Der gr\u00f6\u00dfte unterirdische See Europas, ein typisches Essen und eine Weinprobe<\/p>\n<\/div>\n    <\/div><!-- dipi-post-content --><\/div><!-- dipi-blog-post -->\n<div class=\"dipi-blog-post clearfix\">\n<div class=\"dipi-entry-featured-image-url dipi-none\">\n\n\t\t<a class=\"dipi-blog-post-overlay-link\" href=\"https:\/\/celliers.ch\/de\/aktivitaten\/les-disparus-de-brulefer\/\" target=\"\"><\/a>\n\t\n    <div class=\"dipi-blog-post-overlay\">\n        <div class=\"dipi-author\">\n        <span class=\"author vcard\">By <img decoding=\"async\" src=\" https:\/\/secure.gravatar.com\/avatar\/2ac5bf83a461c34e68c1680f98ec91de3a10c099af0a5d22c12696f1f632691f?s=96&#038;d=mm&#038;r=g\" \/> <a href=\"https:\/\/celliers.ch\/de\/author\/agnes\/\" title=\"Beitr\u00e4ge von agnes\" rel=\"author\">agnes<\/a><\/span>\n    <\/div>    <\/div>\n\n    <img\n                decoding=\"async\"\n                loading=\"lazy\"\n                class=\"wp-post-image\"\n                src=\"https:\/\/celliers.ch\/wp-content\/uploads\/2025\/07\/les-disparus-de-brulefer-1.jpg\"\n                alt=\"\"\n                srcset=\"https:\/\/celliers.ch\/wp-content\/uploads\/2025\/07\/les-disparus-de-brulefer-1-400x284.jpg 768w, https:\/\/celliers.ch\/wp-content\/uploads\/2025\/07\/les-disparus-de-brulefer-1-400x284.jpg 980w, https:\/\/celliers.ch\/wp-content\/uploads\/2025\/07\/les-disparus-de-brulefer-1-400x284.jpg 1024w\"\n                sizes=\"(max-width: 768px) 768px, (max-width: 980px) 980px, 1024px\"\n            \/>\n            \n<\/div><div class=\"dipi-date\">\n        \n        <span class=\"dipi-month\">Juli<\/span>\n        <span class=\"dipi-day\">15<\/span>\n        <span class=\"dipi-year\">2025<\/span>\n    \n    <\/div><div class=\"dipi-post-content\">\n    <div class=\"dipi-categories\">\n            <\/div>\n    <h2 class=\"dipi-entry-title\">\n        <a href=\"https:\/\/celliers.ch\/de\/aktivitaten\/les-disparus-de-brulefer\/\" target=\"\">\n            Die Vermissten von Br\u00fblefer        <\/a>\n    <\/h2>    <div class=\"dipi-post-text\">\n<p>Eine eindringliche Geschichte im Herzen unseres Weinbergs<\/p>\n<\/div>\n    <\/div><!-- dipi-post-content --><\/div><!-- dipi-blog-post -->\n<div class=\"dipi-blog-post clearfix\">\n<div class=\"dipi-entry-featured-image-url dipi-none\">\n\n\t\t<a class=\"dipi-blog-post-overlay-link\" href=\"https:\/\/celliers.ch\/de\/aktivitaten\/weinberge-mit-dem-fahrrad\/\" target=\"\"><\/a>\n\t\n    <div class=\"dipi-blog-post-overlay\">\n        <div class=\"dipi-author\">\n        <span class=\"author vcard\">By <img decoding=\"async\" src=\" https:\/\/secure.gravatar.com\/avatar\/2ac5bf83a461c34e68c1680f98ec91de3a10c099af0a5d22c12696f1f632691f?s=96&#038;d=mm&#038;r=g\" \/> <a href=\"https:\/\/celliers.ch\/de\/author\/agnes\/\" title=\"Beitr\u00e4ge von agnes\" rel=\"author\">agnes<\/a><\/span>\n    <\/div>    <\/div>\n\n    <img\n                decoding=\"async\"\n                loading=\"lazy\"\n                class=\"wp-post-image\"\n                src=\"https:\/\/celliers.ch\/wp-content\/uploads\/2024\/03\/vignoble-a-velo.jpg\"\n                alt=\"Weinberge mit dem Fahrrad im Wallis\"\n                srcset=\"https:\/\/celliers.ch\/wp-content\/uploads\/2024\/03\/vignoble-a-velo-400x284.jpg 768w, https:\/\/celliers.ch\/wp-content\/uploads\/2024\/03\/vignoble-a-velo-400x284.jpg 980w, https:\/\/celliers.ch\/wp-content\/uploads\/2024\/03\/vignoble-a-velo-400x284.jpg 1024w\"\n                sizes=\"(max-width: 768px) 768px, (max-width: 980px) 980px, 1024px\"\n            \/>\n            \n<\/div><div class=\"dipi-date\">\n        \n        <span class=\"dipi-month\">M\u00e4rz<\/span>\n        <span class=\"dipi-day\">18<\/span>\n        <span class=\"dipi-year\">2024<\/span>\n    \n    <\/div><div class=\"dipi-post-content\">\n    <div class=\"dipi-categories\">\n            <\/div>\n    <h2 class=\"dipi-entry-title\">\n        <a href=\"https:\/\/celliers.ch\/de\/aktivitaten\/weinberge-mit-dem-fahrrad\/\" target=\"\">\n            Weinberge mit dem Fahrrad        <\/a>\n    <\/h2>    <div class=\"dipi-post-text\">\n<p>Elektrische Fahrradtour durch das heroische Weinbaugebiet von Sion<\/p>\n<\/div>\n    <\/div><!-- dipi-post-content --><\/div><!-- dipi-blog-post -->\n\n\t\t            <\/div>\n\t\t        <\/div>\n\t\t        <div class=\"swiper-button-next swiper-arrow-button dipi-sbn0  hide_on_desktop hide_on_tablet hide_on_phone\" data-icon=\"&#x39;\"><\/div>\n\t\t    <div class=\"swiper-button-prev swiper-arrow-button dipi-sbp0  hide_on_desktop hide_on_tablet hide_on_phone\" data-icon=\"&#x38;\"><\/div>\n\t\t        <div class=\"swiper-container-horizontal\">\n\t\t            <div class=\"swiper-pagination dipi-sp0 hide_on_desktop hide_on_tablet hide_on_phone\"><\/div>\n\t\t        <\/div>\n\t\t    <\/div><\/div><\/div><\/div><\/div><div class=\"et_pb_section_3 et_pb_section et_section_regular et_block_section\"><div class=\"et_pb_row_10 et_pb_row et_pb_equal_columns et_block_row\"><div class=\"et_pb_column_14 et_pb_column et_pb_column_2_5 et_block_column et_pb_css_mix_blend_mode_passthrough\"><div class=\"et_pb_image_0 et_pb_image et_pb_module et_flex_module\"><a href=\"https:\/\/shop.celliers.ch\" target=\"_blank\"><span class=\"et_pb_image_wrap\"><img decoding=\"async\" src=\"https:\/\/celliers.ch\/wp-content\/uploads\/2024\/01\/rabais-commande-vins-valais.png\" alt=\"Rabais commande de vins en Valais\" title=\"Rabais commande de vins en Valais\" width=\"800\" height=\"700\" class=\"wp-image-529\" \/><\/span><\/a><\/div><\/div><div class=\"et_pb_column_15 et_pb_column et_pb_column_3_5 et-last-child et_block_column et_pb_css_mix_blend_mode_passthrough\"><div class=\"et_pb_text_26 et_pb_text et_pb_bg_layout_light et_pb_module et_flex_module preset--module--divi-text--bf60d947-3f90-4402-8aff-3b2baae28d03\"><div class=\"et_pb_text_inner\"><p>Combinez et profitez<\/p>\n<\/div><\/div><div class=\"et_pb_text_27 et_pb_text et_pb_bg_layout_light et_pb_module et_flex_module\"><div class=\"et_pb_text_inner\"><h2>15% sur votre commande de vins<\/h2>\n<\/div><\/div><div class=\"et_pb_text_28 et_pb_text et_pb_bg_layout_light et_pb_module et_flex_module\"><div class=\"et_pb_text_inner\"><p>Chaque participation \u00e0 l\u2019une de nos activit\u00e9s oenotouristiques vous donne droit \u00e0 15% de rabais \u00e0 faire valoir sur votre commande de vins le jour de votre visite.<\/p>\n<\/div><\/div><div class=\"et_pb_module et_pb_button_module_wrapper et_pb_button_2_wrapper preset--module--divi-button--default_wrapper\"><a class=\"et_pb_button_2 et_pb_button et_pb_bg_layout_light et_pb_module et_flex_module preset--module--divi-button--default\" href=\"https:\/\/shop.celliers.ch\" target=\"_blank\" data-icon=\"$\">Voir le shop<\/a><\/div><\/div><\/div><\/div><div class=\"et_pb_section_4 et_pb_section et_section_regular et_block_section\"><div class=\"et_pb_row_11 et_pb_row et_pb_row_1-4_3-4 et_block_row et_block_row_1-4_3-4 et_clickable\"><div class=\"et_pb_column_16 et_pb_column et_pb_column_1_4 et_block_column et_pb_css_mix_blend_mode_passthrough\"><div class=\"et_pb_text_29 et_pb_text et_pb_bg_layout_light et_pb_module et_flex_module preset--module--divi-text--bf60d947-3f90-4402-8aff-3b2baae28d03\"><div class=\"et_pb_text_inner\"><p>\u00c0 LIRE<\/p>\n<\/div><\/div><div class=\"et_pb_text_30 et_pb_text et_pb_bg_layout_light et_pb_module et_flex_module grappe\"><div class=\"et_pb_text_inner\"><h2>L'actualit\u00e9 du vin<\/h2>\n<\/div><\/div><div class=\"et_pb_text_31 et_pb_text et_pb_bg_layout_light et_pb_module et_flex_module\"><div class=\"et_pb_text_inner\"><p>D\u00e9couvrez les derni\u00e8res nouvelles des Celliers de Sion. De nos cuv\u00e9es d'exception aux \u00e9v\u00e9nements \u00e0 venir, en passant par notre riche patrimoine et les d\u00e9lices de notre table, restez inform\u00e9s de tout ce qui fait vivre notre domaine au fil des saisons.<\/p>\n<\/div><\/div><div class=\"et_pb_module et_pb_button_module_wrapper et_pb_button_3_wrapper preset--module--divi-button--default_wrapper\"><a class=\"et_pb_button_3 et_pb_button et_pb_bg_layout_light et_pb_module et_flex_module preset--module--divi-button--default\" href=\"\/actualites\/\" data-icon=\"$\">Toutes les actualit\u00e9s<\/a><\/div><\/div><div class=\"et_pb_column_17 et_pb_column et_pb_column_3_4 et-last-child et_block_column et_pb_css_mix_blend_mode_passthrough\"><div class=\"dipi_blog_slider_1 dipi_blog_slider et_pb_bg_layout_light et_pb_module\">\n\t\t    <div class=\"dipi-blog-slider-main preloading\" data-columnsphone=\"1\"\n\t\t    data-columnstablet=\"3\"\n\t\t    data-columnsdesktop=\"3\"\n\t\t    data-spacebetween=\"50\"\n\t\t    data-loop=\"on\"\n\t\t    data-speed=\"500|500|500\"\n\t\t    data-navigation=\"on\"\n\t\t    data-pagination=\"on\"\n\t\t    data-autoplay=\"on\"\n\t\t    data-autoplayspeed=\"4000\"\n\t\t    data-pauseonhover=\"on\"\n\t\t    data-effect=\"slide\"\n\t\t    data-rotate=\"50\"\n\t\t    data-dynamicbullets=\"off\"\n\t\t    data-ordernumber=\"1\"\n\t\t    data-centered=\"off\"\n\t\t    data-spacebetween_tablet=\"50\"\n\t\t    data-spacebetween_phone=\"50\"\n\t\t    data-shadow=\"true\"\n\t\t    data-breakpoints=\"{&quot;768&quot;:{&quot;columns&quot;:&quot;3&quot;,&quot;spaceBetween&quot;:&quot;50&quot;},&quot;981&quot;:{&quot;columns&quot;:&quot;3&quot;,&quot;spaceBetween&quot;:&quot;50&quot;}}\"\n\t\t    data-baseconfig=\"{&quot;columns&quot;:&quot;1&quot;,&quot;spaceBetween&quot;:&quot;50&quot;}\"\n            data-originalslidecount=&quot;7&quot; data-initialslide=&quot;0&quot;\n            data-navigation_t=\"on\"\n            data-navigation_m=\"on\"\n            data-pagination_t=\"off\"\n            data-pagination_m=\"off\">\n\t\t        <div class=\"swiper-container\">\n\t\t            <div class=\"dipi-blog-slider-wrapper\">\n\t\t                <a class=\"dipi-blog-post clearfix category-der-tisch\" target=\"\" href=\"https:\/\/celliers.ch\/de\/actualites\/der-tisch\/pourquoi-decanter-un-vin\/\">\n<div class=\"dipi-entry-featured-image-url dipi-zoomin\">\n\n\t\n    <div class=\"dipi-blog-post-overlay\">\n            <\/div>\n\n    <img\n                decoding=\"async\"\n                loading=\"lazy\"\n                class=\"wp-post-image\"\n                src=\"https:\/\/celliers.ch\/wp-content\/uploads\/2025\/11\/pourquoi-decanter-vin.jpg\"\n                alt=\"Warum muss ein Wein dekantiert werden?\"\n                srcset=\"https:\/\/celliers.ch\/wp-content\/uploads\/2025\/11\/pourquoi-decanter-vin.jpg 768w, https:\/\/celliers.ch\/wp-content\/uploads\/2025\/11\/pourquoi-decanter-vin.jpg 980w, https:\/\/celliers.ch\/wp-content\/uploads\/2025\/11\/pourquoi-decanter-vin.jpg 1024w\"\n                sizes=\"(max-width: 768px) 768px, (max-width: 980px) 980px, 1024px\"\n            \/>\n            \n<\/div><div class=\"dipi-post-content\">\n    <div class=\"dipi-categories\">\n        Der Tisch    <\/div>\n    <h4 class=\"dipi-entry-title\">\n            Warum muss ein Wein dekantiert werden?    <\/h4>        <\/div><!-- dipi-post-content --><\/a><!-- dipi-blog-post -->\n<a class=\"dipi-blog-post clearfix category-die-geschichte\" target=\"\" href=\"https:\/\/celliers.ch\/de\/actualites\/die-geschichte\/origines-du-fendant\/\">\n<div class=\"dipi-entry-featured-image-url dipi-zoomin\">\n\n\t\n    <div class=\"dipi-blog-post-overlay\">\n            <\/div>\n\n    <img\n                decoding=\"async\"\n                loading=\"lazy\"\n                class=\"wp-post-image\"\n                src=\"https:\/\/celliers.ch\/wp-content\/uploads\/2025\/11\/origines-du-fendant-valais.jpg\"\n                alt=\"Die Urspr\u00fcnge des Fendants\"\n                srcset=\"https:\/\/celliers.ch\/wp-content\/uploads\/2025\/11\/origines-du-fendant-valais.jpg 768w, https:\/\/celliers.ch\/wp-content\/uploads\/2025\/11\/origines-du-fendant-valais.jpg 980w, https:\/\/celliers.ch\/wp-content\/uploads\/2025\/11\/origines-du-fendant-valais.jpg 1024w\"\n                sizes=\"(max-width: 768px) 768px, (max-width: 980px) 980px, 1024px\"\n            \/>\n            \n<\/div><div class=\"dipi-post-content\">\n    <div class=\"dipi-categories\">\n        Die Geschichte    <\/div>\n    <h4 class=\"dipi-entry-title\">\n            Die Geheimnisse der Herkunft des Fendants    <\/h4>        <\/div><!-- dipi-post-content --><\/a><!-- dipi-blog-post -->\n<a class=\"dipi-blog-post clearfix category-der-weinkeller\" target=\"\" href=\"https:\/\/celliers.ch\/de\/actualites\/der-weinkeller\/comment-fait-on-vin-rose\/\">\n<div class=\"dipi-entry-featured-image-url dipi-zoomin\">\n\n\t\n    <div class=\"dipi-blog-post-overlay\">\n            <\/div>\n\n    <img\n                decoding=\"async\"\n                loading=\"lazy\"\n                class=\"wp-post-image\"\n                src=\"https:\/\/celliers.ch\/wp-content\/uploads\/2025\/11\/comment-faire-vin-rose.jpg\"\n                alt=\"Wie wird ein Ros\u00e9wein hergestellt?\"\n                srcset=\"https:\/\/celliers.ch\/wp-content\/uploads\/2025\/11\/comment-faire-vin-rose.jpg 768w, https:\/\/celliers.ch\/wp-content\/uploads\/2025\/11\/comment-faire-vin-rose.jpg 980w, https:\/\/celliers.ch\/wp-content\/uploads\/2025\/11\/comment-faire-vin-rose.jpg 1024w\"\n                sizes=\"(max-width: 768px) 768px, (max-width: 980px) 980px, 1024px\"\n            \/>\n            \n<\/div><div class=\"dipi-post-content\">\n    <div class=\"dipi-categories\">\n        Der Weinkeller    <\/div>\n    <h4 class=\"dipi-entry-title\">\n            Wie wird ein Ros\u00e9wein hergestellt?    <\/h4>        <\/div><!-- dipi-post-content --><\/a><!-- dipi-blog-post -->\n<a class=\"dipi-blog-post clearfix category-die-geschichte\" target=\"\" href=\"https:\/\/celliers.ch\/de\/actualites\/die-geschichte\/vins-suisses-meilleurs-aujourdhui\/\">\n<div class=\"dipi-entry-featured-image-url dipi-zoomin\">\n\n\t\n    <div class=\"dipi-blog-post-overlay\">\n            <\/div>\n\n    <img\n                decoding=\"async\"\n                loading=\"lazy\"\n                class=\"wp-post-image\"\n                src=\"https:\/\/celliers.ch\/wp-content\/uploads\/2025\/10\/vins-suisses-meilleurs.jpg\"\n                alt=\"Sind Schweizer Weine heute wirklich besser?\"\n                srcset=\"https:\/\/celliers.ch\/wp-content\/uploads\/2025\/10\/vins-suisses-meilleurs.jpg 768w, https:\/\/celliers.ch\/wp-content\/uploads\/2025\/10\/vins-suisses-meilleurs.jpg 980w, https:\/\/celliers.ch\/wp-content\/uploads\/2025\/10\/vins-suisses-meilleurs.jpg 1024w\"\n                sizes=\"(max-width: 768px) 768px, (max-width: 980px) 980px, 1024px\"\n            \/>\n            \n<\/div><div class=\"dipi-post-content\">\n    <div class=\"dipi-categories\">\n        Die Geschichte    <\/div>\n    <h4 class=\"dipi-entry-title\">\n            Sind Schweizer Weine heute wirklich besser?    <\/h4>        <\/div><!-- dipi-post-content --><\/a><!-- dipi-blog-post -->\n<a class=\"dipi-blog-post clearfix category-der-tisch\" target=\"\" href=\"https:\/\/celliers.ch\/de\/actualites\/der-tisch\/pourquoi-chambrer-un-vin\/\">\n<div class=\"dipi-entry-featured-image-url dipi-zoomin\">\n\n\t\n    <div class=\"dipi-blog-post-overlay\">\n            <\/div>\n\n    <img\n                decoding=\"async\"\n                loading=\"lazy\"\n                class=\"wp-post-image\"\n                src=\"https:\/\/celliers.ch\/wp-content\/uploads\/2025\/01\/pourquoi-chambrer-vin.jpg\"\n                alt=\"Pourquoi dit-on \u00ab chambrer \u00bb un vin ?\"\n                srcset=\"https:\/\/celliers.ch\/wp-content\/uploads\/2025\/01\/pourquoi-chambrer-vin-600x600.jpg 768w, https:\/\/celliers.ch\/wp-content\/uploads\/2025\/01\/pourquoi-chambrer-vin-600x600.jpg 980w, https:\/\/celliers.ch\/wp-content\/uploads\/2025\/01\/pourquoi-chambrer-vin-600x600.jpg 1024w\"\n                sizes=\"(max-width: 768px) 768px, (max-width: 980px) 980px, 1024px\"\n            \/>\n            \n<\/div><div class=\"dipi-post-content\">\n    <div class=\"dipi-categories\">\n        Der Tisch    <\/div>\n    <h4 class=\"dipi-entry-title\">\n            Warum sagt man &#8222;chambrer&#8220; zu einem Wein?    <\/h4>        <\/div><!-- dipi-post-content --><\/a><!-- dipi-blog-post -->\n<a class=\"dipi-blog-post clearfix category-veranstaltungen\" target=\"\" href=\"https:\/\/celliers.ch\/de\/actualites\/veranstaltungen\/student-swiss-wine-award\/\">\n<div class=\"dipi-entry-featured-image-url dipi-zoomin\">\n\n\t\n    <div class=\"dipi-blog-post-overlay\">\n            <\/div>\n\n    <img\n                decoding=\"async\"\n                loading=\"lazy\"\n                class=\"wp-post-image\"\n                src=\"https:\/\/celliers.ch\/wp-content\/uploads\/2024\/09\/Samuel_Devantery_Cellier_SSWA-33.jpg\"\n                alt=\"\"\n                srcset=\"https:\/\/celliers.ch\/wp-content\/uploads\/2024\/09\/Samuel_Devantery_Cellier_SSWA-33.jpg 768w, https:\/\/celliers.ch\/wp-content\/uploads\/2024\/09\/Samuel_Devantery_Cellier_SSWA-33.jpg 980w, https:\/\/celliers.ch\/wp-content\/uploads\/2024\/09\/Samuel_Devantery_Cellier_SSWA-33.jpg 1024w\"\n                sizes=\"(max-width: 768px) 768px, (max-width: 980px) 980px, 1024px\"\n            \/>\n            \n<\/div><div class=\"dipi-post-content\">\n    <div class=\"dipi-categories\">\n        Veranstaltungen    <\/div>\n    <h4 class=\"dipi-entry-title\">\n            Student Swiss Wine Award    <\/h4>        <\/div><!-- dipi-post-content --><\/a><!-- dipi-blog-post -->\n<a class=\"dipi-blog-post clearfix category-der-weinberg\" target=\"\" href=\"https:\/\/celliers.ch\/de\/actualites\/der-weinberg\/cepages-plus-repandus-suisse\/\">\n<div class=\"dipi-entry-featured-image-url dipi-zoomin\">\n\n\t\n    <div class=\"dipi-blog-post-overlay\">\n            <\/div>\n\n    <img\n                decoding=\"async\"\n                loading=\"lazy\"\n                class=\"wp-post-image\"\n                src=\"https:\/\/celliers.ch\/wp-content\/uploads\/2024\/05\/cepages-repandus-suisse.jpg\"\n                alt=\"Welche Rebsorten sind in der Schweiz am weitesten verbreitet?\"\n                srcset=\"https:\/\/celliers.ch\/wp-content\/uploads\/2024\/05\/cepages-repandus-suisse.jpg 768w, https:\/\/celliers.ch\/wp-content\/uploads\/2024\/05\/cepages-repandus-suisse.jpg 980w, https:\/\/celliers.ch\/wp-content\/uploads\/2024\/05\/cepages-repandus-suisse.jpg 1024w\"\n                sizes=\"(max-width: 768px) 768px, (max-width: 980px) 980px, 1024px\"\n            \/>\n            \n<\/div><div class=\"dipi-post-content\">\n    <div class=\"dipi-categories\">\n        Der Weinberg    <\/div>\n    <h4 class=\"dipi-entry-title\">\n            Welche Rebsorten sind in der Schweiz am weitesten verbreitet?    <\/h4>        <\/div><!-- dipi-post-content --><\/a><!-- dipi-blog-post -->\n\n\t\t            <\/div>\n\t\t        <\/div>\n\t\t        <div class=\"swiper-button-next swiper-arrow-button dipi-sbn1  show_on_desktop_flex show_on_tablet_flex show_on_phone_flex\" data-icon=\"9\"><\/div>\n\t\t    <div class=\"swiper-button-prev swiper-arrow-button dipi-sbp1  show_on_desktop_flex show_on_tablet_flex show_on_phone_flex\" data-icon=\"8\"><\/div>\n\t\t        <div class=\"swiper-container-horizontal\">\n\t\t            <div class=\"swiper-pagination dipi-sp1 hide_on_desktop hide_on_tablet hide_on_phone\"><\/div>\n\t\t        <\/div>\n\t\t    <\/div><\/div><\/div><\/div><\/div><div class=\"et_pb_section_5 et_pb_section et_pb_section--fixed et_section_regular et_block_section\" id=\"menu-sticky-mobile\"><div class=\"et_pb_row_12 et_pb_row et_block_row\"><div class=\"et_pb_column_18 et_pb_column et_pb_column_4_4 et-last-child et_block_column et_pb_css_mix_blend_mode_passthrough\"><div class=\"dipi_button_grid_8 dipi_button_grid et_pb_module\"><div class=\"dipi-button-grid-container\">\n        <div class=\"dipi_button_grid_child_14 dipi_button_grid_child dipi-pt-item--Text et_pb_module\"><a class=\"et_pb_button dipi-button-grid dipi-button-wrap\" href=\"#prix\">Prix<\/a><\/div><div class=\"dipi_button_grid_child_15 dipi_button_grid_child dipi-pt-item--Text et_pb_module\"><a class=\"et_pb_button dipi-button-grid dipi-button-wrap\" href=\"#photos\">Photos<\/a><\/div><div class=\"dipi_button_grid_child_16 dipi_button_grid_child dipi-pt-item--Text et_pb_module\"><a class=\"et_pb_button dipi-button-grid dipi-button-wrap\" href=\"#reserver\">R\u00e9server<\/a><\/div><div class=\"dipi_button_grid_child_17 dipi_button_grid_child dipi-pt-item--Text et_pb_module\"><a class=\"et_pb_button dipi-button-grid dipi-button-wrap\" href=\"#faq\">FAQ<\/a><\/div>\n      <\/div><\/div><\/div><\/div><\/div>\n","protected":false},"excerpt":{"rendered":"<p>Elektrische Fahrradtour durch das heroische Weinbaugebiet von Sion<\/p>\n","protected":false},"author":2,"featured_media":23945542,"parent":23946362,"menu_order":0,"comment_status":"closed","ping_status":"closed","template":"","meta":{"_acf_changed":false,"footnotes":""},"dipi_cpt_category":[39,34,38],"class_list":["post-23946157","page","type-page","status-publish","has-post-thumbnail","hentry","dipi_cpt_category-10-personen-de","dipi_cpt_category-10-personen","dipi_cpt_category-outdoor-de"],"acf":[],"_links":{"self":[{"href":"https:\/\/celliers.ch\/de\/wp-json\/wp\/v2\/pages\/23946157","targetHints":{"allow":["GET"]}}],"collection":[{"href":"https:\/\/celliers.ch\/de\/wp-json\/wp\/v2\/pages"}],"about":[{"href":"https:\/\/celliers.ch\/de\/wp-json\/wp\/v2\/types\/page"}],"author":[{"embeddable":true,"href":"https:\/\/celliers.ch\/de\/wp-json\/wp\/v2\/users\/2"}],"replies":[{"embeddable":true,"href":"https:\/\/celliers.ch\/de\/wp-json\/wp\/v2\/comments?post=23946157"}],"version-history":[{"count":51,"href":"https:\/\/celliers.ch\/de\/wp-json\/wp\/v2\/pages\/23946157\/revisions"}],"predecessor-version":[{"id":23954085,"href":"https:\/\/celliers.ch\/de\/wp-json\/wp\/v2\/pages\/23946157\/revisions\/23954085"}],"up":[{"embeddable":true,"href":"https:\/\/celliers.ch\/de\/wp-json\/wp\/v2\/pages\/23946362"}],"wp:featuredmedia":[{"embeddable":true,"href":"https:\/\/celliers.ch\/de\/wp-json\/wp\/v2\/media\/23945542"}],"wp:attachment":[{"href":"https:\/\/celliers.ch\/de\/wp-json\/wp\/v2\/media?parent=23946157"}],"wp:term":[{"taxonomy":"dipi_cpt_category","embeddable":true,"href":"https:\/\/celliers.ch\/de\/wp-json\/wp\/v2\/dipi_cpt_category?post=23946157"}],"curies":[{"name":"wp","href":"https:\/\/api.w.org\/{rel}","templated":true}]}}