{"id":23951646,"date":"2025-07-15T14:35:37","date_gmt":"2025-07-15T12:35:37","guid":{"rendered":"https:\/\/celliers.ch\/aktivitaten\/les-disparus-de-brulefer\/"},"modified":"2026-08-18T11:31:43","modified_gmt":"2026-08-18T09:31:43","slug":"les-disparus-de-brulefer","status":"publish","type":"page","link":"https:\/\/celliers.ch\/de\/aktivitaten\/les-disparus-de-brulefer\/","title":{"rendered":"Die Vermissten von Br\u00fblefer"},"content":{"rendered":"\n<div class=\"et_pb_section_0 et_pb_section et_section_regular et_block_section\"><div class=\"et_pb_row_0 et_pb_row et_block_row\"><div class=\"et_pb_column_0 et_pb_column et_pb_column_4_4 et-last-child et_block_column et_pb_css_mix_blend_mode_passthrough\"><div class=\"dipi_breadcrumbs_0 dipi_breadcrumbs et_pb_bg_layout_light et_pb_module preset--module--dipi-breadcrumbs--default\"><div class=\"dipi-breadcrumbs dipi-bc-center\">\n                <ul itemscope itemtype=https:\/\/schema.org\/BreadcrumbList>\n                    \n                                                <li itemprop=itemListElement itemscope itemtype=https:\/\/schema.org\/ListItem class=\"dipi-breadcrumb-item dipi-breadcrumb-home\">\n\n                                            <a itemprop=item href=\"https:\/\/celliers.ch\/de\/\">\n                            <span itemprop=name content=\"Home\">\n                                                                Les Celliers de Sion                            <\/span>\n                        <\/a>\n\n                                        <meta itemprop=\"position\" content=\"1\"\/>                <\/li>\n\n                <li class=\"dipi-breadcrumb-separator\">\n                    <span class=\"et-pb-icon dipi-separator-icon\">5<\/span>\n                <\/li>                        \n                <\/ul>\n            <\/div><\/div><\/div><\/div><\/div><div class=\"et_pb_section_1 et_pb_section et_section_regular et_block_section\"><div class=\"et_pb_row_1 et_pb_row et_block_row\"><div class=\"et_pb_column_1 et_pb_column et_pb_column_1_2 et_block_column et_pb_css_mix_blend_mode_passthrough\" id=\"prix\"><div class=\"et_pb_text_0 et_pb_text et_pb_bg_layout_light et_pb_module et_block_module\"><div class=\"et_pb_text_inner\"><h2>Eine immersive Geschichte unter freiem Himmel<\/h2>\n<\/div><\/div><div class=\"dipi_button_grid_0 dipi_button_grid et_pb_module\"><div class=\"dipi-button-grid-container\">\n        <div class=\"dipi_button_grid_child_0 dipi_button_grid_child dipi-pt-item--Text et_pb_module\"><div class=\"dipi-text-grid dipi-text-wrap\">CHF 35.- \/ Person<\/div><\/div>\n      <\/div><\/div><div class=\"et_pb_text_1 et_pb_text et_pb_bg_layout_light et_pb_module et_block_module\"><div class=\"et_pb_text_inner\"><p>Erleben Sie ein spannendes Abenteuer im Herzen des heroischen Weinbergs und versuchen Sie, ein vergessenes R\u00e4tsel aus den 1920er Jahren zu l\u00f6sen.<br \/>Auf den Spuren von Lord Blackwood, Dr. M\u00fcller und Rosa Bianchi begeben Sie sich selbst\u00e4ndig auf einen Pfad zwischen Weinbergen und Suonen, auf der Suche nach Hinweisen, die in der Landschaft versteckt sind - alte Texte, Installationen zum Anfassen, Bruchst\u00fccke der Wahrheit.<\/p>\n<p>Ein einzigartiges Erlebnis, bei dem sich Mysterium, Wein und Kulturerbe kreuzen.<\/p>\n<\/div><\/div><div class=\"et_pb_module et_pb_button_module_wrapper et_pb_button_0_wrapper preset--module--divi-button--default_wrapper\"><a class=\"et_pb_button_0 et_pb_button et_pb_bg_layout_light et_pb_module et_block_module preset--module--divi-button--default\" href=\"#faq\" data-icon=\"$\">H\u00e4ufig gestellte Fragen<\/a><\/div><div class=\"et_pb_module et_pb_button_module_wrapper et_pb_button_1_wrapper preset--module--divi-button--default_wrapper\"><a class=\"et_pb_button_1 et_pb_button et_pb_bg_layout_light et_pb_module et_block_module preset--module--divi-button--default\" href=\"#reserver\" data-icon=\"$\">Reservierung<\/a><\/div><div class=\"et_pb_divider_0 et_pb_divider et_pb_space et_pb_divider_position_center et_pb_module\"><div class=\"et_pb_divider_internal\"><\/div><\/div><div class=\"et_pb_code_0 et_pb_code et_pb_module\"><div class=\"et_pb_code_inner\"><div class=\"details-activites\">\n  <div class=\"dates\">\n  April bis Oktober 7\/7\n  <\/div>\n    <div class=\"heures\">\n  Abfahrt von 10.30 bis 15.00 Uhr\n  <\/div>\n      <div class=\"duree\">\n  ~ 2 Stunden Wanderung\n  <\/div>\n<\/div><\/div><\/div><div class=\"et_pb_divider_1 et_pb_divider et_pb_space et_pb_divider_position_center et_pb_module\"><div class=\"et_pb_divider_internal\"><\/div><\/div><div class=\"et_pb_toggle_0 et_pb_toggle et_pb_toggle_item et_pb_toggle_close et_pb_module et_block_module preset--module--divi-toggle--1c74d65d-67ad-4939-88ff-db87b79a67c5\"><h5 class=\"et_pb_toggle_title\">Sie sind mehr als 10 Personen<\/h5><div class=\"et_pb_toggle_content clearfix\"><p>Die Aktivit\u00e4t <strong><a href=\"https:\/\/celliers.ch\/de\/aktivitaten\/rebhauschen-tour\/\">Wachturm-Tour<\/a><\/strong> ist am besten f\u00fcr eine Gruppe ab 10 Personen geeignet.<\/p>\n<p>Wenn Sie Fragen haben, wenden Sie sich bitte an uns unter <a href=\"tel:+41272056523\">027 205 65 23<\/a>.<\/p>\n<\/div><\/div><\/div><div class=\"et_pb_column_2 et_pb_column et_pb_column_1_2 et-last-child et_block_column et_pb_css_mix_blend_mode_passthrough\" id=\"photos\"><div class=\"dipi_image_gallery_0 dipi_image_gallery et_pb_bg_layout_light et_pb_module preset--module--dipi-image-gallery--default\"><div class=\"dipi-image-gallery dipi-ig-horizontal\">\n            <div class=\"dipi-image-gallery-top\">\n\t\t\t\t<div class=\"swiper swiper-container dipi-image-gallery-top_0\"  data-direction=\"horizontal\" data-navigation=\"off\" data-ordernumber=\"0\" data-animation=\"slide\" data-autoplay=\"off\" data-main_redraw_after_slide_changed=\"off\" data-pause_on_hover=\"off\" data-autoplay_delay=\"5000\" data-enable_popup=\"off\" data-popup_animation=\"none\" data-popup_animation_duration=\"500\">\n\t\t\t\t\t<div class=\"swiper-wrapper\">\n\t\t\t\t\t\t<div class=\"dipi_image_gallery_child_0 dipi_image_gallery_child et_pb_bg_layout_light et_pb_text_align_center swiper-slide et_pb_module\"><div class=\"swiper-slide-container \" role=\"figure\"  style=\"background-image:url(https:\/\/celliers.ch\/wp-content\/uploads\/2025\/07\/recit-immersif-brulefer.jpg);background-size:cover;background-repeat: no-repeat;\">\n                \n                \n            <\/div><\/div><div class=\"dipi_image_gallery_child_1 dipi_image_gallery_child et_pb_bg_layout_light et_pb_text_align_center swiper-slide et_pb_module\"><div class=\"swiper-slide-container \" role=\"figure\"  style=\"background-image:url(https:\/\/celliers.ch\/wp-content\/uploads\/2025\/07\/recit-immersif.jpg);background-size:cover;background-repeat: no-repeat;\">\n                \n                \n            <\/div><\/div><div class=\"dipi_image_gallery_child_2 dipi_image_gallery_child et_pb_bg_layout_light et_pb_text_align_center swiper-slide et_pb_module\"><div class=\"swiper-slide-container \" role=\"figure\"  style=\"background-image:url(https:\/\/celliers.ch\/wp-content\/uploads\/2025\/07\/celliers-de-sion-jeu.jpg);background-size:cover;background-repeat: no-repeat;\">\n                \n                \n            <\/div><\/div><div class=\"dipi_image_gallery_child_3 dipi_image_gallery_child et_pb_bg_layout_light et_pb_text_align_center swiper-slide et_pb_module\"><div class=\"swiper-slide-container \" role=\"figure\"  style=\"background-image:url(https:\/\/celliers.ch\/wp-content\/uploads\/2025\/07\/celliers-de-sion-valais.jpg);background-size:cover;background-repeat: no-repeat;\">\n                \n                \n            <\/div><\/div><div class=\"dipi_image_gallery_child_4 dipi_image_gallery_child et_pb_bg_layout_light et_pb_text_align_center swiper-slide et_pb_module\"><div class=\"swiper-slide-container \" role=\"figure\"  style=\"background-image:url(https:\/\/celliers.ch\/wp-content\/uploads\/2025\/07\/disparus-de-brulefer-celliers-de-sion.jpg);background-size:cover;background-repeat: no-repeat;\">\n                \n                \n            <\/div><\/div><div class=\"dipi_image_gallery_child_5 dipi_image_gallery_child et_pb_bg_layout_light et_pb_text_align_center swiper-slide et_pb_module\"><div class=\"swiper-slide-container \" role=\"figure\"  style=\"background-image:url(https:\/\/celliers.ch\/wp-content\/uploads\/2025\/07\/jeu-dans-les-vignes.jpg);background-size:cover;background-repeat: no-repeat;\">\n                \n                \n            <\/div><\/div><div class=\"dipi_image_gallery_child_6 dipi_image_gallery_child et_pb_bg_layout_light et_pb_text_align_center swiper-slide et_pb_module\"><div class=\"swiper-slide-container \" role=\"figure\"  style=\"background-image:url(https:\/\/celliers.ch\/wp-content\/uploads\/2025\/07\/les-disparus-de-brulefer.jpg);background-size:cover;background-repeat: no-repeat;\">\n                \n                \n            <\/div><\/div><div class=\"dipi_image_gallery_child_7 dipi_image_gallery_child et_pb_bg_layout_light et_pb_text_align_center swiper-slide et_pb_module\"><div class=\"swiper-slide-container \" role=\"figure\"  style=\"background-image:url(https:\/\/celliers.ch\/wp-content\/uploads\/2025\/09\/activites-a-faire-a-sion.jpg);background-size:cover;background-repeat: no-repeat;\">\n                \n                \n            <\/div><\/div><div class=\"dipi_image_gallery_child_8 dipi_image_gallery_child et_pb_bg_layout_light et_pb_text_align_center swiper-slide et_pb_module\"><div class=\"swiper-slide-container \" role=\"figure\"  style=\"background-image:url(https:\/\/celliers.ch\/wp-content\/uploads\/2025\/09\/activites-en-valais-groupe.jpg);background-size:cover;background-repeat: no-repeat;\">\n                \n                \n            <\/div><\/div><div class=\"dipi_image_gallery_child_9 dipi_image_gallery_child et_pb_bg_layout_light et_pb_text_align_center swiper-slide et_pb_module\"><div class=\"swiper-slide-container \" role=\"figure\"  style=\"background-image:url(https:\/\/celliers.ch\/wp-content\/uploads\/2025\/09\/activites-valais.jpg);background-size:cover;background-repeat: no-repeat;\">\n                \n                \n            <\/div><\/div><div class=\"dipi_image_gallery_child_10 dipi_image_gallery_child et_pb_bg_layout_light et_pb_text_align_center swiper-slide et_pb_module\"><div class=\"swiper-slide-container \" role=\"figure\"  style=\"background-image:url(https:\/\/celliers.ch\/wp-content\/uploads\/2025\/09\/celliers-de-sion-recit.jpg);background-size:cover;background-repeat: no-repeat;\">\n                \n                \n            <\/div><\/div><div class=\"dipi_image_gallery_child_11 dipi_image_gallery_child et_pb_bg_layout_light et_pb_text_align_center swiper-slide et_pb_module\"><div class=\"swiper-slide-container \" role=\"figure\"  style=\"background-image:url(https:\/\/celliers.ch\/wp-content\/uploads\/2025\/09\/christophe-bonvin-celliers-de-sion.jpg);background-size:cover;background-repeat: no-repeat;\">\n                \n                \n            <\/div><\/div><div class=\"dipi_image_gallery_child_12 dipi_image_gallery_child et_pb_bg_layout_light et_pb_text_align_center swiper-slide et_pb_module\"><div class=\"swiper-slide-container \" role=\"figure\"  style=\"background-image:url(https:\/\/celliers.ch\/wp-content\/uploads\/2025\/09\/daniel-yule-en-valais.jpg);background-size:cover;background-repeat: no-repeat;\">\n                \n                \n            <\/div><\/div><div class=\"dipi_image_gallery_child_13 dipi_image_gallery_child et_pb_bg_layout_light et_pb_text_align_center swiper-slide et_pb_module\"><div class=\"swiper-slide-container \" role=\"figure\"  style=\"background-image:url(https:\/\/celliers.ch\/wp-content\/uploads\/2025\/09\/disparus-de-brulefer.jpg);background-size:cover;background-repeat: no-repeat;\">\n                \n                \n            <\/div><\/div><div class=\"dipi_image_gallery_child_14 dipi_image_gallery_child et_pb_bg_layout_light et_pb_text_align_center swiper-slide et_pb_module\"><div class=\"swiper-slide-container \" role=\"figure\"  style=\"background-image:url(https:\/\/celliers.ch\/wp-content\/uploads\/2025\/09\/jeu-a-faire-en-groupe.jpg);background-size:cover;background-repeat: no-repeat;\">\n                \n                \n            <\/div><\/div><div class=\"dipi_image_gallery_child_15 dipi_image_gallery_child et_pb_bg_layout_light et_pb_text_align_center swiper-slide et_pb_module\"><div class=\"swiper-slide-container \" role=\"figure\"  style=\"background-image:url(https:\/\/celliers.ch\/wp-content\/uploads\/2025\/09\/jeu-immersif-celliers-de-sion.jpg);background-size:cover;background-repeat: no-repeat;\">\n                \n                \n            <\/div><\/div><div class=\"dipi_image_gallery_child_16 dipi_image_gallery_child et_pb_bg_layout_light et_pb_text_align_center swiper-slide et_pb_module\"><div class=\"swiper-slide-container \" role=\"figure\"  style=\"background-image:url(https:\/\/celliers.ch\/wp-content\/uploads\/2025\/09\/les-disparus-de-brulefer-sion.jpg);background-size:cover;background-repeat: no-repeat;\">\n                \n                \n            <\/div><\/div><div class=\"dipi_image_gallery_child_17 dipi_image_gallery_child et_pb_bg_layout_light et_pb_text_align_center swiper-slide et_pb_module\"><div class=\"swiper-slide-container \" role=\"figure\"  style=\"background-image:url(https:\/\/celliers.ch\/wp-content\/uploads\/2025\/09\/recit-immersif-celliers-de-sion.jpg);background-size:cover;background-repeat: no-repeat;\">\n                \n                \n            <\/div><\/div>\n\t\t\t\t\t<\/div>  \n\t\t\t\t<\/div>\n\t\t\t\t\n\t\t\t<\/div> \n\t\t\t<div class=\"dipi-image-gallery-thumbs\">\n\t\t\t\t<div class=\"swiper swiper-container dipi-image-gallery-thumbs_0 dipi-thumbs-horizontal dipi-img-thumbs-bottom\"  data-direction=\"horizontal\" data-columnsdesktop=\"4\" data-columnstablet=\"4\" data-columnsphone=\"4\" data-spacebetween=\"10\" data-spacebetween_tablet=\"10\" data-spacebetween_phone=\"10\" data-centered=\"on\" data-thumbs_loop=\"on\" data-originalcount=\"18\" data-ordernumber=\"0\" data-navigation=\"off\" data-is_tb_body=\"off\">\n\t\t\t\t\t<div class=\"swiper-wrapper\">\n\t\t\t\t\t\t<div class=\"dipi_image_gallery_child swiper-slide\" data-class=\"dipi_image_gallery_child_0\">\n\t\t\t\t<div class=\"swiper-slide-container\" role=\"figure\" aria-label=\"\" style=\"background-image:url(https:\/\/celliers.ch\/wp-content\/uploads\/2025\/07\/recit-immersif-brulefer.jpg);background-size: cover;background-repeat:no-repeat;\"><\/div>\n\t\t\t<\/div><div class=\"dipi_image_gallery_child swiper-slide\" data-class=\"dipi_image_gallery_child_1\">\n\t\t\t\t<div class=\"swiper-slide-container\" role=\"figure\" aria-label=\"\" style=\"background-image:url(https:\/\/celliers.ch\/wp-content\/uploads\/2025\/07\/recit-immersif.jpg);background-size: cover;background-repeat:no-repeat;\"><\/div>\n\t\t\t<\/div><div class=\"dipi_image_gallery_child swiper-slide\" data-class=\"dipi_image_gallery_child_2\">\n\t\t\t\t<div class=\"swiper-slide-container\" role=\"figure\" aria-label=\"\" style=\"background-image:url(https:\/\/celliers.ch\/wp-content\/uploads\/2025\/07\/celliers-de-sion-jeu.jpg);background-size: cover;background-repeat:no-repeat;\"><\/div>\n\t\t\t<\/div><div class=\"dipi_image_gallery_child swiper-slide\" data-class=\"dipi_image_gallery_child_3\">\n\t\t\t\t<div class=\"swiper-slide-container\" role=\"figure\" aria-label=\"\" style=\"background-image:url(https:\/\/celliers.ch\/wp-content\/uploads\/2025\/07\/celliers-de-sion-valais.jpg);background-size: cover;background-repeat:no-repeat;\"><\/div>\n\t\t\t<\/div><div class=\"dipi_image_gallery_child swiper-slide\" data-class=\"dipi_image_gallery_child_4\">\n\t\t\t\t<div class=\"swiper-slide-container\" role=\"figure\" aria-label=\"\" style=\"background-image:url(https:\/\/celliers.ch\/wp-content\/uploads\/2025\/07\/disparus-de-brulefer-celliers-de-sion.jpg);background-size: cover;background-repeat:no-repeat;\"><\/div>\n\t\t\t<\/div><div class=\"dipi_image_gallery_child swiper-slide\" data-class=\"dipi_image_gallery_child_5\">\n\t\t\t\t<div class=\"swiper-slide-container\" role=\"figure\" aria-label=\"\" style=\"background-image:url(https:\/\/celliers.ch\/wp-content\/uploads\/2025\/07\/jeu-dans-les-vignes.jpg);background-size: cover;background-repeat:no-repeat;\"><\/div>\n\t\t\t<\/div><div class=\"dipi_image_gallery_child swiper-slide\" data-class=\"dipi_image_gallery_child_6\">\n\t\t\t\t<div class=\"swiper-slide-container\" role=\"figure\" aria-label=\"\" style=\"background-image:url(https:\/\/celliers.ch\/wp-content\/uploads\/2025\/07\/les-disparus-de-brulefer.jpg);background-size: cover;background-repeat:no-repeat;\"><\/div>\n\t\t\t<\/div><div class=\"dipi_image_gallery_child swiper-slide\" data-class=\"dipi_image_gallery_child_7\">\n\t\t\t\t<div class=\"swiper-slide-container\" role=\"figure\" aria-label=\"\" style=\"background-image:url(https:\/\/celliers.ch\/wp-content\/uploads\/2025\/09\/activites-a-faire-a-sion.jpg);background-size: cover;background-repeat:no-repeat;\"><\/div>\n\t\t\t<\/div><div class=\"dipi_image_gallery_child swiper-slide\" data-class=\"dipi_image_gallery_child_8\">\n\t\t\t\t<div class=\"swiper-slide-container\" role=\"figure\" aria-label=\"\" style=\"background-image:url(https:\/\/celliers.ch\/wp-content\/uploads\/2025\/09\/activites-en-valais-groupe.jpg);background-size: cover;background-repeat:no-repeat;\"><\/div>\n\t\t\t<\/div><div class=\"dipi_image_gallery_child swiper-slide\" data-class=\"dipi_image_gallery_child_9\">\n\t\t\t\t<div class=\"swiper-slide-container\" role=\"figure\" aria-label=\"\" style=\"background-image:url(https:\/\/celliers.ch\/wp-content\/uploads\/2025\/09\/activites-valais.jpg);background-size: cover;background-repeat:no-repeat;\"><\/div>\n\t\t\t<\/div><div class=\"dipi_image_gallery_child swiper-slide\" data-class=\"dipi_image_gallery_child_10\">\n\t\t\t\t<div class=\"swiper-slide-container\" role=\"figure\" aria-label=\"\" style=\"background-image:url(https:\/\/celliers.ch\/wp-content\/uploads\/2025\/09\/celliers-de-sion-recit.jpg);background-size: cover;background-repeat:no-repeat;\"><\/div>\n\t\t\t<\/div><div class=\"dipi_image_gallery_child swiper-slide\" data-class=\"dipi_image_gallery_child_11\">\n\t\t\t\t<div class=\"swiper-slide-container\" role=\"figure\" aria-label=\"\" style=\"background-image:url(https:\/\/celliers.ch\/wp-content\/uploads\/2025\/09\/christophe-bonvin-celliers-de-sion.jpg);background-size: cover;background-repeat:no-repeat;\"><\/div>\n\t\t\t<\/div><div class=\"dipi_image_gallery_child swiper-slide\" data-class=\"dipi_image_gallery_child_12\">\n\t\t\t\t<div class=\"swiper-slide-container\" role=\"figure\" aria-label=\"\" style=\"background-image:url(https:\/\/celliers.ch\/wp-content\/uploads\/2025\/09\/daniel-yule-en-valais.jpg);background-size: cover;background-repeat:no-repeat;\"><\/div>\n\t\t\t<\/div><div class=\"dipi_image_gallery_child swiper-slide\" data-class=\"dipi_image_gallery_child_13\">\n\t\t\t\t<div class=\"swiper-slide-container\" role=\"figure\" aria-label=\"\" style=\"background-image:url(https:\/\/celliers.ch\/wp-content\/uploads\/2025\/09\/disparus-de-brulefer.jpg);background-size: cover;background-repeat:no-repeat;\"><\/div>\n\t\t\t<\/div><div class=\"dipi_image_gallery_child swiper-slide\" data-class=\"dipi_image_gallery_child_14\">\n\t\t\t\t<div class=\"swiper-slide-container\" role=\"figure\" aria-label=\"\" style=\"background-image:url(https:\/\/celliers.ch\/wp-content\/uploads\/2025\/09\/jeu-a-faire-en-groupe.jpg);background-size: cover;background-repeat:no-repeat;\"><\/div>\n\t\t\t<\/div><div class=\"dipi_image_gallery_child swiper-slide\" data-class=\"dipi_image_gallery_child_15\">\n\t\t\t\t<div class=\"swiper-slide-container\" role=\"figure\" aria-label=\"\" style=\"background-image:url(https:\/\/celliers.ch\/wp-content\/uploads\/2025\/09\/jeu-immersif-celliers-de-sion.jpg);background-size: cover;background-repeat:no-repeat;\"><\/div>\n\t\t\t<\/div><div class=\"dipi_image_gallery_child swiper-slide\" data-class=\"dipi_image_gallery_child_16\">\n\t\t\t\t<div class=\"swiper-slide-container\" role=\"figure\" aria-label=\"\" style=\"background-image:url(https:\/\/celliers.ch\/wp-content\/uploads\/2025\/09\/les-disparus-de-brulefer-sion.jpg);background-size: cover;background-repeat:no-repeat;\"><\/div>\n\t\t\t<\/div><div class=\"dipi_image_gallery_child swiper-slide\" data-class=\"dipi_image_gallery_child_17\">\n\t\t\t\t<div class=\"swiper-slide-container\" role=\"figure\" aria-label=\"\" style=\"background-image:url(https:\/\/celliers.ch\/wp-content\/uploads\/2025\/09\/recit-immersif-celliers-de-sion.jpg);background-size: cover;background-repeat:no-repeat;\"><\/div>\n\t\t\t<\/div>\n\t\t\t\t\t<\/div>\n\t\t\t\t<\/div>\n\t\t\t\t\n\t\t\t<\/div><\/div><\/div><\/div><\/div><div class=\"et_pb_row_2 et_pb_row et_block_row\"><div class=\"et_pb_column_3 et_pb_column et_pb_column_1_2 et_block_column et_pb_css_mix_blend_mode_passthrough\"><div class=\"et_pb_text_2 et_pb_text et_pb_bg_layout_light et_pb_module et_block_module\"><div class=\"et_pb_text_inner\"><h2>Ablauf<\/h2>\n<\/div><\/div><div class=\"et_pb_text_3 et_pb_text et_pb_bg_layout_light et_pb_module et_block_module\"><div class=\"et_pb_text_inner\"><p>Sie werden <strong>in den Celliers de Sion<\/strong> zu dem Zeitpunkt abgeholt, den Sie bei Ihrer Buchung gew\u00e4hlt haben.<\/p>\n<p>Nach einer kurzen Einf\u00fchrung w\u00e4hlen Sie die Person, die Sie verfolgen m\u00f6chten: Lord Samuel Blackwood, Dr. Theodor M\u00fcller oder Rosa Bianchi. <\/p>\n<p>Sie erhalten Ihr Untersuchungsheft und die Ausr\u00fcstung, die Sie f\u00fcr eine eigenst\u00e4ndige Erkundung ben\u00f6tigen.<\/p>\n<p>Auf dem Weg entdecken Sie in den Weinbergen textliche und visuelle Hinweise, die manchmal versteckt sind, manchmal aktiviert werden m\u00fcssen...<br \/>Jedes Element bringt Sie <strong>der Wahrheit<\/strong> \u00fcber das Schicksal Ihres Charakters ein St\u00fcckchen n\u00e4her.<\/p>\n<p>Nach Ihrer R\u00fcckkehr k\u00f6nnen Sie bei einem <strong>Glas Wein<\/strong> die detaillierte Geschichte Ihres Charakters lesen.<\/p>\n<\/div><\/div><\/div><div class=\"et_pb_column_4 et_pb_column et_pb_column_1_2 et-last-child et_block_column et_pb_css_mix_blend_mode_passthrough\"><div class=\"et_pb_text_4 et_pb_text et_pb_bg_layout_light et_pb_module et_block_module\"><div class=\"et_pb_text_inner\"><h2>Details der Route<\/h2>\n<\/div><\/div><div class=\"et_pb_text_5 et_pb_text et_pb_bg_layout_light et_pb_module et_block_module\"><div class=\"et_pb_text_inner\"><p>Der Weg bildet eine Schleife von ca. 2 Stunden ab Les Celliers de Sion und f\u00fchrt \u00fcber <strong>die Bisse de Clavau<\/strong> und die Weinterrassen.<\/p>\n<p>Der Rundgang l\u00e4dt Sie ein, die Augen offen zu halten: \u00dcber den ganzen Weg verstreute Elemente - Lesungen, Installationen, Ausz\u00fcge aus Briefen - bilden <strong>eine Geschichte<\/strong>, die es zu rekonstruieren gilt.<\/p>\n<p>Drei Wachh\u00e4uschen s\u00e4umen den Weg, in denen sich manipulierbare Ger\u00e4te befinden, die wichtige Hinweise aufzeigen.<\/p>\n<p><a href=\"https:\/\/celliers.ch\/de\/grad-t2\/\" target=\"_blank\" rel=\"noopener\">Der Schwierigkeitsgrad der Route ist T2<\/a>. Es ist wichtig, gutes Schuhwerk zu tragen, da die Weinberge steil sind. Die Wege sind daher nicht f\u00fcr Personen mit eingeschr\u00e4nkter Mobilit\u00e4t geeignet.<\/p>\n<\/div><\/div><div class=\"et_pb_module et_pb_button_module_wrapper et_pb_button_2_wrapper preset--module--divi-button--default_wrapper\"><a class=\"et_pb_button_2 et_pb_button et_pb_bg_layout_light et_pb_module et_block_module preset--module--divi-button--default\" href=\"\/wp-content\/uploads\/2024\/04\/Carte-marche-gourmande.pdf\" data-icon=\"$\">Plan herunterladen<\/a><\/div><\/div><\/div><div class=\"et_pb_row_3 et_pb_row et_block_row\" id=\"reserver\"><div class=\"et_pb_column_5 et_pb_column et_pb_column_4_4 et-last-child et_block_column et_pb_css_mix_blend_mode_passthrough\"><div class=\"et_pb_text_6 et_pb_text et_pb_bg_layout_light et_pb_module et_block_module preset--module--divi-text--bf60d947-3f90-4402-8aff-3b2baae28d03\"><div class=\"et_pb_text_inner\"><p>Les Celliers de Sion<\/p>\n<\/div><\/div><div class=\"et_pb_text_7 et_pb_text et_pb_bg_layout_light et_pb_module et_block_module grappe\"><div class=\"et_pb_text_inner\"><h2>Buchen Sie Ihr Angebot \"Die Vermissten von Br\u00fblefer\".<\/h2>\n<\/div><\/div><div class=\"et_pb_code_1 et_pb_code et_pb_module\"><div class=\"et_pb_code_inner\"><div class=\"et_pb_button_module_wrapper et_pb_button_0_wrapper et_pb_button_alignment_left et_pb_module \">\n<!-- Start Smeetz Embed Code -->\n    <script>\n    !function(e, t, n, i, p, r, s) {\n      e[n] || ((p = e[n] = function() {\n      p.p ? p.p.apply(p, arguments) : p.q.push(arguments);\n      }).q = [], p.t = 1 * new Date(), p.g = \"18066\", (r = t.createElement(\"script\")).async = 1,\n      r.src = \"https:\/\/tracker.smeetz.com\/smeetz-main-widget.js\", (s = t.getElementsByTagName(\"script\")[0]).parentNode.insertBefore(r, s));\n    }(window, document, \"_smtz\");\n    <\/script>\n    <a data-smtz-gid=\"18066\" data-smtz-wid=\"4169\" class=\"et_pb_button et_pb_button_0 et_pb_bg_layout_light\" style=\"cursor:pointer;\" data-icon=\"$\" target=\"_blank\" rel=\"noopener noreferrer\" onclick=\"event.preventDefault(); _smtz('openwidget', 1 * new Date(), {        productId: '73294',        lightbox: true,        listView: false,        gId: '18066',        wId: '4169',        codes: 'S5YV7TLP',cats: '134044',                                        linkText: 'en: Back to home page,,, fr: Retour \u00e0 la page d\u2019accueil,,, de: Zur\u00fcck zur Startseite,,, it: Ritorno alla pagina iniziale',        linkUrl: 'en: https:\/\/discover.smeetz.com\/en,,, fr: https:\/\/discover.smeetz.com\/fr,,, de: https:\/\/discover.smeetz.com\/de,,, it: https:\/\/discover.smeetz.com\/it',      });\">Ich buche<\/a>\n    <!-- End Smeetz Embed Code -->\n<\/div>\n<\/div><\/div><div class=\"et_pb_text_8 et_pb_text et_pb_bg_layout_light et_pb_module et_block_module\"><div class=\"et_pb_text_inner\"><p>Dieses Angebot gilt f\u00fcr eine Gruppe von <strong>2 bis 6 Personen<\/strong> und beinhaltet 1 dl Wein bei der R\u00fcckkehr.<\/p>\n<\/div><\/div><div class=\"et_pb_text_9 et_pb_text et_pb_bg_layout_light et_pb_module et_block_module\"><div class=\"et_pb_text_inner\"><p>F\u00fcr Buchungen innerhalb von weniger als 24 Stunden bitten wir Sie, uns telefonisch unter 027 205 65 25 zu kontaktieren.<\/p>\n<\/div><\/div><\/div><\/div><div class=\"et_pb_row_4 et_pb_row et_block_row\" id=\"faq\"><div class=\"et_pb_column_6 et_pb_column et_pb_column_4_4 et-last-child et_block_column et_pb_css_mix_blend_mode_passthrough\"><div class=\"et_pb_text_10 et_pb_text et_pb_bg_layout_light et_pb_module et_block_module\"><div class=\"et_pb_text_inner\"><h2>H\u00e4ufig gestellte Fragen<\/h2>\n<\/div><\/div><div class=\"et_pb_accordion_0 et_pb_accordion et_pb_module et_block_module foire-aux-questions-reveal preset--module--divi-accordion--default\"><div class=\"et_pb_accordion_item_0 et_pb_accordion_item et_pb_toggle et_pb_module et_pb_toggle_open et_block_module preset--module--divi-accordion-item--default\"><h5 class=\"et_pb_toggle_title\">Sind Kinder willkommen?<\/h5><div class=\"et_pb_toggle_content\"><p><strong>Ja<\/strong>, das Angebot ist offen f\u00fcr Familien. Denken Sie daran, dass die Wege steil sind und dass Sie gut auf ihre Sicherheit achten m\u00fcssen.<\/p>\n<p>Bitte beachten Sie, dass die Wege nicht f\u00fcr Kinderwagen geeignet sind.<\/p>\n<\/div><\/div><div class=\"et_pb_accordion_item_1 et_pb_accordion_item et_pb_toggle et_pb_module et_pb_toggle_close et_block_module preset--module--divi-accordion-item--default\"><h5 class=\"et_pb_toggle_title\">Sind Hunde erlaubt?<\/h5><div class=\"et_pb_toggle_content\"><p><span>Ja, Hunde sind erlaubt und wir stellen ihnen einen Wassernapf zur Verf\u00fcgung.<\/span><\/p>\n<\/div><\/div><div class=\"et_pb_accordion_item_2 et_pb_accordion_item et_pb_toggle et_pb_module et_pb_toggle_close et_block_module preset--module--divi-accordion-item--default\"><h5 class=\"et_pb_toggle_title\">Was passiert bei schlechtem Wetter?<\/h5><div class=\"et_pb_toggle_content\"><p>Sie haben die M\u00f6glichkeit, Ihre Buchung je nach Wetterlage bis sp\u00e4testens am Vortag der Aktivit\u00e4t zu verschieben oder zu stornieren.<\/p>\n<p>Bei schlechtem Wetter behalten wir uns das Recht vor, unsere Aktivit\u00e4ten im Freien abzusagen. Sie werden selbstverst\u00e4ndlich pers\u00f6nlich informiert, wenn dies geschieht.<\/p>\n<\/div><\/div><div class=\"et_pb_accordion_item_3 et_pb_accordion_item et_pb_toggle et_pb_module et_pb_toggle_close et_block_module preset--module--divi-accordion-item--default\"><h5 class=\"et_pb_toggle_title\">Kann man auf dem Golfplatz essen?<\/h5><div class=\"et_pb_toggle_content\"><p>Von Donnerstag bis Sonntag k\u00f6nnen Sie einen Tisch in einer unserer H\u00fctten reservieren.<\/p>\n<p>Alternativ k\u00f6nnen Sie bei Ihrer R\u00fcckkehr zu den Celliers de Sion ein Brettchen probieren.<\/p>\n<\/div><\/div><div class=\"et_pb_accordion_item_4 et_pb_accordion_item et_pb_toggle et_pb_module et_pb_toggle_close et_block_module preset--module--divi-accordion-item--default\"><h5 class=\"et_pb_toggle_title\">Was geh\u00f6rt in Ihren Rucksack?<\/h5><div class=\"et_pb_toggle_content\"><p>Unsere Weinberge sind sehr sonnig, denken Sie also daran, eine M\u00fctze oder einen Hut und Sonnencreme mitzubringen.<\/p>\n<p>Wir bieten Ihnen eine Flasche Wasser an, bevor Sie sich auf den Weg machen.<\/p>\n<\/div><\/div><div class=\"et_pb_accordion_item_5 et_pb_accordion_item et_pb_toggle et_pb_module et_pb_toggle_close et_block_module preset--module--divi-accordion-item--default\"><h5 class=\"et_pb_toggle_title\">Gibt es Toiletten auf der Strecke?<\/h5><div class=\"et_pb_toggle_content\"><p><span>Nur in den Empfangsstellen: Les Celliers de Sion, Cube Varone und La Gu\u00e9rite Br\u00fblefer.<\/span><\/p>\n<\/div><\/div><div class=\"et_pb_accordion_item_6 et_pb_accordion_item et_pb_toggle et_pb_module et_pb_toggle_close et_block_module preset--module--divi-accordion-item--default\"><h5 class=\"et_pb_toggle_title\">Wie viel Zeit sollten Sie f\u00fcr dieses Angebot einplanen?<\/h5><div class=\"et_pb_toggle_content\"><p>Die Gesamtdauer betr\u00e4gt etwa 3 Stunden, davon 2 Stunden zu Fu\u00df.<\/p>\n<p>Unsere Gasth\u00e4user sind <strong>von Donnerstag bis Sonntag<\/strong> ge\u00f6ffnet. Sie k\u00f6nnen also eine Mahlzeit reservieren oder unsere Weine probieren, wenn Sie an diesen Orten halten. <\/p>\n<\/div><\/div><div class=\"et_pb_accordion_item_7 et_pb_accordion_item et_pb_toggle et_pb_module et_pb_toggle_close et_block_module preset--module--divi-accordion-item--default\"><h5 class=\"et_pb_toggle_title\">Wird das Angebot \"Les disparus du Br\u00fblefer\" gef\u00fchrt?<\/h5><div class=\"et_pb_toggle_content\"><p>Das Angebot wird in Eigenregie durchgef\u00fchrt. Das hei\u00dft, ohne F\u00fchrung und auf individuelle Weise.<\/p>\n<p>Wenn Sie einen gef\u00fchrten Rundgang w\u00fcnschen, empfehlen wir Ihnen die Aktivit\u00e4t <a href=\"https:\/\/celliers.ch\/offres-oenotouristiques\/le-tour-des-guerites\/\"><strong><em>Tour der Wacht\u00fcrme<span> <\/span><\/em><\/strong><\/a> Hierf\u00fcr ist eine Gruppe von mindestens 10 Personen erforderlich.<\/p>\n<\/div><\/div><\/div><div class=\"dipi_reveal_0 dipi_reveal et_pb_module preset--module--dipi-reveal--default\"><div\n                class=\"dipi-reveal\"\n                data-config=\"{&quot;container_selector&quot;:&quot;&quot;,&quot;default_show_status&quot;:&quot;collapsed&quot;,&quot;order_number&quot;:0,&quot;use_overlay&quot;:&quot;on&quot;,&quot;show_less_button_text&quot;:&quot;Voir moins&quot;,&quot;show_more_button_text&quot;:&quot;Voir plus&quot;,&quot;less_container_height&quot;:&quot;35vh&quot;,&quot;less_container_height_tablet&quot;:&quot;40vh&quot;,&quot;less_container_height_phone&quot;:&quot;70vh&quot;,&quot;overlay_as&quot;:&quot;css&quot;,&quot;append_to&quot;:&quot;element&quot;}\"\n\t\t\t\tdata-less-icon=\"5\"\n                data-less-icon-tablet=\"5\"\n                data-less-icon-phone=\"5\"\n                data-more-icon=\"5\"\n                data-more-icon-tablet=\"5\"\n                data-more-icon-phone=\"5\"\n            >\n                <a class=\"et_pb_button dipi-more-button dipi-reveal-button\" href=\"#none\">Voir plus<\/a>\n            <\/div><\/div><\/div><\/div><\/div><div class=\"et_pb_section_2 et_pb_section et_section_regular et_block_section et_pb_section_parallax\"><span class=\"et-pb-parallax-wrapper\"><span class=\"et-pb-parallax-background et-pb-parallax-background--css et-pb-parallax-background-module--divi-section-2\" style=\"background-image:url(https:\/\/celliers.ch\/wp-content\/uploads\/2024\/01\/header-oenoparc-1.jpg)\"><\/span><span class=\"et_parallax_gradient et_pb_parallax_css\" style=\"background-image:linear-gradient(180deg, rgba(255,255,255,0.79) 0%,rgba(255,255,255,0.8) 100%)\"><\/span><\/span><div class=\"et_pb_row_5 et_pb_row et_block_row\"><div class=\"et_pb_column_7 et_pb_column et_pb_column_4_4 et-last-child et_block_column et_pb_css_mix_blend_mode_passthrough\"><div class=\"et_pb_text_11 et_pb_text et_pb_bg_layout_light et_pb_module et_flex_module preset--module--divi-text--bf60d947-3f90-4402-8aff-3b2baae28d03\"><div class=\"et_pb_text_inner\"><p>Laissez-vous inspirer<\/p>\n<\/div><\/div><div class=\"et_pb_text_12 et_pb_text et_pb_bg_layout_light et_pb_module et_flex_module\"><div class=\"et_pb_text_inner\"><h2>D\u00e9couvrez nos autres activit\u00e9s\u00a0<\/h2>\n<\/div><\/div><div class=\"dipi_blog_slider_0 dipi_blog_slider et_pb_bg_layout_light et_pb_module preset--module--dipi-blog-slider--804936f9-9987-4eb7-ba79-c3d981b25ccf\">\n\t\t    <div class=\"dipi-blog-slider-main preloading\" data-columnsphone=\"4\"\n\t\t    data-columnstablet=\"4\"\n\t\t    data-columnsdesktop=\"4\"\n\t\t    data-spacebetween=\"50\"\n\t\t    data-loop=\"off\"\n\t\t    data-speed=\"500|500|500\"\n\t\t    data-navigation=\"on\"\n\t\t    data-pagination=\"on\"\n\t\t    data-autoplay=\"off\"\n\t\t    data-autoplayspeed=\"5000\"\n\t\t    data-pauseonhover=\"on\"\n\t\t    data-effect=\"slide\"\n\t\t    data-rotate=\"50\"\n\t\t    data-dynamicbullets=\"on\"\n\t\t    data-ordernumber=\"0\"\n\t\t    data-centered=\"off\"\n\t\t    data-spacebetween_tablet=\"50\"\n\t\t    data-spacebetween_phone=\"50\"\n\t\t    data-shadow=\"true\"\n\t\t    data-breakpoints=\"{&quot;768&quot;:{&quot;columns&quot;:&quot;4&quot;,&quot;spaceBetween&quot;:&quot;50&quot;},&quot;981&quot;:{&quot;columns&quot;:&quot;4&quot;,&quot;spaceBetween&quot;:&quot;50&quot;}}\"\n\t\t    data-baseconfig=\"{&quot;columns&quot;:&quot;4&quot;,&quot;spaceBetween&quot;:&quot;50&quot;}\"\n            data-originalslidecount=&quot;10&quot; data-initialslide=&quot;0&quot;\n            data-navigation_t=\"off\"\n            data-navigation_m=\"off\"\n            data-pagination_t=\"off\"\n            data-pagination_m=\"off\">\n\t\t        <div class=\"swiper-container\">\n\t\t            <div class=\"dipi-blog-slider-wrapper\">\n\t\t                <div class=\"dipi-blog-post clearfix\">\n<div class=\"dipi-entry-featured-image-url dipi-none\">\n\n\t\t<a    \n        class=\"dipi-blog-post-overlay-link\"\n        href=\"https:\/\/celliers.ch\/de\/aktivitaten\/kulinarische-wanderung\/\"\n        target=\"\"><\/a>\n\t\n    <div class=\"dipi-blog-post-overlay\">\n        <div class=\"dipi-author\">\n        <span class=\"author vcard\">By <img decoding=\"async\" src=\" https:\/\/secure.gravatar.com\/avatar\/edb393649bf6cbbee56e45136f5f82d05cd0c841f5b8ed585ea827d52f5ca88d?s=96&#038;d=mm&#038;r=g\" \/> <a href=\"https:\/\/celliers.ch\/de\/author\/antococh\/\" title=\"Beitr\u00e4ge von antococh\" rel=\"author\">antococh<\/a><\/span>\n    <\/div>    <\/div>\n\n    <img\n                decoding=\"async\"\n                loading=\"lazy\"\n                class=\"wp-post-image\"\n                src=\"https:\/\/celliers.ch\/wp-content\/uploads\/2024\/09\/brulefer-sante.jpg\"\n                alt=\"Gourmetwanderung Celliers de Sion\"\n                srcset=\"https:\/\/celliers.ch\/wp-content\/uploads\/2024\/09\/brulefer-sante-400x284.jpg 768w, https:\/\/celliers.ch\/wp-content\/uploads\/2024\/09\/brulefer-sante-400x284.jpg 980w, https:\/\/celliers.ch\/wp-content\/uploads\/2024\/09\/brulefer-sante-400x284.jpg 1024w\"\n                sizes=\"(max-width: 768px) 768px, (max-width: 980px) 980px, 1024px\"\n            \/>\n            \n<\/div><div class=\"dipi-date\">\n        \n        <span class=\"dipi-month\">Jan.<\/span>\n        <span class=\"dipi-day\">11<\/span>\n        <span class=\"dipi-year\">2024<\/span>\n    \n    <\/div><div class=\"dipi-post-content\">\n    <div class=\"dipi-categories\">\n            <\/div>\n    <h2 class=\"dipi-entry-title\">\n        <a href=\"https:\/\/celliers.ch\/de\/aktivitaten\/kulinarische-wanderung\/\" target=\"\">\n            Kulinarische Wanderung        <\/a>\n    <\/h2>    <div class=\"dipi-post-text\">\n<p>Ein Gourmet-Spaziergang durch unsere Weinberge<\/p>\n<\/div>\n    <\/div><!-- dipi-post-content --><\/div><!-- dipi-blog-post -->\n<div class=\"dipi-blog-post clearfix\">\n<div class=\"dipi-entry-featured-image-url dipi-none\">\n\n\t\t<a    \n        class=\"dipi-blog-post-overlay-link\"\n        href=\"https:\/\/celliers.ch\/de\/aktivitaten\/unterirdische-see-st-leonard\/\"\n        target=\"\"><\/a>\n\t\n    <div class=\"dipi-blog-post-overlay\">\n        <div class=\"dipi-author\">\n        <span class=\"author vcard\">By <img decoding=\"async\" src=\" https:\/\/secure.gravatar.com\/avatar\/2ac5bf83a461c34e68c1680f98ec91de3a10c099af0a5d22c12696f1f632691f?s=96&#038;d=mm&#038;r=g\" \/> <a href=\"https:\/\/celliers.ch\/de\/author\/agnes\/\" title=\"Beitr\u00e4ge von agnes\" rel=\"author\">agnes<\/a><\/span>\n    <\/div>    <\/div>\n\n    <img\n                decoding=\"async\"\n                loading=\"lazy\"\n                class=\"wp-post-image\"\n                src=\"https:\/\/celliers.ch\/wp-content\/uploads\/2024\/04\/Lac-souterrain-header.jpg\"\n                alt=\"Unterirdischer See Saint-L\u00e9onard\"\n                srcset=\"https:\/\/celliers.ch\/wp-content\/uploads\/2024\/04\/Lac-souterrain-header-400x284.jpg 768w, https:\/\/celliers.ch\/wp-content\/uploads\/2024\/04\/Lac-souterrain-header-400x284.jpg 980w, https:\/\/celliers.ch\/wp-content\/uploads\/2024\/04\/Lac-souterrain-header-400x284.jpg 1024w\"\n                sizes=\"(max-width: 768px) 768px, (max-width: 980px) 980px, 1024px\"\n            \/>\n            \n<\/div><div class=\"dipi-date\">\n        \n        <span class=\"dipi-month\">Apr.<\/span>\n        <span class=\"dipi-day\">05<\/span>\n        <span class=\"dipi-year\">2024<\/span>\n    \n    <\/div><div class=\"dipi-post-content\">\n    <div class=\"dipi-categories\">\n            <\/div>\n    <h2 class=\"dipi-entry-title\">\n        <a href=\"https:\/\/celliers.ch\/de\/aktivitaten\/unterirdische-see-st-leonard\/\" target=\"\">\n            Der unterirdische See von St-L\u00e9onard        <\/a>\n    <\/h2>    <div class=\"dipi-post-text\">\n<p>Der gr\u00f6\u00dfte unterirdische See Europas, ein typisches Essen und eine Weinprobe<\/p>\n<\/div>\n    <\/div><!-- dipi-post-content --><\/div><!-- dipi-blog-post -->\n<div class=\"dipi-blog-post clearfix\">\n<div class=\"dipi-entry-featured-image-url dipi-none\">\n\n\t\t<a    \n        class=\"dipi-blog-post-overlay-link\"\n        href=\"https:\/\/celliers.ch\/de\/aktivitaten\/freie-verkostung\/\"\n        target=\"\"><\/a>\n\t\n    <div class=\"dipi-blog-post-overlay\">\n        <div class=\"dipi-author\">\n        <span class=\"author vcard\">By <img decoding=\"async\" src=\" https:\/\/secure.gravatar.com\/avatar\/2ac5bf83a461c34e68c1680f98ec91de3a10c099af0a5d22c12696f1f632691f?s=96&#038;d=mm&#038;r=g\" \/> <a href=\"https:\/\/celliers.ch\/de\/author\/agnes\/\" title=\"Beitr\u00e4ge von agnes\" rel=\"author\">agnes<\/a><\/span>\n    <\/div>    <\/div>\n\n    <img\n                decoding=\"async\"\n                loading=\"lazy\"\n                class=\"wp-post-image\"\n                src=\"https:\/\/celliers.ch\/wp-content\/uploads\/2024\/04\/degustation-libre.jpg\"\n                alt=\"Freie Weinprobe Celliers de Sion\"\n                srcset=\"https:\/\/celliers.ch\/wp-content\/uploads\/2024\/04\/degustation-libre-400x284.jpg 768w, https:\/\/celliers.ch\/wp-content\/uploads\/2024\/04\/degustation-libre-400x284.jpg 980w, https:\/\/celliers.ch\/wp-content\/uploads\/2024\/04\/degustation-libre-400x284.jpg 1024w\"\n                sizes=\"(max-width: 768px) 768px, (max-width: 980px) 980px, 1024px\"\n            \/>\n            \n<\/div><div class=\"dipi-date\">\n        \n        <span class=\"dipi-month\">M\u00e4rz<\/span>\n        <span class=\"dipi-day\">21<\/span>\n        <span class=\"dipi-year\">2024<\/span>\n    \n    <\/div><div class=\"dipi-post-content\">\n    <div class=\"dipi-categories\">\n            <\/div>\n    <h2 class=\"dipi-entry-title\">\n        <a href=\"https:\/\/celliers.ch\/de\/aktivitaten\/freie-verkostung\/\" target=\"\">\n            Freie Verkostung        <\/a>\n    <\/h2>    <div class=\"dipi-post-text\">\n<p>Eine eigenst\u00e4ndige Weinprobe mit einer Auswahl von 16 Weinen<\/p>\n<\/div>\n    <\/div><!-- dipi-post-content --><\/div><!-- dipi-blog-post -->\n<div class=\"dipi-blog-post clearfix\">\n<div class=\"dipi-entry-featured-image-url dipi-none\">\n\n\t\t<a    \n        class=\"dipi-blog-post-overlay-link\"\n        href=\"https:\/\/celliers.ch\/de\/aktivitaten\/erste-schritte-im-weinuniversum\/\"\n        target=\"\"><\/a>\n\t\n    <div class=\"dipi-blog-post-overlay\">\n        <div class=\"dipi-author\">\n        <span class=\"author vcard\">By <img decoding=\"async\" src=\" https:\/\/secure.gravatar.com\/avatar\/2ac5bf83a461c34e68c1680f98ec91de3a10c099af0a5d22c12696f1f632691f?s=96&#038;d=mm&#038;r=g\" \/> <a href=\"https:\/\/celliers.ch\/de\/author\/agnes\/\" title=\"Beitr\u00e4ge von agnes\" rel=\"author\">agnes<\/a><\/span>\n    <\/div>    <\/div>\n\n    <img\n                decoding=\"async\"\n                loading=\"lazy\"\n                class=\"wp-post-image\"\n                src=\"https:\/\/celliers.ch\/wp-content\/uploads\/2024\/04\/premiers-pas-dans-lunivers-du-vin.jpg\"\n                alt=\"Erste Schritte in der Welt des Weins Celliers de Sion\"\n                srcset=\"https:\/\/celliers.ch\/wp-content\/uploads\/2024\/04\/premiers-pas-dans-lunivers-du-vin-400x284.jpg 768w, https:\/\/celliers.ch\/wp-content\/uploads\/2024\/04\/premiers-pas-dans-lunivers-du-vin-400x284.jpg 980w, https:\/\/celliers.ch\/wp-content\/uploads\/2024\/04\/premiers-pas-dans-lunivers-du-vin-400x284.jpg 1024w\"\n                sizes=\"(max-width: 768px) 768px, (max-width: 980px) 980px, 1024px\"\n            \/>\n            \n<\/div><div class=\"dipi-date\">\n        \n        <span class=\"dipi-month\">M\u00e4rz<\/span>\n        <span class=\"dipi-day\">21<\/span>\n        <span class=\"dipi-year\">2024<\/span>\n    \n    <\/div><div class=\"dipi-post-content\">\n    <div class=\"dipi-categories\">\n            <\/div>\n    <h2 class=\"dipi-entry-title\">\n        <a href=\"https:\/\/celliers.ch\/de\/aktivitaten\/erste-schritte-im-weinuniversum\/\" target=\"\">\n            Erste Schritte in der Welt des Weins        <\/a>\n    <\/h2>    <div class=\"dipi-post-text\">\n<p>Eine Weinprobe f\u00fcr Anf\u00e4nger und Neugierige, die Wein entdecken m\u00f6chten.<\/p>\n<\/div>\n    <\/div><!-- dipi-post-content --><\/div><!-- dipi-blog-post -->\n<div class=\"dipi-blog-post clearfix\">\n<div class=\"dipi-entry-featured-image-url dipi-none\">\n\n\t\t<a    \n        class=\"dipi-blog-post-overlay-link\"\n        href=\"https:\/\/celliers.ch\/de\/aktivitaten\/rebhauschen-tour\/\"\n        target=\"\"><\/a>\n\t\n    <div class=\"dipi-blog-post-overlay\">\n        <div class=\"dipi-author\">\n        <span class=\"author vcard\">By <img decoding=\"async\" src=\" https:\/\/secure.gravatar.com\/avatar\/2ac5bf83a461c34e68c1680f98ec91de3a10c099af0a5d22c12696f1f632691f?s=96&#038;d=mm&#038;r=g\" \/> <a href=\"https:\/\/celliers.ch\/de\/author\/agnes\/\" title=\"Beitr\u00e4ge von agnes\" rel=\"author\">agnes<\/a><\/span>\n    <\/div>    <\/div>\n\n    <img\n                decoding=\"async\"\n                loading=\"lazy\"\n                class=\"wp-post-image\"\n                src=\"https:\/\/celliers.ch\/wp-content\/uploads\/2024\/03\/tour-des-guerites.jpg\"\n                alt=\"Turm der Wacht\u00fcrme Celliers de Sion\"\n                srcset=\"https:\/\/celliers.ch\/wp-content\/uploads\/2024\/03\/tour-des-guerites-400x284.jpg 768w, https:\/\/celliers.ch\/wp-content\/uploads\/2024\/03\/tour-des-guerites-400x284.jpg 980w, https:\/\/celliers.ch\/wp-content\/uploads\/2024\/03\/tour-des-guerites-400x284.jpg 1024w\"\n                sizes=\"(max-width: 768px) 768px, (max-width: 980px) 980px, 1024px\"\n            \/>\n            \n<\/div><div class=\"dipi-date\">\n        \n        <span class=\"dipi-month\">M\u00e4rz<\/span>\n        <span class=\"dipi-day\">21<\/span>\n        <span class=\"dipi-year\">2024<\/span>\n    \n    <\/div><div class=\"dipi-post-content\">\n    <div class=\"dipi-categories\">\n            <\/div>\n    <h2 class=\"dipi-entry-title\">\n        <a href=\"https:\/\/celliers.ch\/de\/aktivitaten\/rebhauschen-tour\/\" target=\"\">\n            Die Rebh\u00e4uschen-Tour        <\/a>\n    <\/h2>    <div class=\"dipi-post-text\">\n<p>Gef\u00fchrter Rundgang zur Entdeckung unserer Weinberge<\/p>\n<\/div>\n    <\/div><!-- dipi-post-content --><\/div><!-- dipi-blog-post -->\n<div class=\"dipi-blog-post clearfix\">\n<div class=\"dipi-entry-featured-image-url dipi-none\">\n\n\t\t<a    \n        class=\"dipi-blog-post-overlay-link\"\n        href=\"https:\/\/celliers.ch\/de\/aktivitaten\/weinberge-mit-dem-fahrrad\/\"\n        target=\"\"><\/a>\n\t\n    <div class=\"dipi-blog-post-overlay\">\n        <div class=\"dipi-author\">\n        <span class=\"author vcard\">By <img decoding=\"async\" src=\" https:\/\/secure.gravatar.com\/avatar\/2ac5bf83a461c34e68c1680f98ec91de3a10c099af0a5d22c12696f1f632691f?s=96&#038;d=mm&#038;r=g\" \/> <a href=\"https:\/\/celliers.ch\/de\/author\/agnes\/\" title=\"Beitr\u00e4ge von agnes\" rel=\"author\">agnes<\/a><\/span>\n    <\/div>    <\/div>\n\n    <img\n                decoding=\"async\"\n                loading=\"lazy\"\n                class=\"wp-post-image\"\n                src=\"https:\/\/celliers.ch\/wp-content\/uploads\/2024\/03\/vignoble-a-velo.jpg\"\n                alt=\"Weinberge mit dem Fahrrad im Wallis\"\n                srcset=\"https:\/\/celliers.ch\/wp-content\/uploads\/2024\/03\/vignoble-a-velo-400x284.jpg 768w, https:\/\/celliers.ch\/wp-content\/uploads\/2024\/03\/vignoble-a-velo-400x284.jpg 980w, https:\/\/celliers.ch\/wp-content\/uploads\/2024\/03\/vignoble-a-velo-400x284.jpg 1024w\"\n                sizes=\"(max-width: 768px) 768px, (max-width: 980px) 980px, 1024px\"\n            \/>\n            \n<\/div><div class=\"dipi-date\">\n        \n        <span class=\"dipi-month\">M\u00e4rz<\/span>\n        <span class=\"dipi-day\">18<\/span>\n        <span class=\"dipi-year\">2024<\/span>\n    \n    <\/div><div class=\"dipi-post-content\">\n    <div class=\"dipi-categories\">\n            <\/div>\n    <h2 class=\"dipi-entry-title\">\n        <a href=\"https:\/\/celliers.ch\/de\/aktivitaten\/weinberge-mit-dem-fahrrad\/\" target=\"\">\n            Weinberge mit dem Fahrrad        <\/a>\n    <\/h2>    <div class=\"dipi-post-text\">\n<p>Elektrische Fahrradtour durch das heroische Weinbaugebiet von Sion<\/p>\n<\/div>\n    <\/div><!-- dipi-post-content --><\/div><!-- dipi-blog-post -->\n<div class=\"dipi-blog-post clearfix\">\n<div class=\"dipi-entry-featured-image-url dipi-none\">\n\n\t\t<a    \n        class=\"dipi-blog-post-overlay-link\"\n        href=\"https:\/\/celliers.ch\/de\/aktivitaten\/mystery-wine\/\"\n        target=\"\"><\/a>\n\t\n    <div class=\"dipi-blog-post-overlay\">\n        <div class=\"dipi-author\">\n        <span class=\"author vcard\">By <img decoding=\"async\" src=\" https:\/\/secure.gravatar.com\/avatar\/2ac5bf83a461c34e68c1680f98ec91de3a10c099af0a5d22c12696f1f632691f?s=96&#038;d=mm&#038;r=g\" \/> <a href=\"https:\/\/celliers.ch\/de\/author\/agnes\/\" title=\"Beitr\u00e4ge von agnes\" rel=\"author\">agnes<\/a><\/span>\n    <\/div>    <\/div>\n\n    <img\n                decoding=\"async\"\n                loading=\"lazy\"\n                class=\"wp-post-image\"\n                src=\"https:\/\/celliers.ch\/wp-content\/uploads\/2024\/04\/Mystery-wine-header.jpg\"\n                alt=\"Blindverkostung Wallis\"\n                srcset=\"https:\/\/celliers.ch\/wp-content\/uploads\/2024\/04\/Mystery-wine-header-400x284.jpg 768w, https:\/\/celliers.ch\/wp-content\/uploads\/2024\/04\/Mystery-wine-header-400x284.jpg 980w, https:\/\/celliers.ch\/wp-content\/uploads\/2024\/04\/Mystery-wine-header-400x284.jpg 1024w\"\n                sizes=\"(max-width: 768px) 768px, (max-width: 980px) 980px, 1024px\"\n            \/>\n            \n<\/div><div class=\"dipi-date\">\n        \n        <span class=\"dipi-month\">M\u00e4rz<\/span>\n        <span class=\"dipi-day\">21<\/span>\n        <span class=\"dipi-year\">2024<\/span>\n    \n    <\/div><div class=\"dipi-post-content\">\n    <div class=\"dipi-categories\">\n            <\/div>\n    <h2 class=\"dipi-entry-title\">\n        <a href=\"https:\/\/celliers.ch\/de\/aktivitaten\/mystery-wine\/\" target=\"\">\n            Mystery Wine        <\/a>\n    <\/h2>    <div class=\"dipi-post-text\">\n<p>Eine Blindverkostung von 4 Weinen<\/p>\n<\/div>\n    <\/div><!-- dipi-post-content --><\/div><!-- dipi-blog-post -->\n<div class=\"dipi-blog-post clearfix\">\n<div class=\"dipi-entry-featured-image-url dipi-none\">\n\n\t\t<a    \n        class=\"dipi-blog-post-overlay-link\"\n        href=\"https:\/\/celliers.ch\/de\/aktivitaten\/entdeckungsreise\/\"\n        target=\"\"><\/a>\n\t\n    <div class=\"dipi-blog-post-overlay\">\n        <div class=\"dipi-author\">\n        <span class=\"author vcard\">By <img decoding=\"async\" src=\" https:\/\/secure.gravatar.com\/avatar\/2ac5bf83a461c34e68c1680f98ec91de3a10c099af0a5d22c12696f1f632691f?s=96&#038;d=mm&#038;r=g\" \/> <a href=\"https:\/\/celliers.ch\/de\/author\/agnes\/\" title=\"Beitr\u00e4ge von agnes\" rel=\"author\">agnes<\/a><\/span>\n    <\/div>    <\/div>\n\n    <img\n                decoding=\"async\"\n                loading=\"lazy\"\n                class=\"wp-post-image\"\n                src=\"https:\/\/celliers.ch\/wp-content\/uploads\/2024\/04\/parcours-decouverte.jpg\"\n                alt=\"Entdeckungsreise Celliers de Sion\"\n                srcset=\"https:\/\/celliers.ch\/wp-content\/uploads\/2024\/04\/parcours-decouverte-400x284.jpg 768w, https:\/\/celliers.ch\/wp-content\/uploads\/2024\/04\/parcours-decouverte-400x284.jpg 980w, https:\/\/celliers.ch\/wp-content\/uploads\/2024\/04\/parcours-decouverte-400x284.jpg 1024w\"\n                sizes=\"(max-width: 768px) 768px, (max-width: 980px) 980px, 1024px\"\n            \/>\n            \n<\/div><div class=\"dipi-date\">\n        \n        <span class=\"dipi-month\">M\u00e4rz<\/span>\n        <span class=\"dipi-day\">21<\/span>\n        <span class=\"dipi-year\">2024<\/span>\n    \n    <\/div><div class=\"dipi-post-content\">\n    <div class=\"dipi-categories\">\n            <\/div>\n    <h2 class=\"dipi-entry-title\">\n        <a href=\"https:\/\/celliers.ch\/de\/aktivitaten\/entdeckungsreise\/\" target=\"\">\n            Entdeckungsreise        <\/a>\n    <\/h2>    <div class=\"dipi-post-text\">\n<p>Eine F\u00fchrung, eine Verkostung. Das Wesentliche, einfach.<\/p>\n<\/div>\n    <\/div><!-- dipi-post-content --><\/div><!-- dipi-blog-post -->\n<div class=\"dipi-blog-post clearfix\">\n<div class=\"dipi-entry-featured-image-url dipi-none\">\n\n\t\t<a    \n        class=\"dipi-blog-post-overlay-link\"\n        href=\"https:\/\/celliers.ch\/de\/aktivitaten\/visite-evolene\/\"\n        target=\"\"><\/a>\n\t\n    <div class=\"dipi-blog-post-overlay\">\n        <div class=\"dipi-author\">\n        <span class=\"author vcard\">By <img decoding=\"async\" src=\" https:\/\/secure.gravatar.com\/avatar\/2ac5bf83a461c34e68c1680f98ec91de3a10c099af0a5d22c12696f1f632691f?s=96&#038;d=mm&#038;r=g\" \/> <a href=\"https:\/\/celliers.ch\/de\/author\/agnes\/\" title=\"Beitr\u00e4ge von agnes\" rel=\"author\">agnes<\/a><\/span>\n    <\/div>    <\/div>\n\n    <img\n                decoding=\"async\"\n                loading=\"lazy\"\n                class=\"wp-post-image\"\n                src=\"https:\/\/celliers.ch\/wp-content\/uploads\/2025\/07\/visite-gourmande-a-Evolene.jpg\"\n                alt=\"Gourmet-Tour in Evol\u00e8ne\"\n                srcset=\"https:\/\/celliers.ch\/wp-content\/uploads\/2025\/07\/visite-gourmande-a-Evolene-400x284.jpg 768w, https:\/\/celliers.ch\/wp-content\/uploads\/2025\/07\/visite-gourmande-a-Evolene-400x284.jpg 980w, https:\/\/celliers.ch\/wp-content\/uploads\/2025\/07\/visite-gourmande-a-Evolene-400x284.jpg 1024w\"\n                sizes=\"(max-width: 768px) 768px, (max-width: 980px) 980px, 1024px\"\n            \/>\n            \n<\/div><div class=\"dipi-date\">\n        \n        <span class=\"dipi-month\">Juli<\/span>\n        <span class=\"dipi-day\">22<\/span>\n        <span class=\"dipi-year\">2025<\/span>\n    \n    <\/div><div class=\"dipi-post-content\">\n    <div class=\"dipi-categories\">\n            <\/div>\n    <h2 class=\"dipi-entry-title\">\n        <a href=\"https:\/\/celliers.ch\/de\/aktivitaten\/visite-evolene\/\" target=\"\">\n            Gourmet-Tour in Evol\u00e8ne        <\/a>\n    <\/h2>    <div class=\"dipi-post-text\">\n<p>Verkosten Sie unsere Weine in einem traditionellen Alpendorf<\/p>\n<\/div>\n    <\/div><!-- dipi-post-content --><\/div><!-- dipi-blog-post -->\n<div class=\"dipi-blog-post clearfix\">\n<div class=\"dipi-entry-featured-image-url dipi-none\">\n\n\t\t<a    \n        class=\"dipi-blog-post-overlay-link\"\n        href=\"https:\/\/celliers.ch\/de\/aktivitaten\/les-disparus-de-brulefer\/\"\n        target=\"\"><\/a>\n\t\n    <div class=\"dipi-blog-post-overlay\">\n        <div class=\"dipi-author\">\n        <span class=\"author vcard\">By <img decoding=\"async\" src=\" https:\/\/secure.gravatar.com\/avatar\/2ac5bf83a461c34e68c1680f98ec91de3a10c099af0a5d22c12696f1f632691f?s=96&#038;d=mm&#038;r=g\" \/> <a href=\"https:\/\/celliers.ch\/de\/author\/agnes\/\" title=\"Beitr\u00e4ge von agnes\" rel=\"author\">agnes<\/a><\/span>\n    <\/div>    <\/div>\n\n    <img\n                decoding=\"async\"\n                loading=\"lazy\"\n                class=\"wp-post-image\"\n                src=\"https:\/\/celliers.ch\/wp-content\/uploads\/2025\/07\/les-disparus-de-brulefer-1.jpg\"\n                alt=\"\"\n                srcset=\"https:\/\/celliers.ch\/wp-content\/uploads\/2025\/07\/les-disparus-de-brulefer-1-400x284.jpg 768w, https:\/\/celliers.ch\/wp-content\/uploads\/2025\/07\/les-disparus-de-brulefer-1-400x284.jpg 980w, https:\/\/celliers.ch\/wp-content\/uploads\/2025\/07\/les-disparus-de-brulefer-1-400x284.jpg 1024w\"\n                sizes=\"(max-width: 768px) 768px, (max-width: 980px) 980px, 1024px\"\n            \/>\n            \n<\/div><div class=\"dipi-date\">\n        \n        <span class=\"dipi-month\">Juli<\/span>\n        <span class=\"dipi-day\">15<\/span>\n        <span class=\"dipi-year\">2025<\/span>\n    \n    <\/div><div class=\"dipi-post-content\">\n    <div class=\"dipi-categories\">\n            <\/div>\n    <h2 class=\"dipi-entry-title\">\n        <a href=\"https:\/\/celliers.ch\/de\/aktivitaten\/les-disparus-de-brulefer\/\" target=\"\">\n            Die Vermissten von Br\u00fblefer        <\/a>\n    <\/h2>    <div class=\"dipi-post-text\">\n<p>Eine eindringliche Geschichte im Herzen unseres Weinbergs<\/p>\n<\/div>\n    <\/div><!-- dipi-post-content --><\/div><!-- dipi-blog-post -->\n\n\t\t            <\/div>\n\t\t        <\/div>\n\t\t        <div class=\"swiper-button-next swiper-arrow-button dipi-sbn0  hide_on_desktop hide_on_tablet hide_on_phone\" data-icon=\"&#x39;\"><\/div>\n\t\t    <div class=\"swiper-button-prev swiper-arrow-button dipi-sbp0  hide_on_desktop hide_on_tablet hide_on_phone\" data-icon=\"&#x38;\"><\/div>\n\t\t        <div class=\"swiper-container-horizontal\">\n\t\t            <div class=\"swiper-pagination dipi-sp0 hide_on_desktop hide_on_tablet hide_on_phone\"><\/div>\n\t\t        <\/div>\n\t\t    <\/div><\/div><\/div><\/div><\/div><div class=\"et_pb_section_3 et_pb_section et_section_regular et_block_section\"><div class=\"et_pb_row_6 et_pb_row et_pb_equal_columns et_block_row\"><div class=\"et_pb_column_8 et_pb_column et_pb_column_2_5 et_block_column et_pb_css_mix_blend_mode_passthrough\"><div class=\"et_pb_image_0 et_pb_image et_pb_module et_flex_module\"><a href=\"https:\/\/shop.celliers.ch\" target=\"_blank\"><span class=\"et_pb_image_wrap\"><img decoding=\"async\" src=\"https:\/\/celliers.ch\/wp-content\/uploads\/2024\/01\/rabais-commande-vins-valais.png\" alt=\"Rabais commande de vins en Valais\" title=\"Rabais commande de vins en Valais\" width=\"800\" height=\"700\" class=\"wp-image-529\" \/><\/span><\/a><\/div><\/div><div class=\"et_pb_column_9 et_pb_column et_pb_column_3_5 et-last-child et_block_column et_pb_css_mix_blend_mode_passthrough\"><div class=\"et_pb_text_13 et_pb_text et_pb_bg_layout_light et_pb_module et_flex_module preset--module--divi-text--bf60d947-3f90-4402-8aff-3b2baae28d03\"><div class=\"et_pb_text_inner\"><p>Combinez et profitez<\/p>\n<\/div><\/div><div class=\"et_pb_text_14 et_pb_text et_pb_bg_layout_light et_pb_module et_flex_module\"><div class=\"et_pb_text_inner\"><h2>15% sur votre commande de vins<\/h2>\n<\/div><\/div><div class=\"et_pb_text_15 et_pb_text et_pb_bg_layout_light et_pb_module et_flex_module\"><div class=\"et_pb_text_inner\"><p>Chaque participation \u00e0 l\u2019une de nos activit\u00e9s oenotouristiques vous donne droit \u00e0 15% de rabais \u00e0 faire valoir sur votre commande de vins le jour de votre visite.<\/p>\n<\/div><\/div><div class=\"et_pb_module et_pb_button_module_wrapper et_pb_button_3_wrapper preset--module--divi-button--default_wrapper\"><a class=\"et_pb_button_3 et_pb_button et_pb_bg_layout_light et_pb_module et_flex_module preset--module--divi-button--default\" href=\"https:\/\/shop.celliers.ch\" target=\"_blank\" data-icon=\"$\">Voir le shop<\/a><\/div><\/div><\/div><\/div><div class=\"et_pb_section_4 et_pb_section et_section_regular et_block_section\"><div class=\"et_pb_row_7 et_pb_row et_pb_row_1-4_3-4 et_block_row et_block_row_1-4_3-4 et_clickable\"><div class=\"et_pb_column_10 et_pb_column et_pb_column_1_4 et_block_column et_pb_css_mix_blend_mode_passthrough\"><div class=\"et_pb_text_16 et_pb_text et_pb_bg_layout_light et_pb_module et_flex_module preset--module--divi-text--bf60d947-3f90-4402-8aff-3b2baae28d03\"><div class=\"et_pb_text_inner\"><p>\u00c0 LIRE<\/p>\n<\/div><\/div><div class=\"et_pb_text_17 et_pb_text et_pb_bg_layout_light et_pb_module et_flex_module grappe\"><div class=\"et_pb_text_inner\"><h2>L'actualit\u00e9 du vin<\/h2>\n<\/div><\/div><div class=\"et_pb_text_18 et_pb_text et_pb_bg_layout_light et_pb_module et_flex_module\"><div class=\"et_pb_text_inner\"><p>D\u00e9couvrez les derni\u00e8res nouvelles des Celliers de Sion. De nos cuv\u00e9es d'exception aux \u00e9v\u00e9nements \u00e0 venir, en passant par notre riche patrimoine et les d\u00e9lices de notre table, restez inform\u00e9s de tout ce qui fait vivre notre domaine au fil des saisons.<\/p>\n<\/div><\/div><div class=\"et_pb_module et_pb_button_module_wrapper et_pb_button_4_wrapper preset--module--divi-button--default_wrapper\"><a class=\"et_pb_button_4 et_pb_button et_pb_bg_layout_light et_pb_module et_flex_module preset--module--divi-button--default\" href=\"\/actualites\/\" data-icon=\"$\">Toutes les actualit\u00e9s<\/a><\/div><\/div><div class=\"et_pb_column_11 et_pb_column et_pb_column_3_4 et-last-child et_block_column et_pb_css_mix_blend_mode_passthrough\"><div class=\"dipi_blog_slider_1 dipi_blog_slider et_pb_bg_layout_light et_pb_module\">\n\t\t    <div class=\"dipi-blog-slider-main preloading\" data-columnsphone=\"1\"\n\t\t    data-columnstablet=\"3\"\n\t\t    data-columnsdesktop=\"3\"\n\t\t    data-spacebetween=\"50\"\n\t\t    data-loop=\"on\"\n\t\t    data-speed=\"500|500|500\"\n\t\t    data-navigation=\"on\"\n\t\t    data-pagination=\"on\"\n\t\t    data-autoplay=\"on\"\n\t\t    data-autoplayspeed=\"4000\"\n\t\t    data-pauseonhover=\"on\"\n\t\t    data-effect=\"slide\"\n\t\t    data-rotate=\"50\"\n\t\t    data-dynamicbullets=\"off\"\n\t\t    data-ordernumber=\"1\"\n\t\t    data-centered=\"off\"\n\t\t    data-spacebetween_tablet=\"50\"\n\t\t    data-spacebetween_phone=\"50\"\n\t\t    data-shadow=\"true\"\n\t\t    data-breakpoints=\"{&quot;768&quot;:{&quot;columns&quot;:&quot;3&quot;,&quot;spaceBetween&quot;:&quot;50&quot;},&quot;981&quot;:{&quot;columns&quot;:&quot;3&quot;,&quot;spaceBetween&quot;:&quot;50&quot;}}\"\n\t\t    data-baseconfig=\"{&quot;columns&quot;:&quot;1&quot;,&quot;spaceBetween&quot;:&quot;50&quot;}\"\n            data-originalslidecount=&quot;7&quot; data-initialslide=&quot;0&quot;\n            data-navigation_t=\"on\"\n            data-navigation_m=\"on\"\n            data-pagination_t=\"off\"\n            data-pagination_m=\"off\">\n\t\t        <div class=\"swiper-container\">\n\t\t            <div class=\"dipi-blog-slider-wrapper\">\n\t\t                <a  class=\"dipi-blog-post clearfix category-der-tisch\"\n    target=\"\"    \n    href=\"https:\/\/celliers.ch\/de\/actualites\/der-tisch\/pourquoi-decanter-un-vin\/\"\n    \n>\n<div class=\"dipi-entry-featured-image-url dipi-zoomin\">\n\n\t\n    <div class=\"dipi-blog-post-overlay\">\n            <\/div>\n\n    <img\n                decoding=\"async\"\n                loading=\"lazy\"\n                class=\"wp-post-image\"\n                src=\"https:\/\/celliers.ch\/wp-content\/uploads\/2025\/11\/pourquoi-decanter-vin.jpg\"\n                alt=\"Warum muss ein Wein dekantiert werden?\"\n                srcset=\"https:\/\/celliers.ch\/wp-content\/uploads\/2025\/11\/pourquoi-decanter-vin.jpg 768w, https:\/\/celliers.ch\/wp-content\/uploads\/2025\/11\/pourquoi-decanter-vin.jpg 980w, https:\/\/celliers.ch\/wp-content\/uploads\/2025\/11\/pourquoi-decanter-vin.jpg 1024w\"\n                sizes=\"(max-width: 768px) 768px, (max-width: 980px) 980px, 1024px\"\n            \/>\n            \n<\/div><div class=\"dipi-post-content\">\n    <div class=\"dipi-categories\">\n        Der Tisch    <\/div>\n    <h4 class=\"dipi-entry-title\">\n            Warum muss ein Wein dekantiert werden?    <\/h4>        <\/div><!-- dipi-post-content --><\/a><!-- dipi-blog-post -->\n<a  class=\"dipi-blog-post clearfix category-die-geschichte\"\n    target=\"\"    \n    href=\"https:\/\/celliers.ch\/de\/actualites\/die-geschichte\/origines-du-fendant\/\"\n    \n>\n<div class=\"dipi-entry-featured-image-url dipi-zoomin\">\n\n\t\n    <div class=\"dipi-blog-post-overlay\">\n            <\/div>\n\n    <img\n                decoding=\"async\"\n                loading=\"lazy\"\n                class=\"wp-post-image\"\n                src=\"https:\/\/celliers.ch\/wp-content\/uploads\/2025\/11\/origines-du-fendant-valais.jpg\"\n                alt=\"Die Urspr\u00fcnge des Fendants\"\n                srcset=\"https:\/\/celliers.ch\/wp-content\/uploads\/2025\/11\/origines-du-fendant-valais.jpg 768w, https:\/\/celliers.ch\/wp-content\/uploads\/2025\/11\/origines-du-fendant-valais.jpg 980w, https:\/\/celliers.ch\/wp-content\/uploads\/2025\/11\/origines-du-fendant-valais.jpg 1024w\"\n                sizes=\"(max-width: 768px) 768px, (max-width: 980px) 980px, 1024px\"\n            \/>\n            \n<\/div><div class=\"dipi-post-content\">\n    <div class=\"dipi-categories\">\n        Die Geschichte    <\/div>\n    <h4 class=\"dipi-entry-title\">\n            Die Geheimnisse der Herkunft des Fendants    <\/h4>        <\/div><!-- dipi-post-content --><\/a><!-- dipi-blog-post -->\n<a  class=\"dipi-blog-post clearfix category-der-weinkeller\"\n    target=\"\"    \n    href=\"https:\/\/celliers.ch\/de\/actualites\/der-weinkeller\/comment-fait-on-vin-rose\/\"\n    \n>\n<div class=\"dipi-entry-featured-image-url dipi-zoomin\">\n\n\t\n    <div class=\"dipi-blog-post-overlay\">\n            <\/div>\n\n    <img\n                decoding=\"async\"\n                loading=\"lazy\"\n                class=\"wp-post-image\"\n                src=\"https:\/\/celliers.ch\/wp-content\/uploads\/2025\/11\/comment-faire-vin-rose.jpg\"\n                alt=\"Wie wird ein Ros\u00e9wein hergestellt?\"\n                srcset=\"https:\/\/celliers.ch\/wp-content\/uploads\/2025\/11\/comment-faire-vin-rose.jpg 768w, https:\/\/celliers.ch\/wp-content\/uploads\/2025\/11\/comment-faire-vin-rose.jpg 980w, https:\/\/celliers.ch\/wp-content\/uploads\/2025\/11\/comment-faire-vin-rose.jpg 1024w\"\n                sizes=\"(max-width: 768px) 768px, (max-width: 980px) 980px, 1024px\"\n            \/>\n            \n<\/div><div class=\"dipi-post-content\">\n    <div class=\"dipi-categories\">\n        Der Weinkeller    <\/div>\n    <h4 class=\"dipi-entry-title\">\n            Wie wird ein Ros\u00e9wein hergestellt?    <\/h4>        <\/div><!-- dipi-post-content --><\/a><!-- dipi-blog-post -->\n<a  class=\"dipi-blog-post clearfix category-die-geschichte\"\n    target=\"\"    \n    href=\"https:\/\/celliers.ch\/de\/actualites\/die-geschichte\/vins-suisses-meilleurs-aujourdhui\/\"\n    \n>\n<div class=\"dipi-entry-featured-image-url dipi-zoomin\">\n\n\t\n    <div class=\"dipi-blog-post-overlay\">\n            <\/div>\n\n    <img\n                decoding=\"async\"\n                loading=\"lazy\"\n                class=\"wp-post-image\"\n                src=\"https:\/\/celliers.ch\/wp-content\/uploads\/2025\/10\/vins-suisses-meilleurs.jpg\"\n                alt=\"Sind Schweizer Weine heute wirklich besser?\"\n                srcset=\"https:\/\/celliers.ch\/wp-content\/uploads\/2025\/10\/vins-suisses-meilleurs.jpg 768w, https:\/\/celliers.ch\/wp-content\/uploads\/2025\/10\/vins-suisses-meilleurs.jpg 980w, https:\/\/celliers.ch\/wp-content\/uploads\/2025\/10\/vins-suisses-meilleurs.jpg 1024w\"\n                sizes=\"(max-width: 768px) 768px, (max-width: 980px) 980px, 1024px\"\n            \/>\n            \n<\/div><div class=\"dipi-post-content\">\n    <div class=\"dipi-categories\">\n        Die Geschichte    <\/div>\n    <h4 class=\"dipi-entry-title\">\n            Sind Schweizer Weine heute wirklich besser?    <\/h4>        <\/div><!-- dipi-post-content --><\/a><!-- dipi-blog-post -->\n<a  class=\"dipi-blog-post clearfix category-der-tisch\"\n    target=\"\"    \n    href=\"https:\/\/celliers.ch\/de\/actualites\/der-tisch\/pourquoi-chambrer-un-vin\/\"\n    \n>\n<div class=\"dipi-entry-featured-image-url dipi-zoomin\">\n\n\t\n    <div class=\"dipi-blog-post-overlay\">\n            <\/div>\n\n    <img\n                decoding=\"async\"\n                loading=\"lazy\"\n                class=\"wp-post-image\"\n                src=\"https:\/\/celliers.ch\/wp-content\/uploads\/2025\/01\/pourquoi-chambrer-vin.jpg\"\n                alt=\"Pourquoi dit-on \u00ab chambrer \u00bb un vin ?\"\n                srcset=\"https:\/\/celliers.ch\/wp-content\/uploads\/2025\/01\/pourquoi-chambrer-vin-600x600.jpg 768w, https:\/\/celliers.ch\/wp-content\/uploads\/2025\/01\/pourquoi-chambrer-vin-600x600.jpg 980w, https:\/\/celliers.ch\/wp-content\/uploads\/2025\/01\/pourquoi-chambrer-vin-600x600.jpg 1024w\"\n                sizes=\"(max-width: 768px) 768px, (max-width: 980px) 980px, 1024px\"\n            \/>\n            \n<\/div><div class=\"dipi-post-content\">\n    <div class=\"dipi-categories\">\n        Der Tisch    <\/div>\n    <h4 class=\"dipi-entry-title\">\n            Warum sagt man &#8222;chambrer&#8220; zu einem Wein?    <\/h4>        <\/div><!-- dipi-post-content --><\/a><!-- dipi-blog-post -->\n<a  class=\"dipi-blog-post clearfix category-veranstaltungen\"\n    target=\"\"    \n    href=\"https:\/\/celliers.ch\/de\/actualites\/veranstaltungen\/student-swiss-wine-award\/\"\n    \n>\n<div class=\"dipi-entry-featured-image-url dipi-zoomin\">\n\n\t\n    <div class=\"dipi-blog-post-overlay\">\n            <\/div>\n\n    <img\n                decoding=\"async\"\n                loading=\"lazy\"\n                class=\"wp-post-image\"\n                src=\"https:\/\/celliers.ch\/wp-content\/uploads\/2024\/09\/Samuel_Devantery_Cellier_SSWA-33.jpg\"\n                alt=\"\"\n                srcset=\"https:\/\/celliers.ch\/wp-content\/uploads\/2024\/09\/Samuel_Devantery_Cellier_SSWA-33.jpg 768w, https:\/\/celliers.ch\/wp-content\/uploads\/2024\/09\/Samuel_Devantery_Cellier_SSWA-33.jpg 980w, https:\/\/celliers.ch\/wp-content\/uploads\/2024\/09\/Samuel_Devantery_Cellier_SSWA-33.jpg 1024w\"\n                sizes=\"(max-width: 768px) 768px, (max-width: 980px) 980px, 1024px\"\n            \/>\n            \n<\/div><div class=\"dipi-post-content\">\n    <div class=\"dipi-categories\">\n        Veranstaltungen    <\/div>\n    <h4 class=\"dipi-entry-title\">\n            Student Swiss Wine Award    <\/h4>        <\/div><!-- dipi-post-content --><\/a><!-- dipi-blog-post -->\n<a  class=\"dipi-blog-post clearfix category-der-weinberg\"\n    target=\"\"    \n    href=\"https:\/\/celliers.ch\/de\/actualites\/der-weinberg\/cepages-plus-repandus-suisse\/\"\n    \n>\n<div class=\"dipi-entry-featured-image-url dipi-zoomin\">\n\n\t\n    <div class=\"dipi-blog-post-overlay\">\n            <\/div>\n\n    <img\n                decoding=\"async\"\n                loading=\"lazy\"\n                class=\"wp-post-image\"\n                src=\"https:\/\/celliers.ch\/wp-content\/uploads\/2024\/05\/cepages-repandus-suisse.jpg\"\n                alt=\"Welche Rebsorten sind in der Schweiz am weitesten verbreitet?\"\n                srcset=\"https:\/\/celliers.ch\/wp-content\/uploads\/2024\/05\/cepages-repandus-suisse.jpg 768w, https:\/\/celliers.ch\/wp-content\/uploads\/2024\/05\/cepages-repandus-suisse.jpg 980w, https:\/\/celliers.ch\/wp-content\/uploads\/2024\/05\/cepages-repandus-suisse.jpg 1024w\"\n                sizes=\"(max-width: 768px) 768px, (max-width: 980px) 980px, 1024px\"\n            \/>\n            \n<\/div><div class=\"dipi-post-content\">\n    <div class=\"dipi-categories\">\n        Der Weinberg    <\/div>\n    <h4 class=\"dipi-entry-title\">\n            Welche Rebsorten sind in der Schweiz am weitesten verbreitet?    <\/h4>        <\/div><!-- dipi-post-content --><\/a><!-- dipi-blog-post -->\n\n\t\t            <\/div>\n\t\t        <\/div>\n\t\t        <div class=\"swiper-button-next swiper-arrow-button dipi-sbn1  show_on_desktop_flex show_on_tablet_flex show_on_phone_flex\" data-icon=\"9\"><\/div>\n\t\t    <div class=\"swiper-button-prev swiper-arrow-button dipi-sbp1  show_on_desktop_flex show_on_tablet_flex show_on_phone_flex\" data-icon=\"8\"><\/div>\n\t\t        <div class=\"swiper-container-horizontal\">\n\t\t            <div class=\"swiper-pagination dipi-sp1 hide_on_desktop hide_on_tablet hide_on_phone\"><\/div>\n\t\t        <\/div>\n\t\t    <\/div><\/div><\/div><\/div><\/div><div class=\"et_pb_section_5 et_pb_section et_pb_section--fixed et_section_regular et_block_section\" id=\"menu-sticky-mobile\"><div class=\"et_pb_row_8 et_pb_row et_block_row\"><div class=\"et_pb_column_12 et_pb_column et_pb_column_4_4 et-last-child et_block_column et_pb_css_mix_blend_mode_passthrough\"><div class=\"dipi_button_grid_1 dipi_button_grid et_pb_module\"><div class=\"dipi-button-grid-container\">\n        <div class=\"dipi_button_grid_child_1 dipi_button_grid_child dipi-pt-item--Text et_pb_module\"><a class=\"et_pb_button dipi-button-grid dipi-button-wrap\" href=\"#prix\">Prix<\/a><\/div><div class=\"dipi_button_grid_child_2 dipi_button_grid_child dipi-pt-item--Text et_pb_module\"><a class=\"et_pb_button dipi-button-grid dipi-button-wrap\" href=\"#photos\">Photos<\/a><\/div><div class=\"dipi_button_grid_child_3 dipi_button_grid_child dipi-pt-item--Text et_pb_module\"><a class=\"et_pb_button dipi-button-grid dipi-button-wrap\" href=\"#reserver\">R\u00e9server<\/a><\/div><div class=\"dipi_button_grid_child_4 dipi_button_grid_child dipi-pt-item--Text et_pb_module\"><a class=\"et_pb_button dipi-button-grid dipi-button-wrap\" href=\"#faq\">FAQ<\/a><\/div>\n      <\/div><\/div><\/div><\/div><\/div>\n","protected":false},"excerpt":{"rendered":"<p>Eine eindringliche Geschichte im Herzen unseres Weinbergs<\/p>\n","protected":false},"author":2,"featured_media":23951697,"parent":23946362,"menu_order":0,"comment_status":"closed","ping_status":"closed","template":"","meta":{"_acf_changed":false,"footnotes":""},"dipi_cpt_category":[39,38],"class_list":["post-23951646","page","type-page","status-publish","has-post-thumbnail","hentry","dipi_cpt_category-10-personen-de","dipi_cpt_category-outdoor-de"],"acf":[],"_links":{"self":[{"href":"https:\/\/celliers.ch\/de\/wp-json\/wp\/v2\/pages\/23951646","targetHints":{"allow":["GET"]}}],"collection":[{"href":"https:\/\/celliers.ch\/de\/wp-json\/wp\/v2\/pages"}],"about":[{"href":"https:\/\/celliers.ch\/de\/wp-json\/wp\/v2\/types\/page"}],"author":[{"embeddable":true,"href":"https:\/\/celliers.ch\/de\/wp-json\/wp\/v2\/users\/2"}],"replies":[{"embeddable":true,"href":"https:\/\/celliers.ch\/de\/wp-json\/wp\/v2\/comments?post=23951646"}],"version-history":[{"count":36,"href":"https:\/\/celliers.ch\/de\/wp-json\/wp\/v2\/pages\/23951646\/revisions"}],"predecessor-version":[{"id":23954189,"href":"https:\/\/celliers.ch\/de\/wp-json\/wp\/v2\/pages\/23951646\/revisions\/23954189"}],"up":[{"embeddable":true,"href":"https:\/\/celliers.ch\/de\/wp-json\/wp\/v2\/pages\/23946362"}],"wp:featuredmedia":[{"embeddable":true,"href":"https:\/\/celliers.ch\/de\/wp-json\/wp\/v2\/media\/23951697"}],"wp:attachment":[{"href":"https:\/\/celliers.ch\/de\/wp-json\/wp\/v2\/media?parent=23951646"}],"wp:term":[{"taxonomy":"dipi_cpt_category","embeddable":true,"href":"https:\/\/celliers.ch\/de\/wp-json\/wp\/v2\/dipi_cpt_category?post=23951646"}],"curies":[{"name":"wp","href":"https:\/\/api.w.org\/{rel}","templated":true}]}}