{"id":23946090,"date":"2024-04-05T10:43:05","date_gmt":"2024-04-05T08:43:05","guid":{"rendered":"https:\/\/celliers.ch\/lac-souterrain-de-saint-leonard\/"},"modified":"2026-08-18T11:29:52","modified_gmt":"2026-08-18T09:29:52","slug":"saint-leonard-underground-lake","status":"publish","type":"page","link":"https:\/\/celliers.ch\/en\/activities\/saint-leonard-underground-lake\/","title":{"rendered":"Saint-L\u00e9onard \u2013 The underground lake"},"content":{"rendered":"\n<div class=\"et_pb_section_0 et_pb_section et_section_regular et_block_section\"><div class=\"et_pb_row_0 et_pb_row et_block_row\"><div class=\"et_pb_column_0 et_pb_column et_pb_column_4_4 et-last-child et_block_column et_pb_css_mix_blend_mode_passthrough\"><div class=\"dipi_breadcrumbs_0 dipi_breadcrumbs et_pb_bg_layout_light et_pb_module preset--module--dipi-breadcrumbs--default\"><div class=\"dipi-breadcrumbs dipi-bc-center\">\n                <ul itemscope itemtype=https:\/\/schema.org\/BreadcrumbList>\n                    \n                                                <li itemprop=itemListElement itemscope itemtype=https:\/\/schema.org\/ListItem class=\"dipi-breadcrumb-item dipi-breadcrumb-home\">\n\n                                            <a itemprop=item href=\"https:\/\/celliers.ch\/en\/\">\n                            <span itemprop=name content=\"Home\">\n                                                                Les Celliers de Sion                            <\/span>\n                        <\/a>\n\n                                        <meta itemprop=\"position\" content=\"1\"\/>                <\/li>\n\n                <li class=\"dipi-breadcrumb-separator\">\n                    <span class=\"et-pb-icon dipi-separator-icon\">5<\/span>\n                <\/li>                        \n                <\/ul>\n            <\/div><\/div><\/div><\/div><\/div><div class=\"et_pb_section_1 et_pb_section et_section_regular et_block_section\"><div class=\"et_pb_row_1 et_pb_row et_block_row\"><div class=\"et_pb_column_1 et_pb_column et_pb_column_1_2 et_block_column et_pb_css_mix_blend_mode_passthrough\" id=\"prix\"><div class=\"et_pb_text_0 et_pb_text et_pb_bg_layout_light et_pb_module et_block_module\"><div class=\"et_pb_text_inner\"><h2>A visit to Europe's largest underground lake<\/h2>\n<\/div><\/div><div class=\"dipi_button_grid_0 dipi_button_grid et_pb_module\"><div class=\"dipi-button-grid-container\">\n        <div class=\"dipi_button_grid_child_0 dipi_button_grid_child dipi-pt-item--Text et_pb_module\"><div class=\"dipi-text-grid dipi-text-wrap\">CHF 81.- \/ adult<\/div><\/div>\n      <\/div><\/div><div class=\"et_pb_text_1 et_pb_text et_pb_bg_layout_light et_pb_module et_block_module\"><div class=\"et_pb_text_inner\"><p>Sail the blue waters of <strong>Europe's largest underground lake<\/strong>. An immersive experience in the <strong>heart of the Valais Alps<\/strong>.<\/p>\n<p>After this magical cruise, you'll stop off in the vineyards of Sion to sample <strong>typical Valais dishes<\/strong>. Your journey continues <strong>at the Celliers de Sion<\/strong>, where you can taste the indigenous wines of the Valais.<\/p>\n<\/div><\/div><div class=\"et_pb_module et_pb_button_module_wrapper et_pb_button_0_wrapper preset--module--divi-button--default_wrapper\"><a class=\"et_pb_button_0 et_pb_button et_pb_bg_layout_light et_pb_module et_block_module preset--module--divi-button--default\" href=\"#faqlacsouterrain\" data-icon=\"$\">Frequently asked questions<\/a><\/div><div class=\"et_pb_module et_pb_button_module_wrapper et_pb_button_1_wrapper preset--module--divi-button--default_wrapper\"><a class=\"et_pb_button_1 et_pb_button et_pb_bg_layout_light et_pb_module et_block_module preset--module--divi-button--default\" href=\"#reserverlacsouterrain\" data-icon=\"$\">Reservation<\/a><\/div><div class=\"et_pb_divider_0 et_pb_divider et_pb_space et_pb_divider_position_center et_pb_module\"><div class=\"et_pb_divider_internal\"><\/div><\/div><div class=\"et_pb_code_0 et_pb_code et_pb_module\"><div class=\"et_pb_code_inner\"><div class=\"details-activites\">\n  <div class=\"dates\">\nEvery day\n  <\/div>\n    <div class=\"heures\">\n  Departure ~ 10 a.m.\n  <\/div>\n      <div class=\"duree\">\n  ~ 6h30\n  <\/div>\n<\/div><\/div><\/div><div class=\"et_pb_divider_1 et_pb_divider et_pb_space et_pb_divider_position_center et_pb_module\"><div class=\"et_pb_divider_internal\"><\/div><\/div><div class=\"dipi_button_grid_1 dipi_button_grid et_pb_module\"><div class=\"dipi-button-grid-container\">\n        <div class=\"dipi_button_grid_child_1 dipi_button_grid_child dipi-pt-item--Text et_pb_module\"><div class=\"dipi-text-grid dipi-text-wrap\">This activity is only available for groups of 10 or more from April to October.<\/div><\/div>\n      <\/div><\/div><\/div><div class=\"et_pb_column_2 et_pb_column et_pb_column_1_2 et-last-child et_block_column et_pb_css_mix_blend_mode_passthrough\" id=\"photos\"><div class=\"dipi_image_gallery_0 dipi_image_gallery et_pb_bg_layout_light et_pb_module preset--module--dipi-image-gallery--default\"><div class=\"dipi-image-gallery dipi-ig-horizontal\">\n            <div class=\"dipi-image-gallery-top\">\n\t\t\t\t<div class=\"swiper swiper-container dipi-image-gallery-top_0\"  data-direction=\"horizontal\" data-navigation=\"off\" data-ordernumber=\"0\" data-animation=\"slide\" data-autoplay=\"off\" data-main_redraw_after_slide_changed=\"off\" data-pause_on_hover=\"off\" data-autoplay_delay=\"5000\" data-enable_popup=\"off\" data-popup_animation=\"none\" data-popup_animation_duration=\"500\">\n\t\t\t\t\t<div class=\"swiper-wrapper\">\n\t\t\t\t\t\t<div class=\"dipi_image_gallery_child_0 dipi_image_gallery_child et_pb_bg_layout_light et_pb_text_align_center swiper-slide et_pb_module\"><div class=\"swiper-slide-container \" role=\"figure\"  style=\"background-image:url(https:\/\/celliers.ch\/wp-content\/uploads\/2024\/04\/lac-souterrain.jpg);background-size:cover;background-repeat: no-repeat;\">\n                \n                \n            <\/div><\/div><div class=\"dipi_image_gallery_child_1 dipi_image_gallery_child et_pb_bg_layout_light et_pb_text_align_center swiper-slide et_pb_module\"><div class=\"swiper-slide-container \" role=\"figure\"  style=\"background-image:url(https:\/\/celliers.ch\/wp-content\/uploads\/2024\/04\/degustation.jpg);background-size:cover;background-repeat: no-repeat;\">\n                \n                \n            <\/div><\/div><div class=\"dipi_image_gallery_child_2 dipi_image_gallery_child et_pb_bg_layout_light et_pb_text_align_center swiper-slide et_pb_module\"><div class=\"swiper-slide-container \" role=\"figure\"  style=\"background-image:url(https:\/\/celliers.ch\/wp-content\/uploads\/2024\/03\/guerite-brulefer-degustation.jpg);background-size:cover;background-repeat: no-repeat;\">\n                \n                \n            <\/div><\/div><div class=\"dipi_image_gallery_child_3 dipi_image_gallery_child et_pb_bg_layout_light et_pb_text_align_center swiper-slide et_pb_module\"><div class=\"swiper-slide-container \" role=\"figure\"  style=\"background-image:url(https:\/\/celliers.ch\/wp-content\/uploads\/2024\/03\/guerite-brulefer-2.jpg);background-size:cover;background-repeat: no-repeat;\">\n                \n                \n            <\/div><\/div>\n\t\t\t\t\t<\/div>  \n\t\t\t\t<\/div>\n\t\t\t\t\n\t\t\t<\/div> \n\t\t\t<div class=\"dipi-image-gallery-thumbs\">\n\t\t\t\t<div class=\"swiper swiper-container dipi-image-gallery-thumbs_0 dipi-thumbs-horizontal dipi-img-thumbs-bottom\"  data-direction=\"horizontal\" data-columnsdesktop=\"4\" data-columnstablet=\"4\" data-columnsphone=\"4\" data-spacebetween=\"10\" data-spacebetween_tablet=\"10\" data-spacebetween_phone=\"10\" data-centered=\"on\" data-thumbs_loop=\"on\" data-originalcount=\"4\" data-ordernumber=\"0\" data-navigation=\"off\" data-is_tb_body=\"off\">\n\t\t\t\t\t<div class=\"swiper-wrapper\">\n\t\t\t\t\t\t<div class=\"dipi_image_gallery_child swiper-slide\" data-class=\"dipi_image_gallery_child_0\">\n\t\t\t\t<div class=\"swiper-slide-container\" role=\"figure\" aria-label=\"\" style=\"background-image:url(https:\/\/celliers.ch\/wp-content\/uploads\/2024\/04\/lac-souterrain.jpg);background-size: cover;background-repeat:no-repeat;\"><\/div>\n\t\t\t<\/div><div class=\"dipi_image_gallery_child swiper-slide\" data-class=\"dipi_image_gallery_child_1\">\n\t\t\t\t<div class=\"swiper-slide-container\" role=\"figure\" aria-label=\"\" style=\"background-image:url(https:\/\/celliers.ch\/wp-content\/uploads\/2024\/04\/degustation.jpg);background-size: cover;background-repeat:no-repeat;\"><\/div>\n\t\t\t<\/div><div class=\"dipi_image_gallery_child swiper-slide\" data-class=\"dipi_image_gallery_child_2\">\n\t\t\t\t<div class=\"swiper-slide-container\" role=\"figure\" aria-label=\"\" style=\"background-image:url(https:\/\/celliers.ch\/wp-content\/uploads\/2024\/03\/guerite-brulefer-degustation.jpg);background-size: cover;background-repeat:no-repeat;\"><\/div>\n\t\t\t<\/div><div class=\"dipi_image_gallery_child swiper-slide\" data-class=\"dipi_image_gallery_child_3\">\n\t\t\t\t<div class=\"swiper-slide-container\" role=\"figure\" aria-label=\"\" style=\"background-image:url(https:\/\/celliers.ch\/wp-content\/uploads\/2024\/03\/guerite-brulefer-2.jpg);background-size: cover;background-repeat:no-repeat;\"><\/div>\n\t\t\t<\/div>\n\t\t\t\t\t<\/div>\n\t\t\t\t<\/div>\n\t\t\t\t\n\t\t\t<\/div><\/div><\/div><\/div><\/div><div class=\"et_pb_row_2 et_pb_row et_block_row\"><div class=\"et_pb_column_3 et_pb_column et_pb_column_4_4 et-last-child et_block_column et_pb_css_mix_blend_mode_passthrough\"><div class=\"et_pb_text_2 et_pb_text et_pb_bg_layout_light et_pb_module et_block_module preset--module--divi-text--bf60d947-3f90-4402-8aff-3b2baae28d03\"><div class=\"et_pb_text_inner\"><p>Step 1<\/p>\n<\/div><\/div><div class=\"et_pb_text_3 et_pb_text et_pb_bg_layout_light et_pb_module et_block_module\"><div class=\"et_pb_text_inner\"><h3>Saint-L\u00e9onard underground lake<\/h3>\n<\/div><\/div><div class=\"et_pb_text_4 et_pb_text et_pb_bg_layout_light et_pb_module et_block_module\"><div class=\"et_pb_text_inner\"><p>Board a boat for a guided tour.<\/p>\n<ul>\n<li>Location:<span> <\/span><a href=\"https:\/\/lac-souterrain.com\/\" target=\"_blank\" rel=\"noopener\">Lac Souterrain de Saint-L\u00e9onard<\/a>, rue du Lac 21. 1958 Saint-L\u00e9onard<\/li>\n<li>Duration: approx. 30 minutes<\/li>\n<\/ul>\n<\/div><\/div><\/div><\/div><div class=\"et_pb_row_3 et_pb_row et_block_row\"><div class=\"et_pb_column_4 et_pb_column et_pb_column_4_4 et-last-child et_block_column et_pb_css_mix_blend_mode_passthrough\"><div class=\"et_pb_text_5 et_pb_text et_pb_bg_layout_light et_pb_module et_block_module preset--module--divi-text--bf60d947-3f90-4402-8aff-3b2baae28d03\"><div class=\"et_pb_text_inner\"><p>Step 2<\/p>\n<\/div><\/div><div class=\"et_pb_text_6 et_pb_text et_pb_bg_layout_light et_pb_module et_block_module\"><div class=\"et_pb_text_inner\"><h3>Typical Valais meal<\/h3>\n<\/div><\/div><div class=\"et_pb_text_7 et_pb_text et_pb_bg_layout_light et_pb_module et_block_module\"><div class=\"et_pb_text_inner\"><h4><strong>Our two options<\/strong><\/h4>\n<\/div><\/div><\/div><\/div><div class=\"et_pb_row_4 et_pb_row et_block_row\"><div class=\"et_pb_column_5 et_pb_column et_pb_column_1_2 et_block_column et_pb_css_mix_blend_mode_passthrough\"><div class=\"et_pb_text_8 et_pb_text et_pb_bg_layout_light et_pb_module et_block_module\"><div class=\"et_pb_text_inner\"><h4><strong>Option 1<\/strong>:<span> <\/span><strong>La<span> <\/span><a href=\"https:\/\/celliers.ch\/en\/oenoparc\/#brulefer\" target=\"_blank\" rel=\"noopener\">Gu\u00e9rite Br\u00fblefer<\/a><\/strong><\/h4>\n<p>Valid for groups of less than 20 people.<\/p>\n<ul>\n<li>Menu: Valais Raclette PDO. Drinks not included.<\/li>\n<li>  Access: On foot only.<\/li>\n<li>Parking options: Celliers de Sion,<span> <\/span><a href=\"https:\/\/www.google.ch\/maps\/place\/Bisse+de+Clavau\/@46.2429224,7.3667578,17z\/data=!4m8!1m2!2m1!1sbisse+de+clavau!3m4!1s0x478eddd2812b728b:0x99665907ced720a6!8m2!3d46.2430345!4d7.3635663\" target=\"_blank\" rel=\"noopener\">Parking de Champlan<\/a>,<span> <\/span><a href=\"https:\/\/www.google.ch\/maps\/place\/Les+Mazots+du+Clos+du+Ch%C3%A2teau\/@46.2429224,7.3667578,17z\/data=!4m8!1m2!2m1!1sbisse+de+clavau!3m4!1s0x478eddd40de3c607:0xb7a13844f6acfcbf!8m2!3d46.2441386!4d7.3708646\" target=\"_blank\" rel=\"noopener\">Mazots<\/a>.<\/li>\n<\/ul>\n<\/div><\/div><div class=\"et_pb_module et_pb_button_module_wrapper et_pb_button_2_wrapper preset--module--divi-button--default_wrapper\"><a class=\"et_pb_button_2 et_pb_button et_pb_bg_layout_light et_pb_module et_block_module preset--module--divi-button--default\" href=\"https:\/\/celliers.ch\/en\/oenoparc\/#brulefer\" data-icon=\"$\">Discover Gu\u00e9rite Br\u00fblefer<\/a><\/div><\/div><div class=\"et_pb_column_6 et_pb_column et_pb_column_1_2 et-last-child et_block_column et_pb_css_mix_blend_mode_passthrough\"><div class=\"et_pb_text_9 et_pb_text et_pb_bg_layout_light et_pb_module et_block_module\"><div class=\"et_pb_text_inner\"><h4><strong>Option 2<span> <\/span><\/strong>:<span> <\/span><strong><a href=\"https:\/\/celliers.ch\/en\/oenoparc\/#closduchateau\" target=\"_blank\" rel=\"noopener\">Les Mazots du Clos du Ch\u00e2teau<\/a><\/strong><\/h4>\n<p>Valid for groups of more than 20 people.<\/p>\n<ul>\n<li>Menu: Valais Raclette PDO. Drinks not included.<\/li>\n<li>Access : By car or on foot<\/li>\n<li>Address:<span> <\/span><a href=\"https:\/\/www.google.ch\/maps\/place\/Les+Mazots+du+Clos+du+Ch%C3%A2teau\/@46.2429224,7.3667578,17z\/data=!4m8!1m2!2m1!1sbisse+de+clavau!3m4!1s0x478eddd40de3c607:0xb7a13844f6acfcbf!8m2!3d46.2441386!4d7.3708646\" target=\"_blank\" rel=\"noopener\">Rue du Mont, Champlan\/Grimisuat<\/a>.<\/li>\n<\/ul>\n<\/div><\/div><div class=\"et_pb_module et_pb_button_module_wrapper et_pb_button_3_wrapper preset--module--divi-button--default_wrapper\"><a class=\"et_pb_button_3 et_pb_button et_pb_bg_layout_light et_pb_module et_block_module preset--module--divi-button--default\" href=\"https:\/\/celliers.ch\/en\/oenoparc\/#closduchateau\" data-icon=\"$\">Discover Clos du Ch\u00e2teau<\/a><\/div><\/div><\/div><div class=\"et_pb_row_5 et_pb_row et_block_row\"><div class=\"et_pb_column_7 et_pb_column et_pb_column_4_4 et-last-child et_block_column et_pb_css_mix_blend_mode_passthrough\"><div class=\"et_pb_text_10 et_pb_text et_pb_bg_layout_light et_pb_module et_block_module preset--module--divi-text--bf60d947-3f90-4402-8aff-3b2baae28d03\"><div class=\"et_pb_text_inner\"><p>Step 3<\/p>\n<\/div><\/div><div class=\"et_pb_text_11 et_pb_text et_pb_bg_layout_light et_pb_module et_block_module\"><div class=\"et_pb_text_inner\"><h3>Oenoparc des Celliers de Sion<\/h3>\n<\/div><\/div><div class=\"et_pb_text_12 et_pb_text et_pb_bg_layout_light et_pb_module et_block_module\"><div class=\"et_pb_text_inner\"><p><span>Discover our winegrowing heritage through an educational <\/span><a href=\"https:\/\/celliers.ch\/offres-oenotouristiques\/parcours-decouverte\/\" target=\"_blank\" rel=\"noopener\">educational trail<\/a><span>  designed inside the center. Your guide will then take you on a tasting of five wines from the Bonvin and Varone houses.<\/span><\/p>\n<\/div><\/div><\/div><\/div><div class=\"et_pb_row_6 et_pb_row et_block_row\" id=\"reserver\"><div class=\"et_pb_column_8 et_pb_column et_pb_column_4_4 et-last-child et_block_column et_pb_css_mix_blend_mode_passthrough\"><div class=\"et_pb_text_13 et_pb_text et_pb_bg_layout_light et_pb_module et_block_module preset--module--divi-text--bf60d947-3f90-4402-8aff-3b2baae28d03\"><div class=\"et_pb_text_inner\"><p>Les Celliers de Sion<\/p>\n<\/div><\/div><div class=\"et_pb_text_14 et_pb_text et_pb_bg_layout_light et_pb_module et_block_module grappe\"><div class=\"et_pb_text_inner\"><h2>Book the Lac Souterrain package<\/h2>\n<\/div><\/div><div class=\"et_pb_text_15 et_pb_text et_pb_bg_layout_light et_pb_module et_block_module\"><div class=\"et_pb_text_inner\"><p>The Underground Lake package is only available from<span> <\/span><strong>for a minimum of 10 people <\/strong>, and <strong>only <span>from April to October<\/span><\/strong>.<\/p>\n<p><strong>Please note<\/strong><span> <\/span>: transport from one venue to another is not included.<\/p>\n<p>The proposed schedule is adaptable to your needs.<\/p>\n<p>If you would like to make a reservation or find out more about this package, please send us your request. You can also contact us by telephone on<span> <\/span><a href=\"tel:+41272056523\">027 205 65 23<\/a>.<\/p>\n<\/div><\/div><\/div><\/div><div class=\"et_pb_row_7 et_pb_row et_block_row\"><div class=\"et_pb_column_9 et_pb_column et_pb_column_4_4 et-last-child et_block_column et_pb_css_mix_blend_mode_passthrough\"><div class=\"dipi_gravity_forms_styler_0 dipi_gravity_forms_styler et_pb_bg_layout_light et_pb_module preset--module--dipi-gravity-forms-styler--6ce8dba2-74b1-40bf-b4a9-6ec9197a0861\"><div class=\"dipi_gf_styler_container\" data-config=\"{&quot;order_class&quot;:&quot;dipi_gravity_forms_styler_0&quot;,&quot;use_custom_select_arrow&quot;:&quot;off&quot;,&quot;select_arrow_use_icon&quot;:&quot;off&quot;,&quot;select_arrow_icon_last_edited&quot;:&quot;&quot;,&quot;select_arrow_icon&quot;:&quot;\\uf078&quot;,&quot;select_arrow_icon_tablet&quot;:&quot;\\uf078&quot;,&quot;select_arrow_icon_phone&quot;:&quot;\\uf078&quot;,&quot;form_title_level&quot;:&quot;h2&quot;}\">\n                <div class=\"dipi_gf_styler_wrapper clearfix\"><script>\nvar gform;gform||(document.addEventListener(\"gform_main_scripts_loaded\",function(){gform.scriptsLoaded=!0}),document.addEventListener(\"gform\/theme\/scripts_loaded\",function(){gform.themeScriptsLoaded=!0}),window.addEventListener(\"DOMContentLoaded\",function(){gform.domLoaded=!0}),gform={domLoaded:!1,scriptsLoaded:!1,themeScriptsLoaded:!1,isFormEditor:()=>\"function\"==typeof InitializeEditor,callIfLoaded:function(o){return!(!gform.domLoaded||!gform.scriptsLoaded||!gform.themeScriptsLoaded&&!gform.isFormEditor()||(gform.isFormEditor()&&console.warn(\"The use of gform.initializeOnLoaded() is deprecated in the form editor context and will be removed in Gravity Forms 3.1.\"),o(),0))},initializeOnLoaded:function(o){gform.callIfLoaded(o)||(document.addEventListener(\"gform_main_scripts_loaded\",()=>{gform.scriptsLoaded=!0,gform.callIfLoaded(o)}),document.addEventListener(\"gform\/theme\/scripts_loaded\",()=>{gform.themeScriptsLoaded=!0,gform.callIfLoaded(o)}),window.addEventListener(\"DOMContentLoaded\",()=>{gform.domLoaded=!0,gform.callIfLoaded(o)}))},hooks:{action:{},filter:{}},addAction:function(o,r,e,t){gform.addHook(\"action\",o,r,e,t)},addFilter:function(o,r,e,t){gform.addHook(\"filter\",o,r,e,t)},doAction:function(o){gform.doHook(\"action\",o,arguments)},applyFilters:function(o){return gform.doHook(\"filter\",o,arguments)},removeAction:function(o,r){gform.removeHook(\"action\",o,r)},removeFilter:function(o,r,e){gform.removeHook(\"filter\",o,r,e)},addHook:function(o,r,e,t,n){null==gform.hooks[o][r]&&(gform.hooks[o][r]=[]);var d=gform.hooks[o][r];null==n&&(n=r+\"_\"+d.length),gform.hooks[o][r].push({tag:n,callable:e,priority:t=null==t?10:t})},doHook:function(r,o,e){var t;if(e=Array.prototype.slice.call(e,1),null!=gform.hooks[r][o]&&((o=gform.hooks[r][o]).sort(function(o,r){return o.priority-r.priority}),o.forEach(function(o){\"function\"!=typeof(t=o.callable)&&(t=window[t]),\"action\"==r?t.apply(null,e):e[0]=t.apply(null,e)})),\"filter\"==r)return e[0]},removeHook:function(o,r,t,n){var e;null!=gform.hooks[o][r]&&(e=(e=gform.hooks[o][r]).filter(function(o,r,e){return!!(null!=n&&n!=o.tag||null!=t&&t!=o.priority)}),gform.hooks[o][r]=e)}});\n<\/script>\n\n                <div class='gf_browser_gecko gform_wrapper gravity-theme gform-theme--no-framework' data-form-theme='gravity-theme' data-form-index='0' id='gform_wrapper_5' ><div id='gf_5' class='gform_anchor' tabindex='-1'><\/div>\n                        <div class='gform_heading'>\n                            <h2 class=\"gform_title\">Lac Souterrain Saint L\u00e9onard<\/h2>\n                            <p class='gform_description'><\/p>\n\t\t\t\t\t\t\t<p class='gform_required_legend'>&quot;<span class=\"gfield_required gfield_required_asterisk\">*<\/span>&quot; indicates required fields<\/p>\n                        <\/div><form method='post' enctype='multipart\/form-data' target='gform_ajax_frame_5' id='gform_5'  action='\/en\/wp-json\/wp\/v2\/pages\/23946090#gf_5' data-formid='5' novalidate>\n                        <div class='gform-body gform_body'><div id='gform_fields_5' class='gform_fields top_label form_sublabel_above description_above validation_below'><div id=\"field_5_15\" class=\"gfield gfield--type-honeypot gform_validation_container field_sublabel_above gfield--has-description field_description_above field_validation_below gfield_visibility_visible\"  ><label class='gfield_label gform-field-label' for='input_5_15'><span class='gform-field-label__text'>URL<\/span><\/label><div class='gfield_description' id='gfield_description_5_15'>This field is for validation purposes and should be left unchanged.<\/div><div class='ginput_container'><input name='input_15' id='input_5_15' type='text' value='' autocomplete='new-password'\/><\/div><\/div><div id=\"field_5_7\" class=\"gfield gfield--type-text gfield--input-type-text gfield--width-third gfield_contains_required field_sublabel_above gfield--no-description field_description_above hidden_label field_validation_below gfield_visibility_visible\"  ><label class='gfield_label gform-field-label' for='input_5_7'><span class='gform-field-label__text'>Name<\/span><span class=\"gfield_required\"><span class=\"gfield_required gfield_required_asterisk\">*<\/span><\/span><\/label><div class='ginput_container ginput_container_text'><input name='input_7' id='input_5_7' type='text' value='' class='large'    placeholder='Name' aria-required=\"true\" aria-invalid=\"false\"   \/><\/div><\/div><div id=\"field_5_8\" class=\"gfield gfield--type-text gfield--input-type-text gfield--width-third gfield_contains_required field_sublabel_above gfield--no-description field_description_above hidden_label field_validation_below gfield_visibility_visible\"  ><label class='gfield_label gform-field-label' for='input_5_8'><span class='gform-field-label__text'>First name<\/span><span class=\"gfield_required\"><span class=\"gfield_required gfield_required_asterisk\">*<\/span><\/span><\/label><div class='ginput_container ginput_container_text'><input name='input_8' id='input_5_8' type='text' value='' class='large'    placeholder='First name' aria-required=\"true\" aria-invalid=\"false\"   \/><\/div><\/div><div id=\"field_5_9\" class=\"gfield gfield--type-email gfield--input-type-email gfield--width-third gfield_contains_required field_sublabel_above gfield--no-description field_description_above hidden_label field_validation_below gfield_visibility_visible\"  ><label class='gfield_label gform-field-label' for='input_5_9'><span class='gform-field-label__text'>E-mail<\/span><span class=\"gfield_required\"><span class=\"gfield_required gfield_required_asterisk\">*<\/span><\/span><\/label><div class='ginput_container ginput_container_email'>\n                            <input name='input_9' id='input_5_9' type='email' value='' class='large'   placeholder='E-mail' aria-required=\"true\" aria-invalid=\"false\"  \/>\n                        <\/div><\/div><div id=\"field_5_10\" class=\"gfield gfield--type-phone gfield--input-type-phone gfield--phone-format-international gfield--width-third field_sublabel_above gfield--no-description field_description_above hidden_label field_validation_below gfield_visibility_visible\"  ><label class='gfield_label gform-field-label' for='input_5_10'><span class='gform-field-label__text'>Phone<\/span><\/label><div class='ginput_container ginput_container_phone'><input name='input_10' id='input_5_10' type='tel' value='' class='large'  placeholder='Phone'  aria-invalid=\"false\"    \/><\/div><\/div><div id=\"field_5_11\" class=\"gfield gfield--type-date gfield--input-type-date gfield--input-type-datepicker gfield--datepicker-default-icon gfield--width-third field_sublabel_above gfield--no-description field_description_above hidden_label field_validation_below gfield_visibility_visible\"  ><label class='gfield_label gform-field-label' for='input_5_11'><span class='gform-field-label__text'>Date<\/span><\/label><div class='ginput_container ginput_container_date'>\n\t\t\t\t\t<input\n\t\t\t\t\tplaceholder='Date'\n\t\t\t\t\tid='input_5_11'\n\t\t\t\t\tclass='datepicker gform-datepicker dmy datepicker_with_icon gdatepicker_with_icon'\n\t\t\t\t\ttype='text'\n\t\t\t\t\tname='input_11'\n\t\t\t\t\tvalue=''\n\t\t\t\t\t \n\t\t\t\t\taria-invalid=\"false\" \n\t\t\t\t\t\n\t\t\t\t\t \n\t\t\t\t\t\n\t\t\t\t\tdata-mask=\"99\/99\/9999\"\n\t\t\t\t\t\/>\n\t\t\t\t<kbd id='keyboardHint_input_5_11' hidden class='down'><\/kbd>\n\t\t\t\t<button type='button' id='datepicker_toggle_input_5_11' class='gform-datepicker-toggle gform-datepicker-toggle--default accCalendar aria-date-picker gform-button gform-theme-button gform-theme-button--simple gform-theme-button--simple-in-ctrl' aria-expanded='false' aria-controls='input_5_11' aria-label='Date: Choose date on calendar' >\n\t\t\t\t\t\t\t<span class=\"gform-calendar-icon gform-datepicker-toggle-icon gform-datepicker-toggle-icon--default dashicons dashicons-calendar-alt\" aria-hidden=\"true\"><\/span>\n\t\t\t\t\t\t<\/button>\n\t\t\t<\/div><\/div><div id=\"field_5_12\" class=\"gfield gfield--type-number gfield--input-type-number gfield--width-third gfield_contains_required field_sublabel_above gfield--no-description field_description_above hidden_label field_validation_below gfield_visibility_visible\"  ><label class='gfield_label gform-field-label' for='input_5_12'><span class='gform-field-label__text'>Number of people<\/span><span class=\"gfield_required\"><span class=\"gfield_required gfield_required_asterisk\">*<\/span><\/span><\/label><div class='ginput_container ginput_container_number'><input name='input_12' id='input_5_12' type='number' step='any' min='10'  value='' class='large'    placeholder='Number of people' aria-required=\"true\" aria-invalid=\"false\" aria-describedby=\"gfield_instruction_5_12\" \/><div class='gfield_description instruction ' id='gfield_instruction_5_12'>Please enter a number greater than or equal to <strong>10<\/strong>.<\/div><\/div><\/div><div id=\"field_5_3\" class=\"gfield gfield--type-textarea gfield--input-type-textarea field_sublabel_above gfield--no-description field_description_above hidden_label field_validation_below gfield_visibility_visible\"  ><label class='gfield_label gform-field-label' for='input_5_3'><span class='gform-field-label__text'>Message<\/span><\/label><div class='ginput_container ginput_container_textarea' data-text-counter-max='600' data-text-counter-template='{current} of {max} max characters'><textarea name='input_3' id='input_5_3' class='textarea medium'   maxlength='600' placeholder='Message'  aria-invalid=\"false\"   rows='10' cols='50'><\/textarea><\/div><\/div><fieldset id=\"field_5_13\" class=\"gfield gfield--type-checkbox gfield--type-choice gfield--input-type-checkbox gfield--width-full field_sublabel_above gfield--no-description field_description_above hidden_label field_validation_below gfield_visibility_visible gfield--choice-align-vertical\"  ><legend class='gfield_label gform-field-label gfield_label_before_complex' ><span class='gform-field-label__text'>Newsletter<\/span><\/legend><div class='ginput_container ginput_container_checkbox'><div class='gfield_checkbox ' id='input_5_13'><div class='gchoice gchoice_5_13_1'>\n\t\t\t\t\t\t\t\t<input class='gfield-choice-input' name='input_13.1' type='checkbox'  value='I would like to receive the Celliers de Sion newsletter'  id='choice_5_13_1'   \/>\n\t\t\t\t\t\t\t\t<label for='choice_5_13_1' id='label_5_13_1' class='gform-field-label gform-field-label--type-inline'>I would like to receive the Celliers de Sion newsletter<\/label>\n\t\t\t\t\t\t\t<\/div><\/div><\/div><\/fieldset><fieldset id=\"field_5_14\" class=\"gfield gfield--type-consent gfield--type-choice gfield--input-type-consent gfield--width-full gfield_contains_required field_sublabel_above gfield--no-description field_description_above hidden_label field_validation_below gfield_visibility_visible gfield--choice-align-vertical\"  ><legend class='gfield_label gform-field-label gfield_label_before_complex' ><span class='gform-field-label__text'>RGPD<\/span><span class=\"gfield_required\"><span class=\"gfield_required gfield_required_asterisk\">*<\/span><\/span><\/legend><div class='ginput_container ginput_container_consent'><input name='input_14.1' id='input_5_14_1' type='checkbox' value='1'   aria-required=\"true\" aria-invalid=\"false\"   \/> <label class=\"gform-field-label gform-field-label--type-inline gfield_consent_label\" for='input_5_14_1' ><span class='gform-field-label__text'>I accept the <a href=\"https:\/\/2024.celliers.ch\/en\/privacy-policy\/\" target=\"_blank\">Privacy Policy<\/a><\/span><span class=\"gfield_required gfield_required_asterisk\">*<\/span><\/label><input type='hidden' name='input_14.2' value='I accept the &lt;a href=&quot;https:\/\/2024.celliers.ch\/en\/privacy-policy\/&quot; target=&quot;_blank&quot;&gt;Privacy Policy&lt;\/a&gt;' class='gform_hidden' \/><input type='hidden' name='input_14.3' value='8' class='gform_hidden' \/><\/div><\/fieldset><\/div><\/div>\n        <div class='gform-footer gform_footer top_label'> <!DOCTYPE html PUBLIC \"-\/\/W3C\/\/DTD HTML 4.0 Transitional\/\/EN\" \"http:\/\/www.w3.org\/TR\/REC-html40\/loose.dtd\">\n<?xml encoding=\"UTF-8\"><html><body><button type=\"submit\" id=\"gform_submit_button_5\" class=\"gform_button button\" onclick=\"gform.submission.handleButtonClick(this);\" data-submission-type=\"submit\" data-replace-button-html=\"&amp;lt;button type=&amp;quot;submit&amp;quot; id=&amp;quot;gform_submit_button_5&amp;quot; class=&amp;quot;dipi_gf_submit_button gform_button  et_pb_button et_pb_custom_button_icon gform_button button&amp;quot; onclick=&amp;quot;gform.submission.handleButtonClick(this);&amp;quot; data-submission-type=&amp;quot;submit&amp;quot;&amp;gt;Send&amp;lt;\/button&amp;gt;\">Send<\/button><\/body><\/html>\n <input type='hidden' name='gform_ajax' value='form_id=5&amp;title=1&amp;description=1&amp;tabindex=0&amp;theme=gravity-theme&amp;styles=[]&amp;hash=2542db0abaaed1b14016d7c7d7a95f19' \/>\n            <input type='hidden' class='gform_hidden' name='gform_submission_method' data-js='gform_submission_method_5' value='iframe' \/>\n            <input type='hidden' class='gform_hidden' name='gform_theme' data-js='gform_theme_5' id='gform_theme_5' value='gravity-theme' \/>\n            <input type='hidden' class='gform_hidden' name='gform_style_settings' data-js='gform_style_settings_5' id='gform_style_settings_5' value='[]' \/>\n            <input type='hidden' class='gform_hidden' name='is_submit_5' value='1' \/>\n            <input type='hidden' class='gform_hidden' name='gform_submit' value='5' \/>\n            \n            <input type='hidden' class='gform_hidden' name='gform_currency' data-currency='CHF' value='sXGWIER7xt8b5EiyKkaetOANQWpuyvOjVpY46KhRYTmY1U+lyoknidx2KR8WL29byetTPilT+7BRmSOsnyz4\/DAX1EKYT4YslQflmfflwIr3gDo=' \/>\n            <input type='hidden' class='gform_hidden' name='gform_unique_id' value='' \/>\n            <input type='hidden' class='gform_hidden' name='state_5' value='WyJ7XCIxMy4xXCI6XCIxZDI5Yjk3NDFlOWI5ZTI5MGM0NzZlNjQ3NjhlNmE3NlwiLFwiMTQuMVwiOlwiZWI4ODY3MDliMmM0YWUyMDlmM2IyM2IwODcwNWJjOTFcIixcIjE0LjJcIjpcIjcwOTg3M2FjNGQyYTRjNTQ2M2Q3ODFlZWNhMWNhZjA4XCIsXCIxNC4zXCI6XCI5OGJhYTI0YzY5OTQxMjJhMGU1ZTQwMmUxOGQ4MDlkN1wiLFwiZ2Zvcm1fc3VibWlzc2lvbl9tZXRob2RcIjpbXCJlMDU0OTkxNjAxZTM4ZTViYzQwNmQzNWNkNTdjZWEzM1wiLFwiOGY2ZmFkM2MzZjM2NTgwZjllZWI5NDEyNjYzYWJjZmVcIixcImQzZWY2ZjZmYzFlNzhlYjJiMDFiYjg5MmQzM2JmMzRhXCJdLFwiZ2Zvcm1fdGhlbWVcIjpcIjgxNTFmZDdkY2Y2MDBiZjljY2RhMjJjMDk1MDhlMzcyXCIsXCJnZm9ybV9zdHlsZV9zZXR0aW5nc1wiOlwiNTYwMTBiYjgwZjQ5NzY2ZjVjMTFiNWJkOTg2NDhlZWRcIixcImZvcm1faWRcIjpcIjliZmMxMzRkZTg3MGJiZDQ1ODIyNDg0MTE3OTc3YThlXCIsXCJ1cmxcIjpcIjhmY2U5ZTIwZDgyNDhhNzk0NmI3ODhjMWYxYTFlMWZmXCIsXCJzdGF0ZV90aW1lc3RhbXBcIjpcImJmMDczY2NlMWI0NTE1NGQ5OTdmYTFiZDJlNTFlM2MxXCJ9IiwiNzgyZTNlZDBmZmFiZGViZTlhMTU3NTE0YzE3ZmEwYzMiLDE3ODg1MTUyMjdd' \/>\n            <input type='hidden' autocomplete='off' class='gform_hidden' name='gform_target_page_number_5' id='gform_target_page_number_5' value='0' \/>\n            <input type='hidden' autocomplete='off' class='gform_hidden' name='gform_source_page_number_5' id='gform_source_page_number_5' value='1' \/>\n            <input type='hidden' name='gform_field_values' value='' \/>\n            \n        <\/div>\n                        <\/form>\n                        <\/div>\n\t\t                <iframe style='display:none;width:0px;height:0px;' src='about:blank' name='gform_ajax_frame_5' id='gform_ajax_frame_5' title='This iframe contains the logic required to handle Ajax powered Gravity Forms.'><\/iframe>\n\t\t                <script>\ngform.initializeOnLoaded( function() {jQuery('#gform_ajax_frame_5').on('load',function(){var contents = jQuery(this).contents().find('*').html();var is_postback = contents.indexOf('GF_AJAX_POSTBACK') >= 0;if(!is_postback){return;}var form_content = jQuery(this).contents().find('#gform_wrapper_5');var is_confirmation = jQuery(this).contents().find('#gform_confirmation_wrapper_5').length > 0;var is_redirect = contents.indexOf('gformRedirect(){') >= 0;var is_form = form_content.length > 0 && ! is_redirect && ! is_confirmation;var mt = parseInt(jQuery('html').css('margin-top'), 10) + parseInt(jQuery('body').css('margin-top'), 10) + 100;if(is_form){jQuery('#gform_wrapper_5').html(form_content.html());if(form_content.hasClass('gform_validation_error')){jQuery('#gform_wrapper_5').addClass('gform_validation_error');} else {jQuery('#gform_wrapper_5').removeClass('gform_validation_error');}setTimeout( function() { \/* delay the scroll by 50 milliseconds to fix a bug in chrome *\/ jQuery(document).scrollTop(jQuery('#gform_wrapper_5').offset().top - mt); }, 50 );var current_page = jQuery('#gform_source_page_number_5').val();jQuery(document).trigger('gform_page_loaded', [5, current_page]);window['gf_submitting_5'] = false;}else if(!is_redirect){var confirmation_content = jQuery(this).contents().find('.GF_AJAX_POSTBACK').html();if(!confirmation_content){confirmation_content = contents;}jQuery('#gform_wrapper_5').replaceWith(confirmation_content);jQuery(document).scrollTop(jQuery('#gf_5').offset().top - mt);jQuery(document).trigger('gform_confirmation_loaded', [5]);window['gf_submitting_5'] = false;wp.a11y.speak(jQuery('#gform_confirmation_message_5').text());}else{jQuery('#gform_5').append(contents);if(window['gformRedirect']) {gformRedirect();}}jQuery(document).trigger(\"gform_pre_post_render\", [{ formId: \"5\", currentPage: \"current_page\", abort: function() { this.preventDefault(); } }]);        if (event && event.defaultPrevented) {                return;        }        const gformWrapperDiv = document.getElementById( \"gform_wrapper_5\" );        if ( gformWrapperDiv ) {            const visibilitySpan = document.createElement( \"span\" );            visibilitySpan.id = \"gform_visibility_test_5\";            gformWrapperDiv.insertAdjacentElement( \"afterend\", visibilitySpan );        }        const visibilityTestDiv = document.getElementById( \"gform_visibility_test_5\" );        let postRenderFired = false;        function triggerPostRender() {            if ( postRenderFired ) {                return;            }            postRenderFired = true;            gform.core.triggerPostRenderEvents( 5, current_page );            if ( visibilityTestDiv ) {                visibilityTestDiv.parentNode.removeChild( visibilityTestDiv );            }        }        function debounce( func, wait, immediate ) {            var timeout;            return function() {                var context = this, args = arguments;                var later = function() {                    timeout = null;                    if ( !immediate ) func.apply( context, args );                };                var callNow = immediate && !timeout;                clearTimeout( timeout );                timeout = setTimeout( later, wait );                if ( callNow ) func.apply( context, args );            };        }        const debouncedTriggerPostRender = debounce( function() {            triggerPostRender();        }, 200 );        if ( visibilityTestDiv && visibilityTestDiv.offsetParent === null ) {            const observer = new MutationObserver( ( mutations ) => {                mutations.forEach( ( mutation ) => {                    if ( mutation.type === 'attributes' && visibilityTestDiv.offsetParent !== null ) {                        debouncedTriggerPostRender();                        observer.disconnect();                    }                });            });            observer.observe( document.body, {                attributes: true,                childList: false,                subtree: true,                attributeFilter: [ 'style', 'class' ],            });        } else {            triggerPostRender();        }    } );} );\n<\/script>\n<\/div>\n            <\/div><\/div><\/div><\/div><div class=\"et_pb_row_8 et_pb_row et_block_row\"><div class=\"et_pb_column_10 et_pb_column et_pb_column_4_4 et-last-child et_block_column et_pb_css_mix_blend_mode_passthrough\"><div class=\"et_pb_text_16 et_pb_text et_pb_bg_layout_light et_pb_module et_block_module\"><div class=\"et_pb_text_inner\"><p>For bookings within 24 hours, please contact us by telephone on 027 205 65 25.<\/p>\n<\/div><\/div><\/div><\/div><div class=\"et_pb_row_9 et_pb_row et_block_row\" id=\"faq\"><div class=\"et_pb_column_11 et_pb_column et_pb_column_4_4 et-last-child et_block_column et_pb_css_mix_blend_mode_passthrough\"><div class=\"et_pb_text_17 et_pb_text et_pb_bg_layout_light et_pb_module et_block_module\"><div class=\"et_pb_text_inner\"><h2>Frequently asked questions<\/h2>\n<\/div><\/div><div class=\"et_pb_accordion_0 et_pb_accordion et_pb_module et_block_module foire-aux-questions-reveal preset--module--divi-accordion--default\"><div class=\"et_pb_accordion_item_0 et_pb_accordion_item et_pb_toggle et_pb_module et_pb_toggle_open et_block_module preset--module--divi-accordion-item--default\"><h5 class=\"et_pb_toggle_title\">Is the activity suitable for your children?<\/h5><div class=\"et_pb_toggle_content\"><p>Yes and No. The underground lake and meal sections are suitable for younger visitors, while the discovery trail is more suitable for adults.<\/p>\n<p>However, you can pay 7.00 \u20ac per child from 5 to 15 years old for the visit of the underground lake directly at Celliers de Sion as well as the menu on site instead of the meal (12.00 \u20ac per child under 12 years old at Br\u00fblefer).<\/p>\n<\/div><\/div><div class=\"et_pb_accordion_item_1 et_pb_accordion_item et_pb_toggle et_pb_module et_pb_toggle_close et_block_module preset--module--divi-accordion-item--default\"><h5 class=\"et_pb_toggle_title\">What happens if there are fewer than 10 of us?<\/h5><div class=\"et_pb_toggle_content\"><p>You can't take advantage of this package if there are fewer than 10 of you, as it's a preferential price.<\/p>\n<p>However, you can book each service independently on the following links:<\/p>\n<ul>\n<li><a href=\"https:\/\/lac-souterrain.com\/visites-individuelles\/#regdl=visite-guidee-standard\" target=\"_blank\" rel=\"noopener\">Here<\/a><span> <\/span>for Lac souterrain de Saint-L\u00e9onard<\/li>\n<li><a href=\"https:\/\/celliers.ch\/en\/oenoparc\/#brulefer\" target=\"_blank\" rel=\"noopener\">Here<\/a><span> <\/span>for Gu\u00e9r\u00eete Br\u00fblefer<\/li>\n<li><a href=\"activities\/courses-discovery\/\" target=\"_blank\" rel=\"noopener\">Here<\/a><span> <\/span>for the Celliers de Sion discovery tour<\/li>\n<\/ul>\n<\/div><\/div><div class=\"et_pb_accordion_item_2 et_pb_accordion_item et_pb_toggle et_pb_module et_pb_toggle_close et_block_module preset--module--divi-accordion-item--default\"><h5 class=\"et_pb_toggle_title\">What happens in bad weather?<\/h5><div class=\"et_pb_toggle_content\"><p>You have the option of rescheduling or cancelling the activity depending on weather conditions, at the latest the day before the activity.<\/p>\n<p>In the event of bad weather, we reserve the right to close our booths and cancel our outdoor activities. You will, of course, be personally informed should this happen.<\/p>\n<\/div><\/div><div class=\"et_pb_accordion_item_3 et_pb_accordion_item et_pb_toggle et_pb_module et_pb_toggle_close et_block_module preset--module--divi-accordion-item--default\"><h5 class=\"et_pb_toggle_title\">How long does each stage take?<\/h5><div class=\"et_pb_toggle_content\"><p>Lac Souterrain 30-minute cruise, not including discovery of the educational area, i.e. about 1 hour.<\/p>\n<p>Meals, please allow 1h30 to 2 hours.<\/p>\n<p>Discovery tour (approx. 1h30), including tasting.<\/p>\n<\/div><\/div><div class=\"et_pb_accordion_item_4 et_pb_accordion_item et_pb_toggle et_pb_module et_pb_toggle_close et_block_module preset--module--divi-accordion-item--default\"><h5 class=\"et_pb_toggle_title\">How do I get to the various locations?<\/h5><div class=\"et_pb_toggle_content\"><p><span>Your private vehicle is recommended, with parking facilities close by at every location except the Br\u00fblefer gatehouse (15-minute walk from the champlan parking lot at the start of the Clavau bisse).<\/span><\/p>\n<\/div><\/div><div class=\"et_pb_accordion_item_5 et_pb_accordion_item et_pb_toggle et_pb_module et_pb_toggle_close et_block_module preset--module--divi-accordion-item--default\"><h5 class=\"et_pb_toggle_title\">If you come to Sion by train, how do you get from one stage to the next?<\/h5><div class=\"et_pb_toggle_content\"><p>You can book a bus or coach with local transport companies. You will be responsible for the cost. Here are the links:<\/p>\n<ul>\n<li><a href=\"https:\/\/www.valaivasion.ch\/taxi\" target=\"_blank\" rel=\"noopener\">https:\/\/www.valaivasion.ch\/taxi<\/a><\/li>\n<li data-wpview-marker=\"https%3A%2F%2Ftheytaz-excursions.ch%2F\"><a href=\"https:\/\/theytaz-excursions.ch\/\" target=\"_blank\" rel=\"noopener\">https:\/\/theytaz-excursions.ch\/<\/a><\/li>\n<\/ul>\n<\/div><\/div><div class=\"et_pb_accordion_item_6 et_pb_accordion_item et_pb_toggle et_pb_module et_pb_toggle_close et_block_module preset--module--divi-accordion-item--default\"><h5 class=\"et_pb_toggle_title\">What schedule do we recommend for this package?<\/h5><div class=\"et_pb_toggle_content\"><p>We recommend you start at the underground lake from 10:00-10:30 a.m.<\/p>\n<p>You'll be able to get to your meal from 11:30 a.m.-12 p.m.<\/p>\n<p>To finish with the discovery tour from 2:30-3 p.m.<\/p>\n<\/div><\/div><\/div><div class=\"dipi_reveal_0 dipi_reveal et_pb_module preset--module--dipi-reveal--default\"><div\n                class=\"dipi-reveal\"\n                data-config=\"{&quot;container_selector&quot;:&quot;&quot;,&quot;default_show_status&quot;:&quot;collapsed&quot;,&quot;order_number&quot;:0,&quot;use_overlay&quot;:&quot;on&quot;,&quot;show_less_button_text&quot;:&quot;Voir moins&quot;,&quot;show_more_button_text&quot;:&quot;Voir plus&quot;,&quot;less_container_height&quot;:&quot;35vh&quot;,&quot;less_container_height_tablet&quot;:&quot;40vh&quot;,&quot;less_container_height_phone&quot;:&quot;70vh&quot;,&quot;overlay_as&quot;:&quot;css&quot;,&quot;append_to&quot;:&quot;element&quot;}\"\n\t\t\t\tdata-less-icon=\"5\"\n                data-less-icon-tablet=\"5\"\n                data-less-icon-phone=\"5\"\n                data-more-icon=\"5\"\n                data-more-icon-tablet=\"5\"\n                data-more-icon-phone=\"5\"\n            >\n                <a class=\"et_pb_button dipi-more-button dipi-reveal-button\" href=\"#none\">Voir plus<\/a>\n            <\/div><\/div><\/div><\/div><\/div><div class=\"et_pb_section_2 et_pb_section et_section_regular et_block_section et_pb_section_parallax\"><span class=\"et-pb-parallax-wrapper\"><span class=\"et-pb-parallax-background et-pb-parallax-background--css et-pb-parallax-background-module--divi-section-2\" style=\"background-image:url(https:\/\/celliers.ch\/wp-content\/uploads\/2024\/01\/header-oenoparc-1.jpg)\"><\/span><span class=\"et_parallax_gradient et_pb_parallax_css\" style=\"background-image:linear-gradient(180deg, rgba(255,255,255,0.79) 0%,rgba(255,255,255,0.8) 100%)\"><\/span><\/span><div class=\"et_pb_row_10 et_pb_row et_block_row\"><div class=\"et_pb_column_12 et_pb_column et_pb_column_4_4 et-last-child et_block_column et_pb_css_mix_blend_mode_passthrough\"><div class=\"et_pb_text_18 et_pb_text et_pb_bg_layout_light et_pb_module et_flex_module preset--module--divi-text--bf60d947-3f90-4402-8aff-3b2baae28d03\"><div class=\"et_pb_text_inner\"><p>Laissez-vous inspirer<\/p>\n<\/div><\/div><div class=\"et_pb_text_19 et_pb_text et_pb_bg_layout_light et_pb_module et_flex_module\"><div class=\"et_pb_text_inner\"><h2>D\u00e9couvrez nos autres activit\u00e9s\u00a0<\/h2>\n<\/div><\/div><div class=\"dipi_blog_slider_0 dipi_blog_slider et_pb_bg_layout_light et_pb_module preset--module--dipi-blog-slider--804936f9-9987-4eb7-ba79-c3d981b25ccf\">\n\t\t    <div class=\"dipi-blog-slider-main preloading\" data-columnsphone=\"4\"\n\t\t    data-columnstablet=\"4\"\n\t\t    data-columnsdesktop=\"4\"\n\t\t    data-spacebetween=\"50\"\n\t\t    data-loop=\"off\"\n\t\t    data-speed=\"500|500|500\"\n\t\t    data-navigation=\"on\"\n\t\t    data-pagination=\"on\"\n\t\t    data-autoplay=\"off\"\n\t\t    data-autoplayspeed=\"5000\"\n\t\t    data-pauseonhover=\"on\"\n\t\t    data-effect=\"slide\"\n\t\t    data-rotate=\"50\"\n\t\t    data-dynamicbullets=\"on\"\n\t\t    data-ordernumber=\"0\"\n\t\t    data-centered=\"off\"\n\t\t    data-spacebetween_tablet=\"50\"\n\t\t    data-spacebetween_phone=\"50\"\n\t\t    data-shadow=\"true\"\n\t\t    data-breakpoints=\"{&quot;768&quot;:{&quot;columns&quot;:&quot;4&quot;,&quot;spaceBetween&quot;:&quot;50&quot;},&quot;981&quot;:{&quot;columns&quot;:&quot;4&quot;,&quot;spaceBetween&quot;:&quot;50&quot;}}\"\n\t\t    data-baseconfig=\"{&quot;columns&quot;:&quot;4&quot;,&quot;spaceBetween&quot;:&quot;50&quot;}\"\n            data-originalslidecount=&quot;10&quot; data-initialslide=&quot;0&quot;\n            data-navigation_t=\"off\"\n            data-navigation_m=\"off\"\n            data-pagination_t=\"off\"\n            data-pagination_m=\"off\">\n\t\t        <div class=\"swiper-container\">\n\t\t            <div class=\"dipi-blog-slider-wrapper\">\n\t\t                <div class=\"dipi-blog-post clearfix\">\n<div class=\"dipi-entry-featured-image-url dipi-none\">\n\n\t\t<a class=\"dipi-blog-post-overlay-link\" href=\"https:\/\/celliers.ch\/en\/activities\/gatehouses-tour\/\" target=\"\"><\/a>\n\t\n    <div class=\"dipi-blog-post-overlay\">\n        <div class=\"dipi-author\">\n        <span class=\"author vcard\">By <img decoding=\"async\" src=\" https:\/\/secure.gravatar.com\/avatar\/2ac5bf83a461c34e68c1680f98ec91de3a10c099af0a5d22c12696f1f632691f?s=96&#038;d=mm&#038;r=g\" \/> <a href=\"https:\/\/celliers.ch\/en\/author\/agnes\/\" title=\"Posts by agnes\" rel=\"author\">agnes<\/a><\/span>\n    <\/div>    <\/div>\n\n    <img\n                decoding=\"async\"\n                loading=\"lazy\"\n                class=\"wp-post-image\"\n                src=\"https:\/\/celliers.ch\/wp-content\/uploads\/2024\/03\/tour-des-guerites.jpg\"\n                alt=\"Tour des gu\u00e9rites Celliers de Sion\"\n                srcset=\"https:\/\/celliers.ch\/wp-content\/uploads\/2024\/03\/tour-des-guerites-400x284.jpg 768w, https:\/\/celliers.ch\/wp-content\/uploads\/2024\/03\/tour-des-guerites-400x284.jpg 980w, https:\/\/celliers.ch\/wp-content\/uploads\/2024\/03\/tour-des-guerites-400x284.jpg 1024w\"\n                sizes=\"(max-width: 768px) 768px, (max-width: 980px) 980px, 1024px\"\n            \/>\n            \n<\/div><div class=\"dipi-date\">\n        \n        <span class=\"dipi-month\">Mar<\/span>\n        <span class=\"dipi-day\">21<\/span>\n        <span class=\"dipi-year\">2024<\/span>\n    \n    <\/div><div class=\"dipi-post-content\">\n    <div class=\"dipi-categories\">\n            <\/div>\n    <h2 class=\"dipi-entry-title\">\n        <a href=\"https:\/\/celliers.ch\/en\/activities\/gatehouses-tour\/\" target=\"\">\n            The Gatehouses Tour        <\/a>\n    <\/h2>    <div class=\"dipi-post-text\">\n<p>Guided tour of our vineyards<\/p>\n<\/div>\n    <\/div><!-- dipi-post-content --><\/div><!-- dipi-blog-post -->\n<div class=\"dipi-blog-post clearfix\">\n<div class=\"dipi-entry-featured-image-url dipi-none\">\n\n\t\t<a class=\"dipi-blog-post-overlay-link\" href=\"https:\/\/celliers.ch\/en\/activities\/multi-sensory-tasting\/\" target=\"\"><\/a>\n\t\n    <div class=\"dipi-blog-post-overlay\">\n        <div class=\"dipi-author\">\n        <span class=\"author vcard\">By <img decoding=\"async\" src=\" https:\/\/secure.gravatar.com\/avatar\/2ac5bf83a461c34e68c1680f98ec91de3a10c099af0a5d22c12696f1f632691f?s=96&#038;d=mm&#038;r=g\" \/> <a href=\"https:\/\/celliers.ch\/en\/author\/agnes\/\" title=\"Posts by agnes\" rel=\"author\">agnes<\/a><\/span>\n    <\/div>    <\/div>\n\n    <img\n                decoding=\"async\"\n                loading=\"lazy\"\n                class=\"wp-post-image\"\n                src=\"https:\/\/celliers.ch\/wp-content\/uploads\/2024\/04\/degustation-polysensorielle.jpg\"\n                alt=\"Tasting with the senses in the Valais\"\n                srcset=\"https:\/\/celliers.ch\/wp-content\/uploads\/2024\/04\/degustation-polysensorielle-400x284.jpg 768w, https:\/\/celliers.ch\/wp-content\/uploads\/2024\/04\/degustation-polysensorielle-400x284.jpg 980w, https:\/\/celliers.ch\/wp-content\/uploads\/2024\/04\/degustation-polysensorielle-400x284.jpg 1024w\"\n                sizes=\"(max-width: 768px) 768px, (max-width: 980px) 980px, 1024px\"\n            \/>\n            \n<\/div><div class=\"dipi-date\">\n        \n        <span class=\"dipi-month\">Mar<\/span>\n        <span class=\"dipi-day\">21<\/span>\n        <span class=\"dipi-year\">2024<\/span>\n    \n    <\/div><div class=\"dipi-post-content\">\n    <div class=\"dipi-categories\">\n            <\/div>\n    <h2 class=\"dipi-entry-title\">\n        <a href=\"https:\/\/celliers.ch\/en\/activities\/multi-sensory-tasting\/\" target=\"\">\n            Multi-sensory tasting        <\/a>\n    <\/h2>    <div class=\"dipi-post-text\">\n<p>Taste wine differently. Close your eyes and let yourself be guided.<\/p>\n<\/div>\n    <\/div><!-- dipi-post-content --><\/div><!-- dipi-blog-post -->\n<div class=\"dipi-blog-post clearfix\">\n<div class=\"dipi-entry-featured-image-url dipi-none\">\n\n\t\t<a class=\"dipi-blog-post-overlay-link\" href=\"https:\/\/celliers.ch\/en\/activities\/discovery-tour\/\" target=\"\"><\/a>\n\t\n    <div class=\"dipi-blog-post-overlay\">\n        <div class=\"dipi-author\">\n        <span class=\"author vcard\">By <img decoding=\"async\" src=\" https:\/\/secure.gravatar.com\/avatar\/2ac5bf83a461c34e68c1680f98ec91de3a10c099af0a5d22c12696f1f632691f?s=96&#038;d=mm&#038;r=g\" \/> <a href=\"https:\/\/celliers.ch\/en\/author\/agnes\/\" title=\"Posts by agnes\" rel=\"author\">agnes<\/a><\/span>\n    <\/div>    <\/div>\n\n    <img\n                decoding=\"async\"\n                loading=\"lazy\"\n                class=\"wp-post-image\"\n                src=\"https:\/\/celliers.ch\/wp-content\/uploads\/2024\/04\/parcours-decouverte.jpg\"\n                alt=\"Celliers de Sion discovery trail\"\n                srcset=\"https:\/\/celliers.ch\/wp-content\/uploads\/2024\/04\/parcours-decouverte-400x284.jpg 768w, https:\/\/celliers.ch\/wp-content\/uploads\/2024\/04\/parcours-decouverte-400x284.jpg 980w, https:\/\/celliers.ch\/wp-content\/uploads\/2024\/04\/parcours-decouverte-400x284.jpg 1024w\"\n                sizes=\"(max-width: 768px) 768px, (max-width: 980px) 980px, 1024px\"\n            \/>\n            \n<\/div><div class=\"dipi-date\">\n        \n        <span class=\"dipi-month\">Mar<\/span>\n        <span class=\"dipi-day\">21<\/span>\n        <span class=\"dipi-year\">2024<\/span>\n    \n    <\/div><div class=\"dipi-post-content\">\n    <div class=\"dipi-categories\">\n            <\/div>\n    <h2 class=\"dipi-entry-title\">\n        <a href=\"https:\/\/celliers.ch\/en\/activities\/discovery-tour\/\" target=\"\">\n            Discovery tour        <\/a>\n    <\/h2>    <div class=\"dipi-post-text\">\n<p>A guided tour, a tasting session. Simply the essentials.<\/p>\n<\/div>\n    <\/div><!-- dipi-post-content --><\/div><!-- dipi-blog-post -->\n<div class=\"dipi-blog-post clearfix\">\n<div class=\"dipi-entry-featured-image-url dipi-none\">\n\n\t\t<a class=\"dipi-blog-post-overlay-link\" href=\"https:\/\/celliers.ch\/en\/activities\/vineyard-bike-tour\/\" target=\"\"><\/a>\n\t\n    <div class=\"dipi-blog-post-overlay\">\n        <div class=\"dipi-author\">\n        <span class=\"author vcard\">By <img decoding=\"async\" src=\" https:\/\/secure.gravatar.com\/avatar\/2ac5bf83a461c34e68c1680f98ec91de3a10c099af0a5d22c12696f1f632691f?s=96&#038;d=mm&#038;r=g\" \/> <a href=\"https:\/\/celliers.ch\/en\/author\/agnes\/\" title=\"Posts by agnes\" rel=\"author\">agnes<\/a><\/span>\n    <\/div>    <\/div>\n\n    <img\n                decoding=\"async\"\n                loading=\"lazy\"\n                class=\"wp-post-image\"\n                src=\"https:\/\/celliers.ch\/wp-content\/uploads\/2024\/03\/vignoble-a-velo.jpg\"\n                alt=\"Vineyard biking in Valais\"\n                srcset=\"https:\/\/celliers.ch\/wp-content\/uploads\/2024\/03\/vignoble-a-velo-400x284.jpg 768w, https:\/\/celliers.ch\/wp-content\/uploads\/2024\/03\/vignoble-a-velo-400x284.jpg 980w, https:\/\/celliers.ch\/wp-content\/uploads\/2024\/03\/vignoble-a-velo-400x284.jpg 1024w\"\n                sizes=\"(max-width: 768px) 768px, (max-width: 980px) 980px, 1024px\"\n            \/>\n            \n<\/div><div class=\"dipi-date\">\n        \n        <span class=\"dipi-month\">Mar<\/span>\n        <span class=\"dipi-day\">18<\/span>\n        <span class=\"dipi-year\">2024<\/span>\n    \n    <\/div><div class=\"dipi-post-content\">\n    <div class=\"dipi-categories\">\n            <\/div>\n    <h2 class=\"dipi-entry-title\">\n        <a href=\"https:\/\/celliers.ch\/en\/activities\/vineyard-bike-tour\/\" target=\"\">\n            Vineyard bike tour        <\/a>\n    <\/h2>    <div class=\"dipi-post-text\">\n<p>Electric bike tour of Sion&#8217;s heroic vineyards<\/p>\n<\/div>\n    <\/div><!-- dipi-post-content --><\/div><!-- dipi-blog-post -->\n<div class=\"dipi-blog-post clearfix\">\n<div class=\"dipi-entry-featured-image-url dipi-none\">\n\n\t\t<a class=\"dipi-blog-post-overlay-link\" href=\"https:\/\/celliers.ch\/en\/activities\/tasting-workshops\/\" target=\"\"><\/a>\n\t\n    <div class=\"dipi-blog-post-overlay\">\n        <div class=\"dipi-author\">\n        <span class=\"author vcard\">By <img decoding=\"async\" src=\" https:\/\/secure.gravatar.com\/avatar\/2ac5bf83a461c34e68c1680f98ec91de3a10c099af0a5d22c12696f1f632691f?s=96&#038;d=mm&#038;r=g\" \/> <a href=\"https:\/\/celliers.ch\/en\/author\/agnes\/\" title=\"Posts by agnes\" rel=\"author\">agnes<\/a><\/span>\n    <\/div>    <\/div>\n\n    <img\n                decoding=\"async\"\n                loading=\"lazy\"\n                class=\"wp-post-image\"\n                src=\"https:\/\/celliers.ch\/wp-content\/uploads\/2024\/04\/atelier-degustation-header.jpg\"\n                alt=\"Group tasting at Celliers de Sion\"\n                srcset=\"https:\/\/celliers.ch\/wp-content\/uploads\/2024\/04\/atelier-degustation-header-400x284.jpg 768w, https:\/\/celliers.ch\/wp-content\/uploads\/2024\/04\/atelier-degustation-header-400x284.jpg 980w, https:\/\/celliers.ch\/wp-content\/uploads\/2024\/04\/atelier-degustation-header-400x284.jpg 1024w\"\n                sizes=\"(max-width: 768px) 768px, (max-width: 980px) 980px, 1024px\"\n            \/>\n            \n<\/div><div class=\"dipi-date\">\n        \n        <span class=\"dipi-month\">Mar<\/span>\n        <span class=\"dipi-day\">21<\/span>\n        <span class=\"dipi-year\">2024<\/span>\n    \n    <\/div><div class=\"dipi-post-content\">\n    <div class=\"dipi-categories\">\n            <\/div>\n    <h2 class=\"dipi-entry-title\">\n        <a href=\"https:\/\/celliers.ch\/en\/activities\/tasting-workshops\/\" target=\"\">\n            Tasting workshop        <\/a>\n    <\/h2>    <div class=\"dipi-post-text\">\n<p>For a moment of sharing with colleagues or friends<\/p>\n<\/div>\n    <\/div><!-- dipi-post-content --><\/div><!-- dipi-blog-post -->\n<div class=\"dipi-blog-post clearfix\">\n<div class=\"dipi-entry-featured-image-url dipi-none\">\n\n\t\t<a class=\"dipi-blog-post-overlay-link\" href=\"https:\/\/celliers.ch\/en\/activities\/first-steps-into-the-wine-world\/\" target=\"\"><\/a>\n\t\n    <div class=\"dipi-blog-post-overlay\">\n        <div class=\"dipi-author\">\n        <span class=\"author vcard\">By <img decoding=\"async\" src=\" https:\/\/secure.gravatar.com\/avatar\/2ac5bf83a461c34e68c1680f98ec91de3a10c099af0a5d22c12696f1f632691f?s=96&#038;d=mm&#038;r=g\" \/> <a href=\"https:\/\/celliers.ch\/en\/author\/agnes\/\" title=\"Posts by agnes\" rel=\"author\">agnes<\/a><\/span>\n    <\/div>    <\/div>\n\n    <img\n                decoding=\"async\"\n                loading=\"lazy\"\n                class=\"wp-post-image\"\n                src=\"https:\/\/celliers.ch\/wp-content\/uploads\/2024\/04\/premiers-pas-dans-lunivers-du-vin.jpg\"\n                alt=\"First steps into the world of wine Celliers de Sion\"\n                srcset=\"https:\/\/celliers.ch\/wp-content\/uploads\/2024\/04\/premiers-pas-dans-lunivers-du-vin-400x284.jpg 768w, https:\/\/celliers.ch\/wp-content\/uploads\/2024\/04\/premiers-pas-dans-lunivers-du-vin-400x284.jpg 980w, https:\/\/celliers.ch\/wp-content\/uploads\/2024\/04\/premiers-pas-dans-lunivers-du-vin-400x284.jpg 1024w\"\n                sizes=\"(max-width: 768px) 768px, (max-width: 980px) 980px, 1024px\"\n            \/>\n            \n<\/div><div class=\"dipi-date\">\n        \n        <span class=\"dipi-month\">Mar<\/span>\n        <span class=\"dipi-day\">21<\/span>\n        <span class=\"dipi-year\">2024<\/span>\n    \n    <\/div><div class=\"dipi-post-content\">\n    <div class=\"dipi-categories\">\n            <\/div>\n    <h2 class=\"dipi-entry-title\">\n        <a href=\"https:\/\/celliers.ch\/en\/activities\/first-steps-into-the-wine-world\/\" target=\"\">\n            First steps in the world of wine        <\/a>\n    <\/h2>    <div class=\"dipi-post-text\">\n<p>A tasting for beginners or those simply curious about wine.<\/p>\n<\/div>\n    <\/div><!-- dipi-post-content --><\/div><!-- dipi-blog-post -->\n<div class=\"dipi-blog-post clearfix\">\n<div class=\"dipi-entry-featured-image-url dipi-none\">\n\n\t\t<a class=\"dipi-blog-post-overlay-link\" href=\"https:\/\/celliers.ch\/en\/activities\/free-tasting\/\" target=\"\"><\/a>\n\t\n    <div class=\"dipi-blog-post-overlay\">\n        <div class=\"dipi-author\">\n        <span class=\"author vcard\">By <img decoding=\"async\" src=\" https:\/\/secure.gravatar.com\/avatar\/2ac5bf83a461c34e68c1680f98ec91de3a10c099af0a5d22c12696f1f632691f?s=96&#038;d=mm&#038;r=g\" \/> <a href=\"https:\/\/celliers.ch\/en\/author\/agnes\/\" title=\"Posts by agnes\" rel=\"author\">agnes<\/a><\/span>\n    <\/div>    <\/div>\n\n    <img\n                decoding=\"async\"\n                loading=\"lazy\"\n                class=\"wp-post-image\"\n                src=\"https:\/\/celliers.ch\/wp-content\/uploads\/2024\/04\/degustation-libre.jpg\"\n                alt=\"Free tasting Celliers de Sion\"\n                srcset=\"https:\/\/celliers.ch\/wp-content\/uploads\/2024\/04\/degustation-libre-400x284.jpg 768w, https:\/\/celliers.ch\/wp-content\/uploads\/2024\/04\/degustation-libre-400x284.jpg 980w, https:\/\/celliers.ch\/wp-content\/uploads\/2024\/04\/degustation-libre-400x284.jpg 1024w\"\n                sizes=\"(max-width: 768px) 768px, (max-width: 980px) 980px, 1024px\"\n            \/>\n            \n<\/div><div class=\"dipi-date\">\n        \n        <span class=\"dipi-month\">Mar<\/span>\n        <span class=\"dipi-day\">21<\/span>\n        <span class=\"dipi-year\">2024<\/span>\n    \n    <\/div><div class=\"dipi-post-content\">\n    <div class=\"dipi-categories\">\n            <\/div>\n    <h2 class=\"dipi-entry-title\">\n        <a href=\"https:\/\/celliers.ch\/en\/activities\/free-tasting\/\" target=\"\">\n            Free tasting        <\/a>\n    <\/h2>    <div class=\"dipi-post-text\">\n<p>A stand-alone tasting offering a choice of 16 wines<\/p>\n<\/div>\n    <\/div><!-- dipi-post-content --><\/div><!-- dipi-blog-post -->\n<div class=\"dipi-blog-post clearfix\">\n<div class=\"dipi-entry-featured-image-url dipi-none\">\n\n\t\t<a class=\"dipi-blog-post-overlay-link\" href=\"https:\/\/celliers.ch\/en\/activities\/gourmand-hike\/\" target=\"\"><\/a>\n\t\n    <div class=\"dipi-blog-post-overlay\">\n        <div class=\"dipi-author\">\n        <span class=\"author vcard\">By <img decoding=\"async\" src=\" https:\/\/secure.gravatar.com\/avatar\/edb393649bf6cbbee56e45136f5f82d05cd0c841f5b8ed585ea827d52f5ca88d?s=96&#038;d=mm&#038;r=g\" \/> <a href=\"https:\/\/celliers.ch\/en\/author\/antococh\/\" title=\"Posts by antococh\" rel=\"author\">antococh<\/a><\/span>\n    <\/div>    <\/div>\n\n    <img\n                decoding=\"async\"\n                loading=\"lazy\"\n                class=\"wp-post-image\"\n                src=\"https:\/\/celliers.ch\/wp-content\/uploads\/2024\/09\/brulefer-sante.jpg\"\n                alt=\"Marche Gourmande Celliers de Sion\"\n                srcset=\"https:\/\/celliers.ch\/wp-content\/uploads\/2024\/09\/brulefer-sante-400x284.jpg 768w, https:\/\/celliers.ch\/wp-content\/uploads\/2024\/09\/brulefer-sante-400x284.jpg 980w, https:\/\/celliers.ch\/wp-content\/uploads\/2024\/09\/brulefer-sante-400x284.jpg 1024w\"\n                sizes=\"(max-width: 768px) 768px, (max-width: 980px) 980px, 1024px\"\n            \/>\n            \n<\/div><div class=\"dipi-date\">\n        \n        <span class=\"dipi-month\">Jan<\/span>\n        <span class=\"dipi-day\">11<\/span>\n        <span class=\"dipi-year\">2024<\/span>\n    \n    <\/div><div class=\"dipi-post-content\">\n    <div class=\"dipi-categories\">\n            <\/div>\n    <h2 class=\"dipi-entry-title\">\n        <a href=\"https:\/\/celliers.ch\/en\/activities\/gourmand-hike\/\" target=\"\">\n            Gourmand hike        <\/a>\n    <\/h2>    <div class=\"dipi-post-text\">\n<p>A gourmet stroll through our vineyards<\/p>\n<\/div>\n    <\/div><!-- dipi-post-content --><\/div><!-- dipi-blog-post -->\n<div class=\"dipi-blog-post clearfix\">\n<div class=\"dipi-entry-featured-image-url dipi-none\">\n\n\t\t<a class=\"dipi-blog-post-overlay-link\" href=\"https:\/\/celliers.ch\/en\/activities\/saint-leonard-underground-lake\/\" target=\"\"><\/a>\n\t\n    <div class=\"dipi-blog-post-overlay\">\n        <div class=\"dipi-author\">\n        <span class=\"author vcard\">By <img decoding=\"async\" src=\" https:\/\/secure.gravatar.com\/avatar\/2ac5bf83a461c34e68c1680f98ec91de3a10c099af0a5d22c12696f1f632691f?s=96&#038;d=mm&#038;r=g\" \/> <a href=\"https:\/\/celliers.ch\/en\/author\/agnes\/\" title=\"Posts by agnes\" rel=\"author\">agnes<\/a><\/span>\n    <\/div>    <\/div>\n\n    <img\n                decoding=\"async\"\n                loading=\"lazy\"\n                class=\"wp-post-image\"\n                src=\"https:\/\/celliers.ch\/wp-content\/uploads\/2024\/04\/Lac-souterrain-header.jpg\"\n                alt=\"Lac Souterrain Saint-L\u00e9onard\"\n                srcset=\"https:\/\/celliers.ch\/wp-content\/uploads\/2024\/04\/Lac-souterrain-header-400x284.jpg 768w, https:\/\/celliers.ch\/wp-content\/uploads\/2024\/04\/Lac-souterrain-header-400x284.jpg 980w, https:\/\/celliers.ch\/wp-content\/uploads\/2024\/04\/Lac-souterrain-header-400x284.jpg 1024w\"\n                sizes=\"(max-width: 768px) 768px, (max-width: 980px) 980px, 1024px\"\n            \/>\n            \n<\/div><div class=\"dipi-date\">\n        \n        <span class=\"dipi-month\">Apr<\/span>\n        <span class=\"dipi-day\">05<\/span>\n        <span class=\"dipi-year\">2024<\/span>\n    \n    <\/div><div class=\"dipi-post-content\">\n    <div class=\"dipi-categories\">\n            <\/div>\n    <h2 class=\"dipi-entry-title\">\n        <a href=\"https:\/\/celliers.ch\/en\/activities\/saint-leonard-underground-lake\/\" target=\"\">\n            Saint-L\u00e9onard \u2013 The underground lake        <\/a>\n    <\/h2>    <div class=\"dipi-post-text\">\n<p>Europe&#8217;s largest underground lake, a typical meal and wine tasting<\/p>\n<\/div>\n    <\/div><!-- dipi-post-content --><\/div><!-- dipi-blog-post -->\n<div class=\"dipi-blog-post clearfix\">\n<div class=\"dipi-entry-featured-image-url dipi-none\">\n\n\t\t<a class=\"dipi-blog-post-overlay-link\" href=\"https:\/\/celliers.ch\/en\/activities\/visite-evolene\/\" target=\"\"><\/a>\n\t\n    <div class=\"dipi-blog-post-overlay\">\n        <div class=\"dipi-author\">\n        <span class=\"author vcard\">By <img decoding=\"async\" src=\" https:\/\/secure.gravatar.com\/avatar\/2ac5bf83a461c34e68c1680f98ec91de3a10c099af0a5d22c12696f1f632691f?s=96&#038;d=mm&#038;r=g\" \/> <a href=\"https:\/\/celliers.ch\/en\/author\/agnes\/\" title=\"Posts by agnes\" rel=\"author\">agnes<\/a><\/span>\n    <\/div>    <\/div>\n\n    <img\n                decoding=\"async\"\n                loading=\"lazy\"\n                class=\"wp-post-image\"\n                src=\"https:\/\/celliers.ch\/wp-content\/uploads\/2025\/07\/visite-gourmande-a-Evolene.jpg\"\n                alt=\"gourmet visit to Evol\u00e8ne\"\n                srcset=\"https:\/\/celliers.ch\/wp-content\/uploads\/2025\/07\/visite-gourmande-a-Evolene-400x284.jpg 768w, https:\/\/celliers.ch\/wp-content\/uploads\/2025\/07\/visite-gourmande-a-Evolene-400x284.jpg 980w, https:\/\/celliers.ch\/wp-content\/uploads\/2025\/07\/visite-gourmande-a-Evolene-400x284.jpg 1024w\"\n                sizes=\"(max-width: 768px) 768px, (max-width: 980px) 980px, 1024px\"\n            \/>\n            \n<\/div><div class=\"dipi-date\">\n        \n        <span class=\"dipi-month\">Jul<\/span>\n        <span class=\"dipi-day\">22<\/span>\n        <span class=\"dipi-year\">2025<\/span>\n    \n    <\/div><div class=\"dipi-post-content\">\n    <div class=\"dipi-categories\">\n            <\/div>\n    <h2 class=\"dipi-entry-title\">\n        <a href=\"https:\/\/celliers.ch\/en\/activities\/visite-evolene\/\" target=\"\">\n            Gourmet visit to Evol\u00e8ne        <\/a>\n    <\/h2>    <div class=\"dipi-post-text\">\n<p>Taste our wines in a traditional Alpine village<\/p>\n<\/div>\n    <\/div><!-- dipi-post-content --><\/div><!-- dipi-blog-post -->\n\n\t\t            <\/div>\n\t\t        <\/div>\n\t\t        <div class=\"swiper-button-next swiper-arrow-button dipi-sbn0  hide_on_desktop hide_on_tablet hide_on_phone\" data-icon=\"&#x39;\"><\/div>\n\t\t    <div class=\"swiper-button-prev swiper-arrow-button dipi-sbp0  hide_on_desktop hide_on_tablet hide_on_phone\" data-icon=\"&#x38;\"><\/div>\n\t\t        <div class=\"swiper-container-horizontal\">\n\t\t            <div class=\"swiper-pagination dipi-sp0 hide_on_desktop hide_on_tablet hide_on_phone\"><\/div>\n\t\t        <\/div>\n\t\t    <\/div><\/div><\/div><\/div><\/div><div class=\"et_pb_section_3 et_pb_section et_section_regular et_block_section\"><div class=\"et_pb_row_11 et_pb_row et_pb_equal_columns et_block_row\"><div class=\"et_pb_column_13 et_pb_column et_pb_column_2_5 et_block_column et_pb_css_mix_blend_mode_passthrough\"><div class=\"et_pb_image_0 et_pb_image et_pb_module et_flex_module\"><a href=\"https:\/\/shop.celliers.ch\" target=\"_blank\"><span class=\"et_pb_image_wrap\"><img decoding=\"async\" src=\"https:\/\/celliers.ch\/wp-content\/uploads\/2024\/01\/rabais-commande-vins-valais.png\" alt=\"Rabais commande de vins en Valais\" title=\"Rabais commande de vins en Valais\" width=\"800\" height=\"700\" class=\"wp-image-529\" \/><\/span><\/a><\/div><\/div><div class=\"et_pb_column_14 et_pb_column et_pb_column_3_5 et-last-child et_block_column et_pb_css_mix_blend_mode_passthrough\"><div class=\"et_pb_text_20 et_pb_text et_pb_bg_layout_light et_pb_module et_flex_module preset--module--divi-text--bf60d947-3f90-4402-8aff-3b2baae28d03\"><div class=\"et_pb_text_inner\"><p>Combinez et profitez<\/p>\n<\/div><\/div><div class=\"et_pb_text_21 et_pb_text et_pb_bg_layout_light et_pb_module et_flex_module\"><div class=\"et_pb_text_inner\"><h2>15% sur votre commande de vins<\/h2>\n<\/div><\/div><div class=\"et_pb_text_22 et_pb_text et_pb_bg_layout_light et_pb_module et_flex_module\"><div class=\"et_pb_text_inner\"><p>Chaque participation \u00e0 l\u2019une de nos activit\u00e9s oenotouristiques vous donne droit \u00e0 15% de rabais \u00e0 faire valoir sur votre commande de vins le jour de votre visite.<\/p>\n<\/div><\/div><div class=\"et_pb_module et_pb_button_module_wrapper et_pb_button_4_wrapper preset--module--divi-button--default_wrapper\"><a class=\"et_pb_button_4 et_pb_button et_pb_bg_layout_light et_pb_module et_flex_module preset--module--divi-button--default\" href=\"https:\/\/shop.celliers.ch\" target=\"_blank\" data-icon=\"$\">Voir le shop<\/a><\/div><\/div><\/div><\/div><div class=\"et_pb_section_4 et_pb_section et_section_regular et_block_section\"><div class=\"et_pb_row_12 et_pb_row et_pb_row_1-4_3-4 et_block_row et_block_row_1-4_3-4 et_clickable\"><div class=\"et_pb_column_15 et_pb_column et_pb_column_1_4 et_block_column et_pb_css_mix_blend_mode_passthrough\"><div class=\"et_pb_text_23 et_pb_text et_pb_bg_layout_light et_pb_module et_flex_module preset--module--divi-text--bf60d947-3f90-4402-8aff-3b2baae28d03\"><div class=\"et_pb_text_inner\"><p>\u00c0 LIRE<\/p>\n<\/div><\/div><div class=\"et_pb_text_24 et_pb_text et_pb_bg_layout_light et_pb_module et_flex_module grappe\"><div class=\"et_pb_text_inner\"><h2>L'actualit\u00e9 du vin<\/h2>\n<\/div><\/div><div class=\"et_pb_text_25 et_pb_text et_pb_bg_layout_light et_pb_module et_flex_module\"><div class=\"et_pb_text_inner\"><p>D\u00e9couvrez les derni\u00e8res nouvelles des Celliers de Sion. De nos cuv\u00e9es d'exception aux \u00e9v\u00e9nements \u00e0 venir, en passant par notre riche patrimoine et les d\u00e9lices de notre table, restez inform\u00e9s de tout ce qui fait vivre notre domaine au fil des saisons.<\/p>\n<\/div><\/div><div class=\"et_pb_module et_pb_button_module_wrapper et_pb_button_5_wrapper preset--module--divi-button--default_wrapper\"><a class=\"et_pb_button_5 et_pb_button et_pb_bg_layout_light et_pb_module et_flex_module preset--module--divi-button--default\" href=\"\/actualites\/\" data-icon=\"$\">Toutes les actualit\u00e9s<\/a><\/div><\/div><div class=\"et_pb_column_16 et_pb_column et_pb_column_3_4 et-last-child et_block_column et_pb_css_mix_blend_mode_passthrough\"><div class=\"dipi_blog_slider_1 dipi_blog_slider et_pb_bg_layout_light et_pb_module\">\n\t\t    <div class=\"dipi-blog-slider-main preloading\" data-columnsphone=\"1\"\n\t\t    data-columnstablet=\"3\"\n\t\t    data-columnsdesktop=\"3\"\n\t\t    data-spacebetween=\"50\"\n\t\t    data-loop=\"on\"\n\t\t    data-speed=\"500|500|500\"\n\t\t    data-navigation=\"on\"\n\t\t    data-pagination=\"on\"\n\t\t    data-autoplay=\"on\"\n\t\t    data-autoplayspeed=\"4000\"\n\t\t    data-pauseonhover=\"on\"\n\t\t    data-effect=\"slide\"\n\t\t    data-rotate=\"50\"\n\t\t    data-dynamicbullets=\"off\"\n\t\t    data-ordernumber=\"1\"\n\t\t    data-centered=\"off\"\n\t\t    data-spacebetween_tablet=\"50\"\n\t\t    data-spacebetween_phone=\"50\"\n\t\t    data-shadow=\"true\"\n\t\t    data-breakpoints=\"{&quot;768&quot;:{&quot;columns&quot;:&quot;3&quot;,&quot;spaceBetween&quot;:&quot;50&quot;},&quot;981&quot;:{&quot;columns&quot;:&quot;3&quot;,&quot;spaceBetween&quot;:&quot;50&quot;}}\"\n\t\t    data-baseconfig=\"{&quot;columns&quot;:&quot;1&quot;,&quot;spaceBetween&quot;:&quot;50&quot;}\"\n            data-originalslidecount=&quot;7&quot; data-initialslide=&quot;0&quot;\n            data-navigation_t=\"on\"\n            data-navigation_m=\"on\"\n            data-pagination_t=\"off\"\n            data-pagination_m=\"off\">\n\t\t        <div class=\"swiper-container\">\n\t\t            <div class=\"dipi-blog-slider-wrapper\">\n\t\t                <a class=\"dipi-blog-post clearfix category-the-table\" target=\"\" href=\"https:\/\/celliers.ch\/en\/actualites\/the-table\/pourquoi-decanter-un-vin\/\">\n<div class=\"dipi-entry-featured-image-url dipi-zoomin\">\n\n\t\n    <div class=\"dipi-blog-post-overlay\">\n            <\/div>\n\n    <img\n                decoding=\"async\"\n                loading=\"lazy\"\n                class=\"wp-post-image\"\n                src=\"https:\/\/celliers.ch\/wp-content\/uploads\/2025\/11\/pourquoi-decanter-vin.jpg\"\n                alt=\"Why decant a wine?\"\n                srcset=\"https:\/\/celliers.ch\/wp-content\/uploads\/2025\/11\/pourquoi-decanter-vin.jpg 768w, https:\/\/celliers.ch\/wp-content\/uploads\/2025\/11\/pourquoi-decanter-vin.jpg 980w, https:\/\/celliers.ch\/wp-content\/uploads\/2025\/11\/pourquoi-decanter-vin.jpg 1024w\"\n                sizes=\"(max-width: 768px) 768px, (max-width: 980px) 980px, 1024px\"\n            \/>\n            \n<\/div><div class=\"dipi-post-content\">\n    <div class=\"dipi-categories\">\n        The table    <\/div>\n    <h4 class=\"dipi-entry-title\">\n            Why decant a wine?    <\/h4>        <\/div><!-- dipi-post-content --><\/a><!-- dipi-blog-post -->\n<a class=\"dipi-blog-post clearfix category-the-story\" target=\"\" href=\"https:\/\/celliers.ch\/en\/actualites\/the-story\/origines-du-fendant\/\">\n<div class=\"dipi-entry-featured-image-url dipi-zoomin\">\n\n\t\n    <div class=\"dipi-blog-post-overlay\">\n            <\/div>\n\n    <img\n                decoding=\"async\"\n                loading=\"lazy\"\n                class=\"wp-post-image\"\n                src=\"https:\/\/celliers.ch\/wp-content\/uploads\/2025\/11\/origines-du-fendant-valais.jpg\"\n                alt=\"The origins of Fendant\"\n                srcset=\"https:\/\/celliers.ch\/wp-content\/uploads\/2025\/11\/origines-du-fendant-valais.jpg 768w, https:\/\/celliers.ch\/wp-content\/uploads\/2025\/11\/origines-du-fendant-valais.jpg 980w, https:\/\/celliers.ch\/wp-content\/uploads\/2025\/11\/origines-du-fendant-valais.jpg 1024w\"\n                sizes=\"(max-width: 768px) 768px, (max-width: 980px) 980px, 1024px\"\n            \/>\n            \n<\/div><div class=\"dipi-post-content\">\n    <div class=\"dipi-categories\">\n        The story    <\/div>\n    <h4 class=\"dipi-entry-title\">\n            The secrets of Fendant&#8217;s origins    <\/h4>        <\/div><!-- dipi-post-content --><\/a><!-- dipi-blog-post -->\n<a class=\"dipi-blog-post clearfix category-the-cellar\" target=\"\" href=\"https:\/\/celliers.ch\/en\/actualites\/the-cellar\/comment-fait-on-vin-rose\/\">\n<div class=\"dipi-entry-featured-image-url dipi-zoomin\">\n\n\t\n    <div class=\"dipi-blog-post-overlay\">\n            <\/div>\n\n    <img\n                decoding=\"async\"\n                loading=\"lazy\"\n                class=\"wp-post-image\"\n                src=\"https:\/\/celliers.ch\/wp-content\/uploads\/2025\/11\/comment-faire-vin-rose.jpg\"\n                alt=\"How is ros\u00e9 wine made?\"\n                srcset=\"https:\/\/celliers.ch\/wp-content\/uploads\/2025\/11\/comment-faire-vin-rose.jpg 768w, https:\/\/celliers.ch\/wp-content\/uploads\/2025\/11\/comment-faire-vin-rose.jpg 980w, https:\/\/celliers.ch\/wp-content\/uploads\/2025\/11\/comment-faire-vin-rose.jpg 1024w\"\n                sizes=\"(max-width: 768px) 768px, (max-width: 980px) 980px, 1024px\"\n            \/>\n            \n<\/div><div class=\"dipi-post-content\">\n    <div class=\"dipi-categories\">\n        The cellar    <\/div>\n    <h4 class=\"dipi-entry-title\">\n            How is ros\u00e9 wine made?    <\/h4>        <\/div><!-- dipi-post-content --><\/a><!-- dipi-blog-post -->\n<a class=\"dipi-blog-post clearfix category-the-story\" target=\"\" href=\"https:\/\/celliers.ch\/en\/actualites\/the-story\/vins-suisses-meilleurs-aujourdhui\/\">\n<div class=\"dipi-entry-featured-image-url dipi-zoomin\">\n\n\t\n    <div class=\"dipi-blog-post-overlay\">\n            <\/div>\n\n    <img\n                decoding=\"async\"\n                loading=\"lazy\"\n                class=\"wp-post-image\"\n                src=\"https:\/\/celliers.ch\/wp-content\/uploads\/2025\/10\/vins-suisses-meilleurs.jpg\"\n                alt=\"Are Swiss wines really better today?\"\n                srcset=\"https:\/\/celliers.ch\/wp-content\/uploads\/2025\/10\/vins-suisses-meilleurs.jpg 768w, https:\/\/celliers.ch\/wp-content\/uploads\/2025\/10\/vins-suisses-meilleurs.jpg 980w, https:\/\/celliers.ch\/wp-content\/uploads\/2025\/10\/vins-suisses-meilleurs.jpg 1024w\"\n                sizes=\"(max-width: 768px) 768px, (max-width: 980px) 980px, 1024px\"\n            \/>\n            \n<\/div><div class=\"dipi-post-content\">\n    <div class=\"dipi-categories\">\n        The story    <\/div>\n    <h4 class=\"dipi-entry-title\">\n            Are Swiss wines really better today?    <\/h4>        <\/div><!-- dipi-post-content --><\/a><!-- dipi-blog-post -->\n<a class=\"dipi-blog-post clearfix category-the-table\" target=\"\" href=\"https:\/\/celliers.ch\/en\/actualites\/the-table\/pourquoi-chambrer-un-vin\/\">\n<div class=\"dipi-entry-featured-image-url dipi-zoomin\">\n\n\t\n    <div class=\"dipi-blog-post-overlay\">\n            <\/div>\n\n    <img\n                decoding=\"async\"\n                loading=\"lazy\"\n                class=\"wp-post-image\"\n                src=\"https:\/\/celliers.ch\/wp-content\/uploads\/2025\/01\/pourquoi-chambrer-vin.jpg\"\n                alt=\"Pourquoi dit-on \u00ab chambrer \u00bb un vin ?\"\n                srcset=\"https:\/\/celliers.ch\/wp-content\/uploads\/2025\/01\/pourquoi-chambrer-vin-600x600.jpg 768w, https:\/\/celliers.ch\/wp-content\/uploads\/2025\/01\/pourquoi-chambrer-vin-600x600.jpg 980w, https:\/\/celliers.ch\/wp-content\/uploads\/2025\/01\/pourquoi-chambrer-vin-600x600.jpg 1024w\"\n                sizes=\"(max-width: 768px) 768px, (max-width: 980px) 980px, 1024px\"\n            \/>\n            \n<\/div><div class=\"dipi-post-content\">\n    <div class=\"dipi-categories\">\n        The table    <\/div>\n    <h4 class=\"dipi-entry-title\">\n            Why do we say &#8220;chamber&#8221; a wine?    <\/h4>        <\/div><!-- dipi-post-content --><\/a><!-- dipi-blog-post -->\n<a class=\"dipi-blog-post clearfix category-events\" target=\"\" href=\"https:\/\/celliers.ch\/en\/actualites\/events\/student-swiss-wine-award\/\">\n<div class=\"dipi-entry-featured-image-url dipi-zoomin\">\n\n\t\n    <div class=\"dipi-blog-post-overlay\">\n            <\/div>\n\n    <img\n                decoding=\"async\"\n                loading=\"lazy\"\n                class=\"wp-post-image\"\n                src=\"https:\/\/celliers.ch\/wp-content\/uploads\/2024\/09\/Samuel_Devantery_Cellier_SSWA-33.jpg\"\n                alt=\"\"\n                srcset=\"https:\/\/celliers.ch\/wp-content\/uploads\/2024\/09\/Samuel_Devantery_Cellier_SSWA-33.jpg 768w, https:\/\/celliers.ch\/wp-content\/uploads\/2024\/09\/Samuel_Devantery_Cellier_SSWA-33.jpg 980w, https:\/\/celliers.ch\/wp-content\/uploads\/2024\/09\/Samuel_Devantery_Cellier_SSWA-33.jpg 1024w\"\n                sizes=\"(max-width: 768px) 768px, (max-width: 980px) 980px, 1024px\"\n            \/>\n            \n<\/div><div class=\"dipi-post-content\">\n    <div class=\"dipi-categories\">\n        Events    <\/div>\n    <h4 class=\"dipi-entry-title\">\n            Student Swiss Wine Award    <\/h4>        <\/div><!-- dipi-post-content --><\/a><!-- dipi-blog-post -->\n<a class=\"dipi-blog-post clearfix category-the-vine\" target=\"\" href=\"https:\/\/celliers.ch\/en\/actualites\/the-vine\/cepages-plus-repandus-suisse\/\">\n<div class=\"dipi-entry-featured-image-url dipi-zoomin\">\n\n\t\n    <div class=\"dipi-blog-post-overlay\">\n            <\/div>\n\n    <img\n                decoding=\"async\"\n                loading=\"lazy\"\n                class=\"wp-post-image\"\n                src=\"https:\/\/celliers.ch\/wp-content\/uploads\/2024\/05\/cepages-repandus-suisse.jpg\"\n                alt=\"What are the most common grape varieties in Switzerland?\"\n                srcset=\"https:\/\/celliers.ch\/wp-content\/uploads\/2024\/05\/cepages-repandus-suisse.jpg 768w, https:\/\/celliers.ch\/wp-content\/uploads\/2024\/05\/cepages-repandus-suisse.jpg 980w, https:\/\/celliers.ch\/wp-content\/uploads\/2024\/05\/cepages-repandus-suisse.jpg 1024w\"\n                sizes=\"(max-width: 768px) 768px, (max-width: 980px) 980px, 1024px\"\n            \/>\n            \n<\/div><div class=\"dipi-post-content\">\n    <div class=\"dipi-categories\">\n        The vine    <\/div>\n    <h4 class=\"dipi-entry-title\">\n            What are the most common grape varieties in Switzerland?    <\/h4>        <\/div><!-- dipi-post-content --><\/a><!-- dipi-blog-post -->\n\n\t\t            <\/div>\n\t\t        <\/div>\n\t\t        <div class=\"swiper-button-next swiper-arrow-button dipi-sbn1  show_on_desktop_flex show_on_tablet_flex show_on_phone_flex\" data-icon=\"9\"><\/div>\n\t\t    <div class=\"swiper-button-prev swiper-arrow-button dipi-sbp1  show_on_desktop_flex show_on_tablet_flex show_on_phone_flex\" data-icon=\"8\"><\/div>\n\t\t        <div class=\"swiper-container-horizontal\">\n\t\t            <div class=\"swiper-pagination dipi-sp1 hide_on_desktop hide_on_tablet hide_on_phone\"><\/div>\n\t\t        <\/div>\n\t\t    <\/div><\/div><\/div><\/div><\/div><div class=\"et_pb_section_5 et_pb_section et_pb_section--fixed et_section_regular et_block_section\" id=\"menu-sticky-mobile\"><div class=\"et_pb_row_13 et_pb_row et_block_row\"><div class=\"et_pb_column_17 et_pb_column et_pb_column_4_4 et-last-child et_block_column et_pb_css_mix_blend_mode_passthrough\"><div class=\"dipi_button_grid_2 dipi_button_grid et_pb_module\"><div class=\"dipi-button-grid-container\">\n        <div class=\"dipi_button_grid_child_2 dipi_button_grid_child dipi-pt-item--Text et_pb_module\"><a class=\"et_pb_button dipi-button-grid dipi-button-wrap\" href=\"#prix\">Prix<\/a><\/div><div class=\"dipi_button_grid_child_3 dipi_button_grid_child dipi-pt-item--Text et_pb_module\"><a class=\"et_pb_button dipi-button-grid dipi-button-wrap\" href=\"#photos\">Photos<\/a><\/div><div class=\"dipi_button_grid_child_4 dipi_button_grid_child dipi-pt-item--Text et_pb_module\"><a class=\"et_pb_button dipi-button-grid dipi-button-wrap\" href=\"#reserver\">R\u00e9server<\/a><\/div><div class=\"dipi_button_grid_child_5 dipi_button_grid_child dipi-pt-item--Text et_pb_module\"><a class=\"et_pb_button dipi-button-grid dipi-button-wrap\" href=\"#faq\">FAQ<\/a><\/div>\n      <\/div><\/div><\/div><\/div><\/div>\n","protected":false},"excerpt":{"rendered":"<p>Europe&#8217;s largest underground lake, a typical meal and wine tasting<\/p>\n","protected":false},"author":2,"featured_media":23945637,"parent":23946331,"menu_order":0,"comment_status":"closed","ping_status":"closed","template":"","meta":{"_acf_changed":false,"footnotes":""},"dipi_cpt_category":[36,35,40],"class_list":["post-23946090","page","type-page","status-publish","has-post-thumbnail","hentry","dipi_cpt_category-10-pers-en","dipi_cpt_category-indoor-en","dipi_cpt_category-outdoor-en"],"acf":[],"_links":{"self":[{"href":"https:\/\/celliers.ch\/en\/wp-json\/wp\/v2\/pages\/23946090","targetHints":{"allow":["GET"]}}],"collection":[{"href":"https:\/\/celliers.ch\/en\/wp-json\/wp\/v2\/pages"}],"about":[{"href":"https:\/\/celliers.ch\/en\/wp-json\/wp\/v2\/types\/page"}],"author":[{"embeddable":true,"href":"https:\/\/celliers.ch\/en\/wp-json\/wp\/v2\/users\/2"}],"replies":[{"embeddable":true,"href":"https:\/\/celliers.ch\/en\/wp-json\/wp\/v2\/comments?post=23946090"}],"version-history":[{"count":10,"href":"https:\/\/celliers.ch\/en\/wp-json\/wp\/v2\/pages\/23946090\/revisions"}],"predecessor-version":[{"id":23954142,"href":"https:\/\/celliers.ch\/en\/wp-json\/wp\/v2\/pages\/23946090\/revisions\/23954142"}],"up":[{"embeddable":true,"href":"https:\/\/celliers.ch\/en\/wp-json\/wp\/v2\/pages\/23946331"}],"wp:featuredmedia":[{"embeddable":true,"href":"https:\/\/celliers.ch\/en\/wp-json\/wp\/v2\/media\/23945637"}],"wp:attachment":[{"href":"https:\/\/celliers.ch\/en\/wp-json\/wp\/v2\/media?parent=23946090"}],"wp:term":[{"taxonomy":"dipi_cpt_category","embeddable":true,"href":"https:\/\/celliers.ch\/en\/wp-json\/wp\/v2\/dipi_cpt_category?post=23946090"}],"curies":[{"name":"wp","href":"https:\/\/api.w.org\/{rel}","templated":true}]}}