{"id":23946380,"date":"2023-10-10T10:32:58","date_gmt":"2023-10-10T08:32:58","guid":{"rendered":"https:\/\/celliers.ch\/oenoparc\/"},"modified":"2026-04-14T09:24:51","modified_gmt":"2026-04-14T07:24:51","slug":"oenoparc","status":"publish","type":"page","link":"https:\/\/celliers.ch\/en\/oenoparc\/","title":{"rendered":"\u0152noparc"},"content":{"rendered":"<p>[et_pb_section fb_built=&#8221;1&#8243; _builder_version=&#8221;4.24.0&#8243; _module_preset=&#8221;default&#8221; custom_padding=&#8221;||20px||false|false&#8221; global_colors_info=&#8221;{}&#8221;][et_pb_row _builder_version=&#8221;4.22.2&#8243; _module_preset=&#8221;default&#8221; locked=&#8221;off&#8221; global_colors_info=&#8221;{}&#8221;][et_pb_column type=&#8221;4_4&#8243; _builder_version=&#8221;4.22.2&#8243; _module_preset=&#8221;default&#8221; global_colors_info=&#8221;{}&#8221;][et_pb_text _builder_version=&#8221;4.23.1&#8243; _module_preset=&#8221;bf60d947-3f90-4402-8aff-3b2baae28d03&#8243; global_colors_info=&#8221;{}&#8221;]<\/p>\n<p>our oenopark<\/p>\n<p>[\/et_pb_text][et_pb_text module_class=&#8221;grappe&#8221; _builder_version=&#8221;4.23.1&#8243; _module_preset=&#8221;default&#8221; global_colors_info=&#8221;{}&#8221;]<\/p>\n<h2>Les Celliers de Sion<\/h2>\n<p>[\/et_pb_text][\/et_pb_column][\/et_pb_row][et_pb_row column_structure=&#8221;1_2,1_2&#8243; _builder_version=&#8221;4.22.2&#8243; _module_preset=&#8221;default&#8221; locked=&#8221;off&#8221; global_colors_info=&#8221;{}&#8221;][et_pb_column type=&#8221;1_2&#8243; _builder_version=&#8221;4.22.2&#8243; _module_preset=&#8221;default&#8221; global_colors_info=&#8221;{}&#8221;][et_pb_text _builder_version=&#8221;4.27.4&#8243; _module_preset=&#8221;default&#8221; global_colors_info=&#8221;{}&#8221;]<\/p>\n<p><span>The entire Celliers de Sion team looks forward to welcoming you to this glittering building at the foot of the heroic Clavau vineyards, the starting point for numerous walks to discover our estates.<\/span><\/p>\n<p>At your disposal in this reception area:<\/p>\n<ul>\n<li>Wine sales<\/li>\n<li>Oenomatique for free tastings<\/li>\n<li>Didactic trail<\/li>\n<li>The Bonvin and Varone barrel cellar<\/li>\n<li>Tour and tasting areas<\/li>\n<\/ul>\n<p>[\/et_pb_text][et_pb_text disabled_on=&#8221;on|on|on&#8221; _builder_version=&#8221;4.27.3&#8243; _module_preset=&#8221;default&#8221; disabled=&#8221;on&#8221; global_colors_info=&#8221;{}&#8221;]<\/p>\n<p><strong>Open 7\/7<\/strong><br \/><span>Monday &#8211; Saturday: 10am to 8pm<\/span><br \/><span>Sunday: 10 a.m. to 6 p.m.<\/span><\/p>\n<p><span>Reservations recommended for <a href=\"https:\/\/celliers.ch\/en\/activities\/\" target=\"_blank\" rel=\"noopener\">wine tourism activities<\/a>.<\/span><\/p>\n<p>[\/et_pb_text][et_pb_image src=&#8221;https:\/\/celliers.ch\/wp-content\/uploads\/2025\/12\/horaires-de-fetes.jpg&#8221; title_text=&#8221;party times&#8221; disabled_on=&#8221;on|on|on&#8221; _builder_version=&#8221;4.27.4&#8243; _module_preset=&#8221;default&#8221; width=&#8221;80%&#8221; width_tablet=&#8221;60%&#8221; width_phone=&#8221;60%&#8221; width_last_edited=&#8221;on|phone&#8221; disabled=&#8221;on&#8221; global_colors_info=&#8221;{}&#8221;][\/et_pb_image][et_pb_text disabled_on=&#8221;off|off|off&#8221; _builder_version=&#8221;4.27.3&#8243; _module_preset=&#8221;default&#8221; global_colors_info=&#8221;{}&#8221;]<\/p>\n<p><strong>Open 7\/7<\/strong><br \/><span>Monday &#8211; Sunday: 10 a.m. to 8 p.m.<\/span><\/p>\n<p><span>Reservations recommended for <a href=\"https:\/\/celliers.ch\/en\/activities\/\" target=\"_blank\" rel=\"noopener\">wine tourism activities<\/a>.<\/span><\/p>\n<p>[\/et_pb_text][\/et_pb_column][et_pb_column type=&#8221;1_2&#8243; _builder_version=&#8221;4.22.2&#8243; _module_preset=&#8221;default&#8221; global_colors_info=&#8221;{}&#8221;][et_pb_image src=&#8221;https:\/\/celliers.ch\/wp-content\/uploads\/2024\/01\/Celliers-de-Sion.jpg&#8221; alt=&#8221;Oenoparc Les Celliers de Sion&#8221; title_text=&#8221;Celliers de Sion&#8221; _builder_version=&#8221;4.23.1&#8243; _module_preset=&#8221;default&#8221; global_colors_info=&#8221;{}&#8221;][\/et_pb_image][et_pb_button button_url=&#8221;https:\/\/www.google.com\/maps\/place\/Les+Celliers+de+Sion\/@46.2418767,7.3766393,3a,75y,148.53h,89.6t\/data=!3m8!1e1!3m6!1sAF1QipNC_Hi_n5F5NW6UTz37YjIeJql2rJ92BC5bxlLe!2e10!3e11!6shttps:%2F%2Flh5.googleusercontent.com%2Fp%2FAF1QipNC_Hi_n5F5NW6UTz37YjIeJql2rJ92BC5bxlLe%3Dw203-h100-k-no-pi-1.4047151-ya206.90729-ro1.4094337-fo100!7i8192!8i4096!4m9!3m8!1s0x478edc3f9ec23257:0x78c0d48a1295fda6!8m2!3d46.2417914!4d7.3766762!10e5!14m1!1BCgIgARICCAI!16s%2Fg%2F1v75qtcz?authuser=0&amp;entry=ttu&#8221; url_new_window=&#8221;on&#8221; button_text=&#8221;360\u00b0 Virtual Tour&#8221; button_alignment=&#8221;center&#8221; _builder_version=&#8221;4.23.1&#8243; _module_preset=&#8221;default&#8221; locked=&#8221;off&#8221; global_colors_info=&#8221;{}&#8221;][\/et_pb_button][\/et_pb_column][\/et_pb_row][\/et_pb_section][et_pb_section fb_built=&#8221;1&#8243; _builder_version=&#8221;4.23.1&#8243; _module_preset=&#8221;default&#8221; background_color=&#8221;#FFFFFF&#8221; global_colors_info=&#8221;{}&#8221;][et_pb_row _builder_version=&#8221;4.22.2&#8243; _module_preset=&#8221;default&#8221; locked=&#8221;off&#8221; global_colors_info=&#8221;{}&#8221;][et_pb_column type=&#8221;4_4&#8243; _builder_version=&#8221;4.22.2&#8243; _module_preset=&#8221;default&#8221; global_colors_info=&#8221;{}&#8221;][et_pb_text _builder_version=&#8221;4.23.1&#8243; _module_preset=&#8221;bf60d947-3f90-4402-8aff-3b2baae28d03&#8243; global_colors_info=&#8221;{}&#8221;]<\/p>\n<p>Locations<\/p>\n<p>[\/et_pb_text][et_pb_text module_class=&#8221;grappe&#8221; _builder_version=&#8221;4.23.1&#8243; _module_preset=&#8221;default&#8221; global_colors_info=&#8221;{}&#8221;]<\/p>\n<h2>Our Gatehouses<\/h2>\n<p>[\/et_pb_text][\/et_pb_column][\/et_pb_row][et_pb_row column_structure=&#8221;1_3,1_3,1_3&#8243; use_custom_gutter=&#8221;on&#8221; gutter_width=&#8221;2&#8243; _builder_version=&#8221;4.23.1&#8243; _module_preset=&#8221;default&#8221; global_colors_info=&#8221;{}&#8221;][et_pb_column type=&#8221;1_3&#8243; _builder_version=&#8221;4.23.1&#8243; _module_preset=&#8221;default&#8221; global_colors_info=&#8221;{}&#8221;][dipi_hover_box content_hover_content=&#8221;<\/p>\n<p>April to October<\/p>\n<p>Thursday to Sunday<br \/>10:30 a.m. to 6:30 p.m.<\/p>\n<p>(Closes at 6 p.m. in October)<\/p>\n<p>&#8221; animation_speed=&#8221;400ms&#8221; _builder_version=&#8221;4.25.1&#8243; _module_preset=&#8221;a41777c1-47f0-44f6-ad07-9be78a202c37&#8243; link_option_url=&#8221;#brulefer&#8221; global_colors_info=&#8221;{}&#8221;][\/dipi_hover_box][\/et_pb_column][et_pb_column type=&#8221;1_3&#8243; _builder_version=&#8221;4.23.1&#8243; _module_preset=&#8221;default&#8221; global_colors_info=&#8221;{}&#8221;][dipi_hover_box content_title=&#8221;Le Cube Varone&#8221; content_image_alt=&#8221;Cube Varone&#8221; content_hover_title=&#8221;Le Cube Varone&#8221; content_hover_content=&#8221;<\/p>\n<p>May to October<\/p>\n<p>Thursday to Sunday<br \/>10:30 a.m. to 6:30 p.m.<\/p>\n<p>(Closes at 6 p.m. in October)<\/p>\n<p>&#8221; animation_speed=&#8221;400ms&#8221; content_bg_image=&#8221;https:\/\/celliers.ch\/wp-content\/uploads\/2024\/01\/Le-Cube-Varone.jpg&#8221; content_hover_bg_image=&#8221;https:\/\/celliers.ch\/wp-content\/uploads\/2024\/01\/Le-Cube-Varone.jpg&#8221; _builder_version=&#8221;4.27.4&#8243; _module_preset=&#8221;a41777c1-47f0-44f6-ad07-9be78a202c37&#8243; link_option_url=&#8221;#cube&#8221; global_colors_info=&#8221;{}&#8221;][\/dipi_hover_box][\/et_pb_column][et_pb_column type=&#8221;1_3&#8243; _builder_version=&#8221;4.23.1&#8243; _module_preset=&#8221;default&#8221; global_colors_info=&#8221;{}&#8221;][dipi_hover_box content_title=&#8221;Le Clos du Ch\u00e2teau&#8221; content_image_alt=&#8221;Le Clos du Ch\u00e2teau&#8221; content_hover_title=&#8221;Le Clos du Ch\u00e2teau&#8221; content_hover_content=&#8221;<\/p>\n<p>From 20 people<br \/>By reservation only<\/p>\n<p>&#8221; animation_speed=&#8221;400ms&#8221; content_bg_image=&#8221;https:\/\/celliers.ch\/wp-content\/uploads\/2024\/01\/Clos-du-Chateau-Bonvin.jpg&#8221; content_hover_bg_color_gradient_stops=&#8221;rgba(0,0,0,0.3) 0%|rgba(0,0,0,0.9) 99%&#8221; content_hover_bg_image=&#8221;https:\/\/celliers.ch\/wp-content\/uploads\/2024\/01\/Clos-du-Chateau-Bonvin.jpg&#8221; _builder_version=&#8221;4.25.1&#8243; _module_preset=&#8221;a41777c1-47f0-44f6-ad07-9be78a202c37&#8243; link_option_url=&#8221;#closduchateau&#8221; global_colors_info=&#8221;{}&#8221;][\/dipi_hover_box][\/et_pb_column][\/et_pb_row][\/et_pb_section][et_pb_section fb_built=&#8221;1&#8243; _builder_version=&#8221;4.23.1&#8243; _module_preset=&#8221;default&#8221; global_colors_info=&#8221;{}&#8221;][et_pb_row column_structure=&#8221;1_2,1_2&#8243; module_id=&#8221;brulefer&#8221; _builder_version=&#8221;4.23.1&#8243; _module_preset=&#8221;default&#8221; global_colors_info=&#8221;{}&#8221;][et_pb_column type=&#8221;1_2&#8243; _builder_version=&#8221;4.23.1&#8243; _module_preset=&#8221;default&#8221; global_colors_info=&#8221;{}&#8221;][et_pb_text _builder_version=&#8221;4.23.1&#8243; _module_preset=&#8221;bf60d947-3f90-4402-8aff-3b2baae28d03&#8243; global_colors_info=&#8221;{}&#8221;]<\/p>\n<p>Bonvin<\/p>\n<p>[\/et_pb_text][et_pb_text module_class=&#8221;grappe&#8221; _builder_version=&#8221;4.23.1&#8243; _module_preset=&#8221;default&#8221; global_colors_info=&#8221;{}&#8221;]<\/p>\n<h2>La Gu\u00e9rite Br\u00fblefer<\/h2>\n<p>[\/et_pb_text][et_pb_text _builder_version=&#8221;4.23.1&#8243; _module_preset=&#8221;default&#8221; global_colors_info=&#8221;{}&#8221;]<\/p>\n<p>An enchanting stop on the Clavau bisse.<\/p>\n<p>La Gu\u00e9rite Br\u00fblefer invites you to discover Charles Bonvin wines and culinary products from the Valais region. In the shade of the terraces overlooking the Ch\u00e2teau de Tourbillon, visitors are immersed in the heart of Sion&#8217;s vineyards.<\/p>\n<p>Come and let the magic of Gu\u00e9rite Br\u00fblefer work, where time no longer holds sway&#8230;<\/p>\n<p>[\/et_pb_text][dipi_table_maker column_count=&#8221;2&#8243; table_border_collapse=&#8221;separate&#8221; _builder_version=&#8221;4.25.1&#8243; _module_preset=&#8221;default&#8221; cell_title_font=&#8221;Poppins|600|||||||&#8221; cell_title_font_size=&#8221;16px&#8221; cell_desc_line_height=&#8221;1.1em&#8221; border_color_all_table=&#8221;RGBA(255,255,255,0)&#8221; border_color_top_row_header=&#8221;gcid-de147bab-cb71-4dd3-93a6-5bd6489abf79&#8243; locked=&#8221;off&#8221; global_colors_info=&#8221;{%22gcid-de147bab-cb71-4dd3-93a6-5bd6489abf79%22:%91%22border_color_top_row_header%22%93}&#8221;][dipi_table_maker_child content_title=&#8221;Opening&#8221; _builder_version=&#8221;4.23.1&#8243; _module_preset=&#8221;default&#8221; global_colors_info=&#8221;{}&#8221;][\/dipi_table_maker_child][dipi_table_maker_child _builder_version=&#8221;4.25.1&#8243; _module_preset=&#8221;default&#8221; content_desc_text_color=&#8221;#000000&#8243; global_colors_info=&#8221;{}&#8221;]<\/p>\n<p><span>April to October<\/span><br \/><span>Thursday to Sunday<\/span><br \/><span>10:30 am to 6:30 pm April to September<br \/>10:30 am to 6 pm in October<\/span><\/p>\n<p>[\/dipi_table_maker_child][dipi_table_maker_child content_title=&#8221;Access&#8221; _builder_version=&#8221;4.24.0&#8243; _module_preset=&#8221;default&#8221; global_colors_info=&#8221;{}&#8221;][\/dipi_table_maker_child][dipi_table_maker_child _builder_version=&#8221;4.24.0&#8243; _module_preset=&#8221;default&#8221; global_colors_info=&#8221;{}&#8221;]<\/p>\n<p><span>Only on foot along the Bisse de Clavau,<\/span><br \/><span>10 to 15 minutes&#8217; walk<\/span><br \/><span>Departure from <\/span><a href=\"https:\/\/www.google.ch\/maps\/place\/Bisse+de+Clavau\/@46.2429224,7.3667578,17z\/data=!4m8!1m2!2m1!1sbisse+de+clavau!3m4!1s0x478eddd2812b728b:0x99665907ced720a6!8m2!3d46.2430345!4d7.3635663\" rel=\"noopener\" target=\"_blank\">Champlan parking lot.<\/a><\/p>\n<p>[\/dipi_table_maker_child][dipi_table_maker_child content_title=&#8221;Terrace&#8221; _builder_version=&#8221;4.24.0&#8243; _module_preset=&#8221;default&#8221; global_colors_info=&#8221;{}&#8221;][\/dipi_table_maker_child][dipi_table_maker_child _builder_version=&#8221;4.24.0&#8243; _module_preset=&#8221;default&#8221; global_colors_info=&#8221;{}&#8221;]<\/p>\n<p>For 60 people<\/p>\n<p>[\/dipi_table_maker_child][dipi_table_maker_child content_title=&#8221;Interior&#8221; _builder_version=&#8221;4.23.1&#8243; _module_preset=&#8221;default&#8221; global_colors_info=&#8221;{}&#8221;][\/dipi_table_maker_child][dipi_table_maker_child _builder_version=&#8221;4.25.1&#8243; _module_preset=&#8221;default&#8221; global_colors_info=&#8221;{}&#8221;]<\/p>\n<p><span>For 25 people<\/span><br \/><span>*Please note: indoor seating is limited in the event of bad weather and cannot be guaranteed.<\/span><\/p>\n<p>[\/dipi_table_maker_child][\/dipi_table_maker][et_pb_button button_url=&#8221;\/wp-content\/uploads\/2025\/04\/FR-Menu-Brulefer-1.pdf&#8221; url_new_window=&#8221;on&#8221; button_text=&#8221;View Menu&#8221; _builder_version=&#8221;4.27.4&#8243; _module_preset=&#8221;default&#8221; custom_margin=&#8221;||0px||false|false&#8221; global_colors_info=&#8221;{}&#8221;][\/et_pb_button][et_pb_text _builder_version=&#8221;4.23.1&#8243; _module_preset=&#8221;default&#8221; text_font_size=&#8221;14px&#8221; custom_margin=&#8221;0px||||false|false&#8221; custom_padding=&#8221;0px||||false|false&#8221; global_colors_info=&#8221;{}&#8221;]<\/p>\n<p><em>Please let us know if you have any food allergies or intolerances.<\/em><\/p>\n<p>[\/et_pb_text][\/et_pb_column][et_pb_column type=&#8221;1_2&#8243; _builder_version=&#8221;4.23.1&#8243; _module_preset=&#8221;default&#8221; global_colors_info=&#8221;{}&#8221;][et_pb_image src=&#8221;https:\/\/celliers.ch\/wp-content\/uploads\/2024\/01\/guerite-brulefer-bonvin-vignoble.jpg&#8221; title_text=&#8221;guerite-brulefer-bonvin-vignoble&#8221; _builder_version=&#8221;4.23.1&#8243; _module_preset=&#8221;default&#8221; global_colors_info=&#8221;{}&#8221;][\/et_pb_image][et_pb_button button_url=&#8221;https:\/\/www.google.com\/maps\/place\/La+Gu%C3%A9rite+Br%C3%BBlefer\/@46.2430142,7.3726799,3a,75y,220h,90t\/data=!3m8!1e1!3m6!1sAF1QipN0MaJtmg834FiQQPqLqUnpFKtYJ__jTDNvhUDk!2e10!3e11!6shttps:%2F%2Flh5.googleusercontent.com%2Fp%2FAF1QipN0MaJtmg834FiQQPqLqUnpFKtYJ__jTDNvhUDk%3Dw224-h298-k-no-pi1.1687816-ya93.4276-ro-0.1970644-fo100!7i8192!8i4096!4m9!3m8!1s0x478eddd4539471a5:0x884099f69bf8b0a8!8m2!3d46.243!4d7.3724679!10e5!14m1!1BCgIgARICCAI!16s%2Fg%2F1tls1rnc?entry=tts&#8221; url_new_window=&#8221;on&#8221; button_text=&#8221;360\u00b0 virtual tour&#8221; _builder_version=&#8221;4.23.1&#8243; _module_preset=&#8221;default&#8221; global_colors_info=&#8221;{}&#8221;][\/et_pb_button][et_pb_text _builder_version=&#8221;4.23.1&#8243; _module_preset=&#8221;default&#8221; global_colors_info=&#8221;{}&#8221;]<\/p>\n<p><span>Contact:<\/span><br \/><a href=\"tel:+41272056523\">027\/ 205 65 23<\/a><br \/><a data-enc-email=\"erfreingvba[at]pryyvref.pu\" data-wpel-link=\"ignore\" href=\"mailto:reservation@celliers.ch\"><span id=\"eeb-53507-226493\">reservation@celliers.ch<\/span><\/a><br \/><a href=\"tel:+41792465659\">079\/ 246 56 59<\/a><span> &#8211; for last-minute bookings<\/span><\/p>\n<p>[\/et_pb_text][\/et_pb_column][\/et_pb_row][et_pb_row _builder_version=&#8221;4.23.1&#8243; _module_preset=&#8221;default&#8221; global_colors_info=&#8221;{}&#8221;][et_pb_column type=&#8221;4_4&#8243; _builder_version=&#8221;4.23.1&#8243; _module_preset=&#8221;default&#8221; global_colors_info=&#8221;{}&#8221;][et_pb_accordion toggle_icon=&#8221;&#x33;||divi||400&#8243; _builder_version=&#8221;4.25.1&#8243; _module_preset=&#8221;default&#8221; custom_css_toggle=&#8221;margin-bottom:-1px !important;||padding:30px 0;&#8221; border_color_top=&#8221;gcid-de147bab-cb71-4dd3-93a6-5bd6489abf79&#8243; border_color_bottom=&#8221;gcid-de147bab-cb71-4dd3-93a6-5bd6489abf79&#8243; global_colors_info=&#8221;{%22gcid-5bb8bbae-64e2-42dd-a614-e8fbea0b29dd%22:%91%22open_toggle_text_color%22,%22toggle_text_color%22,%22open_toggle_text_color%22,%22toggle_text_color%22,%22open_toggle_text_color%22%93,%22gcid-de147bab-cb71-4dd3-93a6-5bd6489abf79%22:%91%22border_color_top%22,%22border_color_bottom%22%93}&#8221;][et_pb_accordion_item title=&#8221;Are children welcome?&#8221; open=&#8221;on&#8221; _builder_version=&#8221;4.23.1&#8243; _module_preset=&#8221;default&#8221; global_colors_info=&#8221;{}&#8221;]<\/p>\n<p><span>Children are accepted, but the location is not suitable.<\/span><\/p>\n<p><span>Due to its location in the middle of the vineyards, it may be exposed to direct sunlight, and no specific space is provided for them. It is therefore important to keep a close eye on them during the visit.<\/span><\/p>\n<p>[\/et_pb_accordion_item][et_pb_accordion_item title=&#8221;Do I need to make a reservation?&#8221; _builder_version=&#8221;4.25.1&#8243; _module_preset=&#8221;default&#8221; global_colors_info=&#8221;{}&#8221; open=&#8221;off&#8221;]<\/p>\n<p><span>To ensure your place, we strongly recommend that you make a reservation, as our availability is often limited due to high demand.<\/span><\/p>\n<p>[\/et_pb_accordion_item][\/et_pb_accordion][\/et_pb_column][\/et_pb_row][\/et_pb_section][et_pb_section fb_built=&#8221;1&#8243; _builder_version=&#8221;4.24.0&#8243; _module_preset=&#8221;default&#8221; background_color=&#8221;#FFFFFF&#8221; custom_padding=&#8221;10px||||false|false&#8221; global_colors_info=&#8221;{}&#8221;][et_pb_row column_structure=&#8221;1_2,1_2&#8243; module_id=&#8221;cube&#8221; _builder_version=&#8221;4.23.1&#8243; _module_preset=&#8221;default&#8221; custom_margin=&#8221;50px||||false|false&#8221; locked=&#8221;off&#8221; global_colors_info=&#8221;{}&#8221;][et_pb_column type=&#8221;1_2&#8243; _builder_version=&#8221;4.23.1&#8243; _module_preset=&#8221;default&#8221; global_colors_info=&#8221;{}&#8221;][et_pb_text _builder_version=&#8221;4.23.1&#8243; _module_preset=&#8221;bf60d947-3f90-4402-8aff-3b2baae28d03&#8243; global_colors_info=&#8221;{}&#8221;]<\/p>\n<p>Varone<\/p>\n<p>[\/et_pb_text][et_pb_text module_class=&#8221;grappe&#8221; _builder_version=&#8221;4.23.1&#8243; _module_preset=&#8221;default&#8221; global_colors_info=&#8221;{}&#8221;]<\/p>\n<h2>Le Cube<\/h2>\n<p>[\/et_pb_text][et_pb_text _builder_version=&#8221;4.27.4&#8243; _module_preset=&#8221;default&#8221; global_colors_info=&#8221;{}&#8221;]<\/p>\n<p>Winner of the Swiss Heritage Award in 2013, this former sentry box suspended between sky and vines has been transformed into a gourmet space. This shady summer stopover will win you over with its remarkable location near the Bisse de Clavau.<\/p>\n<p>A place in the image of its owner, Philippe Varone, resolutely modern yet attached to tradition. Great vintages to taste, accompanied by an assortment of small gourmet jars.<\/p>\n<p>[\/et_pb_text][dipi_table_maker column_count=&#8221;2&#8243; table_border_collapse=&#8221;separate&#8221; disabled_on=&#8221;off|off|off&#8221; _builder_version=&#8221;4.27.4&#8243; _module_preset=&#8221;default&#8221; cell_title_font=&#8221;Poppins|600|||||||&#8221; cell_title_font_size=&#8221;16px&#8221; cell_desc_line_height=&#8221;1.1em&#8221; border_color_all_table=&#8221;RGBA(255,255,255,0)&#8221; border_color_top_row_header=&#8221;gcid-de147bab-cb71-4dd3-93a6-5bd6489abf79&#8243; locked=&#8221;off&#8221; global_colors_info=&#8221;{%22gcid-de147bab-cb71-4dd3-93a6-5bd6489abf79%22:%91%22border_color_top_row_header%22%93}&#8221;][dipi_table_maker_child content_title=&#8221;Opening&#8221; _builder_version=&#8221;4.23.1&#8243; _module_preset=&#8221;default&#8221; global_colors_info=&#8221;{}&#8221;][\/dipi_table_maker_child][dipi_table_maker_child _builder_version=&#8221;4.27.4&#8243; _module_preset=&#8221;default&#8221; content_desc_text_color=&#8221;#000000&#8243; global_colors_info=&#8221;{}&#8221;]<\/p>\n<p><span>May to October<\/span><br \/><span>Thursday to Sunday<\/span><br \/><span>10:30 am to 6:30 pm from May to September<br \/>10:30 am to 6 pm in October<\/span><\/p>\n<p>[\/dipi_table_maker_child][dipi_table_maker_child content_title=&#8221;Access&#8221; _builder_version=&#8221;4.24.0&#8243; _module_preset=&#8221;default&#8221; global_colors_info=&#8221;{}&#8221;][\/dipi_table_maker_child][dipi_table_maker_child _builder_version=&#8221;4.24.0&#8243; _module_preset=&#8221;default&#8221; global_colors_info=&#8221;{}&#8221;]<\/p>\n<p><span>Only on foot along the Bisse de Clavau (approx. 30 minutes)<\/span><br \/><span>Departure from <\/span><a href=\"https:\/\/www.google.ch\/maps\/place\/Bisse+de+Clavau\/@46.2429224,7.3667578,17z\/data=!4m8!1m2!2m1!1sbisse+de+clavau!3m4!1s0x478eddd2812b728b:0x99665907ced720a6!8m2!3d46.2430345!4d7.3635663\" rel=\"noopener\" target=\"_blank\">Champlan parking lot.<\/a><\/p>\n<p>[\/dipi_table_maker_child][dipi_table_maker_child content_title=&#8221;Terrace&#8221; _builder_version=&#8221;4.24.0&#8243; _module_preset=&#8221;default&#8221; global_colors_info=&#8221;{}&#8221;][\/dipi_table_maker_child][dipi_table_maker_child _builder_version=&#8221;4.24.0&#8243; _module_preset=&#8221;default&#8221; global_colors_info=&#8221;{}&#8221;]<\/p>\n<p>For 40 people<\/p>\n<p>[\/dipi_table_maker_child][\/dipi_table_maker][et_pb_button button_url=&#8221;\/wp-content\/uploads\/2024\/03\/FR-Menu-Cube.pdf&#8221; url_new_window=&#8221;on&#8221; button_text=&#8221;View Menu&#8221; disabled_on=&#8221;on|on|on&#8221; _builder_version=&#8221;4.24.2&#8243; _module_preset=&#8221;default&#8221; custom_margin=&#8221;||0px||false|false&#8221; disabled=&#8221;on&#8221; global_colors_info=&#8221;{}&#8221;][\/et_pb_button][et_pb_text _builder_version=&#8221;4.27.4&#8243; _module_preset=&#8221;default&#8221; text_font_size=&#8221;14px&#8221; custom_margin=&#8221;0px||||false|false&#8221; custom_padding=&#8221;0px||||false|false&#8221; locked=&#8221;off&#8221; global_colors_info=&#8221;{}&#8221;]<\/p>\n<p><em>Le Cube welcomes you to taste vintages from Maison Varone and offers a selection of small gourmet jars.<\/em><\/p>\n<p>[\/et_pb_text][\/et_pb_column][et_pb_column type=&#8221;1_2&#8243; _builder_version=&#8221;4.23.1&#8243; _module_preset=&#8221;default&#8221; global_colors_info=&#8221;{}&#8221;][et_pb_image src=&#8221;https:\/\/celliers.ch\/wp-content\/uploads\/2024\/01\/cube-varone-vins-du-valais.jpg&#8221; title_text=&#8221;cube-varone-vins-du-valais&#8221; _builder_version=&#8221;4.23.1&#8243; _module_preset=&#8221;default&#8221; global_colors_info=&#8221;{}&#8221;][\/et_pb_image][et_pb_button button_url=&#8221;https:\/\/www.google.com\/maps\/place\/Le+Cube\/@46.2472272,7.3823059,3a,75y,220h,100t\/data=!3m8!1e1!3m6!1sAF1QipM4XS69iFWCjcSmNI6vqkRkBx0T_oNnFDa35GZh!2e10!3e11!6shttps:%2F%2Flh5.googleusercontent.com%2Fp%2FAF1QipM4XS69iFWCjcSmNI6vqkRkBx0T_oNnFDa35GZh%3Dw203-h100-k-no-pi-11.694386-ya72.09402-ro1.1078112-fo100!7i8192!8i4096!4m9!3m8!1s0x478ede7a2e6dcc9b:0x187abaf0d8e2204!8m2!3d46.2471593!4d7.3821284!10e5!14m1!1BCgIgARICCAI!16s%2Fg%2F11b6vb_fh1?entry=tts&#8221; url_new_window=&#8221;on&#8221; button_text=&#8221;360\u00b0 virtual tour&#8221; _builder_version=&#8221;4.23.1&#8243; _module_preset=&#8221;default&#8221; global_colors_info=&#8221;{}&#8221;][\/et_pb_button][et_pb_text _builder_version=&#8221;4.27.4&#8243; _module_preset=&#8221;default&#8221; global_colors_info=&#8221;{}&#8221;]<\/p>\n<p><strong>We do not take reservations<\/strong><\/p>\n<p><strong>Please note<\/strong>: we have no indoor space at Le Cube. Please take note in case of bad weather. <\/p>\n<p>Contact:<br \/><a href=\"tel:+41272056523\">027\/ 205 65 23<\/a><br \/><a data-enc-email=\"erfreingvba[at]pryyvref.pu\" data-wpel-link=\"ignore\" href=\"mailto:reservation@celliers.ch\"><span id=\"eeb-486693-69312\">reservation@celliers.ch<\/span><\/a><br \/><a href=\"tel:+41792887559\">079\/ 288 75 59<\/a><span> <\/span>&#8211; for last-minute questions<\/p>\n<p>[\/et_pb_text][\/et_pb_column][\/et_pb_row][et_pb_row _builder_version=&#8221;4.23.1&#8243; _module_preset=&#8221;default&#8221; locked=&#8221;off&#8221; global_colors_info=&#8221;{}&#8221;][et_pb_column type=&#8221;4_4&#8243; _builder_version=&#8221;4.23.1&#8243; _module_preset=&#8221;default&#8221; global_colors_info=&#8221;{}&#8221;][et_pb_accordion toggle_icon=&#8221;&#x43;||divi||400&#8243; _builder_version=&#8221;4.27.4&#8243; _module_preset=&#8221;default&#8221; global_colors_info=&#8221;{%22gcid-5bb8bbae-64e2-42dd-a614-e8fbea0b29dd%22:%91%22icon_color%22,%22open_toggle_text_color%22,%22toggle_text_color%22%93}&#8221;][et_pb_accordion_item title=&#8221;Are children welcome?&#8221; open=&#8221;on&#8221; _builder_version=&#8221;4.23.1&#8243; _module_preset=&#8221;default&#8221; global_colors_info=&#8221;{}&#8221;]<\/p>\n<p><span>Children are accepted, but the location is not suitable.<\/span><\/p>\n<p><span>Due to its location in the middle of the vineyards, it may be exposed to direct sunlight, and no specific space is provided for them. It is therefore important to keep a close eye on them during the visit.<\/span><\/p>\n<p>[\/et_pb_accordion_item][et_pb_accordion_item title=&#8221;Can we make a reservation?&#8221; _builder_version=&#8221;4.27.4&#8243; _module_preset=&#8221;default&#8221; global_colors_info=&#8221;{}&#8221; open=&#8221;off&#8221;]<\/p>\n<p>The Cube Varone doesn&#8217;t require a reservation, so you can drop in at any time to taste our wines in our gourmet jars.<\/p>\n<p><span>On the other hand, you can make a reservation at Gu\u00e9rite Br\u00fblefer by taking advantage of one of <a href=\"https:\/\/celliers.ch\/en\/activities\/\" target=\"_blank\" rel=\"noopener\">our outdoor wine tourism offers<\/a>.<\/span><\/p>\n<p>[\/et_pb_accordion_item][\/et_pb_accordion][\/et_pb_column][\/et_pb_row][\/et_pb_section][et_pb_section fb_built=&#8221;1&#8243; _builder_version=&#8221;4.27.4&#8243; _module_preset=&#8221;default&#8221; custom_padding=&#8221;10px||||false|false&#8221; global_colors_info=&#8221;{}&#8221;][et_pb_row column_structure=&#8221;1_2,1_2&#8243; module_id=&#8221;closduchateau&#8221; _builder_version=&#8221;4.27.4&#8243; _module_preset=&#8221;default&#8221; custom_margin=&#8221;50px||||false|false&#8221; locked=&#8221;off&#8221; global_colors_info=&#8221;{}&#8221;][et_pb_column type=&#8221;1_2&#8243; _builder_version=&#8221;4.23.1&#8243; _module_preset=&#8221;default&#8221; global_colors_info=&#8221;{}&#8221;][et_pb_text _builder_version=&#8221;4.23.1&#8243; _module_preset=&#8221;bf60d947-3f90-4402-8aff-3b2baae28d03&#8243; global_colors_info=&#8221;{}&#8221;]<\/p>\n<p>Bonvin<\/p>\n<p>[\/et_pb_text][et_pb_text module_class=&#8221;grappe&#8221; _builder_version=&#8221;4.23.1&#8243; _module_preset=&#8221;default&#8221; global_colors_info=&#8221;{}&#8221;]<\/p>\n<h2>Le Clos du Ch\u00e2teau<\/h2>\n<p>[\/et_pb_text][et_pb_text _builder_version=&#8221;4.23.1&#8243; _module_preset=&#8221;default&#8221; global_colors_info=&#8221;{}&#8221;]<\/p>\n<p>Once a shelter and warehouse for our winegrowers, the Mazots du Clos du Ch\u00e2teau have been open to customers for the past decade. They offer an exceptional, private space to discover the wines of the Maison Bonvin estate, right where they are produced.<\/p>\n<p>The terrace, nestled in the vineyards, reaches for the sky and offers a breathtaking view of Tourbillon and the snow-capped peaks of the Val d&#8217;H\u00e9rens.<\/p>\n<p>[\/et_pb_text][dipi_table_maker column_count=&#8221;2&#8243; table_border_collapse=&#8221;separate&#8221; _builder_version=&#8221;4.25.1&#8243; _module_preset=&#8221;default&#8221; cell_title_font=&#8221;Poppins|600|||||||&#8221; cell_title_font_size=&#8221;16px&#8221; cell_desc_line_height=&#8221;1.1em&#8221; border_color_all_table=&#8221;RGBA(255,255,255,0)&#8221; border_color_top_row_header=&#8221;gcid-de147bab-cb71-4dd3-93a6-5bd6489abf79&#8243; global_colors_info=&#8221;{%22gcid-de147bab-cb71-4dd3-93a6-5bd6489abf79%22:%91%22border_color_top_row_header%22%93}&#8221;][dipi_table_maker_child content_title=&#8221;Opening&#8221; _builder_version=&#8221;4.23.1&#8243; _module_preset=&#8221;default&#8221; global_colors_info=&#8221;{}&#8221;][\/dipi_table_maker_child][dipi_table_maker_child _builder_version=&#8221;4.25.0&#8243; _module_preset=&#8221;default&#8221; content_desc_text_color=&#8221;#000000&#8243; global_colors_info=&#8221;{}&#8221;]<\/p>\n<p>Reservations required for groups of 20 or more<\/p>\n<p>[\/dipi_table_maker_child][dipi_table_maker_child content_title=&#8221;Interior&#8221; _builder_version=&#8221;4.23.1&#8243; _module_preset=&#8221;default&#8221; global_colors_info=&#8221;{}&#8221;][\/dipi_table_maker_child][dipi_table_maker_child _builder_version=&#8221;4.23.1&#8243; _module_preset=&#8221;default&#8221; global_colors_info=&#8221;{}&#8221;]<\/p>\n<p>Capacity: 30 people<\/p>\n<p>[\/dipi_table_maker_child][dipi_table_maker_child content_title=&#8221;Exterior&#8221; _builder_version=&#8221;4.23.1&#8243; _module_preset=&#8221;default&#8221; global_colors_info=&#8221;{}&#8221;][\/dipi_table_maker_child][dipi_table_maker_child _builder_version=&#8221;4.23.1&#8243; _module_preset=&#8221;default&#8221; global_colors_info=&#8221;{}&#8221;]<\/p>\n<p>Shaded terrace<\/p>\n<p>Capacity: 40 people<\/p>\n<p>[\/dipi_table_maker_child][dipi_table_maker_child content_title=&#8221;Parking&#8221; _builder_version=&#8221;4.23.1&#8243; _module_preset=&#8221;default&#8221; global_colors_info=&#8221;{}&#8221;][\/dipi_table_maker_child][dipi_table_maker_child _builder_version=&#8221;4.25.1&#8243; _module_preset=&#8221;default&#8221; global_colors_info=&#8221;{}&#8221;]<\/p>\n<p><a href=\"https:\/\/www.google.ch\/maps\/place\/Les+Mazots+du+Clos+du+Ch%C3%A2teau\/@46.2429224,7.3667578,17z\/data=!4m8!1m2!2m1!1sbisse+de+clavau!3m4!1s0x478eddd40de3c607:0xb7a13844f6acfcbf!8m2!3d46.2441386!4d7.3708646\" rel=\"noopener\" target=\"_blank\">Parking<\/a><span> for cars on site &amp;<\/span><br \/><span>at Champlan church for coaches<\/span><\/p>\n<p>[\/dipi_table_maker_child][dipi_table_maker_child content_title=&#8221;Address&#8221; _builder_version=&#8221;4.23.1&#8243; _module_preset=&#8221;default&#8221; global_colors_info=&#8221;{}&#8221;][\/dipi_table_maker_child][dipi_table_maker_child _builder_version=&#8221;4.23.1&#8243; _module_preset=&#8221;default&#8221; global_colors_info=&#8221;{}&#8221;]<\/p>\n<p><span>Rue du Mont, Champlan\/Grimisuat<\/span><\/p>\n<p>[\/dipi_table_maker_child][\/dipi_table_maker][et_pb_button button_url=&#8221;\/wp-content\/uploads\/2025\/04\/Menu-Clos-du-Chateau-FR-3.pdf&#8221; url_new_window=&#8221;on&#8221; button_text=&#8221;View Menu&#8221; _builder_version=&#8221;4.27.4&#8243; _module_preset=&#8221;default&#8221; custom_margin=&#8221;||0px||false|false&#8221; global_colors_info=&#8221;{}&#8221;][\/et_pb_button][et_pb_text _builder_version=&#8221;4.23.1&#8243; _module_preset=&#8221;default&#8221; text_font_size=&#8221;14px&#8221; custom_margin=&#8221;0px||||false|false&#8221; custom_padding=&#8221;0px||||false|false&#8221; global_colors_info=&#8221;{}&#8221;]<\/p>\n<p><em>Please let us know if you have any food allergies or intolerances.<\/em><\/p>\n<p>[\/et_pb_text][\/et_pb_column][et_pb_column type=&#8221;1_2&#8243; _builder_version=&#8221;4.23.1&#8243; _module_preset=&#8221;default&#8221; global_colors_info=&#8221;{}&#8221;][et_pb_image src=&#8221;https:\/\/celliers.ch\/wp-content\/uploads\/2024\/01\/clos-du-chateau-vin-en-valais.jpg&#8221; title_text=&#8221;clos-du-chateau-vin-en-valais&#8221; _builder_version=&#8221;4.23.1&#8243; _module_preset=&#8221;default&#8221; global_colors_info=&#8221;{}&#8221;][\/et_pb_image][et_pb_button button_url=&#8221;https:\/\/www.google.com\/maps\/place\/Les+Mazots+du+Clos+du+Ch%C3%A2teau\/@46.2441441,7.3709286,3a,75y,260h,110t\/data=!3m8!1e1!3m6!1sAF1QipPT5vJSKyMA_jKnQVu_gtjUIJzmni639k3z5JPC!2e10!3e11!6shttps:%2F%2Flh5.googleusercontent.com%2Fp%2FAF1QipPT5vJSKyMA_jKnQVu_gtjUIJzmni639k3z5JPC%3Dw203-h100-k-no-pi-20.167454-ya121.01721-ro0.48897037-fo100!7i8192!8i4096!4m9!3m8!1s0x478edd217c9a1355:0x4f18f3d5b925e289!8m2!3d46.2441527!4d7.370693!10e5!14m1!1BCgIgARICCAI!16s%2Fg%2F11vb1bk4bn?entry=tts&#8221; url_new_window=&#8221;on&#8221; button_text=&#8221;360\u00b0 virtual tour&#8221; _builder_version=&#8221;4.23.1&#8243; _module_preset=&#8221;default&#8221; global_colors_info=&#8221;{}&#8221;][\/et_pb_button][et_pb_text _builder_version=&#8221;4.23.1&#8243; _module_preset=&#8221;default&#8221; global_colors_info=&#8221;{}&#8221;]<\/p>\n<p><strong>Open on reservation for 20 people or more<\/strong><\/p>\n<p>Contact:<br \/><a href=\"tel:+41272056523\">027\/ 205 65 23<\/a><br \/><a data-enc-email=\"erfreingvba[at]pryyvref.pu\" data-wpel-link=\"ignore\" href=\"mailto:reservation@celliers.ch\"><span id=\"eeb-322141-240000\">reservation@celliers.ch<\/span><\/a><\/p>\n<p>[\/et_pb_text][\/et_pb_column][\/et_pb_row][et_pb_row _builder_version=&#8221;4.23.1&#8243; _module_preset=&#8221;default&#8221; locked=&#8221;off&#8221; global_colors_info=&#8221;{}&#8221;][et_pb_column type=&#8221;4_4&#8243; _builder_version=&#8221;4.23.1&#8243; _module_preset=&#8221;default&#8221; global_colors_info=&#8221;{}&#8221;][et_pb_accordion toggle_icon=&#8221;&#x43;||divi||400&#8243; _builder_version=&#8221;4.25.1&#8243; _module_preset=&#8221;default&#8221; global_colors_info=&#8221;{%22gcid-5bb8bbae-64e2-42dd-a614-e8fbea0b29dd%22:%91%22icon_color%22,%22toggle_text_color%22%93}&#8221;][et_pb_accordion_item title=&#8221;What are the booking conditions?&#8221; open=&#8221;on&#8221; _builder_version=&#8221;4.23.1&#8243; _module_preset=&#8221;default&#8221; global_colors_info=&#8221;{}&#8221;]<\/p>\n<p><span>Rental of the Mazots du Clos du Ch\u00e2teau is charged at CHF 500. This sum will be returned to you in the form of a voucher to be used on all our wines at Celliers de Sion. The invoice and voucher will be sent to you by post after your visit. Thank you for your understanding.<\/span><\/p>\n<p>[\/et_pb_accordion_item][et_pb_accordion_item title=&#8221;What happens in bad weather?&#8221; _builder_version=&#8221;4.25.1&#8243; _module_preset=&#8221;default&#8221; global_colors_info=&#8221;{}&#8221; open=&#8221;off&#8221;]<\/p>\n<p><span>In case of bad weather, we can accommodate a maximum of 32 people indoors.<\/span><\/p>\n<p>[\/et_pb_accordion_item][\/et_pb_accordion][\/et_pb_column][\/et_pb_row][\/et_pb_section][et_pb_section fb_built=&#8221;1&#8243; _builder_version=&#8221;4.27.4&#8243; _module_preset=&#8221;default&#8221; background_color=&#8221;#FFFFFF&#8221; custom_padding=&#8221;10px||||false|false&#8221; locked=&#8221;off&#8221; global_colors_info=&#8221;{}&#8221;][et_pb_row column_structure=&#8221;1_2,1_2&#8243; module_id=&#8221;uvrier&#8221; _builder_version=&#8221;4.27.4&#8243; _module_preset=&#8221;default&#8221; custom_margin=&#8221;50px||||false|false&#8221; locked=&#8221;off&#8221; global_colors_info=&#8221;{}&#8221;][et_pb_column type=&#8221;1_2&#8243; _builder_version=&#8221;4.23.1&#8243; _module_preset=&#8221;default&#8221; global_colors_info=&#8221;{}&#8221;][et_pb_text _builder_version=&#8221;4.23.1&#8243; _module_preset=&#8221;bf60d947-3f90-4402-8aff-3b2baae28d03&#8243; global_colors_info=&#8221;{}&#8221;]<\/p>\n<p>Varone<\/p>\n<p>[\/et_pb_text][et_pb_text module_class=&#8221;grappe&#8221; _builder_version=&#8221;4.27.4&#8243; _module_preset=&#8221;default&#8221; global_colors_info=&#8221;{}&#8221;]<\/p>\n<h2>La Gu\u00e9rite d&#8217;Uvrier<\/h2>\n<p>[\/et_pb_text][et_pb_text _builder_version=&#8221;4.27.4&#8243; _module_preset=&#8221;default&#8221; global_colors_info=&#8221;{}&#8221;]<\/p>\n<p>A little blue paradise in the heart of the Domaine d&#8217;Uvrier, which together with the Comba Bernard and Clavoz vineyards forms a prestigious estate.<\/p>\n<p>[\/et_pb_text][dipi_table_maker column_count=&#8221;2&#8243; table_border_collapse=&#8221;separate&#8221; _builder_version=&#8221;4.27.4&#8243; _module_preset=&#8221;default&#8221; cell_title_font=&#8221;Poppins|600|||||||&#8221; cell_title_font_size=&#8221;16px&#8221; cell_desc_line_height=&#8221;1.1em&#8221; border_color_all_table=&#8221;RGBA(255,255,255,0)&#8221; border_color_top_row_header=&#8221;gcid-de147bab-cb71-4dd3-93a6-5bd6489abf79&#8243; locked=&#8221;off&#8221; global_colors_info=&#8221;{%22gcid-de147bab-cb71-4dd3-93a6-5bd6489abf79%22:%91%22border_color_top_row_header%22%93}&#8221;][dipi_table_maker_child content_title=&#8221;Access&#8221; _builder_version=&#8221;4.27.4&#8243; _module_preset=&#8221;default&#8221; global_colors_info=&#8221;{}&#8221;][\/dipi_table_maker_child][dipi_table_maker_child _builder_version=&#8221;4.27.4&#8243; _module_preset=&#8221;default&#8221; global_colors_info=&#8221;{}&#8221;]<\/p>\n<p><span>Route de la Combe, Uvrier<\/span><br \/><span>Access by car<\/span><\/p>\n<p>[\/dipi_table_maker_child][dipi_table_maker_child content_title=&#8221;Capacity&#8221; _builder_version=&#8221;4.27.4&#8243; _module_preset=&#8221;default&#8221; global_colors_info=&#8221;{}&#8221;][\/dipi_table_maker_child][dipi_table_maker_child _builder_version=&#8221;4.27.4&#8243; _module_preset=&#8221;default&#8221; global_colors_info=&#8221;{}&#8221;]<\/p>\n<p><span>Room for 12 people indoors<\/span><br \/><span>Terrace for 30 to 40 people<\/span><\/p>\n<p>[\/dipi_table_maker_child][\/dipi_table_maker][\/et_pb_column][et_pb_column type=&#8221;1_2&#8243; _builder_version=&#8221;4.23.1&#8243; _module_preset=&#8221;default&#8221; global_colors_info=&#8221;{}&#8221;][et_pb_image src=&#8221;https:\/\/celliers.ch\/wp-content\/uploads\/2025\/09\/guerite-uvrier.jpg&#8221; alt=&#8221;Guerite Uvrier&#8221; title_text=&#8221;guerite uvrier&#8221; _builder_version=&#8221;4.27.4&#8243; _module_preset=&#8221;default&#8221; global_colors_info=&#8221;{}&#8221;][\/et_pb_image][et_pb_text _builder_version=&#8221;4.27.4&#8243; _module_preset=&#8221;default&#8221; global_colors_info=&#8221;{}&#8221;]<\/p>\n<p><b>Reservations are not possible for this Gu\u00e9rite.<\/b><\/p>\n<p>[\/et_pb_text][\/et_pb_column][\/et_pb_row][\/et_pb_section]<\/p>\n","protected":false},"excerpt":{"rendered":"<p>our oenoparkLes Celliers de SionThe entire Celliers de Sion team looks forward to welcoming you to this glittering building at the foot of the heroic Clavau vineyards, the starting point for numerous walks to discover our estates. At your disposal in this reception area: Wine sales Oenomatique for free tastings Didactic trail The Bonvin and [&hellip;]<\/p>\n","protected":false},"author":1,"featured_media":23945381,"parent":0,"menu_order":0,"comment_status":"closed","ping_status":"closed","template":"","meta":{"_acf_changed":false,"_et_pb_use_builder":"on","_et_pb_old_content":"","_et_gb_content_width":"","footnotes":""},"dipi_cpt_category":[],"class_list":["post-23946380","page","type-page","status-publish","has-post-thumbnail","hentry"],"acf":[],"_links":{"self":[{"href":"https:\/\/celliers.ch\/en\/wp-json\/wp\/v2\/pages\/23946380","targetHints":{"allow":["GET"]}}],"collection":[{"href":"https:\/\/celliers.ch\/en\/wp-json\/wp\/v2\/pages"}],"about":[{"href":"https:\/\/celliers.ch\/en\/wp-json\/wp\/v2\/types\/page"}],"author":[{"embeddable":true,"href":"https:\/\/celliers.ch\/en\/wp-json\/wp\/v2\/users\/1"}],"replies":[{"embeddable":true,"href":"https:\/\/celliers.ch\/en\/wp-json\/wp\/v2\/comments?post=23946380"}],"version-history":[{"count":68,"href":"https:\/\/celliers.ch\/en\/wp-json\/wp\/v2\/pages\/23946380\/revisions"}],"predecessor-version":[{"id":23953221,"href":"https:\/\/celliers.ch\/en\/wp-json\/wp\/v2\/pages\/23946380\/revisions\/23953221"}],"wp:featuredmedia":[{"embeddable":true,"href":"https:\/\/celliers.ch\/en\/wp-json\/wp\/v2\/media\/23945381"}],"wp:attachment":[{"href":"https:\/\/celliers.ch\/en\/wp-json\/wp\/v2\/media?parent=23946380"}],"wp:term":[{"taxonomy":"dipi_cpt_category","embeddable":true,"href":"https:\/\/celliers.ch\/en\/wp-json\/wp\/v2\/dipi_cpt_category?post=23946380"}],"curies":[{"name":"wp","href":"https:\/\/api.w.org\/{rel}","templated":true}]}}